{"id":3753,"date":"2026-03-13T06:07:04","date_gmt":"2026-03-13T06:07:04","guid":{"rendered":"https:\/\/www.gpa.aero\/formation-a-la-gestion-des-situations-durgence-pour-les-compagnies-aeriennes\/"},"modified":"2026-03-13T11:31:59","modified_gmt":"2026-03-13T11:31:59","slug":"formation-a-la-gestion-des-situations-durgence-pour-les-compagnies-aeriennes","status":"publish","type":"page","link":"https:\/\/www.gpa.aero\/fr\/histoires-de-reussite\/formation-a-la-gestion-des-situations-durgence-pour-les-compagnies-aeriennes\/","title":{"rendered":"Formation \u00e0 la gestion des situations d&rsquo;urgence pour les compagnies a\u00e9riennes"},"content":{"rendered":"\t\t<div data-elementor-type=\"wp-page\" data-elementor-id=\"3753\" class=\"elementor elementor-3753 elementor-3579\" data-elementor-settings=\"{&quot;ha_cmc_init_switcher&quot;:&quot;no&quot;,&quot;element_pack_global_tooltip_width&quot;:{&quot;unit&quot;:&quot;px&quot;,&quot;size&quot;:&quot;&quot;,&quot;sizes&quot;:[]},&quot;element_pack_global_tooltip_width_tablet&quot;:{&quot;unit&quot;:&quot;px&quot;,&quot;size&quot;:&quot;&quot;,&quot;sizes&quot;:[]},&quot;element_pack_global_tooltip_width_mobile&quot;:{&quot;unit&quot;:&quot;px&quot;,&quot;size&quot;:&quot;&quot;,&quot;sizes&quot;:[]},&quot;element_pack_global_tooltip_padding&quot;:{&quot;unit&quot;:&quot;px&quot;,&quot;top&quot;:&quot;&quot;,&quot;right&quot;:&quot;&quot;,&quot;bottom&quot;:&quot;&quot;,&quot;left&quot;:&quot;&quot;,&quot;isLinked&quot;:true},&quot;element_pack_global_tooltip_padding_tablet&quot;:{&quot;unit&quot;:&quot;px&quot;,&quot;top&quot;:&quot;&quot;,&quot;right&quot;:&quot;&quot;,&quot;bottom&quot;:&quot;&quot;,&quot;left&quot;:&quot;&quot;,&quot;isLinked&quot;:true},&quot;element_pack_global_tooltip_padding_mobile&quot;:{&quot;unit&quot;:&quot;px&quot;,&quot;top&quot;:&quot;&quot;,&quot;right&quot;:&quot;&quot;,&quot;bottom&quot;:&quot;&quot;,&quot;left&quot;:&quot;&quot;,&quot;isLinked&quot;:true},&quot;element_pack_global_tooltip_border_radius&quot;:{&quot;unit&quot;:&quot;px&quot;,&quot;top&quot;:&quot;&quot;,&quot;right&quot;:&quot;&quot;,&quot;bottom&quot;:&quot;&quot;,&quot;left&quot;:&quot;&quot;,&quot;isLinked&quot;:true},&quot;element_pack_global_tooltip_border_radius_tablet&quot;:{&quot;unit&quot;:&quot;px&quot;,&quot;top&quot;:&quot;&quot;,&quot;right&quot;:&quot;&quot;,&quot;bottom&quot;:&quot;&quot;,&quot;left&quot;:&quot;&quot;,&quot;isLinked&quot;:true},&quot;element_pack_global_tooltip_border_radius_mobile&quot;:{&quot;unit&quot;:&quot;px&quot;,&quot;top&quot;:&quot;&quot;,&quot;right&quot;:&quot;&quot;,&quot;bottom&quot;:&quot;&quot;,&quot;left&quot;:&quot;&quot;,&quot;isLinked&quot;:true}}\">\n\t\t\t\t\t\t<section class=\"elementor-section elementor-top-section elementor-element elementor-element-acaa4f6 elementor-section-boxed elementor-section-height-default elementor-section-height-default\" data-id=\"acaa4f6\" data-element_type=\"section\" data-e-type=\"section\" data-settings=\"{&quot;_ha_eqh_enable&quot;:false}\">\n\t\t\t\t\t\t<div class=\"elementor-container elementor-column-gap-default\">\n\t\t\t\t\t<div class=\"elementor-column elementor-col-50 elementor-top-column elementor-element elementor-element-3efe72c\" data-id=\"3efe72c\" data-element_type=\"column\" data-e-type=\"column\">\n\t\t\t<div class=\"elementor-widget-wrap elementor-element-populated\">\n\t\t\t\t\t\t<div class=\"elementor-element elementor-element-f8e52c3 elementor-widget elementor-widget-heading\" data-id=\"f8e52c3\" data-element_type=\"widget\" data-e-type=\"widget\" data-widget_type=\"heading.default\">\n\t\t\t\t\t<h6 class=\"elementor-heading-title elementor-size-default\">BREF<\/h6>\t\t\t\t<\/div>\n\t\t\t\t<div class=\"elementor-element elementor-element-d75539b elementor-widget elementor-widget-heading\" data-id=\"d75539b\" data-element_type=\"widget\" data-e-type=\"widget\" data-widget_type=\"heading.default\">\n\t\t\t\t\t<h4 class=\"elementor-heading-title elementor-size-default\">Description du projet :<\/h4>\t\t\t\t<\/div>\n\t\t\t\t<div class=\"elementor-element elementor-element-e7cbfdc elementor-widget elementor-widget-text-editor\" data-id=\"e7cbfdc\" data-element_type=\"widget\" data-e-type=\"widget\" data-widget_type=\"text-editor.default\">\n\t\t\t\t\t\t\t\t\t<p>Iberojet avait besoin d&rsquo;un programme de formation sp\u00e9cialis\u00e9e en classe pour renforcer ses capacit\u00e9s de gestion des urgences et assurer sa pr\u00e9paration aux accidents ou incidents graves, en alignant ses proc\u00e9dures sur les exigences de l&rsquo;OACI et de l&rsquo;AESA.<\/p>\t\t\t\t\t\t\t\t<\/div>\n\t\t\t\t\t<\/div>\n\t\t<\/div>\n\t\t\t\t<div class=\"elementor-column elementor-col-50 elementor-top-column elementor-element elementor-element-5e6ac68\" data-id=\"5e6ac68\" data-element_type=\"column\" data-e-type=\"column\">\n\t\t\t<div class=\"elementor-widget-wrap elementor-element-populated\">\n\t\t\t\t\t\t<div class=\"elementor-element elementor-element-9f1e961 elementor-widget elementor-widget-heading\" data-id=\"9f1e961\" data-element_type=\"widget\" data-e-type=\"widget\" data-widget_type=\"heading.default\">\n\t\t\t\t\t<h6 class=\"elementor-heading-title elementor-size-default\">PROJET<\/h6>\t\t\t\t<\/div>\n\t\t\t\t<div class=\"elementor-element elementor-element-2532e0c elementor-widget elementor-widget-heading\" data-id=\"2532e0c\" data-element_type=\"widget\" data-e-type=\"widget\" data-widget_type=\"heading.default\">\n\t\t\t\t\t<h4 class=\"elementor-heading-title elementor-size-default\">Pr\u00e9paration, coordination et r\u00e9silience aux situations critiques dans le domaine de l'aviation.<\/h4>\t\t\t\t<\/div>\n\t\t\t\t<section class=\"elementor-section elementor-inner-section elementor-element elementor-element-a7ee863 elementor-section-boxed elementor-section-height-default elementor-section-height-default\" data-id=\"a7ee863\" data-element_type=\"section\" data-e-type=\"section\" data-settings=\"{&quot;_ha_eqh_enable&quot;:false}\">\n\t\t\t\t\t\t<div class=\"elementor-container elementor-column-gap-default\">\n\t\t\t\t\t<div class=\"elementor-column elementor-col-33 elementor-inner-column elementor-element elementor-element-467c507\" data-id=\"467c507\" data-element_type=\"column\" data-e-type=\"column\">\n\t\t\t<div class=\"elementor-widget-wrap elementor-element-populated\">\n\t\t\t\t\t\t<div class=\"elementor-element elementor-element-ffa4b23 elementor-widget elementor-widget-heading\" data-id=\"ffa4b23\" data-element_type=\"widget\" data-e-type=\"widget\" data-widget_type=\"heading.default\">\n\t\t\t\t\t<h5 class=\"elementor-heading-title elementor-size-default\">Titre<\/h5>\t\t\t\t<\/div>\n\t\t\t\t<div class=\"elementor-element elementor-element-f82edb7 elementor-widget elementor-widget-text-editor\" data-id=\"f82edb7\" data-element_type=\"widget\" data-e-type=\"widget\" data-widget_type=\"text-editor.default\">\n\t\t\t\t\t\t\t\t\t<p><span style=\"font-weight: 400;\">Services de gestion des interventions d&rsquo;urgence<\/span><\/p>\t\t\t\t\t\t\t\t<\/div>\n\t\t\t\t\t<\/div>\n\t\t<\/div>\n\t\t\t\t<div class=\"elementor-column elementor-col-33 elementor-inner-column elementor-element elementor-element-3e2e179\" data-id=\"3e2e179\" data-element_type=\"column\" data-e-type=\"column\">\n\t\t\t<div class=\"elementor-widget-wrap elementor-element-populated\">\n\t\t\t\t\t\t<div class=\"elementor-element elementor-element-28bccf4 elementor-widget elementor-widget-heading\" data-id=\"28bccf4\" data-element_type=\"widget\" data-e-type=\"widget\" data-widget_type=\"heading.default\">\n\t\t\t\t\t<h5 class=\"elementor-heading-title elementor-size-default\">Client<\/h5>\t\t\t\t<\/div>\n\t\t\t\t<div class=\"elementor-element elementor-element-d960d22 elementor-widget elementor-widget-text-editor\" data-id=\"d960d22\" data-element_type=\"widget\" data-e-type=\"widget\" data-widget_type=\"text-editor.default\">\n\t\t\t\t\t\t\t\t\t<p><span style=\"font-weight: 400;\">Iberojet<\/span><\/p>\t\t\t\t\t\t\t\t<\/div>\n\t\t\t\t\t<\/div>\n\t\t<\/div>\n\t\t\t\t<div class=\"elementor-column elementor-col-33 elementor-inner-column elementor-element elementor-element-e8fabe6\" data-id=\"e8fabe6\" data-element_type=\"column\" data-e-type=\"column\">\n\t\t\t<div class=\"elementor-widget-wrap elementor-element-populated\">\n\t\t\t\t\t\t<div class=\"elementor-element elementor-element-f632dbb elementor-widget elementor-widget-heading\" data-id=\"f632dbb\" data-element_type=\"widget\" data-e-type=\"widget\" data-widget_type=\"heading.default\">\n\t\t\t\t\t<h5 class=\"elementor-heading-title elementor-size-default\">M\u00e9t\u00e9o<\/h5>\t\t\t\t<\/div>\n\t\t\t\t<div class=\"elementor-element elementor-element-c8d5117 elementor-widget elementor-widget-text-editor\" data-id=\"c8d5117\" data-element_type=\"widget\" data-e-type=\"widget\" data-widget_type=\"text-editor.default\">\n\t\t\t\t\t\t\t\t\t<p><span style=\"font-weight: 400;\">2013 &#8211; en cours<\/span><\/p>\t\t\t\t\t\t\t\t<\/div>\n\t\t\t\t\t<\/div>\n\t\t<\/div>\n\t\t\t\t\t<\/div>\n\t\t<\/section>\n\t\t\t\t\t<\/div>\n\t\t<\/div>\n\t\t\t\t\t<\/div>\n\t\t<\/section>\n\t\t\t\t<section class=\"elementor-section elementor-top-section elementor-element elementor-element-2f9a72f elementor-section-boxed elementor-section-height-default elementor-section-height-default\" data-id=\"2f9a72f\" data-element_type=\"section\" data-e-type=\"section\" data-settings=\"{&quot;_ha_eqh_enable&quot;:false}\">\n\t\t\t\t\t\t<div class=\"elementor-container elementor-column-gap-default\">\n\t\t\t\t\t<div class=\"elementor-column elementor-col-50 elementor-top-column elementor-element elementor-element-631e892\" data-id=\"631e892\" data-element_type=\"column\" data-e-type=\"column\">\n\t\t\t<div class=\"elementor-widget-wrap elementor-element-populated\">\n\t\t\t\t\t\t<div class=\"elementor-element elementor-element-6d67457 elementor-widget elementor-widget-image\" data-id=\"6d67457\" data-element_type=\"widget\" data-e-type=\"widget\" data-widget_type=\"image.default\">\n\t\t\t\t\t\t\t\t\t\t\t\t\t\t\t<img fetchpriority=\"high\" decoding=\"async\" width=\"1000\" height=\"402\" src=\"https:\/\/www.gpa.aero\/wp-content\/uploads\/2026\/02\/4a694623-3eeb-4717-8c0b-8a07ea357a36_output-onlinepngtools-1024x412.png\" class=\"attachment-large size-large wp-image-3045\" alt=\"iberojet\" srcset=\"https:\/\/www.gpa.aero\/wp-content\/uploads\/2026\/02\/4a694623-3eeb-4717-8c0b-8a07ea357a36_output-onlinepngtools-1024x412.png 1024w, https:\/\/www.gpa.aero\/wp-content\/uploads\/2026\/02\/4a694623-3eeb-4717-8c0b-8a07ea357a36_output-onlinepngtools-300x121.png 300w, https:\/\/www.gpa.aero\/wp-content\/uploads\/2026\/02\/4a694623-3eeb-4717-8c0b-8a07ea357a36_output-onlinepngtools-768x309.png 768w, https:\/\/www.gpa.aero\/wp-content\/uploads\/2026\/02\/4a694623-3eeb-4717-8c0b-8a07ea357a36_output-onlinepngtools-650x262.png 650w, https:\/\/www.gpa.aero\/wp-content\/uploads\/2026\/02\/4a694623-3eeb-4717-8c0b-8a07ea357a36_output-onlinepngtools.png 1500w\" sizes=\"(max-width: 1000px) 100vw, 1000px\" \/>\t\t\t\t\t\t\t\t\t\t\t\t\t\t\t<\/div>\n\t\t\t\t\t<\/div>\n\t\t<\/div>\n\t\t\t\t<div class=\"elementor-column elementor-col-50 elementor-top-column elementor-element elementor-element-c094c4c\" data-id=\"c094c4c\" data-element_type=\"column\" data-e-type=\"column\">\n\t\t\t<div class=\"elementor-widget-wrap elementor-element-populated\">\n\t\t\t\t\t\t<div class=\"elementor-element elementor-element-20cfca5 elementor-widget elementor-widget-heading\" data-id=\"20cfca5\" data-element_type=\"widget\" data-e-type=\"widget\" data-widget_type=\"heading.default\">\n\t\t\t\t\t<h4 class=\"elementor-heading-title elementor-size-default\">M\u00e9thodologie GPA appliqu\u00e9e :<\/h4>\t\t\t\t<\/div>\n\t\t\t\t<div class=\"elementor-element elementor-element-a7f7848 elementor-widget elementor-widget-text-editor\" data-id=\"a7f7848\" data-element_type=\"widget\" data-e-type=\"widget\" data-widget_type=\"text-editor.default\">\n\t\t\t\t\t\t\t\t\t<p>GPA a con\u00e7u et dispens\u00e9 un programme de formation sur mesure dans le domaine de la gestion des interventions d&rsquo;urgence, combinant des sessions th\u00e9oriques et des exercices pratiques bas\u00e9s sur des sc\u00e9narios r\u00e9els.<\/p><p>La formation a port\u00e9 sur l&rsquo;organisation des urgences, la communication de crise, la coordination avec les a\u00e9roports et les services ext\u00e9rieurs, et la gestion de l&rsquo;assistance aux membres de la famille.<\/p>\t\t\t\t\t\t\t\t<\/div>\n\t\t\t\t\t<\/div>\n\t\t<\/div>\n\t\t\t\t\t<\/div>\n\t\t<\/section>\n\t\t<div class=\"elementor-element elementor-element-bce7f76 e-flex e-con-boxed e-con e-parent\" data-id=\"bce7f76\" data-element_type=\"container\" data-e-type=\"container\" data-settings=\"{&quot;_ha_eqh_enable&quot;:false}\">\n\t\t\t\t\t<div class=\"e-con-inner\">\n\t\t\t\t<div class=\"elementor-element elementor-element-5ee318b elementor-widget elementor-widget-image\" data-id=\"5ee318b\" data-element_type=\"widget\" data-e-type=\"widget\" data-widget_type=\"image.default\">\n\t\t\t\t\t\t\t\t\t\t\t\t\t\t\t<img decoding=\"async\" width=\"1000\" height=\"646\" src=\"https:\/\/www.gpa.aero\/wp-content\/uploads\/2026\/02\/WhatsApp-Image-2026-02-25-at-10.48.05-scaled-e1772196924273-1024x662.jpeg\" class=\"attachment-large size-large wp-image-3046\" alt=\"\" srcset=\"https:\/\/www.gpa.aero\/wp-content\/uploads\/2026\/02\/WhatsApp-Image-2026-02-25-at-10.48.05-scaled-e1772196924273-1024x662.jpeg 1024w, https:\/\/www.gpa.aero\/wp-content\/uploads\/2026\/02\/WhatsApp-Image-2026-02-25-at-10.48.05-scaled-e1772196924273-300x194.jpeg 300w, https:\/\/www.gpa.aero\/wp-content\/uploads\/2026\/02\/WhatsApp-Image-2026-02-25-at-10.48.05-scaled-e1772196924273-768x497.jpeg 768w, https:\/\/www.gpa.aero\/wp-content\/uploads\/2026\/02\/WhatsApp-Image-2026-02-25-at-10.48.05-scaled-e1772196924273-1536x994.jpeg 1536w, https:\/\/www.gpa.aero\/wp-content\/uploads\/2026\/02\/WhatsApp-Image-2026-02-25-at-10.48.05-scaled-e1772196924273-650x420.jpeg 650w, https:\/\/www.gpa.aero\/wp-content\/uploads\/2026\/02\/WhatsApp-Image-2026-02-25-at-10.48.05-scaled-e1772196924273.jpeg 1920w\" sizes=\"(max-width: 1000px) 100vw, 1000px\" \/>\t\t\t\t\t\t\t\t\t\t\t\t\t\t\t<\/div>\n\t\t\t\t\t<\/div>\n\t\t\t\t<\/div>\n\t\t\t\t<section class=\"elementor-section elementor-top-section elementor-element elementor-element-85e2d33 elementor-section-boxed elementor-section-height-default elementor-section-height-default\" data-id=\"85e2d33\" data-element_type=\"section\" data-e-type=\"section\" data-settings=\"{&quot;_ha_eqh_enable&quot;:false}\">\n\t\t\t\t\t\t<div class=\"elementor-container elementor-column-gap-default\">\n\t\t\t\t\t<div class=\"elementor-column elementor-col-66 elementor-top-column elementor-element elementor-element-4d0e9af\" data-id=\"4d0e9af\" data-element_type=\"column\" data-e-type=\"column\">\n\t\t\t<div class=\"elementor-widget-wrap elementor-element-populated\">\n\t\t\t\t\t\t<div class=\"elementor-element elementor-element-339660d elementor-widget elementor-widget-heading\" data-id=\"339660d\" data-element_type=\"widget\" data-e-type=\"widget\" data-widget_type=\"heading.default\">\n\t\t\t\t\t<h4 class=\"elementor-heading-title elementor-size-default\">R\u00e9sultats du projet <br>:<\/h4>\t\t\t\t<\/div>\n\t\t\t\t\t<\/div>\n\t\t<\/div>\n\t\t\t\t<div class=\"elementor-column elementor-col-33 elementor-top-column elementor-element elementor-element-ce81974\" data-id=\"ce81974\" data-element_type=\"column\" data-e-type=\"column\">\n\t\t\t<div class=\"elementor-widget-wrap elementor-element-populated\">\n\t\t\t\t\t\t<div class=\"elementor-element elementor-element-1c5380f elementor-widget__width-initial elementor-widget elementor-widget-text-editor\" data-id=\"1c5380f\" data-element_type=\"widget\" data-e-type=\"widget\" data-widget_type=\"text-editor.default\">\n\t\t\t\t\t\t\t\t\t<p><span style=\"font-weight: 400;\">Le programme a consid\u00e9rablement am\u00e9lior\u00e9 le niveau de pr\u00e9paration d&rsquo;Iberojet, renforc\u00e9 la coordination interne et fourni aux \u00e9quipes des outils pratiques pour g\u00e9rer les situations critiques de mani\u00e8re efficace et avec une r\u00e9silience op\u00e9rationnelle.<\/span><\/p>\t\t\t\t\t\t\t\t<\/div>\n\t\t\t\t\t<\/div>\n\t\t<\/div>\n\t\t\t\t\t<\/div>\n\t\t<\/section>\n\t\t<div class=\"elementor-element elementor-element-c423489 e-flex e-con-boxed e-con e-parent\" data-id=\"c423489\" data-element_type=\"container\" data-e-type=\"container\" data-settings=\"{&quot;_ha_eqh_enable&quot;:false}\">\n\t\t\t\t\t<div class=\"e-con-inner\">\n\t\t\t\t<div class=\"elementor-element elementor-element-a3768b8 elementor-widget elementor-widget-heading\" data-id=\"a3768b8\" data-element_type=\"widget\" data-e-type=\"widget\" data-widget_type=\"heading.default\">\n\t\t\t\t\t<h2 class=\"elementor-heading-title elementor-size-default\">Une port\u00e9e mondiale, qui connecte le monde :<\/h2>\t\t\t\t<\/div>\n\t\t\t\t<div data-ha-element-link=\"{&quot;url&quot;:&quot;https:\\\/\\\/www.gpa.aero\\\/casos-de-exito\\\/&quot;,&quot;is_external&quot;:&quot;&quot;,&quot;nofollow&quot;:&quot;&quot;}\" style=\"cursor: pointer\" class=\"elementor-element elementor-element-b99e723 elementor-widget elementor-widget-image\" data-id=\"b99e723\" data-element_type=\"widget\" data-e-type=\"widget\" data-widget_type=\"image.default\">\n\t\t\t\t\t\t\t\t\t\t\t\t\t\t\t<img decoding=\"async\" width=\"5617\" height=\"2464\" src=\"https:\/\/www.gpa.aero\/wp-content\/uploads\/2026\/03\/GPA-mapa-ok.svg\" class=\"attachment-large size-large wp-image-2657\" alt=\"carte du monde\" \/>\t\t\t\t\t\t\t\t\t\t\t\t\t\t\t<\/div>\n\t\t\t\t\t<\/div>\n\t\t\t\t<\/div>\n\t\t\t\t<\/div>\n\t\t","protected":false},"excerpt":{"rendered":"<p>BREF Description du projet : Iberojet avait besoin d&rsquo;un programme de formation sp\u00e9cialis\u00e9e en classe pour renforcer ses capacit\u00e9s de gestion des [&hellip;]<\/p>\n","protected":false},"author":1,"featured_media":2772,"parent":3763,"menu_order":0,"comment_status":"closed","ping_status":"closed","template":"","meta":{"footnotes":""},"class_list":["post-3753","page","type-page","status-publish","has-post-thumbnail","hentry"],"yoast_head":"<!-- This site is optimized with the Yoast SEO plugin v27.1.1 - https:\/\/yoast.com\/product\/yoast-seo-wordpress\/ -->\n<title>Formation gestion des urgences pour compagnies a\u00e9riennes - GPA<\/title>\n<meta name=\"description\" content=\"Programme de formation pour Iberojet sur la gestion des urgences, la coordination et la communication de crise selon les normes OACI et AESA.\" \/>\n<meta name=\"robots\" content=\"index, follow, max-snippet:-1, max-image-preview:large, max-video-preview:-1\" \/>\n<link rel=\"canonical\" href=\"https:\/\/www.gpa.aero\/fr\/histoires-de-reussite\/formation-a-la-gestion-des-situations-durgence-pour-les-compagnies-aeriennes\/\" \/>\n<meta property=\"og:locale\" content=\"fr_FR\" \/>\n<meta property=\"og:type\" content=\"article\" \/>\n<meta property=\"og:title\" content=\"Formation gestion des urgences pour compagnies a\u00e9riennes - GPA\" \/>\n<meta property=\"og:description\" content=\"Programme de formation pour Iberojet sur la gestion des urgences, la coordination et la communication de crise selon les normes OACI et AESA.\" \/>\n<meta property=\"og:url\" content=\"https:\/\/www.gpa.aero\/fr\/histoires-de-reussite\/formation-a-la-gestion-des-situations-durgence-pour-les-compagnies-aeriennes\/\" \/>\n<meta property=\"og:site_name\" content=\"GPA\" \/>\n<meta property=\"article:modified_time\" content=\"2026-03-13T11:31:59+00:00\" \/>\n<meta property=\"og:image\" content=\"https:\/\/www.gpa.aero\/wp-content\/uploads\/2026\/02\/ss-formacion-gestion-emergencias-aerolineas.png\" \/>\n\t<meta property=\"og:image:width\" content=\"740\" \/>\n\t<meta property=\"og:image:height\" content=\"782\" \/>\n\t<meta property=\"og:image:type\" content=\"image\/png\" \/>\n<meta name=\"twitter:card\" content=\"summary_large_image\" \/>\n<meta name=\"twitter:label1\" content=\"Dur\u00e9e de lecture estim\u00e9e\" \/>\n\t<meta name=\"twitter:data1\" content=\"2 minutes\" \/>\n<script type=\"application\/ld+json\" class=\"yoast-schema-graph\">{\"@context\":\"https:\/\/schema.org\",\"@graph\":[{\"@type\":\"WebPage\",\"@id\":\"https:\/\/www.gpa.aero\/fr\/histoires-de-reussite\/formation-a-la-gestion-des-situations-durgence-pour-les-compagnies-aeriennes\/\",\"url\":\"https:\/\/www.gpa.aero\/fr\/histoires-de-reussite\/formation-a-la-gestion-des-situations-durgence-pour-les-compagnies-aeriennes\/\",\"name\":\"Formation gestion des urgences pour compagnies a\u00e9riennes - GPA\",\"isPartOf\":{\"@id\":\"https:\/\/www.gpa.aero\/fr\/#website\"},\"primaryImageOfPage\":{\"@id\":\"https:\/\/www.gpa.aero\/fr\/histoires-de-reussite\/formation-a-la-gestion-des-situations-durgence-pour-les-compagnies-aeriennes\/#primaryimage\"},\"image\":{\"@id\":\"https:\/\/www.gpa.aero\/fr\/histoires-de-reussite\/formation-a-la-gestion-des-situations-durgence-pour-les-compagnies-aeriennes\/#primaryimage\"},\"thumbnailUrl\":\"https:\/\/www.gpa.aero\/wp-content\/uploads\/2026\/02\/ss-formacion-gestion-emergencias-aerolineas.png\",\"datePublished\":\"2026-03-13T06:07:04+00:00\",\"dateModified\":\"2026-03-13T11:31:59+00:00\",\"description\":\"Programme de formation pour Iberojet sur la gestion des urgences, la coordination et la communication de crise selon les normes OACI et AESA.\",\"breadcrumb\":{\"@id\":\"https:\/\/www.gpa.aero\/fr\/histoires-de-reussite\/formation-a-la-gestion-des-situations-durgence-pour-les-compagnies-aeriennes\/#breadcrumb\"},\"inLanguage\":\"fr-FR\",\"potentialAction\":[{\"@type\":\"ReadAction\",\"target\":[\"https:\/\/www.gpa.aero\/fr\/histoires-de-reussite\/formation-a-la-gestion-des-situations-durgence-pour-les-compagnies-aeriennes\/\"]}]},{\"@type\":\"ImageObject\",\"inLanguage\":\"fr-FR\",\"@id\":\"https:\/\/www.gpa.aero\/fr\/histoires-de-reussite\/formation-a-la-gestion-des-situations-durgence-pour-les-compagnies-aeriennes\/#primaryimage\",\"url\":\"https:\/\/www.gpa.aero\/wp-content\/uploads\/2026\/02\/ss-formacion-gestion-emergencias-aerolineas.png\",\"contentUrl\":\"https:\/\/www.gpa.aero\/wp-content\/uploads\/2026\/02\/ss-formacion-gestion-emergencias-aerolineas.png\",\"width\":740,\"height\":782},{\"@type\":\"BreadcrumbList\",\"@id\":\"https:\/\/www.gpa.aero\/fr\/histoires-de-reussite\/formation-a-la-gestion-des-situations-durgence-pour-les-compagnies-aeriennes\/#breadcrumb\",\"itemListElement\":[{\"@type\":\"ListItem\",\"position\":1,\"name\":\"Home\",\"item\":\"https:\/\/www.gpa.aero\/fr\/\"},{\"@type\":\"ListItem\",\"position\":2,\"name\":\"Histoires de r\u00e9ussite\",\"item\":\"https:\/\/www.gpa.aero\/fr\/histoires-de-reussite\/\"},{\"@type\":\"ListItem\",\"position\":3,\"name\":\"Formation \u00e0 la gestion des situations d&#8217;urgence pour les compagnies a\u00e9riennes\"}]},{\"@type\":\"WebSite\",\"@id\":\"https:\/\/www.gpa.aero\/fr\/#website\",\"url\":\"https:\/\/www.gpa.aero\/fr\/\",\"name\":\"GPA\",\"description\":\"\",\"potentialAction\":[{\"@type\":\"SearchAction\",\"target\":{\"@type\":\"EntryPoint\",\"urlTemplate\":\"https:\/\/www.gpa.aero\/fr\/?s={search_term_string}\"},\"query-input\":{\"@type\":\"PropertyValueSpecification\",\"valueRequired\":true,\"valueName\":\"search_term_string\"}}],\"inLanguage\":\"fr-FR\"}]}<\/script>\n<!-- \/ Yoast SEO plugin. -->","yoast_head_json":{"title":"Formation gestion des urgences pour compagnies a\u00e9riennes - GPA","description":"Programme de formation pour Iberojet sur la gestion des urgences, la coordination et la communication de crise selon les normes OACI et AESA.","robots":{"index":"index","follow":"follow","max-snippet":"max-snippet:-1","max-image-preview":"max-image-preview:large","max-video-preview":"max-video-preview:-1"},"canonical":"https:\/\/www.gpa.aero\/fr\/histoires-de-reussite\/formation-a-la-gestion-des-situations-durgence-pour-les-compagnies-aeriennes\/","og_locale":"fr_FR","og_type":"article","og_title":"Formation gestion des urgences pour compagnies a\u00e9riennes - GPA","og_description":"Programme de formation pour Iberojet sur la gestion des urgences, la coordination et la communication de crise selon les normes OACI et AESA.","og_url":"https:\/\/www.gpa.aero\/fr\/histoires-de-reussite\/formation-a-la-gestion-des-situations-durgence-pour-les-compagnies-aeriennes\/","og_site_name":"GPA","article_modified_time":"2026-03-13T11:31:59+00:00","og_image":[{"width":740,"height":782,"url":"https:\/\/www.gpa.aero\/wp-content\/uploads\/2026\/02\/ss-formacion-gestion-emergencias-aerolineas.png","type":"image\/png"}],"twitter_card":"summary_large_image","twitter_misc":{"Dur\u00e9e de lecture estim\u00e9e":"2 minutes"},"schema":{"@context":"https:\/\/schema.org","@graph":[{"@type":"WebPage","@id":"https:\/\/www.gpa.aero\/fr\/histoires-de-reussite\/formation-a-la-gestion-des-situations-durgence-pour-les-compagnies-aeriennes\/","url":"https:\/\/www.gpa.aero\/fr\/histoires-de-reussite\/formation-a-la-gestion-des-situations-durgence-pour-les-compagnies-aeriennes\/","name":"Formation gestion des urgences pour compagnies a\u00e9riennes - GPA","isPartOf":{"@id":"https:\/\/www.gpa.aero\/fr\/#website"},"primaryImageOfPage":{"@id":"https:\/\/www.gpa.aero\/fr\/histoires-de-reussite\/formation-a-la-gestion-des-situations-durgence-pour-les-compagnies-aeriennes\/#primaryimage"},"image":{"@id":"https:\/\/www.gpa.aero\/fr\/histoires-de-reussite\/formation-a-la-gestion-des-situations-durgence-pour-les-compagnies-aeriennes\/#primaryimage"},"thumbnailUrl":"https:\/\/www.gpa.aero\/wp-content\/uploads\/2026\/02\/ss-formacion-gestion-emergencias-aerolineas.png","datePublished":"2026-03-13T06:07:04+00:00","dateModified":"2026-03-13T11:31:59+00:00","description":"Programme de formation pour Iberojet sur la gestion des urgences, la coordination et la communication de crise selon les normes OACI et AESA.","breadcrumb":{"@id":"https:\/\/www.gpa.aero\/fr\/histoires-de-reussite\/formation-a-la-gestion-des-situations-durgence-pour-les-compagnies-aeriennes\/#breadcrumb"},"inLanguage":"fr-FR","potentialAction":[{"@type":"ReadAction","target":["https:\/\/www.gpa.aero\/fr\/histoires-de-reussite\/formation-a-la-gestion-des-situations-durgence-pour-les-compagnies-aeriennes\/"]}]},{"@type":"ImageObject","inLanguage":"fr-FR","@id":"https:\/\/www.gpa.aero\/fr\/histoires-de-reussite\/formation-a-la-gestion-des-situations-durgence-pour-les-compagnies-aeriennes\/#primaryimage","url":"https:\/\/www.gpa.aero\/wp-content\/uploads\/2026\/02\/ss-formacion-gestion-emergencias-aerolineas.png","contentUrl":"https:\/\/www.gpa.aero\/wp-content\/uploads\/2026\/02\/ss-formacion-gestion-emergencias-aerolineas.png","width":740,"height":782},{"@type":"BreadcrumbList","@id":"https:\/\/www.gpa.aero\/fr\/histoires-de-reussite\/formation-a-la-gestion-des-situations-durgence-pour-les-compagnies-aeriennes\/#breadcrumb","itemListElement":[{"@type":"ListItem","position":1,"name":"Home","item":"https:\/\/www.gpa.aero\/fr\/"},{"@type":"ListItem","position":2,"name":"Histoires de r\u00e9ussite","item":"https:\/\/www.gpa.aero\/fr\/histoires-de-reussite\/"},{"@type":"ListItem","position":3,"name":"Formation \u00e0 la gestion des situations d&#8217;urgence pour les compagnies a\u00e9riennes"}]},{"@type":"WebSite","@id":"https:\/\/www.gpa.aero\/fr\/#website","url":"https:\/\/www.gpa.aero\/fr\/","name":"GPA","description":"","potentialAction":[{"@type":"SearchAction","target":{"@type":"EntryPoint","urlTemplate":"https:\/\/www.gpa.aero\/fr\/?s={search_term_string}"},"query-input":{"@type":"PropertyValueSpecification","valueRequired":true,"valueName":"search_term_string"}}],"inLanguage":"fr-FR"}]}},"_links":{"self":[{"href":"https:\/\/www.gpa.aero\/fr\/wp-json\/wp\/v2\/pages\/3753","targetHints":{"allow":["GET"]}}],"collection":[{"href":"https:\/\/www.gpa.aero\/fr\/wp-json\/wp\/v2\/pages"}],"about":[{"href":"https:\/\/www.gpa.aero\/fr\/wp-json\/wp\/v2\/types\/page"}],"author":[{"embeddable":true,"href":"https:\/\/www.gpa.aero\/fr\/wp-json\/wp\/v2\/users\/1"}],"replies":[{"embeddable":true,"href":"https:\/\/www.gpa.aero\/fr\/wp-json\/wp\/v2\/comments?post=3753"}],"version-history":[{"count":1,"href":"https:\/\/www.gpa.aero\/fr\/wp-json\/wp\/v2\/pages\/3753\/revisions"}],"predecessor-version":[{"id":3756,"href":"https:\/\/www.gpa.aero\/fr\/wp-json\/wp\/v2\/pages\/3753\/revisions\/3756"}],"up":[{"embeddable":true,"href":"https:\/\/www.gpa.aero\/fr\/wp-json\/wp\/v2\/pages\/3763"}],"wp:featuredmedia":[{"embeddable":true,"href":"https:\/\/www.gpa.aero\/fr\/wp-json\/wp\/v2\/media\/2772"}],"wp:attachment":[{"href":"https:\/\/www.gpa.aero\/fr\/wp-json\/wp\/v2\/media?parent=3753"}],"curies":[{"name":"wp","href":"https:\/\/api.w.org\/{rel}","templated":true}]}}