{"id":3736,"date":"2026-03-13T05:36:29","date_gmt":"2026-03-13T05:36:29","guid":{"rendered":"https:\/\/www.gpa.aero\/coup-de-pouce-strategique-pour-le-fret-aerien-a-barcelone\/"},"modified":"2026-03-13T11:28:45","modified_gmt":"2026-03-13T11:28:45","slug":"coup-de-pouce-strategique-pour-le-fret-aerien-a-barcelone","status":"publish","type":"page","link":"https:\/\/www.gpa.aero\/fr\/histoires-de-reussite\/coup-de-pouce-strategique-pour-le-fret-aerien-a-barcelone\/","title":{"rendered":"Coup de pouce strat\u00e9gique pour le fret a\u00e9rien \u00e0 Barcelone"},"content":{"rendered":"\t\t<div data-elementor-type=\"wp-page\" data-elementor-id=\"3736\" class=\"elementor elementor-3736 elementor-3561\" data-elementor-settings=\"{&quot;ha_cmc_init_switcher&quot;:&quot;no&quot;,&quot;element_pack_global_tooltip_width&quot;:{&quot;unit&quot;:&quot;px&quot;,&quot;size&quot;:&quot;&quot;,&quot;sizes&quot;:[]},&quot;element_pack_global_tooltip_width_tablet&quot;:{&quot;unit&quot;:&quot;px&quot;,&quot;size&quot;:&quot;&quot;,&quot;sizes&quot;:[]},&quot;element_pack_global_tooltip_width_mobile&quot;:{&quot;unit&quot;:&quot;px&quot;,&quot;size&quot;:&quot;&quot;,&quot;sizes&quot;:[]},&quot;element_pack_global_tooltip_padding&quot;:{&quot;unit&quot;:&quot;px&quot;,&quot;top&quot;:&quot;&quot;,&quot;right&quot;:&quot;&quot;,&quot;bottom&quot;:&quot;&quot;,&quot;left&quot;:&quot;&quot;,&quot;isLinked&quot;:true},&quot;element_pack_global_tooltip_padding_tablet&quot;:{&quot;unit&quot;:&quot;px&quot;,&quot;top&quot;:&quot;&quot;,&quot;right&quot;:&quot;&quot;,&quot;bottom&quot;:&quot;&quot;,&quot;left&quot;:&quot;&quot;,&quot;isLinked&quot;:true},&quot;element_pack_global_tooltip_padding_mobile&quot;:{&quot;unit&quot;:&quot;px&quot;,&quot;top&quot;:&quot;&quot;,&quot;right&quot;:&quot;&quot;,&quot;bottom&quot;:&quot;&quot;,&quot;left&quot;:&quot;&quot;,&quot;isLinked&quot;:true},&quot;element_pack_global_tooltip_border_radius&quot;:{&quot;unit&quot;:&quot;px&quot;,&quot;top&quot;:&quot;&quot;,&quot;right&quot;:&quot;&quot;,&quot;bottom&quot;:&quot;&quot;,&quot;left&quot;:&quot;&quot;,&quot;isLinked&quot;:true},&quot;element_pack_global_tooltip_border_radius_tablet&quot;:{&quot;unit&quot;:&quot;px&quot;,&quot;top&quot;:&quot;&quot;,&quot;right&quot;:&quot;&quot;,&quot;bottom&quot;:&quot;&quot;,&quot;left&quot;:&quot;&quot;,&quot;isLinked&quot;:true},&quot;element_pack_global_tooltip_border_radius_mobile&quot;:{&quot;unit&quot;:&quot;px&quot;,&quot;top&quot;:&quot;&quot;,&quot;right&quot;:&quot;&quot;,&quot;bottom&quot;:&quot;&quot;,&quot;left&quot;:&quot;&quot;,&quot;isLinked&quot;:true}}\">\n\t\t\t\t\t\t<section class=\"elementor-section elementor-top-section elementor-element elementor-element-958a32b elementor-section-boxed elementor-section-height-default elementor-section-height-default\" data-id=\"958a32b\" data-element_type=\"section\" data-e-type=\"section\" data-settings=\"{&quot;_ha_eqh_enable&quot;:false}\">\n\t\t\t\t\t\t<div class=\"elementor-container elementor-column-gap-default\">\n\t\t\t\t\t<div class=\"elementor-column elementor-col-50 elementor-top-column elementor-element elementor-element-59530b3\" data-id=\"59530b3\" data-element_type=\"column\" data-e-type=\"column\">\n\t\t\t<div class=\"elementor-widget-wrap elementor-element-populated\">\n\t\t\t\t\t\t<div class=\"elementor-element elementor-element-ff918a7 elementor-widget elementor-widget-heading\" data-id=\"ff918a7\" data-element_type=\"widget\" data-e-type=\"widget\" data-widget_type=\"heading.default\">\n\t\t\t\t\t<h6 class=\"elementor-heading-title elementor-size-default\">BREF<\/h6>\t\t\t\t<\/div>\n\t\t\t\t<div class=\"elementor-element elementor-element-0d34b93 elementor-widget elementor-widget-heading\" data-id=\"0d34b93\" data-element_type=\"widget\" data-e-type=\"widget\" data-widget_type=\"heading.default\">\n\t\t\t\t\t<h4 class=\"elementor-heading-title elementor-size-default\">Description du projet :<\/h4>\t\t\t\t<\/div>\n\t\t\t\t<div class=\"elementor-element elementor-element-de0a52a elementor-widget elementor-widget-text-editor\" data-id=\"de0a52a\" data-element_type=\"widget\" data-e-type=\"widget\" data-widget_type=\"text-editor.default\">\n\t\t\t\t\t\t\t\t\t<p>BCL avait besoin d&rsquo;un soutien technique continu pour coordonner et renforcer la communaut\u00e9 de s\u00e9curit\u00e9 du fret a\u00e9rien et de la logistique \u00e0 Barcelone.<\/p>\t\t\t\t\t\t\t\t<\/div>\n\t\t\t\t\t<\/div>\n\t\t<\/div>\n\t\t\t\t<div class=\"elementor-column elementor-col-50 elementor-top-column elementor-element elementor-element-3f6ecf1\" data-id=\"3f6ecf1\" data-element_type=\"column\" data-e-type=\"column\">\n\t\t\t<div class=\"elementor-widget-wrap elementor-element-populated\">\n\t\t\t\t\t\t<div class=\"elementor-element elementor-element-fbb5e6b elementor-widget elementor-widget-heading\" data-id=\"fbb5e6b\" data-element_type=\"widget\" data-e-type=\"widget\" data-widget_type=\"heading.default\">\n\t\t\t\t\t<h6 class=\"elementor-heading-title elementor-size-default\">PROJET<\/h6>\t\t\t\t<\/div>\n\t\t\t\t<div class=\"elementor-element elementor-element-d3e513c elementor-widget elementor-widget-heading\" data-id=\"d3e513c\" data-element_type=\"widget\" data-e-type=\"widget\" data-widget_type=\"heading.default\">\n\t\t\t\t\t<h4 class=\"elementor-heading-title elementor-size-default\">Coordination strat\u00e9gique pour positionner Barcelone comme plaque tournante du fret a\u00e9rien.<\/h4>\t\t\t\t<\/div>\n\t\t\t\t<section class=\"elementor-section elementor-inner-section elementor-element elementor-element-9a5faf7 elementor-section-boxed elementor-section-height-default elementor-section-height-default\" data-id=\"9a5faf7\" data-element_type=\"section\" data-e-type=\"section\" data-settings=\"{&quot;_ha_eqh_enable&quot;:false}\">\n\t\t\t\t\t\t<div class=\"elementor-container elementor-column-gap-default\">\n\t\t\t\t\t<div class=\"elementor-column elementor-col-33 elementor-inner-column elementor-element elementor-element-5ef4414\" data-id=\"5ef4414\" data-element_type=\"column\" data-e-type=\"column\">\n\t\t\t<div class=\"elementor-widget-wrap elementor-element-populated\">\n\t\t\t\t\t\t<div class=\"elementor-element elementor-element-f680da9 elementor-widget elementor-widget-heading\" data-id=\"f680da9\" data-element_type=\"widget\" data-e-type=\"widget\" data-widget_type=\"heading.default\">\n\t\t\t\t\t<h5 class=\"elementor-heading-title elementor-size-default\">Titre<\/h5>\t\t\t\t<\/div>\n\t\t\t\t<div class=\"elementor-element elementor-element-62a5e88 elementor-widget elementor-widget-text-editor\" data-id=\"62a5e88\" data-element_type=\"widget\" data-e-type=\"widget\" data-widget_type=\"text-editor.default\">\n\t\t\t\t\t\t\t\t\t<p>Secr\u00e9tariat technique du Barcelona-Catalunya Centre Log\u00edstic (BCL)<\/p>\t\t\t\t\t\t\t\t<\/div>\n\t\t\t\t\t<\/div>\n\t\t<\/div>\n\t\t\t\t<div class=\"elementor-column elementor-col-33 elementor-inner-column elementor-element elementor-element-92bffa2\" data-id=\"92bffa2\" data-element_type=\"column\" data-e-type=\"column\">\n\t\t\t<div class=\"elementor-widget-wrap elementor-element-populated\">\n\t\t\t\t\t\t<div class=\"elementor-element elementor-element-0a34860 elementor-widget elementor-widget-heading\" data-id=\"0a34860\" data-element_type=\"widget\" data-e-type=\"widget\" data-widget_type=\"heading.default\">\n\t\t\t\t\t<h5 class=\"elementor-heading-title elementor-size-default\">Client<\/h5>\t\t\t\t<\/div>\n\t\t\t\t<div class=\"elementor-element elementor-element-bdb8454 elementor-widget elementor-widget-text-editor\" data-id=\"bdb8454\" data-element_type=\"widget\" data-e-type=\"widget\" data-widget_type=\"text-editor.default\">\n\t\t\t\t\t\t\t\t\t<p><span style=\"font-weight: 400;\">Centre logistique de Barcelone-Catalogne (BCL)<\/span><\/p>\t\t\t\t\t\t\t\t<\/div>\n\t\t\t\t\t<\/div>\n\t\t<\/div>\n\t\t\t\t<div class=\"elementor-column elementor-col-33 elementor-inner-column elementor-element elementor-element-345b80f\" data-id=\"345b80f\" data-element_type=\"column\" data-e-type=\"column\">\n\t\t\t<div class=\"elementor-widget-wrap elementor-element-populated\">\n\t\t\t\t\t\t<div class=\"elementor-element elementor-element-f800bef elementor-widget elementor-widget-heading\" data-id=\"f800bef\" data-element_type=\"widget\" data-e-type=\"widget\" data-widget_type=\"heading.default\">\n\t\t\t\t\t<h5 class=\"elementor-heading-title elementor-size-default\">M\u00e9t\u00e9o<\/h5>\t\t\t\t<\/div>\n\t\t\t\t<div class=\"elementor-element elementor-element-9e9bf44 elementor-widget elementor-widget-text-editor\" data-id=\"9e9bf44\" data-element_type=\"widget\" data-e-type=\"widget\" data-widget_type=\"text-editor.default\">\n\t\t\t\t\t\t\t\t\t<p>2013 &#8211; en cours<\/p>\t\t\t\t\t\t\t\t<\/div>\n\t\t\t\t\t<\/div>\n\t\t<\/div>\n\t\t\t\t\t<\/div>\n\t\t<\/section>\n\t\t\t\t\t<\/div>\n\t\t<\/div>\n\t\t\t\t\t<\/div>\n\t\t<\/section>\n\t\t\t\t<section class=\"elementor-section elementor-top-section elementor-element elementor-element-c1104d0 elementor-section-boxed elementor-section-height-default elementor-section-height-default\" data-id=\"c1104d0\" data-element_type=\"section\" data-e-type=\"section\" data-settings=\"{&quot;_ha_eqh_enable&quot;:false}\">\n\t\t\t\t\t\t<div class=\"elementor-container elementor-column-gap-default\">\n\t\t\t\t\t<div class=\"elementor-column elementor-col-50 elementor-top-column elementor-element elementor-element-7a530c4\" data-id=\"7a530c4\" data-element_type=\"column\" data-e-type=\"column\">\n\t\t\t<div class=\"elementor-widget-wrap elementor-element-populated\">\n\t\t\t\t\t\t<div class=\"elementor-element elementor-element-1e82954 elementor-widget elementor-widget-image\" data-id=\"1e82954\" data-element_type=\"widget\" data-e-type=\"widget\" data-widget_type=\"image.default\">\n\t\t\t\t\t\t\t\t\t\t\t\t\t\t\t<img fetchpriority=\"high\" decoding=\"async\" width=\"1000\" height=\"480\" src=\"https:\/\/www.gpa.aero\/wp-content\/uploads\/2026\/02\/LOGO-BCL-1024x492.jpg\" class=\"attachment-large size-large wp-image-2968\" alt=\"\" srcset=\"https:\/\/www.gpa.aero\/wp-content\/uploads\/2026\/02\/LOGO-BCL-1024x492.jpg 1024w, https:\/\/www.gpa.aero\/wp-content\/uploads\/2026\/02\/LOGO-BCL-300x144.jpg 300w, https:\/\/www.gpa.aero\/wp-content\/uploads\/2026\/02\/LOGO-BCL-768x369.jpg 768w, https:\/\/www.gpa.aero\/wp-content\/uploads\/2026\/02\/LOGO-BCL-650x313.jpg 650w, https:\/\/www.gpa.aero\/wp-content\/uploads\/2026\/02\/LOGO-BCL.jpg 1154w\" sizes=\"(max-width: 1000px) 100vw, 1000px\" \/>\t\t\t\t\t\t\t\t\t\t\t\t\t\t\t<\/div>\n\t\t\t\t\t<\/div>\n\t\t<\/div>\n\t\t\t\t<div class=\"elementor-column elementor-col-50 elementor-top-column elementor-element elementor-element-5c97679\" data-id=\"5c97679\" data-element_type=\"column\" data-e-type=\"column\">\n\t\t\t<div class=\"elementor-widget-wrap elementor-element-populated\">\n\t\t\t\t\t\t<div class=\"elementor-element elementor-element-196903d elementor-widget elementor-widget-heading\" data-id=\"196903d\" data-element_type=\"widget\" data-e-type=\"widget\" data-widget_type=\"heading.default\">\n\t\t\t\t\t<h4 class=\"elementor-heading-title elementor-size-default\">M\u00e9thodologie GPA appliqu\u00e9e :<\/h4>\t\t\t\t<\/div>\n\t\t\t\t<div class=\"elementor-element elementor-element-92195df elementor-widget elementor-widget-text-editor\" data-id=\"92195df\" data-element_type=\"widget\" data-e-type=\"widget\" data-widget_type=\"text-editor.default\">\n\t\t\t\t\t\t\t\t\t<p>GPA fait office de secr\u00e9tariat technique, pr\u00e9parant les pr\u00e9visions de la demande, les rapports annuels sur le trafic, organisant des \u00e9v\u00e9nements sectoriels et dirigeant des projets strat\u00e9giques tels que CEIV Pharma et les solutions de la cha\u00eene du froid.<\/p>\t\t\t\t\t\t\t\t<\/div>\n\t\t\t\t\t<\/div>\n\t\t<\/div>\n\t\t\t\t\t<\/div>\n\t\t<\/section>\n\t\t<div class=\"elementor-element elementor-element-8502f26 e-flex e-con-boxed e-con e-parent\" data-id=\"8502f26\" data-element_type=\"container\" data-e-type=\"container\">\n\t\t\t\t\t<div class=\"e-con-inner\">\n\t\t\t\t<div class=\"elementor-element elementor-element-97a7dd3 elementor-widget elementor-widget-image\" data-id=\"97a7dd3\" data-element_type=\"widget\" data-e-type=\"widget\" data-widget_type=\"image.default\">\n\t\t\t\t\t\t\t\t\t\t\t\t\t\t\t<img decoding=\"async\" width=\"1000\" height=\"482\" src=\"https:\/\/www.gpa.aero\/wp-content\/uploads\/2026\/02\/Grupo-e1771363767929-1024x494.jpg\" class=\"attachment-large size-large wp-image-2969\" alt=\"\" srcset=\"https:\/\/www.gpa.aero\/wp-content\/uploads\/2026\/02\/Grupo-e1771363767929-1024x494.jpg 1024w, https:\/\/www.gpa.aero\/wp-content\/uploads\/2026\/02\/Grupo-e1771363767929-300x145.jpg 300w, https:\/\/www.gpa.aero\/wp-content\/uploads\/2026\/02\/Grupo-e1771363767929-768x371.jpg 768w, https:\/\/www.gpa.aero\/wp-content\/uploads\/2026\/02\/Grupo-e1771363767929-1536x741.jpg 1536w, https:\/\/www.gpa.aero\/wp-content\/uploads\/2026\/02\/Grupo-e1771363767929-650x314.jpg 650w, https:\/\/www.gpa.aero\/wp-content\/uploads\/2026\/02\/Grupo-e1771363767929.jpg 1620w\" sizes=\"(max-width: 1000px) 100vw, 1000px\" \/>\t\t\t\t\t\t\t\t\t\t\t\t\t\t\t<\/div>\n\t\t\t\t\t<\/div>\n\t\t\t\t<\/div>\n\t\t\t\t<section class=\"elementor-section elementor-top-section elementor-element elementor-element-bb34a91 elementor-section-boxed elementor-section-height-default elementor-section-height-default\" data-id=\"bb34a91\" data-element_type=\"section\" data-e-type=\"section\" data-settings=\"{&quot;_ha_eqh_enable&quot;:false}\">\n\t\t\t\t\t\t<div class=\"elementor-container elementor-column-gap-default\">\n\t\t\t\t\t<div class=\"elementor-column elementor-col-66 elementor-top-column elementor-element elementor-element-2af7d22\" data-id=\"2af7d22\" data-element_type=\"column\" data-e-type=\"column\">\n\t\t\t<div class=\"elementor-widget-wrap elementor-element-populated\">\n\t\t\t\t\t\t<div class=\"elementor-element elementor-element-532e7f4 elementor-widget elementor-widget-heading\" data-id=\"532e7f4\" data-element_type=\"widget\" data-e-type=\"widget\" data-widget_type=\"heading.default\">\n\t\t\t\t\t<h4 class=\"elementor-heading-title elementor-size-default\">R\u00e9sultats du projet <br>:<\/h4>\t\t\t\t<\/div>\n\t\t\t\t\t<\/div>\n\t\t<\/div>\n\t\t\t\t<div class=\"elementor-column elementor-col-33 elementor-top-column elementor-element elementor-element-c87c254\" data-id=\"c87c254\" data-element_type=\"column\" data-e-type=\"column\">\n\t\t\t<div class=\"elementor-widget-wrap elementor-element-populated\">\n\t\t\t\t\t\t<div class=\"elementor-element elementor-element-1b90179 elementor-widget__width-initial elementor-widget elementor-widget-text-editor\" data-id=\"1b90179\" data-element_type=\"widget\" data-e-type=\"widget\" data-widget_type=\"text-editor.default\">\n\t\t\t\t\t\t\t\t\t<p>Le projet a consolid\u00e9 un \u00e9cosyst\u00e8me de fret a\u00e9rien structur\u00e9, comp\u00e9titif et coordonn\u00e9, renfor\u00e7ant la position de Barcelone en tant que centre logistique de r\u00e9f\u00e9rence dans la r\u00e9gion m\u00e9diterran\u00e9enne.<\/p>\t\t\t\t\t\t\t\t<\/div>\n\t\t\t\t\t<\/div>\n\t\t<\/div>\n\t\t\t\t\t<\/div>\n\t\t<\/section>\n\t\t<div class=\"elementor-element elementor-element-efdff58 e-flex e-con-boxed e-con e-parent\" data-id=\"efdff58\" data-element_type=\"container\" data-e-type=\"container\" data-settings=\"{&quot;_ha_eqh_enable&quot;:false}\">\n\t\t\t\t\t<div class=\"e-con-inner\">\n\t\t\t\t<div class=\"elementor-element elementor-element-d840228 elementor-widget elementor-widget-heading\" data-id=\"d840228\" data-element_type=\"widget\" data-e-type=\"widget\" data-widget_type=\"heading.default\">\n\t\t\t\t\t<h2 class=\"elementor-heading-title elementor-size-default\">Une port\u00e9e mondiale, qui connecte le monde :<\/h2>\t\t\t\t<\/div>\n\t\t\t\t<div data-ha-element-link=\"{&quot;url&quot;:&quot;https:\\\/\\\/www.gpa.aero\\\/casos-de-exito\\\/&quot;,&quot;is_external&quot;:&quot;&quot;,&quot;nofollow&quot;:&quot;&quot;}\" style=\"cursor: pointer\" class=\"elementor-element elementor-element-2126d76 elementor-widget elementor-widget-image\" data-id=\"2126d76\" data-element_type=\"widget\" data-e-type=\"widget\" data-widget_type=\"image.default\">\n\t\t\t\t\t\t\t\t\t\t\t\t\t\t\t<img decoding=\"async\" width=\"5617\" height=\"2464\" src=\"https:\/\/www.gpa.aero\/wp-content\/uploads\/2026\/03\/GPA-mapa-ok.svg\" class=\"attachment-large size-large wp-image-2657\" alt=\"carte du monde\" \/>\t\t\t\t\t\t\t\t\t\t\t\t\t\t\t<\/div>\n\t\t\t\t\t<\/div>\n\t\t\t\t<\/div>\n\t\t\t\t<\/div>\n\t\t","protected":false},"excerpt":{"rendered":"<p>BREF Description du projet : BCL avait besoin d&rsquo;un soutien technique continu pour coordonner et renforcer la communaut\u00e9 de s\u00e9curit\u00e9 du fret [&hellip;]<\/p>\n","protected":false},"author":1,"featured_media":2768,"parent":3763,"menu_order":0,"comment_status":"closed","ping_status":"closed","template":"","meta":{"footnotes":""},"class_list":["post-3736","page","type-page","status-publish","has-post-thumbnail","hentry"],"yoast_head":"<!-- This site is optimized with the Yoast SEO plugin v27.1.1 - https:\/\/yoast.com\/product\/yoast-seo-wordpress\/ -->\n<title>Coup de pouce strat\u00e9gique pour le fret a\u00e9rien \u00e0 Barcelone - GPA<\/title>\n<meta name=\"description\" content=\"Coordination strat\u00e9gique et technique pour renforcer le fret a\u00e9rien \u00e0 Barcelone et le consolider en tant que centre logistique cl\u00e9 dans la r\u00e9gion m\u00e9diterran\u00e9enne.\" \/>\n<meta name=\"robots\" content=\"index, follow, max-snippet:-1, max-image-preview:large, max-video-preview:-1\" \/>\n<link rel=\"canonical\" href=\"https:\/\/www.gpa.aero\/fr\/histoires-de-reussite\/coup-de-pouce-strategique-pour-le-fret-aerien-a-barcelone\/\" \/>\n<meta property=\"og:locale\" content=\"fr_FR\" \/>\n<meta property=\"og:type\" content=\"article\" \/>\n<meta property=\"og:title\" content=\"Coup de pouce strat\u00e9gique pour le fret a\u00e9rien \u00e0 Barcelone - GPA\" \/>\n<meta property=\"og:description\" content=\"Coordination strat\u00e9gique et technique pour renforcer le fret a\u00e9rien \u00e0 Barcelone et le consolider en tant que centre logistique cl\u00e9 dans la r\u00e9gion m\u00e9diterran\u00e9enne.\" \/>\n<meta property=\"og:url\" content=\"https:\/\/www.gpa.aero\/fr\/histoires-de-reussite\/coup-de-pouce-strategique-pour-le-fret-aerien-a-barcelone\/\" \/>\n<meta property=\"og:site_name\" content=\"GPA\" \/>\n<meta property=\"article:modified_time\" content=\"2026-03-13T11:28:45+00:00\" \/>\n<meta property=\"og:image\" content=\"https:\/\/www.gpa.aero\/wp-content\/uploads\/2026\/02\/ss-impulso-estrategico-carga-aerea-barcelona.png\" \/>\n\t<meta property=\"og:image:width\" content=\"740\" \/>\n\t<meta property=\"og:image:height\" content=\"782\" \/>\n\t<meta property=\"og:image:type\" content=\"image\/png\" \/>\n<meta name=\"twitter:card\" content=\"summary_large_image\" \/>\n<meta name=\"twitter:label1\" content=\"Dur\u00e9e de lecture estim\u00e9e\" \/>\n\t<meta name=\"twitter:data1\" content=\"2 minutes\" \/>\n<script type=\"application\/ld+json\" class=\"yoast-schema-graph\">{\"@context\":\"https:\/\/schema.org\",\"@graph\":[{\"@type\":\"WebPage\",\"@id\":\"https:\/\/www.gpa.aero\/fr\/histoires-de-reussite\/coup-de-pouce-strategique-pour-le-fret-aerien-a-barcelone\/\",\"url\":\"https:\/\/www.gpa.aero\/fr\/histoires-de-reussite\/coup-de-pouce-strategique-pour-le-fret-aerien-a-barcelone\/\",\"name\":\"Coup de pouce strat\u00e9gique pour le fret a\u00e9rien \u00e0 Barcelone - GPA\",\"isPartOf\":{\"@id\":\"https:\/\/www.gpa.aero\/fr\/#website\"},\"primaryImageOfPage\":{\"@id\":\"https:\/\/www.gpa.aero\/fr\/histoires-de-reussite\/coup-de-pouce-strategique-pour-le-fret-aerien-a-barcelone\/#primaryimage\"},\"image\":{\"@id\":\"https:\/\/www.gpa.aero\/fr\/histoires-de-reussite\/coup-de-pouce-strategique-pour-le-fret-aerien-a-barcelone\/#primaryimage\"},\"thumbnailUrl\":\"https:\/\/www.gpa.aero\/wp-content\/uploads\/2026\/02\/ss-impulso-estrategico-carga-aerea-barcelona.png\",\"datePublished\":\"2026-03-13T05:36:29+00:00\",\"dateModified\":\"2026-03-13T11:28:45+00:00\",\"description\":\"Coordination strat\u00e9gique et technique pour renforcer le fret a\u00e9rien \u00e0 Barcelone et le consolider en tant que centre logistique cl\u00e9 dans la r\u00e9gion m\u00e9diterran\u00e9enne.\",\"breadcrumb\":{\"@id\":\"https:\/\/www.gpa.aero\/fr\/histoires-de-reussite\/coup-de-pouce-strategique-pour-le-fret-aerien-a-barcelone\/#breadcrumb\"},\"inLanguage\":\"fr-FR\",\"potentialAction\":[{\"@type\":\"ReadAction\",\"target\":[\"https:\/\/www.gpa.aero\/fr\/histoires-de-reussite\/coup-de-pouce-strategique-pour-le-fret-aerien-a-barcelone\/\"]}]},{\"@type\":\"ImageObject\",\"inLanguage\":\"fr-FR\",\"@id\":\"https:\/\/www.gpa.aero\/fr\/histoires-de-reussite\/coup-de-pouce-strategique-pour-le-fret-aerien-a-barcelone\/#primaryimage\",\"url\":\"https:\/\/www.gpa.aero\/wp-content\/uploads\/2026\/02\/ss-impulso-estrategico-carga-aerea-barcelona.png\",\"contentUrl\":\"https:\/\/www.gpa.aero\/wp-content\/uploads\/2026\/02\/ss-impulso-estrategico-carga-aerea-barcelona.png\",\"width\":740,\"height\":782},{\"@type\":\"BreadcrumbList\",\"@id\":\"https:\/\/www.gpa.aero\/fr\/histoires-de-reussite\/coup-de-pouce-strategique-pour-le-fret-aerien-a-barcelone\/#breadcrumb\",\"itemListElement\":[{\"@type\":\"ListItem\",\"position\":1,\"name\":\"Home\",\"item\":\"https:\/\/www.gpa.aero\/fr\/\"},{\"@type\":\"ListItem\",\"position\":2,\"name\":\"Histoires de r\u00e9ussite\",\"item\":\"https:\/\/www.gpa.aero\/fr\/histoires-de-reussite\/\"},{\"@type\":\"ListItem\",\"position\":3,\"name\":\"Coup de pouce strat\u00e9gique pour le fret a\u00e9rien \u00e0 Barcelone\"}]},{\"@type\":\"WebSite\",\"@id\":\"https:\/\/www.gpa.aero\/fr\/#website\",\"url\":\"https:\/\/www.gpa.aero\/fr\/\",\"name\":\"GPA\",\"description\":\"\",\"potentialAction\":[{\"@type\":\"SearchAction\",\"target\":{\"@type\":\"EntryPoint\",\"urlTemplate\":\"https:\/\/www.gpa.aero\/fr\/?s={search_term_string}\"},\"query-input\":{\"@type\":\"PropertyValueSpecification\",\"valueRequired\":true,\"valueName\":\"search_term_string\"}}],\"inLanguage\":\"fr-FR\"}]}<\/script>\n<!-- \/ Yoast SEO plugin. -->","yoast_head_json":{"title":"Coup de pouce strat\u00e9gique pour le fret a\u00e9rien \u00e0 Barcelone - GPA","description":"Coordination strat\u00e9gique et technique pour renforcer le fret a\u00e9rien \u00e0 Barcelone et le consolider en tant que centre logistique cl\u00e9 dans la r\u00e9gion m\u00e9diterran\u00e9enne.","robots":{"index":"index","follow":"follow","max-snippet":"max-snippet:-1","max-image-preview":"max-image-preview:large","max-video-preview":"max-video-preview:-1"},"canonical":"https:\/\/www.gpa.aero\/fr\/histoires-de-reussite\/coup-de-pouce-strategique-pour-le-fret-aerien-a-barcelone\/","og_locale":"fr_FR","og_type":"article","og_title":"Coup de pouce strat\u00e9gique pour le fret a\u00e9rien \u00e0 Barcelone - GPA","og_description":"Coordination strat\u00e9gique et technique pour renforcer le fret a\u00e9rien \u00e0 Barcelone et le consolider en tant que centre logistique cl\u00e9 dans la r\u00e9gion m\u00e9diterran\u00e9enne.","og_url":"https:\/\/www.gpa.aero\/fr\/histoires-de-reussite\/coup-de-pouce-strategique-pour-le-fret-aerien-a-barcelone\/","og_site_name":"GPA","article_modified_time":"2026-03-13T11:28:45+00:00","og_image":[{"width":740,"height":782,"url":"https:\/\/www.gpa.aero\/wp-content\/uploads\/2026\/02\/ss-impulso-estrategico-carga-aerea-barcelona.png","type":"image\/png"}],"twitter_card":"summary_large_image","twitter_misc":{"Dur\u00e9e de lecture estim\u00e9e":"2 minutes"},"schema":{"@context":"https:\/\/schema.org","@graph":[{"@type":"WebPage","@id":"https:\/\/www.gpa.aero\/fr\/histoires-de-reussite\/coup-de-pouce-strategique-pour-le-fret-aerien-a-barcelone\/","url":"https:\/\/www.gpa.aero\/fr\/histoires-de-reussite\/coup-de-pouce-strategique-pour-le-fret-aerien-a-barcelone\/","name":"Coup de pouce strat\u00e9gique pour le fret a\u00e9rien \u00e0 Barcelone - GPA","isPartOf":{"@id":"https:\/\/www.gpa.aero\/fr\/#website"},"primaryImageOfPage":{"@id":"https:\/\/www.gpa.aero\/fr\/histoires-de-reussite\/coup-de-pouce-strategique-pour-le-fret-aerien-a-barcelone\/#primaryimage"},"image":{"@id":"https:\/\/www.gpa.aero\/fr\/histoires-de-reussite\/coup-de-pouce-strategique-pour-le-fret-aerien-a-barcelone\/#primaryimage"},"thumbnailUrl":"https:\/\/www.gpa.aero\/wp-content\/uploads\/2026\/02\/ss-impulso-estrategico-carga-aerea-barcelona.png","datePublished":"2026-03-13T05:36:29+00:00","dateModified":"2026-03-13T11:28:45+00:00","description":"Coordination strat\u00e9gique et technique pour renforcer le fret a\u00e9rien \u00e0 Barcelone et le consolider en tant que centre logistique cl\u00e9 dans la r\u00e9gion m\u00e9diterran\u00e9enne.","breadcrumb":{"@id":"https:\/\/www.gpa.aero\/fr\/histoires-de-reussite\/coup-de-pouce-strategique-pour-le-fret-aerien-a-barcelone\/#breadcrumb"},"inLanguage":"fr-FR","potentialAction":[{"@type":"ReadAction","target":["https:\/\/www.gpa.aero\/fr\/histoires-de-reussite\/coup-de-pouce-strategique-pour-le-fret-aerien-a-barcelone\/"]}]},{"@type":"ImageObject","inLanguage":"fr-FR","@id":"https:\/\/www.gpa.aero\/fr\/histoires-de-reussite\/coup-de-pouce-strategique-pour-le-fret-aerien-a-barcelone\/#primaryimage","url":"https:\/\/www.gpa.aero\/wp-content\/uploads\/2026\/02\/ss-impulso-estrategico-carga-aerea-barcelona.png","contentUrl":"https:\/\/www.gpa.aero\/wp-content\/uploads\/2026\/02\/ss-impulso-estrategico-carga-aerea-barcelona.png","width":740,"height":782},{"@type":"BreadcrumbList","@id":"https:\/\/www.gpa.aero\/fr\/histoires-de-reussite\/coup-de-pouce-strategique-pour-le-fret-aerien-a-barcelone\/#breadcrumb","itemListElement":[{"@type":"ListItem","position":1,"name":"Home","item":"https:\/\/www.gpa.aero\/fr\/"},{"@type":"ListItem","position":2,"name":"Histoires de r\u00e9ussite","item":"https:\/\/www.gpa.aero\/fr\/histoires-de-reussite\/"},{"@type":"ListItem","position":3,"name":"Coup de pouce strat\u00e9gique pour le fret a\u00e9rien \u00e0 Barcelone"}]},{"@type":"WebSite","@id":"https:\/\/www.gpa.aero\/fr\/#website","url":"https:\/\/www.gpa.aero\/fr\/","name":"GPA","description":"","potentialAction":[{"@type":"SearchAction","target":{"@type":"EntryPoint","urlTemplate":"https:\/\/www.gpa.aero\/fr\/?s={search_term_string}"},"query-input":{"@type":"PropertyValueSpecification","valueRequired":true,"valueName":"search_term_string"}}],"inLanguage":"fr-FR"}]}},"_links":{"self":[{"href":"https:\/\/www.gpa.aero\/fr\/wp-json\/wp\/v2\/pages\/3736","targetHints":{"allow":["GET"]}}],"collection":[{"href":"https:\/\/www.gpa.aero\/fr\/wp-json\/wp\/v2\/pages"}],"about":[{"href":"https:\/\/www.gpa.aero\/fr\/wp-json\/wp\/v2\/types\/page"}],"author":[{"embeddable":true,"href":"https:\/\/www.gpa.aero\/fr\/wp-json\/wp\/v2\/users\/1"}],"replies":[{"embeddable":true,"href":"https:\/\/www.gpa.aero\/fr\/wp-json\/wp\/v2\/comments?post=3736"}],"version-history":[{"count":5,"href":"https:\/\/www.gpa.aero\/fr\/wp-json\/wp\/v2\/pages\/3736\/revisions"}],"predecessor-version":[{"id":3741,"href":"https:\/\/www.gpa.aero\/fr\/wp-json\/wp\/v2\/pages\/3736\/revisions\/3741"}],"up":[{"embeddable":true,"href":"https:\/\/www.gpa.aero\/fr\/wp-json\/wp\/v2\/pages\/3763"}],"wp:featuredmedia":[{"embeddable":true,"href":"https:\/\/www.gpa.aero\/fr\/wp-json\/wp\/v2\/media\/2768"}],"wp:attachment":[{"href":"https:\/\/www.gpa.aero\/fr\/wp-json\/wp\/v2\/media?parent=3736"}],"curies":[{"name":"wp","href":"https:\/\/api.w.org\/{rel}","templated":true}]}}