{"id":3734,"date":"2026-03-13T06:11:14","date_gmt":"2026-03-13T06:11:14","guid":{"rendered":"https:\/\/www.gpa.aero\/strategie-nationale-pour-le-developpement-du-fret-aerien-en-espagne\/"},"modified":"2026-03-13T11:35:17","modified_gmt":"2026-03-13T11:35:17","slug":"strategie-nationale-pour-le-developpement-du-fret-aerien-en-espagne","status":"publish","type":"page","link":"https:\/\/www.gpa.aero\/fr\/histoires-de-reussite\/strategie-nationale-pour-le-developpement-du-fret-aerien-en-espagne\/","title":{"rendered":"Strat\u00e9gie nationale pour le d\u00e9veloppement du fret a\u00e9rien en Espagne"},"content":{"rendered":"\t\t<div data-elementor-type=\"wp-page\" data-elementor-id=\"3734\" class=\"elementor elementor-3734 elementor-3583\" data-elementor-settings=\"{&quot;ha_cmc_init_switcher&quot;:&quot;no&quot;,&quot;element_pack_global_tooltip_width&quot;:{&quot;unit&quot;:&quot;px&quot;,&quot;size&quot;:&quot;&quot;,&quot;sizes&quot;:[]},&quot;element_pack_global_tooltip_width_tablet&quot;:{&quot;unit&quot;:&quot;px&quot;,&quot;size&quot;:&quot;&quot;,&quot;sizes&quot;:[]},&quot;element_pack_global_tooltip_width_mobile&quot;:{&quot;unit&quot;:&quot;px&quot;,&quot;size&quot;:&quot;&quot;,&quot;sizes&quot;:[]},&quot;element_pack_global_tooltip_padding&quot;:{&quot;unit&quot;:&quot;px&quot;,&quot;top&quot;:&quot;&quot;,&quot;right&quot;:&quot;&quot;,&quot;bottom&quot;:&quot;&quot;,&quot;left&quot;:&quot;&quot;,&quot;isLinked&quot;:true},&quot;element_pack_global_tooltip_padding_tablet&quot;:{&quot;unit&quot;:&quot;px&quot;,&quot;top&quot;:&quot;&quot;,&quot;right&quot;:&quot;&quot;,&quot;bottom&quot;:&quot;&quot;,&quot;left&quot;:&quot;&quot;,&quot;isLinked&quot;:true},&quot;element_pack_global_tooltip_padding_mobile&quot;:{&quot;unit&quot;:&quot;px&quot;,&quot;top&quot;:&quot;&quot;,&quot;right&quot;:&quot;&quot;,&quot;bottom&quot;:&quot;&quot;,&quot;left&quot;:&quot;&quot;,&quot;isLinked&quot;:true},&quot;element_pack_global_tooltip_border_radius&quot;:{&quot;unit&quot;:&quot;px&quot;,&quot;top&quot;:&quot;&quot;,&quot;right&quot;:&quot;&quot;,&quot;bottom&quot;:&quot;&quot;,&quot;left&quot;:&quot;&quot;,&quot;isLinked&quot;:true},&quot;element_pack_global_tooltip_border_radius_tablet&quot;:{&quot;unit&quot;:&quot;px&quot;,&quot;top&quot;:&quot;&quot;,&quot;right&quot;:&quot;&quot;,&quot;bottom&quot;:&quot;&quot;,&quot;left&quot;:&quot;&quot;,&quot;isLinked&quot;:true},&quot;element_pack_global_tooltip_border_radius_mobile&quot;:{&quot;unit&quot;:&quot;px&quot;,&quot;top&quot;:&quot;&quot;,&quot;right&quot;:&quot;&quot;,&quot;bottom&quot;:&quot;&quot;,&quot;left&quot;:&quot;&quot;,&quot;isLinked&quot;:true}}\">\n\t\t\t\t\t\t<section class=\"elementor-section elementor-top-section elementor-element elementor-element-68d6c9a elementor-section-boxed elementor-section-height-default elementor-section-height-default\" data-id=\"68d6c9a\" data-element_type=\"section\" data-e-type=\"section\" data-settings=\"{&quot;_ha_eqh_enable&quot;:false}\">\n\t\t\t\t\t\t<div class=\"elementor-container elementor-column-gap-default\">\n\t\t\t\t\t<div class=\"elementor-column elementor-col-50 elementor-top-column elementor-element elementor-element-6365d7e\" data-id=\"6365d7e\" data-element_type=\"column\" data-e-type=\"column\">\n\t\t\t<div class=\"elementor-widget-wrap elementor-element-populated\">\n\t\t\t\t\t\t<div class=\"elementor-element elementor-element-eb4b002 elementor-widget elementor-widget-heading\" data-id=\"eb4b002\" data-element_type=\"widget\" data-e-type=\"widget\" data-widget_type=\"heading.default\">\n\t\t\t\t\t<h6 class=\"elementor-heading-title elementor-size-default\">BREF<\/h6>\t\t\t\t<\/div>\n\t\t\t\t<div class=\"elementor-element elementor-element-27ed004 elementor-widget elementor-widget-heading\" data-id=\"27ed004\" data-element_type=\"widget\" data-e-type=\"widget\" data-widget_type=\"heading.default\">\n\t\t\t\t\t<h4 class=\"elementor-heading-title elementor-size-default\">Description du projet :<\/h4>\t\t\t\t<\/div>\n\t\t\t\t<div class=\"elementor-element elementor-element-169c836 elementor-widget elementor-widget-text-editor\" data-id=\"169c836\" data-element_type=\"widget\" data-e-type=\"widget\" data-widget_type=\"text-editor.default\">\n\t\t\t\t\t\t\t\t\t<p><span style=\"font-weight: 400;\">AENA avait besoin d&rsquo;un cadre strat\u00e9gique global pour renforcer et optimiser le d\u00e9veloppement du fret a\u00e9rien dans l&rsquo;ensemble de son r\u00e9seau d&rsquo;a\u00e9roports.  <\/span><\/p>\n<p><span style=\"font-weight: 400;\">Dans un contexte d&rsquo;\u00e9volution des cha\u00eenes d&rsquo;approvisionnement mondiales, de d\u00e9veloppement du commerce \u00e9lectronique et de concurrence accrue entre les plates-formes europ\u00e9ennes, l&rsquo;objectif \u00e9tait d&rsquo;am\u00e9liorer la comp\u00e9titivit\u00e9, l&rsquo;efficacit\u00e9 et le positionnement de l&rsquo;activit\u00e9 de fret a\u00e9rien.<\/span><\/p>\t\t\t\t\t\t\t\t<\/div>\n\t\t\t\t\t<\/div>\n\t\t<\/div>\n\t\t\t\t<div class=\"elementor-column elementor-col-50 elementor-top-column elementor-element elementor-element-8575c49\" data-id=\"8575c49\" data-element_type=\"column\" data-e-type=\"column\">\n\t\t\t<div class=\"elementor-widget-wrap elementor-element-populated\">\n\t\t\t\t\t\t<div class=\"elementor-element elementor-element-4f76662 elementor-widget elementor-widget-heading\" data-id=\"4f76662\" data-element_type=\"widget\" data-e-type=\"widget\" data-widget_type=\"heading.default\">\n\t\t\t\t\t<h6 class=\"elementor-heading-title elementor-size-default\">PROJET<\/h6>\t\t\t\t<\/div>\n\t\t\t\t<div class=\"elementor-element elementor-element-61ed3d1 elementor-widget elementor-widget-heading\" data-id=\"61ed3d1\" data-element_type=\"widget\" data-e-type=\"widget\" data-widget_type=\"heading.default\">\n\t\t\t\t\t<h4 class=\"elementor-heading-title elementor-size-default\">Une feuille de route nationale pour renforcer le fret a\u00e9rien dans le r\u00e9seau a\u00e9roportuaire espagnol.\n<\/h4>\t\t\t\t<\/div>\n\t\t\t\t<section class=\"elementor-section elementor-inner-section elementor-element elementor-element-a94f026 elementor-section-boxed elementor-section-height-default elementor-section-height-default\" data-id=\"a94f026\" data-element_type=\"section\" data-e-type=\"section\" data-settings=\"{&quot;_ha_eqh_enable&quot;:false}\">\n\t\t\t\t\t\t<div class=\"elementor-container elementor-column-gap-default\">\n\t\t\t\t\t<div class=\"elementor-column elementor-col-33 elementor-inner-column elementor-element elementor-element-23c2bbc\" data-id=\"23c2bbc\" data-element_type=\"column\" data-e-type=\"column\">\n\t\t\t<div class=\"elementor-widget-wrap elementor-element-populated\">\n\t\t\t\t\t\t<div class=\"elementor-element elementor-element-0dbe1cc elementor-widget elementor-widget-heading\" data-id=\"0dbe1cc\" data-element_type=\"widget\" data-e-type=\"widget\" data-widget_type=\"heading.default\">\n\t\t\t\t\t<h5 class=\"elementor-heading-title elementor-size-default\">Titre<\/h5>\t\t\t\t<\/div>\n\t\t\t\t<div class=\"elementor-element elementor-element-ae14707 elementor-widget elementor-widget-text-editor\" data-id=\"ae14707\" data-element_type=\"widget\" data-e-type=\"widget\" data-widget_type=\"text-editor.default\">\n\t\t\t\t\t\t\t\t\tPlan strat\u00e9gique pour le d\u00e9veloppement des activit\u00e9s de fret a\u00e9rien des a\u00e9roports AENA.\t\t\t\t\t\t\t\t<\/div>\n\t\t\t\t\t<\/div>\n\t\t<\/div>\n\t\t\t\t<div class=\"elementor-column elementor-col-33 elementor-inner-column elementor-element elementor-element-06b556f\" data-id=\"06b556f\" data-element_type=\"column\" data-e-type=\"column\">\n\t\t\t<div class=\"elementor-widget-wrap elementor-element-populated\">\n\t\t\t\t\t\t<div class=\"elementor-element elementor-element-f2606cc elementor-widget elementor-widget-heading\" data-id=\"f2606cc\" data-element_type=\"widget\" data-e-type=\"widget\" data-widget_type=\"heading.default\">\n\t\t\t\t\t<h5 class=\"elementor-heading-title elementor-size-default\">Client<\/h5>\t\t\t\t<\/div>\n\t\t\t\t<div class=\"elementor-element elementor-element-92f09a8 elementor-widget elementor-widget-text-editor\" data-id=\"92f09a8\" data-element_type=\"widget\" data-e-type=\"widget\" data-widget_type=\"text-editor.default\">\n\t\t\t\t\t\t\t\t\t<p><span style=\"font-weight: 400;\">AENA<\/span><\/p>\t\t\t\t\t\t\t\t<\/div>\n\t\t\t\t\t<\/div>\n\t\t<\/div>\n\t\t\t\t<div class=\"elementor-column elementor-col-33 elementor-inner-column elementor-element elementor-element-512f1a1\" data-id=\"512f1a1\" data-element_type=\"column\" data-e-type=\"column\">\n\t\t\t<div class=\"elementor-widget-wrap elementor-element-populated\">\n\t\t\t\t\t\t<div class=\"elementor-element elementor-element-8a52012 elementor-widget elementor-widget-heading\" data-id=\"8a52012\" data-element_type=\"widget\" data-e-type=\"widget\" data-widget_type=\"heading.default\">\n\t\t\t\t\t<h5 class=\"elementor-heading-title elementor-size-default\">M\u00e9t\u00e9o<\/h5>\t\t\t\t<\/div>\n\t\t\t\t<div class=\"elementor-element elementor-element-69c58fa elementor-widget elementor-widget-text-editor\" data-id=\"69c58fa\" data-element_type=\"widget\" data-e-type=\"widget\" data-widget_type=\"text-editor.default\">\n\t\t\t\t\t\t\t\t\t<p><span style=\"font-weight: 400;\">2022 &#8211; 2023<\/span><\/p>\t\t\t\t\t\t\t\t<\/div>\n\t\t\t\t\t<\/div>\n\t\t<\/div>\n\t\t\t\t\t<\/div>\n\t\t<\/section>\n\t\t\t\t\t<\/div>\n\t\t<\/div>\n\t\t\t\t\t<\/div>\n\t\t<\/section>\n\t\t\t\t<section class=\"elementor-section elementor-top-section elementor-element elementor-element-1f08da1 elementor-section-boxed elementor-section-height-default elementor-section-height-default\" data-id=\"1f08da1\" data-element_type=\"section\" data-e-type=\"section\" data-settings=\"{&quot;_ha_eqh_enable&quot;:false}\">\n\t\t\t\t\t\t<div class=\"elementor-container elementor-column-gap-default\">\n\t\t\t\t\t<div class=\"elementor-column elementor-col-50 elementor-top-column elementor-element elementor-element-08001dc\" data-id=\"08001dc\" data-element_type=\"column\" data-e-type=\"column\">\n\t\t\t<div class=\"elementor-widget-wrap elementor-element-populated\">\n\t\t\t\t\t\t<div class=\"elementor-element elementor-element-e98c0ff elementor-widget elementor-widget-image\" data-id=\"e98c0ff\" data-element_type=\"widget\" data-e-type=\"widget\" data-widget_type=\"image.default\">\n\t\t\t\t\t\t\t\t\t\t\t\t\t\t\t<img decoding=\"async\" width=\"300\" height=\"148\" src=\"https:\/\/www.gpa.aero\/wp-content\/uploads\/2026\/02\/aena_logo_new-1.png\" class=\"attachment-large size-large wp-image-3076\" alt=\"\" \/>\t\t\t\t\t\t\t\t\t\t\t\t\t\t\t<\/div>\n\t\t\t\t\t<\/div>\n\t\t<\/div>\n\t\t\t\t<div class=\"elementor-column elementor-col-50 elementor-top-column elementor-element elementor-element-f7b2c1e\" data-id=\"f7b2c1e\" data-element_type=\"column\" data-e-type=\"column\">\n\t\t\t<div class=\"elementor-widget-wrap elementor-element-populated\">\n\t\t\t\t\t\t<div class=\"elementor-element elementor-element-b357dc3 elementor-widget elementor-widget-heading\" data-id=\"b357dc3\" data-element_type=\"widget\" data-e-type=\"widget\" data-widget_type=\"heading.default\">\n\t\t\t\t\t<h4 class=\"elementor-heading-title elementor-size-default\">M\u00e9thodologie GPA appliqu\u00e9e :<\/h4>\t\t\t\t<\/div>\n\t\t\t\t<div class=\"elementor-element elementor-element-94aa379 elementor-widget elementor-widget-text-editor\" data-id=\"94aa379\" data-element_type=\"widget\" data-e-type=\"widget\" data-widget_type=\"text-editor.default\">\n\t\t\t\t\t\t\t\t\t<p>GPA a \u00e9labor\u00e9 une strat\u00e9gie de d\u00e9veloppement du fret a\u00e9rien pour l&rsquo;ensemble du r\u00e9seau AENA, en combinant l&rsquo;intelligence du march\u00e9 et la planification strat\u00e9gique.<\/p>\n<p>Le projet \u00e9tait structur\u00e9 en six lignes de travail, comprenant l&rsquo;analyse des tendances du march\u00e9, l&rsquo;\u00e9valuation des infrastructures et des op\u00e9rations dans les principaux a\u00e9roports de fret (Madrid, Saragosse, Barcelone et Vitoria) et l&rsquo;analyse comparative avec les principaux a\u00e9roports europ\u00e9ens.<br>Des actions strat\u00e9giques ont \u00e9t\u00e9 d\u00e9finies pour optimiser les op\u00e9rations, la capacit\u00e9 et le positionnement commercial, un plan pour promouvoir le fret a\u00e9rien au niveau national et a\u00e9roportuaire, et le potentiel de d\u00e9veloppement du fret dans les a\u00e9roports de taille moyenne.<\/p>\t\t\t\t\t\t\t\t<\/div>\n\t\t\t\t\t<\/div>\n\t\t<\/div>\n\t\t\t\t\t<\/div>\n\t\t<\/section>\n\t\t<div class=\"elementor-element elementor-element-44d04a5 e-flex e-con-boxed e-con e-parent\" data-id=\"44d04a5\" data-element_type=\"container\" data-e-type=\"container\" data-settings=\"{&quot;_ha_eqh_enable&quot;:false}\">\n\t\t\t\t\t<div class=\"e-con-inner\">\n\t\t\t\t<div class=\"elementor-element elementor-element-f16fbe5 elementor-widget elementor-widget-image\" data-id=\"f16fbe5\" data-element_type=\"widget\" data-e-type=\"widget\" data-widget_type=\"image.default\">\n\t\t\t\t\t\t\t\t\t\t\t\t\t\t\t<img fetchpriority=\"high\" decoding=\"async\" width=\"1000\" height=\"563\" src=\"https:\/\/www.gpa.aero\/wp-content\/uploads\/2026\/02\/Captura-2-1024x576.png\" class=\"attachment-large size-large wp-image-3077\" alt=\"aena\" srcset=\"https:\/\/www.gpa.aero\/wp-content\/uploads\/2026\/02\/Captura-2-1024x576.png 1024w, https:\/\/www.gpa.aero\/wp-content\/uploads\/2026\/02\/Captura-2-300x169.png 300w, https:\/\/www.gpa.aero\/wp-content\/uploads\/2026\/02\/Captura-2-768x432.png 768w, https:\/\/www.gpa.aero\/wp-content\/uploads\/2026\/02\/Captura-2-650x365.png 650w, https:\/\/www.gpa.aero\/wp-content\/uploads\/2026\/02\/Captura-2.png 1496w\" sizes=\"(max-width: 1000px) 100vw, 1000px\" \/>\t\t\t\t\t\t\t\t\t\t\t\t\t\t\t<\/div>\n\t\t\t\t\t<\/div>\n\t\t\t\t<\/div>\n\t\t\t\t<section class=\"elementor-section elementor-top-section elementor-element elementor-element-fcf6909 elementor-section-boxed elementor-section-height-default elementor-section-height-default\" data-id=\"fcf6909\" data-element_type=\"section\" data-e-type=\"section\" data-settings=\"{&quot;_ha_eqh_enable&quot;:false}\">\n\t\t\t\t\t\t<div class=\"elementor-container elementor-column-gap-default\">\n\t\t\t\t\t<div class=\"elementor-column elementor-col-66 elementor-top-column elementor-element elementor-element-ed484b6\" data-id=\"ed484b6\" data-element_type=\"column\" data-e-type=\"column\">\n\t\t\t<div class=\"elementor-widget-wrap elementor-element-populated\">\n\t\t\t\t\t\t<div class=\"elementor-element elementor-element-3f01d39 elementor-widget elementor-widget-heading\" data-id=\"3f01d39\" data-element_type=\"widget\" data-e-type=\"widget\" data-widget_type=\"heading.default\">\n\t\t\t\t\t<h4 class=\"elementor-heading-title elementor-size-default\">R\u00e9sultats du projet <br>:<\/h4>\t\t\t\t<\/div>\n\t\t\t\t\t<\/div>\n\t\t<\/div>\n\t\t\t\t<div class=\"elementor-column elementor-col-33 elementor-top-column elementor-element elementor-element-55b783e\" data-id=\"55b783e\" data-element_type=\"column\" data-e-type=\"column\">\n\t\t\t<div class=\"elementor-widget-wrap elementor-element-populated\">\n\t\t\t\t\t\t<div class=\"elementor-element elementor-element-651ab41 elementor-widget__width-initial elementor-widget elementor-widget-text-editor\" data-id=\"651ab41\" data-element_type=\"widget\" data-e-type=\"widget\" data-widget_type=\"text-editor.default\">\n\t\t\t\t\t\t\t\t\t<p>Le plan strat\u00e9gique a fourni \u00e0 AENA une feuille de route coh\u00e9rente, fond\u00e9e sur des donn\u00e9es, pour renforcer le d\u00e9veloppement du fret a\u00e9rien en Espagne, donner la priorit\u00e9 aux investissements, am\u00e9liorer la comp\u00e9titivit\u00e9 des principaux a\u00e9roports et g\u00e9n\u00e9rer de nouvelles opportunit\u00e9s de croissance sur l&rsquo;ensemble du r\u00e9seau.<\/p>\t\t\t\t\t\t\t\t<\/div>\n\t\t\t\t\t<\/div>\n\t\t<\/div>\n\t\t\t\t\t<\/div>\n\t\t<\/section>\n\t\t<div class=\"elementor-element elementor-element-f4aa53f e-flex e-con-boxed e-con e-parent\" data-id=\"f4aa53f\" data-element_type=\"container\" data-e-type=\"container\" data-settings=\"{&quot;_ha_eqh_enable&quot;:false}\">\n\t\t\t\t\t<div class=\"e-con-inner\">\n\t\t\t\t<div class=\"elementor-element elementor-element-dd663d3 elementor-widget elementor-widget-heading\" data-id=\"dd663d3\" data-element_type=\"widget\" data-e-type=\"widget\" data-widget_type=\"heading.default\">\n\t\t\t\t\t<h2 class=\"elementor-heading-title elementor-size-default\">Une port\u00e9e mondiale, qui connecte le monde :<\/h2>\t\t\t\t<\/div>\n\t\t\t\t<div data-ha-element-link=\"{&quot;url&quot;:&quot;https:\\\/\\\/www.gpa.aero\\\/casos-de-exito\\\/&quot;,&quot;is_external&quot;:&quot;&quot;,&quot;nofollow&quot;:&quot;&quot;}\" style=\"cursor: pointer\" class=\"elementor-element elementor-element-8b0c973 elementor-widget elementor-widget-image\" data-id=\"8b0c973\" data-element_type=\"widget\" data-e-type=\"widget\" data-widget_type=\"image.default\">\n\t\t\t\t\t\t\t\t\t\t\t\t\t\t\t<img decoding=\"async\" width=\"5617\" height=\"2464\" src=\"https:\/\/www.gpa.aero\/wp-content\/uploads\/2026\/03\/GPA-mapa-ok.svg\" class=\"attachment-large size-large wp-image-2657\" alt=\"carte du monde\" \/>\t\t\t\t\t\t\t\t\t\t\t\t\t\t\t<\/div>\n\t\t\t\t\t<\/div>\n\t\t\t\t<\/div>\n\t\t\t\t<\/div>\n\t\t","protected":false},"excerpt":{"rendered":"<p>BREF Description du projet : AENA avait besoin d&rsquo;un cadre strat\u00e9gique global pour renforcer et optimiser le d\u00e9veloppement du fret a\u00e9rien dans [&hellip;]<\/p>\n","protected":false},"author":1,"featured_media":2855,"parent":3763,"menu_order":0,"comment_status":"closed","ping_status":"closed","template":"","meta":{"footnotes":""},"class_list":["post-3734","page","type-page","status-publish","has-post-thumbnail","hentry"],"yoast_head":"<!-- This site is optimized with the Yoast SEO plugin v27.1.1 - https:\/\/yoast.com\/product\/yoast-seo-wordpress\/ -->\n<title>Strat\u00e9gie pour le fret a\u00e9rien en Espagne- GPA<\/title>\n<meta name=\"description\" content=\"Plan strat\u00e9gique visant \u00e0 stimuler le fret a\u00e9rien dans le r\u00e9seau AENA et \u00e0 am\u00e9liorer la comp\u00e9titivit\u00e9 logistique des a\u00e9roports espagnols.\" \/>\n<meta name=\"robots\" content=\"index, follow, max-snippet:-1, max-image-preview:large, max-video-preview:-1\" \/>\n<link rel=\"canonical\" href=\"https:\/\/www.gpa.aero\/fr\/histoires-de-reussite\/strategie-nationale-pour-le-developpement-du-fret-aerien-en-espagne\/\" \/>\n<meta property=\"og:locale\" content=\"fr_FR\" \/>\n<meta property=\"og:type\" content=\"article\" \/>\n<meta property=\"og:title\" content=\"Strat\u00e9gie pour le fret a\u00e9rien en Espagne- GPA\" \/>\n<meta property=\"og:description\" content=\"Plan strat\u00e9gique visant \u00e0 stimuler le fret a\u00e9rien dans le r\u00e9seau AENA et \u00e0 am\u00e9liorer la comp\u00e9titivit\u00e9 logistique des a\u00e9roports espagnols.\" \/>\n<meta property=\"og:url\" content=\"https:\/\/www.gpa.aero\/fr\/histoires-de-reussite\/strategie-nationale-pour-le-developpement-du-fret-aerien-en-espagne\/\" \/>\n<meta property=\"og:site_name\" content=\"GPA\" \/>\n<meta property=\"article:modified_time\" content=\"2026-03-13T11:35:17+00:00\" \/>\n<meta property=\"og:image\" content=\"https:\/\/www.gpa.aero\/wp-content\/uploads\/2026\/02\/ss-estrategia-nacional-desarrollo-carga-aerea-espana.png\" \/>\n\t<meta property=\"og:image:width\" content=\"740\" \/>\n\t<meta property=\"og:image:height\" content=\"782\" \/>\n\t<meta property=\"og:image:type\" content=\"image\/png\" \/>\n<meta name=\"twitter:card\" content=\"summary_large_image\" \/>\n<meta name=\"twitter:label1\" content=\"Dur\u00e9e de lecture estim\u00e9e\" \/>\n\t<meta name=\"twitter:data1\" content=\"2 minutes\" \/>\n<script type=\"application\/ld+json\" class=\"yoast-schema-graph\">{\"@context\":\"https:\/\/schema.org\",\"@graph\":[{\"@type\":\"WebPage\",\"@id\":\"https:\/\/www.gpa.aero\/fr\/histoires-de-reussite\/strategie-nationale-pour-le-developpement-du-fret-aerien-en-espagne\/\",\"url\":\"https:\/\/www.gpa.aero\/fr\/histoires-de-reussite\/strategie-nationale-pour-le-developpement-du-fret-aerien-en-espagne\/\",\"name\":\"Strat\u00e9gie pour le fret a\u00e9rien en Espagne- GPA\",\"isPartOf\":{\"@id\":\"https:\/\/www.gpa.aero\/fr\/#website\"},\"primaryImageOfPage\":{\"@id\":\"https:\/\/www.gpa.aero\/fr\/histoires-de-reussite\/strategie-nationale-pour-le-developpement-du-fret-aerien-en-espagne\/#primaryimage\"},\"image\":{\"@id\":\"https:\/\/www.gpa.aero\/fr\/histoires-de-reussite\/strategie-nationale-pour-le-developpement-du-fret-aerien-en-espagne\/#primaryimage\"},\"thumbnailUrl\":\"https:\/\/www.gpa.aero\/wp-content\/uploads\/2026\/02\/ss-estrategia-nacional-desarrollo-carga-aerea-espana.png\",\"datePublished\":\"2026-03-13T06:11:14+00:00\",\"dateModified\":\"2026-03-13T11:35:17+00:00\",\"description\":\"Plan strat\u00e9gique visant \u00e0 stimuler le fret a\u00e9rien dans le r\u00e9seau AENA et \u00e0 am\u00e9liorer la comp\u00e9titivit\u00e9 logistique des a\u00e9roports espagnols.\",\"breadcrumb\":{\"@id\":\"https:\/\/www.gpa.aero\/fr\/histoires-de-reussite\/strategie-nationale-pour-le-developpement-du-fret-aerien-en-espagne\/#breadcrumb\"},\"inLanguage\":\"fr-FR\",\"potentialAction\":[{\"@type\":\"ReadAction\",\"target\":[\"https:\/\/www.gpa.aero\/fr\/histoires-de-reussite\/strategie-nationale-pour-le-developpement-du-fret-aerien-en-espagne\/\"]}]},{\"@type\":\"ImageObject\",\"inLanguage\":\"fr-FR\",\"@id\":\"https:\/\/www.gpa.aero\/fr\/histoires-de-reussite\/strategie-nationale-pour-le-developpement-du-fret-aerien-en-espagne\/#primaryimage\",\"url\":\"https:\/\/www.gpa.aero\/wp-content\/uploads\/2026\/02\/ss-estrategia-nacional-desarrollo-carga-aerea-espana.png\",\"contentUrl\":\"https:\/\/www.gpa.aero\/wp-content\/uploads\/2026\/02\/ss-estrategia-nacional-desarrollo-carga-aerea-espana.png\",\"width\":740,\"height\":782},{\"@type\":\"BreadcrumbList\",\"@id\":\"https:\/\/www.gpa.aero\/fr\/histoires-de-reussite\/strategie-nationale-pour-le-developpement-du-fret-aerien-en-espagne\/#breadcrumb\",\"itemListElement\":[{\"@type\":\"ListItem\",\"position\":1,\"name\":\"Home\",\"item\":\"https:\/\/www.gpa.aero\/fr\/\"},{\"@type\":\"ListItem\",\"position\":2,\"name\":\"Histoires de r\u00e9ussite\",\"item\":\"https:\/\/www.gpa.aero\/fr\/histoires-de-reussite\/\"},{\"@type\":\"ListItem\",\"position\":3,\"name\":\"Strat\u00e9gie nationale pour le d\u00e9veloppement du fret a\u00e9rien en Espagne\"}]},{\"@type\":\"WebSite\",\"@id\":\"https:\/\/www.gpa.aero\/fr\/#website\",\"url\":\"https:\/\/www.gpa.aero\/fr\/\",\"name\":\"GPA\",\"description\":\"\",\"potentialAction\":[{\"@type\":\"SearchAction\",\"target\":{\"@type\":\"EntryPoint\",\"urlTemplate\":\"https:\/\/www.gpa.aero\/fr\/?s={search_term_string}\"},\"query-input\":{\"@type\":\"PropertyValueSpecification\",\"valueRequired\":true,\"valueName\":\"search_term_string\"}}],\"inLanguage\":\"fr-FR\"}]}<\/script>\n<!-- \/ Yoast SEO plugin. -->","yoast_head_json":{"title":"Strat\u00e9gie pour le fret a\u00e9rien en Espagne- GPA","description":"Plan strat\u00e9gique visant \u00e0 stimuler le fret a\u00e9rien dans le r\u00e9seau AENA et \u00e0 am\u00e9liorer la comp\u00e9titivit\u00e9 logistique des a\u00e9roports espagnols.","robots":{"index":"index","follow":"follow","max-snippet":"max-snippet:-1","max-image-preview":"max-image-preview:large","max-video-preview":"max-video-preview:-1"},"canonical":"https:\/\/www.gpa.aero\/fr\/histoires-de-reussite\/strategie-nationale-pour-le-developpement-du-fret-aerien-en-espagne\/","og_locale":"fr_FR","og_type":"article","og_title":"Strat\u00e9gie pour le fret a\u00e9rien en Espagne- GPA","og_description":"Plan strat\u00e9gique visant \u00e0 stimuler le fret a\u00e9rien dans le r\u00e9seau AENA et \u00e0 am\u00e9liorer la comp\u00e9titivit\u00e9 logistique des a\u00e9roports espagnols.","og_url":"https:\/\/www.gpa.aero\/fr\/histoires-de-reussite\/strategie-nationale-pour-le-developpement-du-fret-aerien-en-espagne\/","og_site_name":"GPA","article_modified_time":"2026-03-13T11:35:17+00:00","og_image":[{"width":740,"height":782,"url":"https:\/\/www.gpa.aero\/wp-content\/uploads\/2026\/02\/ss-estrategia-nacional-desarrollo-carga-aerea-espana.png","type":"image\/png"}],"twitter_card":"summary_large_image","twitter_misc":{"Dur\u00e9e de lecture estim\u00e9e":"2 minutes"},"schema":{"@context":"https:\/\/schema.org","@graph":[{"@type":"WebPage","@id":"https:\/\/www.gpa.aero\/fr\/histoires-de-reussite\/strategie-nationale-pour-le-developpement-du-fret-aerien-en-espagne\/","url":"https:\/\/www.gpa.aero\/fr\/histoires-de-reussite\/strategie-nationale-pour-le-developpement-du-fret-aerien-en-espagne\/","name":"Strat\u00e9gie pour le fret a\u00e9rien en Espagne- GPA","isPartOf":{"@id":"https:\/\/www.gpa.aero\/fr\/#website"},"primaryImageOfPage":{"@id":"https:\/\/www.gpa.aero\/fr\/histoires-de-reussite\/strategie-nationale-pour-le-developpement-du-fret-aerien-en-espagne\/#primaryimage"},"image":{"@id":"https:\/\/www.gpa.aero\/fr\/histoires-de-reussite\/strategie-nationale-pour-le-developpement-du-fret-aerien-en-espagne\/#primaryimage"},"thumbnailUrl":"https:\/\/www.gpa.aero\/wp-content\/uploads\/2026\/02\/ss-estrategia-nacional-desarrollo-carga-aerea-espana.png","datePublished":"2026-03-13T06:11:14+00:00","dateModified":"2026-03-13T11:35:17+00:00","description":"Plan strat\u00e9gique visant \u00e0 stimuler le fret a\u00e9rien dans le r\u00e9seau AENA et \u00e0 am\u00e9liorer la comp\u00e9titivit\u00e9 logistique des a\u00e9roports espagnols.","breadcrumb":{"@id":"https:\/\/www.gpa.aero\/fr\/histoires-de-reussite\/strategie-nationale-pour-le-developpement-du-fret-aerien-en-espagne\/#breadcrumb"},"inLanguage":"fr-FR","potentialAction":[{"@type":"ReadAction","target":["https:\/\/www.gpa.aero\/fr\/histoires-de-reussite\/strategie-nationale-pour-le-developpement-du-fret-aerien-en-espagne\/"]}]},{"@type":"ImageObject","inLanguage":"fr-FR","@id":"https:\/\/www.gpa.aero\/fr\/histoires-de-reussite\/strategie-nationale-pour-le-developpement-du-fret-aerien-en-espagne\/#primaryimage","url":"https:\/\/www.gpa.aero\/wp-content\/uploads\/2026\/02\/ss-estrategia-nacional-desarrollo-carga-aerea-espana.png","contentUrl":"https:\/\/www.gpa.aero\/wp-content\/uploads\/2026\/02\/ss-estrategia-nacional-desarrollo-carga-aerea-espana.png","width":740,"height":782},{"@type":"BreadcrumbList","@id":"https:\/\/www.gpa.aero\/fr\/histoires-de-reussite\/strategie-nationale-pour-le-developpement-du-fret-aerien-en-espagne\/#breadcrumb","itemListElement":[{"@type":"ListItem","position":1,"name":"Home","item":"https:\/\/www.gpa.aero\/fr\/"},{"@type":"ListItem","position":2,"name":"Histoires de r\u00e9ussite","item":"https:\/\/www.gpa.aero\/fr\/histoires-de-reussite\/"},{"@type":"ListItem","position":3,"name":"Strat\u00e9gie nationale pour le d\u00e9veloppement du fret a\u00e9rien en Espagne"}]},{"@type":"WebSite","@id":"https:\/\/www.gpa.aero\/fr\/#website","url":"https:\/\/www.gpa.aero\/fr\/","name":"GPA","description":"","potentialAction":[{"@type":"SearchAction","target":{"@type":"EntryPoint","urlTemplate":"https:\/\/www.gpa.aero\/fr\/?s={search_term_string}"},"query-input":{"@type":"PropertyValueSpecification","valueRequired":true,"valueName":"search_term_string"}}],"inLanguage":"fr-FR"}]}},"_links":{"self":[{"href":"https:\/\/www.gpa.aero\/fr\/wp-json\/wp\/v2\/pages\/3734","targetHints":{"allow":["GET"]}}],"collection":[{"href":"https:\/\/www.gpa.aero\/fr\/wp-json\/wp\/v2\/pages"}],"about":[{"href":"https:\/\/www.gpa.aero\/fr\/wp-json\/wp\/v2\/types\/page"}],"author":[{"embeddable":true,"href":"https:\/\/www.gpa.aero\/fr\/wp-json\/wp\/v2\/users\/1"}],"replies":[{"embeddable":true,"href":"https:\/\/www.gpa.aero\/fr\/wp-json\/wp\/v2\/comments?post=3734"}],"version-history":[{"count":1,"href":"https:\/\/www.gpa.aero\/fr\/wp-json\/wp\/v2\/pages\/3734\/revisions"}],"predecessor-version":[{"id":3735,"href":"https:\/\/www.gpa.aero\/fr\/wp-json\/wp\/v2\/pages\/3734\/revisions\/3735"}],"up":[{"embeddable":true,"href":"https:\/\/www.gpa.aero\/fr\/wp-json\/wp\/v2\/pages\/3763"}],"wp:featuredmedia":[{"embeddable":true,"href":"https:\/\/www.gpa.aero\/fr\/wp-json\/wp\/v2\/media\/2855"}],"wp:attachment":[{"href":"https:\/\/www.gpa.aero\/fr\/wp-json\/wp\/v2\/media?parent=3734"}],"curies":[{"name":"wp","href":"https:\/\/api.w.org\/{rel}","templated":true}]}}