{"id":3713,"date":"2026-03-13T05:50:00","date_gmt":"2026-03-13T05:50:00","guid":{"rendered":"https:\/\/www.gpa.aero\/strategie-de-connectivite-aerienne-pour-tenerife\/"},"modified":"2026-03-13T13:09:53","modified_gmt":"2026-03-13T13:09:53","slug":"strategie-de-connectivite-aerienne-pour-tenerife","status":"publish","type":"page","link":"https:\/\/www.gpa.aero\/fr\/histoires-de-reussite\/strategie-de-connectivite-aerienne-pour-tenerife\/","title":{"rendered":"Strat\u00e9gie de connectivit\u00e9 a\u00e9rienne pour Tenerife"},"content":{"rendered":"\t\t<div data-elementor-type=\"wp-page\" data-elementor-id=\"3713\" class=\"elementor elementor-3713 elementor-3566\" data-elementor-settings=\"{&quot;ha_cmc_init_switcher&quot;:&quot;no&quot;,&quot;element_pack_global_tooltip_width&quot;:{&quot;unit&quot;:&quot;px&quot;,&quot;size&quot;:&quot;&quot;,&quot;sizes&quot;:[]},&quot;element_pack_global_tooltip_width_tablet&quot;:{&quot;unit&quot;:&quot;px&quot;,&quot;size&quot;:&quot;&quot;,&quot;sizes&quot;:[]},&quot;element_pack_global_tooltip_width_mobile&quot;:{&quot;unit&quot;:&quot;px&quot;,&quot;size&quot;:&quot;&quot;,&quot;sizes&quot;:[]},&quot;element_pack_global_tooltip_padding&quot;:{&quot;unit&quot;:&quot;px&quot;,&quot;top&quot;:&quot;&quot;,&quot;right&quot;:&quot;&quot;,&quot;bottom&quot;:&quot;&quot;,&quot;left&quot;:&quot;&quot;,&quot;isLinked&quot;:true},&quot;element_pack_global_tooltip_padding_tablet&quot;:{&quot;unit&quot;:&quot;px&quot;,&quot;top&quot;:&quot;&quot;,&quot;right&quot;:&quot;&quot;,&quot;bottom&quot;:&quot;&quot;,&quot;left&quot;:&quot;&quot;,&quot;isLinked&quot;:true},&quot;element_pack_global_tooltip_padding_mobile&quot;:{&quot;unit&quot;:&quot;px&quot;,&quot;top&quot;:&quot;&quot;,&quot;right&quot;:&quot;&quot;,&quot;bottom&quot;:&quot;&quot;,&quot;left&quot;:&quot;&quot;,&quot;isLinked&quot;:true},&quot;element_pack_global_tooltip_border_radius&quot;:{&quot;unit&quot;:&quot;px&quot;,&quot;top&quot;:&quot;&quot;,&quot;right&quot;:&quot;&quot;,&quot;bottom&quot;:&quot;&quot;,&quot;left&quot;:&quot;&quot;,&quot;isLinked&quot;:true},&quot;element_pack_global_tooltip_border_radius_tablet&quot;:{&quot;unit&quot;:&quot;px&quot;,&quot;top&quot;:&quot;&quot;,&quot;right&quot;:&quot;&quot;,&quot;bottom&quot;:&quot;&quot;,&quot;left&quot;:&quot;&quot;,&quot;isLinked&quot;:true},&quot;element_pack_global_tooltip_border_radius_mobile&quot;:{&quot;unit&quot;:&quot;px&quot;,&quot;top&quot;:&quot;&quot;,&quot;right&quot;:&quot;&quot;,&quot;bottom&quot;:&quot;&quot;,&quot;left&quot;:&quot;&quot;,&quot;isLinked&quot;:true}}\">\n\t\t\t\t\t\t<section class=\"elementor-section elementor-top-section elementor-element elementor-element-2d59ad9 elementor-section-boxed elementor-section-height-default elementor-section-height-default\" data-id=\"2d59ad9\" data-element_type=\"section\" data-e-type=\"section\" data-settings=\"{&quot;_ha_eqh_enable&quot;:false}\">\n\t\t\t\t\t\t<div class=\"elementor-container elementor-column-gap-default\">\n\t\t\t\t\t<div class=\"elementor-column elementor-col-50 elementor-top-column elementor-element elementor-element-7dfb127\" data-id=\"7dfb127\" data-element_type=\"column\" data-e-type=\"column\">\n\t\t\t<div class=\"elementor-widget-wrap elementor-element-populated\">\n\t\t\t\t\t\t<div class=\"elementor-element elementor-element-e77c872 elementor-widget elementor-widget-heading\" data-id=\"e77c872\" data-element_type=\"widget\" data-e-type=\"widget\" data-widget_type=\"heading.default\">\n\t\t\t\t\t<h6 class=\"elementor-heading-title elementor-size-default\">BREF<\/h6>\t\t\t\t<\/div>\n\t\t\t\t<div class=\"elementor-element elementor-element-0339215 elementor-widget elementor-widget-heading\" data-id=\"0339215\" data-element_type=\"widget\" data-e-type=\"widget\" data-widget_type=\"heading.default\">\n\t\t\t\t\t<h4 class=\"elementor-heading-title elementor-size-default\">Description du projet :<\/h4>\t\t\t\t<\/div>\n\t\t\t\t<div class=\"elementor-element elementor-element-0da1d82 elementor-widget elementor-widget-text-editor\" data-id=\"0da1d82\" data-element_type=\"widget\" data-e-type=\"widget\" data-widget_type=\"text-editor.default\">\n\t\t\t\t\t\t\t\t\t<p>Tourism of Tenerife et le Cabildo de Tenerife avaient besoin d&rsquo;une strat\u00e9gie globale de connectivit\u00e9 a\u00e9rienne pour renforcer et diversifier le r\u00e9seau a\u00e9rien de l&rsquo;\u00eele. En tant que destination fortement d\u00e9pendante du transport a\u00e9rien, Tenerife devait relever le d\u00e9fi de consolider sa position en tant que centre touristique de premier plan tout au long de l&rsquo;ann\u00e9e, tout en \u00e9tendant sa connectivit\u00e9 \u00e0 de nouveaux march\u00e9s long-courriers et intercontinentaux. <\/p><p>L&rsquo;objectif \u00e9tait de stimuler la croissance durable, d&rsquo;attirer de nouvelles compagnies a\u00e9riennes et de nouveaux itin\u00e9raires, et d&rsquo;am\u00e9liorer la coordination entre les institutions publiques et priv\u00e9es afin de renforcer la comp\u00e9titivit\u00e9 de l&rsquo;\u00eele dans le paysage a\u00e9ronautique mondial.<\/p>\t\t\t\t\t\t\t\t<\/div>\n\t\t\t\t\t<\/div>\n\t\t<\/div>\n\t\t\t\t<div class=\"elementor-column elementor-col-50 elementor-top-column elementor-element elementor-element-92e1533\" data-id=\"92e1533\" data-element_type=\"column\" data-e-type=\"column\">\n\t\t\t<div class=\"elementor-widget-wrap elementor-element-populated\">\n\t\t\t\t\t\t<div class=\"elementor-element elementor-element-663ff1c elementor-widget elementor-widget-heading\" data-id=\"663ff1c\" data-element_type=\"widget\" data-e-type=\"widget\" data-widget_type=\"heading.default\">\n\t\t\t\t\t<h6 class=\"elementor-heading-title elementor-size-default\">PROJET<\/h6>\t\t\t\t<\/div>\n\t\t\t\t<div class=\"elementor-element elementor-element-d2c101f elementor-widget elementor-widget-heading\" data-id=\"d2c101f\" data-element_type=\"widget\" data-e-type=\"widget\" data-widget_type=\"heading.default\">\n\t\t\t\t\t<h4 class=\"elementor-heading-title elementor-size-default\">Diversifier et renforcer la connectivit\u00e9 a\u00e9rienne d'une destination mondiale.<\/h4>\t\t\t\t<\/div>\n\t\t\t\t<section class=\"elementor-section elementor-inner-section elementor-element elementor-element-af64c0a elementor-section-boxed elementor-section-height-default elementor-section-height-default\" data-id=\"af64c0a\" data-element_type=\"section\" data-e-type=\"section\" data-settings=\"{&quot;_ha_eqh_enable&quot;:false}\">\n\t\t\t\t\t\t<div class=\"elementor-container elementor-column-gap-default\">\n\t\t\t\t\t<div class=\"elementor-column elementor-col-33 elementor-inner-column elementor-element elementor-element-506806d\" data-id=\"506806d\" data-element_type=\"column\" data-e-type=\"column\">\n\t\t\t<div class=\"elementor-widget-wrap elementor-element-populated\">\n\t\t\t\t\t\t<div class=\"elementor-element elementor-element-773f138 elementor-widget elementor-widget-heading\" data-id=\"773f138\" data-element_type=\"widget\" data-e-type=\"widget\" data-widget_type=\"heading.default\">\n\t\t\t\t\t<h5 class=\"elementor-heading-title elementor-size-default\">Titre<\/h5>\t\t\t\t<\/div>\n\t\t\t\t<div class=\"elementor-element elementor-element-5d9c216 elementor-widget elementor-widget-text-editor\" data-id=\"5d9c216\" data-element_type=\"widget\" data-e-type=\"widget\" data-widget_type=\"text-editor.default\">\n\t\t\t\t\t\t\t\t\t<p>Strat\u00e9gie de tourisme et de connectivit\u00e9 a\u00e9rienne pour le tourisme \u00e0 T\u00e9n\u00e9riffe.<\/p>\t\t\t\t\t\t\t\t<\/div>\n\t\t\t\t\t<\/div>\n\t\t<\/div>\n\t\t\t\t<div class=\"elementor-column elementor-col-33 elementor-inner-column elementor-element elementor-element-3290c16\" data-id=\"3290c16\" data-element_type=\"column\" data-e-type=\"column\">\n\t\t\t<div class=\"elementor-widget-wrap elementor-element-populated\">\n\t\t\t\t\t\t<div class=\"elementor-element elementor-element-d13d8bf elementor-widget elementor-widget-heading\" data-id=\"d13d8bf\" data-element_type=\"widget\" data-e-type=\"widget\" data-widget_type=\"heading.default\">\n\t\t\t\t\t<h5 class=\"elementor-heading-title elementor-size-default\">Client<\/h5>\t\t\t\t<\/div>\n\t\t\t\t<div class=\"elementor-element elementor-element-59f6f78 elementor-widget elementor-widget-text-editor\" data-id=\"59f6f78\" data-element_type=\"widget\" data-e-type=\"widget\" data-widget_type=\"text-editor.default\">\n\t\t\t\t\t\t\t\t\t<p>Tourisme de T\u00e9n\u00e9riffe.<\/p>\t\t\t\t\t\t\t\t<\/div>\n\t\t\t\t\t<\/div>\n\t\t<\/div>\n\t\t\t\t<div class=\"elementor-column elementor-col-33 elementor-inner-column elementor-element elementor-element-f905a51\" data-id=\"f905a51\" data-element_type=\"column\" data-e-type=\"column\">\n\t\t\t<div class=\"elementor-widget-wrap elementor-element-populated\">\n\t\t\t\t\t\t<div class=\"elementor-element elementor-element-3fa8a0c elementor-widget elementor-widget-heading\" data-id=\"3fa8a0c\" data-element_type=\"widget\" data-e-type=\"widget\" data-widget_type=\"heading.default\">\n\t\t\t\t\t<h5 class=\"elementor-heading-title elementor-size-default\">M\u00e9t\u00e9o<\/h5>\t\t\t\t<\/div>\n\t\t\t\t<div class=\"elementor-element elementor-element-69d0dbb elementor-widget elementor-widget-text-editor\" data-id=\"69d0dbb\" data-element_type=\"widget\" data-e-type=\"widget\" data-widget_type=\"text-editor.default\">\n\t\t\t\t\t\t\t\t\t<p>2025 &#8211; 2029<\/p>\t\t\t\t\t\t\t\t<\/div>\n\t\t\t\t\t<\/div>\n\t\t<\/div>\n\t\t\t\t\t<\/div>\n\t\t<\/section>\n\t\t\t\t\t<\/div>\n\t\t<\/div>\n\t\t\t\t\t<\/div>\n\t\t<\/section>\n\t\t\t\t<section class=\"elementor-section elementor-top-section elementor-element elementor-element-e7aeb4e elementor-section-boxed elementor-section-height-default elementor-section-height-default\" data-id=\"e7aeb4e\" data-element_type=\"section\" data-e-type=\"section\" data-settings=\"{&quot;_ha_eqh_enable&quot;:false}\">\n\t\t\t\t\t\t<div class=\"elementor-container elementor-column-gap-default\">\n\t\t\t\t\t<div class=\"elementor-column elementor-col-50 elementor-top-column elementor-element elementor-element-75b83a0\" data-id=\"75b83a0\" data-element_type=\"column\" data-e-type=\"column\">\n\t\t\t<div class=\"elementor-widget-wrap elementor-element-populated\">\n\t\t\t\t\t\t<div class=\"elementor-element elementor-element-2105f52 elementor-widget elementor-widget-image\" data-id=\"2105f52\" data-element_type=\"widget\" data-e-type=\"widget\" data-widget_type=\"image.default\">\n\t\t\t\t\t\t\t\t\t\t\t\t\t\t\t<img fetchpriority=\"high\" decoding=\"async\" width=\"1000\" height=\"402\" src=\"https:\/\/www.gpa.aero\/wp-content\/uploads\/2026\/02\/Tenerife_Logo_Corporativo-1024x412.png\" class=\"attachment-large size-large wp-image-3000\" alt=\"tourisme \u00e0 tenerife\" srcset=\"https:\/\/www.gpa.aero\/wp-content\/uploads\/2026\/02\/Tenerife_Logo_Corporativo-1024x412.png 1024w, https:\/\/www.gpa.aero\/wp-content\/uploads\/2026\/02\/Tenerife_Logo_Corporativo-300x121.png 300w, https:\/\/www.gpa.aero\/wp-content\/uploads\/2026\/02\/Tenerife_Logo_Corporativo-768x309.png 768w, https:\/\/www.gpa.aero\/wp-content\/uploads\/2026\/02\/Tenerife_Logo_Corporativo-1536x618.png 1536w, https:\/\/www.gpa.aero\/wp-content\/uploads\/2026\/02\/Tenerife_Logo_Corporativo-650x262.png 650w, https:\/\/www.gpa.aero\/wp-content\/uploads\/2026\/02\/Tenerife_Logo_Corporativo.png 1817w\" sizes=\"(max-width: 1000px) 100vw, 1000px\" \/>\t\t\t\t\t\t\t\t\t\t\t\t\t\t\t<\/div>\n\t\t\t\t\t<\/div>\n\t\t<\/div>\n\t\t\t\t<div class=\"elementor-column elementor-col-50 elementor-top-column elementor-element elementor-element-4576d14\" data-id=\"4576d14\" data-element_type=\"column\" data-e-type=\"column\">\n\t\t\t<div class=\"elementor-widget-wrap elementor-element-populated\">\n\t\t\t\t\t\t<div class=\"elementor-element elementor-element-5e14807 elementor-widget elementor-widget-heading\" data-id=\"5e14807\" data-element_type=\"widget\" data-e-type=\"widget\" data-widget_type=\"heading.default\">\n\t\t\t\t\t<h4 class=\"elementor-heading-title elementor-size-default\">M\u00e9thodologie GPA appliqu\u00e9e :<\/h4>\t\t\t\t<\/div>\n\t\t\t\t<div class=\"elementor-element elementor-element-b543014 elementor-widget elementor-widget-text-editor\" data-id=\"b543014\" data-element_type=\"widget\" data-e-type=\"widget\" data-widget_type=\"text-editor.default\">\n\t\t\t\t\t\t\t\t\t<p>GPA a con\u00e7u et mis en \u0153uvre une m\u00e9thodologie structur\u00e9e, bas\u00e9e sur des donn\u00e9es, combinant des diagnostics d&rsquo;a\u00e9roports, des analyses de trafic, des analyses comparatives avec des destinations touristiques comparables et des informations sur le march\u00e9. Les consultants ont \u00e9valu\u00e9 les services a\u00e9riens, les performances et l&rsquo;infrastructure des a\u00e9roports nord et sud de Tenerife, \u00e9labor\u00e9 des pr\u00e9visions de la demande et con\u00e7u des mod\u00e8les commerciaux sur mesure pour les compagnies a\u00e9riennes sur les itin\u00e9raires prioritaires, identifi\u00e9 les compagnies a\u00e9riennes cibles et propos\u00e9 des m\u00e9canismes d&rsquo;incitation et de coop\u00e9ration. GPA a \u00e9galement soutenu la promotion institutionnelle et commerciale par la coordination avec les parties prenantes et la participation \u00e0 des forums a\u00e9ronautiques cl\u00e9s tels que FITUR, Routes Europe et Routes World. R\u00e9sultat du projet :<br>Actuellement en cours de mise en \u0153uvre, la strat\u00e9gie fournit \u00e0 Tenerife un cadre coh\u00e9rent pour le d\u00e9veloppement des itin\u00e9raires et le positionnement strat\u00e9gique. Elle renforce la participation des compagnies a\u00e9riennes, d\u00e9finit des march\u00e9s cibles clairs et des itin\u00e9raires prioritaires, et jette les bases d&rsquo;un mod\u00e8le de connectivit\u00e9 a\u00e9rienne plus diversifi\u00e9, r\u00e9silient et durable, positionnant Tenerife comme une r\u00e9f\u00e9rence parmi les destinations insulaires europ\u00e9ennes.    <\/p>\t\t\t\t\t\t\t\t<\/div>\n\t\t\t\t\t<\/div>\n\t\t<\/div>\n\t\t\t\t\t<\/div>\n\t\t<\/section>\n\t\t<div class=\"elementor-element elementor-element-2f0007a e-flex e-con-boxed e-con e-parent\" data-id=\"2f0007a\" data-element_type=\"container\" data-e-type=\"container\" data-settings=\"{&quot;_ha_eqh_enable&quot;:false}\">\n\t\t\t\t\t<div class=\"e-con-inner\">\n\t\t\t\t<div class=\"elementor-element elementor-element-b8da427 elementor-widget elementor-widget-heading\" data-id=\"b8da427\" data-element_type=\"widget\" data-e-type=\"widget\" data-widget_type=\"heading.default\">\n\t\t\t\t\t<h2 class=\"elementor-heading-title elementor-size-default\">Une port\u00e9e mondiale, qui connecte le monde :<\/h2>\t\t\t\t<\/div>\n\t\t\t\t<div data-ha-element-link=\"{&quot;url&quot;:&quot;https:\\\/\\\/www.gpa.aero\\\/casos-de-exito\\\/&quot;,&quot;is_external&quot;:&quot;&quot;,&quot;nofollow&quot;:&quot;&quot;}\" style=\"cursor: pointer\" class=\"elementor-element elementor-element-f0d750c elementor-widget elementor-widget-image\" data-id=\"f0d750c\" data-element_type=\"widget\" data-e-type=\"widget\" data-widget_type=\"image.default\">\n\t\t\t\t\t\t\t\t\t\t\t\t\t\t\t<img decoding=\"async\" width=\"5617\" height=\"2464\" src=\"https:\/\/www.gpa.aero\/wp-content\/uploads\/2026\/03\/GPA-mapa-ok.svg\" class=\"attachment-large size-large wp-image-2657\" alt=\"carte du monde\" \/>\t\t\t\t\t\t\t\t\t\t\t\t\t\t\t<\/div>\n\t\t\t\t\t<\/div>\n\t\t\t\t<\/div>\n\t\t\t\t<\/div>\n\t\t","protected":false},"excerpt":{"rendered":"<p>BREF Description du projet : Tourism of Tenerife et le Cabildo de Tenerife avaient besoin d&rsquo;une strat\u00e9gie globale de connectivit\u00e9 a\u00e9rienne pour [&hellip;]<\/p>\n","protected":false},"author":1,"featured_media":2769,"parent":3763,"menu_order":0,"comment_status":"closed","ping_status":"closed","template":"","meta":{"footnotes":""},"class_list":["post-3713","page","type-page","status-publish","has-post-thumbnail","hentry"],"yoast_head":"<!-- This site is optimized with the Yoast SEO plugin v27.1.1 - https:\/\/yoast.com\/product\/yoast-seo-wordpress\/ -->\n<title>Strat\u00e9gie de connectivit\u00e9 a\u00e9rienne pour Tenerife - GPA<\/title>\n<meta name=\"description\" content=\"Strat\u00e9gie pour diversifier les routes et attirer des compagnies \u00e0 Tenerife, en renfor\u00e7ant sa connectivit\u00e9 a\u00e9rienne et sa comp\u00e9titivit\u00e9 mondiale.\" \/>\n<meta name=\"robots\" content=\"index, follow, max-snippet:-1, max-image-preview:large, max-video-preview:-1\" \/>\n<link rel=\"canonical\" href=\"https:\/\/www.gpa.aero\/fr\/histoires-de-reussite\/strategie-de-connectivite-aerienne-pour-tenerife\/\" \/>\n<meta property=\"og:locale\" content=\"fr_FR\" \/>\n<meta property=\"og:type\" content=\"article\" \/>\n<meta property=\"og:title\" content=\"Strat\u00e9gie de connectivit\u00e9 a\u00e9rienne pour Tenerife - GPA\" \/>\n<meta property=\"og:description\" content=\"Strat\u00e9gie pour diversifier les routes et attirer des compagnies \u00e0 Tenerife, en renfor\u00e7ant sa connectivit\u00e9 a\u00e9rienne et sa comp\u00e9titivit\u00e9 mondiale.\" \/>\n<meta property=\"og:url\" content=\"https:\/\/www.gpa.aero\/fr\/histoires-de-reussite\/strategie-de-connectivite-aerienne-pour-tenerife\/\" \/>\n<meta property=\"og:site_name\" content=\"GPA\" \/>\n<meta property=\"article:modified_time\" content=\"2026-03-13T13:09:53+00:00\" \/>\n<meta property=\"og:image\" content=\"https:\/\/www.gpa.aero\/wp-content\/uploads\/2026\/02\/ss-estrategia-conectividad-aerea-tenerife.png\" \/>\n\t<meta property=\"og:image:width\" content=\"740\" \/>\n\t<meta property=\"og:image:height\" content=\"782\" \/>\n\t<meta property=\"og:image:type\" content=\"image\/png\" \/>\n<meta name=\"twitter:card\" content=\"summary_large_image\" \/>\n<meta name=\"twitter:label1\" content=\"Dur\u00e9e de lecture estim\u00e9e\" \/>\n\t<meta name=\"twitter:data1\" content=\"3 minutes\" \/>\n<script type=\"application\/ld+json\" class=\"yoast-schema-graph\">{\"@context\":\"https:\/\/schema.org\",\"@graph\":[{\"@type\":\"WebPage\",\"@id\":\"https:\/\/www.gpa.aero\/fr\/histoires-de-reussite\/strategie-de-connectivite-aerienne-pour-tenerife\/\",\"url\":\"https:\/\/www.gpa.aero\/fr\/histoires-de-reussite\/strategie-de-connectivite-aerienne-pour-tenerife\/\",\"name\":\"Strat\u00e9gie de connectivit\u00e9 a\u00e9rienne pour Tenerife - GPA\",\"isPartOf\":{\"@id\":\"https:\/\/www.gpa.aero\/fr\/#website\"},\"primaryImageOfPage\":{\"@id\":\"https:\/\/www.gpa.aero\/fr\/histoires-de-reussite\/strategie-de-connectivite-aerienne-pour-tenerife\/#primaryimage\"},\"image\":{\"@id\":\"https:\/\/www.gpa.aero\/fr\/histoires-de-reussite\/strategie-de-connectivite-aerienne-pour-tenerife\/#primaryimage\"},\"thumbnailUrl\":\"https:\/\/www.gpa.aero\/wp-content\/uploads\/2026\/02\/ss-estrategia-conectividad-aerea-tenerife.png\",\"datePublished\":\"2026-03-13T05:50:00+00:00\",\"dateModified\":\"2026-03-13T13:09:53+00:00\",\"description\":\"Strat\u00e9gie pour diversifier les routes et attirer des compagnies \u00e0 Tenerife, en renfor\u00e7ant sa connectivit\u00e9 a\u00e9rienne et sa comp\u00e9titivit\u00e9 mondiale.\",\"breadcrumb\":{\"@id\":\"https:\/\/www.gpa.aero\/fr\/histoires-de-reussite\/strategie-de-connectivite-aerienne-pour-tenerife\/#breadcrumb\"},\"inLanguage\":\"fr-FR\",\"potentialAction\":[{\"@type\":\"ReadAction\",\"target\":[\"https:\/\/www.gpa.aero\/fr\/histoires-de-reussite\/strategie-de-connectivite-aerienne-pour-tenerife\/\"]}]},{\"@type\":\"ImageObject\",\"inLanguage\":\"fr-FR\",\"@id\":\"https:\/\/www.gpa.aero\/fr\/histoires-de-reussite\/strategie-de-connectivite-aerienne-pour-tenerife\/#primaryimage\",\"url\":\"https:\/\/www.gpa.aero\/wp-content\/uploads\/2026\/02\/ss-estrategia-conectividad-aerea-tenerife.png\",\"contentUrl\":\"https:\/\/www.gpa.aero\/wp-content\/uploads\/2026\/02\/ss-estrategia-conectividad-aerea-tenerife.png\",\"width\":740,\"height\":782},{\"@type\":\"BreadcrumbList\",\"@id\":\"https:\/\/www.gpa.aero\/fr\/histoires-de-reussite\/strategie-de-connectivite-aerienne-pour-tenerife\/#breadcrumb\",\"itemListElement\":[{\"@type\":\"ListItem\",\"position\":1,\"name\":\"Home\",\"item\":\"https:\/\/www.gpa.aero\/fr\/\"},{\"@type\":\"ListItem\",\"position\":2,\"name\":\"Histoires de r\u00e9ussite\",\"item\":\"https:\/\/www.gpa.aero\/fr\/histoires-de-reussite\/\"},{\"@type\":\"ListItem\",\"position\":3,\"name\":\"Strat\u00e9gie de connectivit\u00e9 a\u00e9rienne pour Tenerife\"}]},{\"@type\":\"WebSite\",\"@id\":\"https:\/\/www.gpa.aero\/fr\/#website\",\"url\":\"https:\/\/www.gpa.aero\/fr\/\",\"name\":\"GPA\",\"description\":\"\",\"potentialAction\":[{\"@type\":\"SearchAction\",\"target\":{\"@type\":\"EntryPoint\",\"urlTemplate\":\"https:\/\/www.gpa.aero\/fr\/?s={search_term_string}\"},\"query-input\":{\"@type\":\"PropertyValueSpecification\",\"valueRequired\":true,\"valueName\":\"search_term_string\"}}],\"inLanguage\":\"fr-FR\"}]}<\/script>\n<!-- \/ Yoast SEO plugin. -->","yoast_head_json":{"title":"Strat\u00e9gie de connectivit\u00e9 a\u00e9rienne pour Tenerife - GPA","description":"Strat\u00e9gie pour diversifier les routes et attirer des compagnies \u00e0 Tenerife, en renfor\u00e7ant sa connectivit\u00e9 a\u00e9rienne et sa comp\u00e9titivit\u00e9 mondiale.","robots":{"index":"index","follow":"follow","max-snippet":"max-snippet:-1","max-image-preview":"max-image-preview:large","max-video-preview":"max-video-preview:-1"},"canonical":"https:\/\/www.gpa.aero\/fr\/histoires-de-reussite\/strategie-de-connectivite-aerienne-pour-tenerife\/","og_locale":"fr_FR","og_type":"article","og_title":"Strat\u00e9gie de connectivit\u00e9 a\u00e9rienne pour Tenerife - GPA","og_description":"Strat\u00e9gie pour diversifier les routes et attirer des compagnies \u00e0 Tenerife, en renfor\u00e7ant sa connectivit\u00e9 a\u00e9rienne et sa comp\u00e9titivit\u00e9 mondiale.","og_url":"https:\/\/www.gpa.aero\/fr\/histoires-de-reussite\/strategie-de-connectivite-aerienne-pour-tenerife\/","og_site_name":"GPA","article_modified_time":"2026-03-13T13:09:53+00:00","og_image":[{"width":740,"height":782,"url":"https:\/\/www.gpa.aero\/wp-content\/uploads\/2026\/02\/ss-estrategia-conectividad-aerea-tenerife.png","type":"image\/png"}],"twitter_card":"summary_large_image","twitter_misc":{"Dur\u00e9e de lecture estim\u00e9e":"3 minutes"},"schema":{"@context":"https:\/\/schema.org","@graph":[{"@type":"WebPage","@id":"https:\/\/www.gpa.aero\/fr\/histoires-de-reussite\/strategie-de-connectivite-aerienne-pour-tenerife\/","url":"https:\/\/www.gpa.aero\/fr\/histoires-de-reussite\/strategie-de-connectivite-aerienne-pour-tenerife\/","name":"Strat\u00e9gie de connectivit\u00e9 a\u00e9rienne pour Tenerife - GPA","isPartOf":{"@id":"https:\/\/www.gpa.aero\/fr\/#website"},"primaryImageOfPage":{"@id":"https:\/\/www.gpa.aero\/fr\/histoires-de-reussite\/strategie-de-connectivite-aerienne-pour-tenerife\/#primaryimage"},"image":{"@id":"https:\/\/www.gpa.aero\/fr\/histoires-de-reussite\/strategie-de-connectivite-aerienne-pour-tenerife\/#primaryimage"},"thumbnailUrl":"https:\/\/www.gpa.aero\/wp-content\/uploads\/2026\/02\/ss-estrategia-conectividad-aerea-tenerife.png","datePublished":"2026-03-13T05:50:00+00:00","dateModified":"2026-03-13T13:09:53+00:00","description":"Strat\u00e9gie pour diversifier les routes et attirer des compagnies \u00e0 Tenerife, en renfor\u00e7ant sa connectivit\u00e9 a\u00e9rienne et sa comp\u00e9titivit\u00e9 mondiale.","breadcrumb":{"@id":"https:\/\/www.gpa.aero\/fr\/histoires-de-reussite\/strategie-de-connectivite-aerienne-pour-tenerife\/#breadcrumb"},"inLanguage":"fr-FR","potentialAction":[{"@type":"ReadAction","target":["https:\/\/www.gpa.aero\/fr\/histoires-de-reussite\/strategie-de-connectivite-aerienne-pour-tenerife\/"]}]},{"@type":"ImageObject","inLanguage":"fr-FR","@id":"https:\/\/www.gpa.aero\/fr\/histoires-de-reussite\/strategie-de-connectivite-aerienne-pour-tenerife\/#primaryimage","url":"https:\/\/www.gpa.aero\/wp-content\/uploads\/2026\/02\/ss-estrategia-conectividad-aerea-tenerife.png","contentUrl":"https:\/\/www.gpa.aero\/wp-content\/uploads\/2026\/02\/ss-estrategia-conectividad-aerea-tenerife.png","width":740,"height":782},{"@type":"BreadcrumbList","@id":"https:\/\/www.gpa.aero\/fr\/histoires-de-reussite\/strategie-de-connectivite-aerienne-pour-tenerife\/#breadcrumb","itemListElement":[{"@type":"ListItem","position":1,"name":"Home","item":"https:\/\/www.gpa.aero\/fr\/"},{"@type":"ListItem","position":2,"name":"Histoires de r\u00e9ussite","item":"https:\/\/www.gpa.aero\/fr\/histoires-de-reussite\/"},{"@type":"ListItem","position":3,"name":"Strat\u00e9gie de connectivit\u00e9 a\u00e9rienne pour Tenerife"}]},{"@type":"WebSite","@id":"https:\/\/www.gpa.aero\/fr\/#website","url":"https:\/\/www.gpa.aero\/fr\/","name":"GPA","description":"","potentialAction":[{"@type":"SearchAction","target":{"@type":"EntryPoint","urlTemplate":"https:\/\/www.gpa.aero\/fr\/?s={search_term_string}"},"query-input":{"@type":"PropertyValueSpecification","valueRequired":true,"valueName":"search_term_string"}}],"inLanguage":"fr-FR"}]}},"_links":{"self":[{"href":"https:\/\/www.gpa.aero\/fr\/wp-json\/wp\/v2\/pages\/3713","targetHints":{"allow":["GET"]}}],"collection":[{"href":"https:\/\/www.gpa.aero\/fr\/wp-json\/wp\/v2\/pages"}],"about":[{"href":"https:\/\/www.gpa.aero\/fr\/wp-json\/wp\/v2\/types\/page"}],"author":[{"embeddable":true,"href":"https:\/\/www.gpa.aero\/fr\/wp-json\/wp\/v2\/users\/1"}],"replies":[{"embeddable":true,"href":"https:\/\/www.gpa.aero\/fr\/wp-json\/wp\/v2\/comments?post=3713"}],"version-history":[{"count":3,"href":"https:\/\/www.gpa.aero\/fr\/wp-json\/wp\/v2\/pages\/3713\/revisions"}],"predecessor-version":[{"id":3718,"href":"https:\/\/www.gpa.aero\/fr\/wp-json\/wp\/v2\/pages\/3713\/revisions\/3718"}],"up":[{"embeddable":true,"href":"https:\/\/www.gpa.aero\/fr\/wp-json\/wp\/v2\/pages\/3763"}],"wp:featuredmedia":[{"embeddable":true,"href":"https:\/\/www.gpa.aero\/fr\/wp-json\/wp\/v2\/media\/2769"}],"wp:attachment":[{"href":"https:\/\/www.gpa.aero\/fr\/wp-json\/wp\/v2\/media?parent=3713"}],"curies":[{"name":"wp","href":"https:\/\/api.w.org\/{rel}","templated":true}]}}