{"id":3693,"date":"2026-03-13T06:00:23","date_gmt":"2026-03-13T06:00:23","guid":{"rendered":"https:\/\/www.gpa.aero\/strategie-de-connectivite-aerienne-pour-landalousie\/"},"modified":"2026-03-13T13:08:13","modified_gmt":"2026-03-13T13:08:13","slug":"strategie-de-connectivite-aerienne-pour-landalousie","status":"publish","type":"page","link":"https:\/\/www.gpa.aero\/fr\/histoires-de-reussite\/strategie-de-connectivite-aerienne-pour-landalousie\/","title":{"rendered":"Strat\u00e9gie de connectivit\u00e9 a\u00e9rienne pour l&rsquo;Andalousie"},"content":{"rendered":"\t\t<div data-elementor-type=\"wp-page\" data-elementor-id=\"3693\" class=\"elementor elementor-3693 elementor-3572\" data-elementor-settings=\"{&quot;ha_cmc_init_switcher&quot;:&quot;no&quot;,&quot;element_pack_global_tooltip_width&quot;:{&quot;unit&quot;:&quot;px&quot;,&quot;size&quot;:&quot;&quot;,&quot;sizes&quot;:[]},&quot;element_pack_global_tooltip_width_tablet&quot;:{&quot;unit&quot;:&quot;px&quot;,&quot;size&quot;:&quot;&quot;,&quot;sizes&quot;:[]},&quot;element_pack_global_tooltip_width_mobile&quot;:{&quot;unit&quot;:&quot;px&quot;,&quot;size&quot;:&quot;&quot;,&quot;sizes&quot;:[]},&quot;element_pack_global_tooltip_padding&quot;:{&quot;unit&quot;:&quot;px&quot;,&quot;top&quot;:&quot;&quot;,&quot;right&quot;:&quot;&quot;,&quot;bottom&quot;:&quot;&quot;,&quot;left&quot;:&quot;&quot;,&quot;isLinked&quot;:true},&quot;element_pack_global_tooltip_padding_tablet&quot;:{&quot;unit&quot;:&quot;px&quot;,&quot;top&quot;:&quot;&quot;,&quot;right&quot;:&quot;&quot;,&quot;bottom&quot;:&quot;&quot;,&quot;left&quot;:&quot;&quot;,&quot;isLinked&quot;:true},&quot;element_pack_global_tooltip_padding_mobile&quot;:{&quot;unit&quot;:&quot;px&quot;,&quot;top&quot;:&quot;&quot;,&quot;right&quot;:&quot;&quot;,&quot;bottom&quot;:&quot;&quot;,&quot;left&quot;:&quot;&quot;,&quot;isLinked&quot;:true},&quot;element_pack_global_tooltip_border_radius&quot;:{&quot;unit&quot;:&quot;px&quot;,&quot;top&quot;:&quot;&quot;,&quot;right&quot;:&quot;&quot;,&quot;bottom&quot;:&quot;&quot;,&quot;left&quot;:&quot;&quot;,&quot;isLinked&quot;:true},&quot;element_pack_global_tooltip_border_radius_tablet&quot;:{&quot;unit&quot;:&quot;px&quot;,&quot;top&quot;:&quot;&quot;,&quot;right&quot;:&quot;&quot;,&quot;bottom&quot;:&quot;&quot;,&quot;left&quot;:&quot;&quot;,&quot;isLinked&quot;:true},&quot;element_pack_global_tooltip_border_radius_mobile&quot;:{&quot;unit&quot;:&quot;px&quot;,&quot;top&quot;:&quot;&quot;,&quot;right&quot;:&quot;&quot;,&quot;bottom&quot;:&quot;&quot;,&quot;left&quot;:&quot;&quot;,&quot;isLinked&quot;:true}}\">\n\t\t\t\t\t\t<section class=\"elementor-section elementor-top-section elementor-element elementor-element-d4df58f elementor-section-boxed elementor-section-height-default elementor-section-height-default\" data-id=\"d4df58f\" data-element_type=\"section\" data-e-type=\"section\" data-settings=\"{&quot;_ha_eqh_enable&quot;:false}\">\n\t\t\t\t\t\t<div class=\"elementor-container elementor-column-gap-default\">\n\t\t\t\t\t<div class=\"elementor-column elementor-col-50 elementor-top-column elementor-element elementor-element-8855857\" data-id=\"8855857\" data-element_type=\"column\" data-e-type=\"column\">\n\t\t\t<div class=\"elementor-widget-wrap elementor-element-populated\">\n\t\t\t\t\t\t<div class=\"elementor-element elementor-element-ab803c3 elementor-widget elementor-widget-heading\" data-id=\"ab803c3\" data-element_type=\"widget\" data-e-type=\"widget\" data-widget_type=\"heading.default\">\n\t\t\t\t\t<h6 class=\"elementor-heading-title elementor-size-default\">BREF<\/h6>\t\t\t\t<\/div>\n\t\t\t\t<div class=\"elementor-element elementor-element-537cfd1 elementor-widget elementor-widget-heading\" data-id=\"537cfd1\" data-element_type=\"widget\" data-e-type=\"widget\" data-widget_type=\"heading.default\">\n\t\t\t\t\t<h4 class=\"elementor-heading-title elementor-size-default\">Description du projet :<\/h4>\t\t\t\t<\/div>\n\t\t\t\t<div class=\"elementor-element elementor-element-87658f3 elementor-widget elementor-widget-text-editor\" data-id=\"87658f3\" data-element_type=\"widget\" data-e-type=\"widget\" data-widget_type=\"text-editor.default\">\n\t\t\t\t\t\t\t\t\t<p>La Junta de Andaluc\u00eda devait renforcer la connectivit\u00e9 a\u00e9rienne de ses six a\u00e9roports afin d&rsquo;am\u00e9liorer l&rsquo;accessibilit\u00e9, la comp\u00e9titivit\u00e9 et la croissance du tourisme dans la r\u00e9gion.<\/p>\t\t\t\t\t\t\t\t<\/div>\n\t\t\t\t\t<\/div>\n\t\t<\/div>\n\t\t\t\t<div class=\"elementor-column elementor-col-50 elementor-top-column elementor-element elementor-element-c3426b2\" data-id=\"c3426b2\" data-element_type=\"column\" data-e-type=\"column\">\n\t\t\t<div class=\"elementor-widget-wrap elementor-element-populated\">\n\t\t\t\t\t\t<div class=\"elementor-element elementor-element-d188912 elementor-widget elementor-widget-heading\" data-id=\"d188912\" data-element_type=\"widget\" data-e-type=\"widget\" data-widget_type=\"heading.default\">\n\t\t\t\t\t<h6 class=\"elementor-heading-title elementor-size-default\">PROJET<\/h6>\t\t\t\t<\/div>\n\t\t\t\t<div class=\"elementor-element elementor-element-c508939 elementor-widget elementor-widget-heading\" data-id=\"c508939\" data-element_type=\"widget\" data-e-type=\"widget\" data-widget_type=\"heading.default\">\n\t\t\t\t\t<h4 class=\"elementor-heading-title elementor-size-default\">La connectivit\u00e9 a\u00e9rienne comme moteur de la comp\u00e9titivit\u00e9 et de l'\u00e9quilibre territorial.<\/h4>\t\t\t\t<\/div>\n\t\t\t\t<section class=\"elementor-section elementor-inner-section elementor-element elementor-element-971ca1a elementor-section-boxed elementor-section-height-default elementor-section-height-default\" data-id=\"971ca1a\" data-element_type=\"section\" data-e-type=\"section\" data-settings=\"{&quot;_ha_eqh_enable&quot;:false}\">\n\t\t\t\t\t\t<div class=\"elementor-container elementor-column-gap-default\">\n\t\t\t\t\t<div class=\"elementor-column elementor-col-50 elementor-inner-column elementor-element elementor-element-d33f560\" data-id=\"d33f560\" data-element_type=\"column\" data-e-type=\"column\">\n\t\t\t<div class=\"elementor-widget-wrap elementor-element-populated\">\n\t\t\t\t\t\t<div class=\"elementor-element elementor-element-c622665 elementor-widget elementor-widget-heading\" data-id=\"c622665\" data-element_type=\"widget\" data-e-type=\"widget\" data-widget_type=\"heading.default\">\n\t\t\t\t\t<h5 class=\"elementor-heading-title elementor-size-default\">Titre<\/h5>\t\t\t\t<\/div>\n\t\t\t\t<div class=\"elementor-element elementor-element-a522867 elementor-widget elementor-widget-text-editor\" data-id=\"a522867\" data-element_type=\"widget\" data-e-type=\"widget\" data-widget_type=\"text-editor.default\">\n\t\t\t\t\t\t\t\t\t<p>Strat\u00e9gie de connectivit\u00e9 a\u00e9rienne de l&rsquo;Andalousie (2023-2025)<\/p>\t\t\t\t\t\t\t\t<\/div>\n\t\t\t\t\t<\/div>\n\t\t<\/div>\n\t\t\t\t<div class=\"elementor-column elementor-col-50 elementor-inner-column elementor-element elementor-element-7e420fb\" data-id=\"7e420fb\" data-element_type=\"column\" data-e-type=\"column\">\n\t\t\t<div class=\"elementor-widget-wrap elementor-element-populated\">\n\t\t\t\t\t\t<div class=\"elementor-element elementor-element-badeb03 elementor-widget elementor-widget-heading\" data-id=\"badeb03\" data-element_type=\"widget\" data-e-type=\"widget\" data-widget_type=\"heading.default\">\n\t\t\t\t\t<h5 class=\"elementor-heading-title elementor-size-default\">M\u00e9t\u00e9o<\/h5>\t\t\t\t<\/div>\n\t\t\t\t<div class=\"elementor-element elementor-element-ed81d56 elementor-widget elementor-widget-text-editor\" data-id=\"ed81d56\" data-element_type=\"widget\" data-e-type=\"widget\" data-widget_type=\"text-editor.default\">\n\t\t\t\t\t\t\t\t\t<p>  2023 &#8211; 2025<\/p>\t\t\t\t\t\t\t\t<\/div>\n\t\t\t\t\t<\/div>\n\t\t<\/div>\n\t\t\t\t\t<\/div>\n\t\t<\/section>\n\t\t\t\t\t<\/div>\n\t\t<\/div>\n\t\t\t\t\t<\/div>\n\t\t<\/section>\n\t\t\t\t<section class=\"elementor-section elementor-top-section elementor-element elementor-element-3e3b7f2 elementor-section-boxed elementor-section-height-default elementor-section-height-default\" data-id=\"3e3b7f2\" data-element_type=\"section\" data-e-type=\"section\" data-settings=\"{&quot;_ha_eqh_enable&quot;:false}\">\n\t\t\t\t\t\t<div class=\"elementor-container elementor-column-gap-default\">\n\t\t\t\t\t<div class=\"elementor-column elementor-col-50 elementor-top-column elementor-element elementor-element-04568bd\" data-id=\"04568bd\" data-element_type=\"column\" data-e-type=\"column\">\n\t\t\t<div class=\"elementor-widget-wrap elementor-element-populated\">\n\t\t\t\t\t\t<div class=\"elementor-element elementor-element-26c84f3 elementor-widget elementor-widget-image\" data-id=\"26c84f3\" data-element_type=\"widget\" data-e-type=\"widget\" data-widget_type=\"image.default\">\n\t\t\t\t\t\t\t\t\t\t\t\t\t\t\t<img fetchpriority=\"high\" decoding=\"async\" width=\"1000\" height=\"753\" src=\"https:\/\/www.gpa.aero\/wp-content\/uploads\/2026\/02\/Logo_de_la_Consejer\u00a1a_de_Turismo_Cultura_y_Deporte_de_la_Junta_de_Andaluc\u00a1a-1024x771.png\" class=\"attachment-large size-large wp-image-3020\" alt=\"\" srcset=\"https:\/\/www.gpa.aero\/wp-content\/uploads\/2026\/02\/Logo_de_la_Consejer\u00a1a_de_Turismo_Cultura_y_Deporte_de_la_Junta_de_Andaluc\u00a1a-1024x771.png 1024w, https:\/\/www.gpa.aero\/wp-content\/uploads\/2026\/02\/Logo_de_la_Consejer\u00a1a_de_Turismo_Cultura_y_Deporte_de_la_Junta_de_Andaluc\u00a1a-300x226.png 300w, https:\/\/www.gpa.aero\/wp-content\/uploads\/2026\/02\/Logo_de_la_Consejer\u00a1a_de_Turismo_Cultura_y_Deporte_de_la_Junta_de_Andaluc\u00a1a-768x579.png 768w, https:\/\/www.gpa.aero\/wp-content\/uploads\/2026\/02\/Logo_de_la_Consejer\u00a1a_de_Turismo_Cultura_y_Deporte_de_la_Junta_de_Andaluc\u00a1a-650x490.png 650w, https:\/\/www.gpa.aero\/wp-content\/uploads\/2026\/02\/Logo_de_la_Consejer\u00a1a_de_Turismo_Cultura_y_Deporte_de_la_Junta_de_Andaluc\u00a1a.png 1192w\" sizes=\"(max-width: 1000px) 100vw, 1000px\" \/>\t\t\t\t\t\t\t\t\t\t\t\t\t\t\t<\/div>\n\t\t\t\t\t<\/div>\n\t\t<\/div>\n\t\t\t\t<div class=\"elementor-column elementor-col-50 elementor-top-column elementor-element elementor-element-d2c5602\" data-id=\"d2c5602\" data-element_type=\"column\" data-e-type=\"column\">\n\t\t\t<div class=\"elementor-widget-wrap elementor-element-populated\">\n\t\t\t\t\t\t<div class=\"elementor-element elementor-element-d63a547 elementor-widget elementor-widget-heading\" data-id=\"d63a547\" data-element_type=\"widget\" data-e-type=\"widget\" data-widget_type=\"heading.default\">\n\t\t\t\t\t<h4 class=\"elementor-heading-title elementor-size-default\">M\u00e9thodologie GPA appliqu\u00e9e :<\/h4>\t\t\t\t<\/div>\n\t\t\t\t<div class=\"elementor-element elementor-element-7f668bb elementor-widget elementor-widget-text-editor\" data-id=\"7f668bb\" data-element_type=\"widget\" data-e-type=\"widget\" data-widget_type=\"text-editor.default\">\n\t\t\t\t\t\t\t\t\t<p>GPA a d\u00e9velopp\u00e9 une m\u00e9thodologie bas\u00e9e sur des donn\u00e9es qui comprend des diagnostics d&rsquo;a\u00e9roports, une analyse de la demande, une analyse comparative et la d\u00e9finition d&rsquo;un dossier commercial, ainsi qu&rsquo;un plan d&rsquo;action coordonn\u00e9 et une assistance technique pendant la mise en \u0153uvre.<\/p>\t\t\t\t\t\t\t\t<\/div>\n\t\t\t\t\t<\/div>\n\t\t<\/div>\n\t\t\t\t\t<\/div>\n\t\t<\/section>\n\t\t<div class=\"elementor-element elementor-element-baf1a5e e-flex e-con-boxed e-con e-parent\" data-id=\"baf1a5e\" data-element_type=\"container\" data-e-type=\"container\" data-settings=\"{&quot;_ha_eqh_enable&quot;:false}\">\n\t\t\t\t\t<div class=\"e-con-inner\">\n\t\t\t\t<div class=\"elementor-element elementor-element-0107263 elementor-widget elementor-widget-image\" data-id=\"0107263\" data-element_type=\"widget\" data-e-type=\"widget\" data-widget_type=\"image.default\">\n\t\t\t\t\t\t\t\t\t\t\t\t\t\t\t<img decoding=\"async\" width=\"880\" height=\"495\" src=\"https:\/\/www.gpa.aero\/wp-content\/uploads\/2026\/02\/b711802c-8e1f-4bd4-b6b6-9d1693f2b174_16-9-aspect-ratio_default_0.jpg\" class=\"attachment-large size-large wp-image-3021\" alt=\"projet junta andalucia\" srcset=\"https:\/\/www.gpa.aero\/wp-content\/uploads\/2026\/02\/b711802c-8e1f-4bd4-b6b6-9d1693f2b174_16-9-aspect-ratio_default_0.jpg 880w, https:\/\/www.gpa.aero\/wp-content\/uploads\/2026\/02\/b711802c-8e1f-4bd4-b6b6-9d1693f2b174_16-9-aspect-ratio_default_0-300x169.jpg 300w, https:\/\/www.gpa.aero\/wp-content\/uploads\/2026\/02\/b711802c-8e1f-4bd4-b6b6-9d1693f2b174_16-9-aspect-ratio_default_0-768x432.jpg 768w, https:\/\/www.gpa.aero\/wp-content\/uploads\/2026\/02\/b711802c-8e1f-4bd4-b6b6-9d1693f2b174_16-9-aspect-ratio_default_0-650x366.jpg 650w\" sizes=\"(max-width: 880px) 100vw, 880px\" \/>\t\t\t\t\t\t\t\t\t\t\t\t\t\t\t<\/div>\n\t\t\t\t\t<\/div>\n\t\t\t\t<\/div>\n\t\t\t\t<section class=\"elementor-section elementor-top-section elementor-element elementor-element-c596ee2 elementor-section-boxed elementor-section-height-default elementor-section-height-default\" data-id=\"c596ee2\" data-element_type=\"section\" data-e-type=\"section\" data-settings=\"{&quot;_ha_eqh_enable&quot;:false}\">\n\t\t\t\t\t\t<div class=\"elementor-container elementor-column-gap-default\">\n\t\t\t\t\t<div class=\"elementor-column elementor-col-66 elementor-top-column elementor-element elementor-element-e3ebecd\" data-id=\"e3ebecd\" data-element_type=\"column\" data-e-type=\"column\">\n\t\t\t<div class=\"elementor-widget-wrap elementor-element-populated\">\n\t\t\t\t\t\t<div class=\"elementor-element elementor-element-4606cbb elementor-widget elementor-widget-heading\" data-id=\"4606cbb\" data-element_type=\"widget\" data-e-type=\"widget\" data-widget_type=\"heading.default\">\n\t\t\t\t\t<h4 class=\"elementor-heading-title elementor-size-default\">R\u00e9sultats du projet <br>:<\/h4>\t\t\t\t<\/div>\n\t\t\t\t\t<\/div>\n\t\t<\/div>\n\t\t\t\t<div class=\"elementor-column elementor-col-33 elementor-top-column elementor-element elementor-element-fb12753\" data-id=\"fb12753\" data-element_type=\"column\" data-e-type=\"column\">\n\t\t\t<div class=\"elementor-widget-wrap elementor-element-populated\">\n\t\t\t\t\t\t<div class=\"elementor-element elementor-element-1bce3b3 elementor-widget__width-initial elementor-widget elementor-widget-text-editor\" data-id=\"1bce3b3\" data-element_type=\"widget\" data-e-type=\"widget\" data-widget_type=\"text-editor.default\">\n\t\t\t\t\t\t\t\t\t<p>La strat\u00e9gie fournit un cadre int\u00e9gr\u00e9 pour le d\u00e9veloppement des itin\u00e9raires et la promotion du tourisme, en renfor\u00e7ant la collaboration public-priv\u00e9 et la connectivit\u00e9 \u00e9quilibr\u00e9e du territoire andalou.<\/p>\t\t\t\t\t\t\t\t<\/div>\n\t\t\t\t\t<\/div>\n\t\t<\/div>\n\t\t\t\t\t<\/div>\n\t\t<\/section>\n\t\t<div class=\"elementor-element elementor-element-e3e73f5 e-flex e-con-boxed e-con e-parent\" data-id=\"e3e73f5\" data-element_type=\"container\" data-e-type=\"container\" data-settings=\"{&quot;_ha_eqh_enable&quot;:false}\">\n\t\t\t\t\t<div class=\"e-con-inner\">\n\t\t\t\t<div class=\"elementor-element elementor-element-7e54cef elementor-widget elementor-widget-heading\" data-id=\"7e54cef\" data-element_type=\"widget\" data-e-type=\"widget\" data-widget_type=\"heading.default\">\n\t\t\t\t\t<h2 class=\"elementor-heading-title elementor-size-default\">Une port\u00e9e mondiale, qui connecte le monde :<\/h2>\t\t\t\t<\/div>\n\t\t\t\t<div data-ha-element-link=\"{&quot;url&quot;:&quot;https:\\\/\\\/www.gpa.aero\\\/casos-de-exito\\\/&quot;,&quot;is_external&quot;:&quot;&quot;,&quot;nofollow&quot;:&quot;&quot;}\" style=\"cursor: pointer\" class=\"elementor-element elementor-element-21e6a6e elementor-widget elementor-widget-image\" data-id=\"21e6a6e\" data-element_type=\"widget\" data-e-type=\"widget\" data-widget_type=\"image.default\">\n\t\t\t\t\t\t\t\t\t\t\t\t\t\t\t<img decoding=\"async\" width=\"5617\" height=\"2464\" src=\"https:\/\/www.gpa.aero\/wp-content\/uploads\/2026\/03\/GPA-mapa-ok.svg\" class=\"attachment-large size-large wp-image-2657\" alt=\"carte du monde\" \/>\t\t\t\t\t\t\t\t\t\t\t\t\t\t\t<\/div>\n\t\t\t\t\t<\/div>\n\t\t\t\t<\/div>\n\t\t\t\t<\/div>\n\t\t","protected":false},"excerpt":{"rendered":"<p>BREF Description du projet : La Junta de Andaluc\u00eda devait renforcer la connectivit\u00e9 a\u00e9rienne de ses six a\u00e9roports afin d&rsquo;am\u00e9liorer l&rsquo;accessibilit\u00e9, la [&hellip;]<\/p>\n","protected":false},"author":1,"featured_media":2770,"parent":3763,"menu_order":0,"comment_status":"closed","ping_status":"closed","template":"","meta":{"footnotes":""},"class_list":["post-3693","page","type-page","status-publish","has-post-thumbnail","hentry"],"yoast_head":"<!-- This site is optimized with the Yoast SEO plugin v27.1.1 - https:\/\/yoast.com\/product\/yoast-seo-wordpress\/ -->\n<title>Strat\u00e9gie de connectivit\u00e9 a\u00e9rienne pour l&#039;Andalousie - GPA<\/title>\n<meta name=\"description\" content=\"Plan strat\u00e9gique visant \u00e0 renforcer la connectivit\u00e9 a\u00e9rienne de l&#039;Andalousie, \u00e0 stimuler les routes, le tourisme et la collaboration public-priv\u00e9 dans six a\u00e9roports.\" \/>\n<meta name=\"robots\" content=\"index, follow, max-snippet:-1, max-image-preview:large, max-video-preview:-1\" \/>\n<link rel=\"canonical\" href=\"https:\/\/www.gpa.aero\/fr\/histoires-de-reussite\/strategie-de-connectivite-aerienne-pour-landalousie\/\" \/>\n<meta property=\"og:locale\" content=\"fr_FR\" \/>\n<meta property=\"og:type\" content=\"article\" \/>\n<meta property=\"og:title\" content=\"Strat\u00e9gie de connectivit\u00e9 a\u00e9rienne pour l&#039;Andalousie - GPA\" \/>\n<meta property=\"og:description\" content=\"Plan strat\u00e9gique visant \u00e0 renforcer la connectivit\u00e9 a\u00e9rienne de l&#039;Andalousie, \u00e0 stimuler les routes, le tourisme et la collaboration public-priv\u00e9 dans six a\u00e9roports.\" \/>\n<meta property=\"og:url\" content=\"https:\/\/www.gpa.aero\/fr\/histoires-de-reussite\/strategie-de-connectivite-aerienne-pour-landalousie\/\" \/>\n<meta property=\"og:site_name\" content=\"GPA\" \/>\n<meta property=\"article:modified_time\" content=\"2026-03-13T13:08:13+00:00\" \/>\n<meta property=\"og:image\" content=\"https:\/\/www.gpa.aero\/wp-content\/uploads\/2026\/02\/ss-estrategia-conectividad-aerea-andalucia.png\" \/>\n\t<meta property=\"og:image:width\" content=\"740\" \/>\n\t<meta property=\"og:image:height\" content=\"782\" \/>\n\t<meta property=\"og:image:type\" content=\"image\/png\" \/>\n<meta name=\"twitter:card\" content=\"summary_large_image\" \/>\n<meta name=\"twitter:label1\" content=\"Dur\u00e9e de lecture estim\u00e9e\" \/>\n\t<meta name=\"twitter:data1\" content=\"2 minutes\" \/>\n<script type=\"application\/ld+json\" class=\"yoast-schema-graph\">{\"@context\":\"https:\/\/schema.org\",\"@graph\":[{\"@type\":\"WebPage\",\"@id\":\"https:\/\/www.gpa.aero\/fr\/histoires-de-reussite\/strategie-de-connectivite-aerienne-pour-landalousie\/\",\"url\":\"https:\/\/www.gpa.aero\/fr\/histoires-de-reussite\/strategie-de-connectivite-aerienne-pour-landalousie\/\",\"name\":\"Strat\u00e9gie de connectivit\u00e9 a\u00e9rienne pour l'Andalousie - GPA\",\"isPartOf\":{\"@id\":\"https:\/\/www.gpa.aero\/fr\/#website\"},\"primaryImageOfPage\":{\"@id\":\"https:\/\/www.gpa.aero\/fr\/histoires-de-reussite\/strategie-de-connectivite-aerienne-pour-landalousie\/#primaryimage\"},\"image\":{\"@id\":\"https:\/\/www.gpa.aero\/fr\/histoires-de-reussite\/strategie-de-connectivite-aerienne-pour-landalousie\/#primaryimage\"},\"thumbnailUrl\":\"https:\/\/www.gpa.aero\/wp-content\/uploads\/2026\/02\/ss-estrategia-conectividad-aerea-andalucia.png\",\"datePublished\":\"2026-03-13T06:00:23+00:00\",\"dateModified\":\"2026-03-13T13:08:13+00:00\",\"description\":\"Plan strat\u00e9gique visant \u00e0 renforcer la connectivit\u00e9 a\u00e9rienne de l'Andalousie, \u00e0 stimuler les routes, le tourisme et la collaboration public-priv\u00e9 dans six a\u00e9roports.\",\"breadcrumb\":{\"@id\":\"https:\/\/www.gpa.aero\/fr\/histoires-de-reussite\/strategie-de-connectivite-aerienne-pour-landalousie\/#breadcrumb\"},\"inLanguage\":\"fr-FR\",\"potentialAction\":[{\"@type\":\"ReadAction\",\"target\":[\"https:\/\/www.gpa.aero\/fr\/histoires-de-reussite\/strategie-de-connectivite-aerienne-pour-landalousie\/\"]}]},{\"@type\":\"ImageObject\",\"inLanguage\":\"fr-FR\",\"@id\":\"https:\/\/www.gpa.aero\/fr\/histoires-de-reussite\/strategie-de-connectivite-aerienne-pour-landalousie\/#primaryimage\",\"url\":\"https:\/\/www.gpa.aero\/wp-content\/uploads\/2026\/02\/ss-estrategia-conectividad-aerea-andalucia.png\",\"contentUrl\":\"https:\/\/www.gpa.aero\/wp-content\/uploads\/2026\/02\/ss-estrategia-conectividad-aerea-andalucia.png\",\"width\":740,\"height\":782},{\"@type\":\"BreadcrumbList\",\"@id\":\"https:\/\/www.gpa.aero\/fr\/histoires-de-reussite\/strategie-de-connectivite-aerienne-pour-landalousie\/#breadcrumb\",\"itemListElement\":[{\"@type\":\"ListItem\",\"position\":1,\"name\":\"Home\",\"item\":\"https:\/\/www.gpa.aero\/fr\/\"},{\"@type\":\"ListItem\",\"position\":2,\"name\":\"Histoires de r\u00e9ussite\",\"item\":\"https:\/\/www.gpa.aero\/fr\/histoires-de-reussite\/\"},{\"@type\":\"ListItem\",\"position\":3,\"name\":\"Strat\u00e9gie de connectivit\u00e9 a\u00e9rienne pour l&#8217;Andalousie\"}]},{\"@type\":\"WebSite\",\"@id\":\"https:\/\/www.gpa.aero\/fr\/#website\",\"url\":\"https:\/\/www.gpa.aero\/fr\/\",\"name\":\"GPA\",\"description\":\"\",\"potentialAction\":[{\"@type\":\"SearchAction\",\"target\":{\"@type\":\"EntryPoint\",\"urlTemplate\":\"https:\/\/www.gpa.aero\/fr\/?s={search_term_string}\"},\"query-input\":{\"@type\":\"PropertyValueSpecification\",\"valueRequired\":true,\"valueName\":\"search_term_string\"}}],\"inLanguage\":\"fr-FR\"}]}<\/script>\n<!-- \/ Yoast SEO plugin. -->","yoast_head_json":{"title":"Strat\u00e9gie de connectivit\u00e9 a\u00e9rienne pour l'Andalousie - GPA","description":"Plan strat\u00e9gique visant \u00e0 renforcer la connectivit\u00e9 a\u00e9rienne de l'Andalousie, \u00e0 stimuler les routes, le tourisme et la collaboration public-priv\u00e9 dans six a\u00e9roports.","robots":{"index":"index","follow":"follow","max-snippet":"max-snippet:-1","max-image-preview":"max-image-preview:large","max-video-preview":"max-video-preview:-1"},"canonical":"https:\/\/www.gpa.aero\/fr\/histoires-de-reussite\/strategie-de-connectivite-aerienne-pour-landalousie\/","og_locale":"fr_FR","og_type":"article","og_title":"Strat\u00e9gie de connectivit\u00e9 a\u00e9rienne pour l'Andalousie - GPA","og_description":"Plan strat\u00e9gique visant \u00e0 renforcer la connectivit\u00e9 a\u00e9rienne de l'Andalousie, \u00e0 stimuler les routes, le tourisme et la collaboration public-priv\u00e9 dans six a\u00e9roports.","og_url":"https:\/\/www.gpa.aero\/fr\/histoires-de-reussite\/strategie-de-connectivite-aerienne-pour-landalousie\/","og_site_name":"GPA","article_modified_time":"2026-03-13T13:08:13+00:00","og_image":[{"width":740,"height":782,"url":"https:\/\/www.gpa.aero\/wp-content\/uploads\/2026\/02\/ss-estrategia-conectividad-aerea-andalucia.png","type":"image\/png"}],"twitter_card":"summary_large_image","twitter_misc":{"Dur\u00e9e de lecture estim\u00e9e":"2 minutes"},"schema":{"@context":"https:\/\/schema.org","@graph":[{"@type":"WebPage","@id":"https:\/\/www.gpa.aero\/fr\/histoires-de-reussite\/strategie-de-connectivite-aerienne-pour-landalousie\/","url":"https:\/\/www.gpa.aero\/fr\/histoires-de-reussite\/strategie-de-connectivite-aerienne-pour-landalousie\/","name":"Strat\u00e9gie de connectivit\u00e9 a\u00e9rienne pour l'Andalousie - GPA","isPartOf":{"@id":"https:\/\/www.gpa.aero\/fr\/#website"},"primaryImageOfPage":{"@id":"https:\/\/www.gpa.aero\/fr\/histoires-de-reussite\/strategie-de-connectivite-aerienne-pour-landalousie\/#primaryimage"},"image":{"@id":"https:\/\/www.gpa.aero\/fr\/histoires-de-reussite\/strategie-de-connectivite-aerienne-pour-landalousie\/#primaryimage"},"thumbnailUrl":"https:\/\/www.gpa.aero\/wp-content\/uploads\/2026\/02\/ss-estrategia-conectividad-aerea-andalucia.png","datePublished":"2026-03-13T06:00:23+00:00","dateModified":"2026-03-13T13:08:13+00:00","description":"Plan strat\u00e9gique visant \u00e0 renforcer la connectivit\u00e9 a\u00e9rienne de l'Andalousie, \u00e0 stimuler les routes, le tourisme et la collaboration public-priv\u00e9 dans six a\u00e9roports.","breadcrumb":{"@id":"https:\/\/www.gpa.aero\/fr\/histoires-de-reussite\/strategie-de-connectivite-aerienne-pour-landalousie\/#breadcrumb"},"inLanguage":"fr-FR","potentialAction":[{"@type":"ReadAction","target":["https:\/\/www.gpa.aero\/fr\/histoires-de-reussite\/strategie-de-connectivite-aerienne-pour-landalousie\/"]}]},{"@type":"ImageObject","inLanguage":"fr-FR","@id":"https:\/\/www.gpa.aero\/fr\/histoires-de-reussite\/strategie-de-connectivite-aerienne-pour-landalousie\/#primaryimage","url":"https:\/\/www.gpa.aero\/wp-content\/uploads\/2026\/02\/ss-estrategia-conectividad-aerea-andalucia.png","contentUrl":"https:\/\/www.gpa.aero\/wp-content\/uploads\/2026\/02\/ss-estrategia-conectividad-aerea-andalucia.png","width":740,"height":782},{"@type":"BreadcrumbList","@id":"https:\/\/www.gpa.aero\/fr\/histoires-de-reussite\/strategie-de-connectivite-aerienne-pour-landalousie\/#breadcrumb","itemListElement":[{"@type":"ListItem","position":1,"name":"Home","item":"https:\/\/www.gpa.aero\/fr\/"},{"@type":"ListItem","position":2,"name":"Histoires de r\u00e9ussite","item":"https:\/\/www.gpa.aero\/fr\/histoires-de-reussite\/"},{"@type":"ListItem","position":3,"name":"Strat\u00e9gie de connectivit\u00e9 a\u00e9rienne pour l&#8217;Andalousie"}]},{"@type":"WebSite","@id":"https:\/\/www.gpa.aero\/fr\/#website","url":"https:\/\/www.gpa.aero\/fr\/","name":"GPA","description":"","potentialAction":[{"@type":"SearchAction","target":{"@type":"EntryPoint","urlTemplate":"https:\/\/www.gpa.aero\/fr\/?s={search_term_string}"},"query-input":{"@type":"PropertyValueSpecification","valueRequired":true,"valueName":"search_term_string"}}],"inLanguage":"fr-FR"}]}},"_links":{"self":[{"href":"https:\/\/www.gpa.aero\/fr\/wp-json\/wp\/v2\/pages\/3693","targetHints":{"allow":["GET"]}}],"collection":[{"href":"https:\/\/www.gpa.aero\/fr\/wp-json\/wp\/v2\/pages"}],"about":[{"href":"https:\/\/www.gpa.aero\/fr\/wp-json\/wp\/v2\/types\/page"}],"author":[{"embeddable":true,"href":"https:\/\/www.gpa.aero\/fr\/wp-json\/wp\/v2\/users\/1"}],"replies":[{"embeddable":true,"href":"https:\/\/www.gpa.aero\/fr\/wp-json\/wp\/v2\/comments?post=3693"}],"version-history":[{"count":1,"href":"https:\/\/www.gpa.aero\/fr\/wp-json\/wp\/v2\/pages\/3693\/revisions"}],"predecessor-version":[{"id":3694,"href":"https:\/\/www.gpa.aero\/fr\/wp-json\/wp\/v2\/pages\/3693\/revisions\/3694"}],"up":[{"embeddable":true,"href":"https:\/\/www.gpa.aero\/fr\/wp-json\/wp\/v2\/pages\/3763"}],"wp:featuredmedia":[{"embeddable":true,"href":"https:\/\/www.gpa.aero\/fr\/wp-json\/wp\/v2\/media\/2770"}],"wp:attachment":[{"href":"https:\/\/www.gpa.aero\/fr\/wp-json\/wp\/v2\/media?parent=3693"}],"curies":[{"name":"wp","href":"https:\/\/api.w.org\/{rel}","templated":true}]}}