{"id":3668,"date":"2026-03-13T06:14:30","date_gmt":"2026-03-13T06:14:30","guid":{"rendered":"https:\/\/www.gpa.aero\/developpement-de-liaisons-aeriennes-intercontinentales-a-barcelone\/"},"modified":"2026-03-13T11:29:58","modified_gmt":"2026-03-13T11:29:58","slug":"developpement-de-liaisons-aeriennes-intercontinentales-a-barcelone","status":"publish","type":"page","link":"https:\/\/www.gpa.aero\/fr\/histoires-de-reussite\/developpement-de-liaisons-aeriennes-intercontinentales-a-barcelone\/","title":{"rendered":"D\u00e9veloppement de liaisons a\u00e9riennes intercontinentales \u00e0 Barcelone"},"content":{"rendered":"\t\t<div data-elementor-type=\"wp-page\" data-elementor-id=\"3668\" class=\"elementor elementor-3668 elementor-3588\" data-elementor-settings=\"{&quot;ha_cmc_init_switcher&quot;:&quot;no&quot;,&quot;element_pack_global_tooltip_width&quot;:{&quot;unit&quot;:&quot;px&quot;,&quot;size&quot;:&quot;&quot;,&quot;sizes&quot;:[]},&quot;element_pack_global_tooltip_width_tablet&quot;:{&quot;unit&quot;:&quot;px&quot;,&quot;size&quot;:&quot;&quot;,&quot;sizes&quot;:[]},&quot;element_pack_global_tooltip_width_mobile&quot;:{&quot;unit&quot;:&quot;px&quot;,&quot;size&quot;:&quot;&quot;,&quot;sizes&quot;:[]},&quot;element_pack_global_tooltip_padding&quot;:{&quot;unit&quot;:&quot;px&quot;,&quot;top&quot;:&quot;&quot;,&quot;right&quot;:&quot;&quot;,&quot;bottom&quot;:&quot;&quot;,&quot;left&quot;:&quot;&quot;,&quot;isLinked&quot;:true},&quot;element_pack_global_tooltip_padding_tablet&quot;:{&quot;unit&quot;:&quot;px&quot;,&quot;top&quot;:&quot;&quot;,&quot;right&quot;:&quot;&quot;,&quot;bottom&quot;:&quot;&quot;,&quot;left&quot;:&quot;&quot;,&quot;isLinked&quot;:true},&quot;element_pack_global_tooltip_padding_mobile&quot;:{&quot;unit&quot;:&quot;px&quot;,&quot;top&quot;:&quot;&quot;,&quot;right&quot;:&quot;&quot;,&quot;bottom&quot;:&quot;&quot;,&quot;left&quot;:&quot;&quot;,&quot;isLinked&quot;:true},&quot;element_pack_global_tooltip_border_radius&quot;:{&quot;unit&quot;:&quot;px&quot;,&quot;top&quot;:&quot;&quot;,&quot;right&quot;:&quot;&quot;,&quot;bottom&quot;:&quot;&quot;,&quot;left&quot;:&quot;&quot;,&quot;isLinked&quot;:true},&quot;element_pack_global_tooltip_border_radius_tablet&quot;:{&quot;unit&quot;:&quot;px&quot;,&quot;top&quot;:&quot;&quot;,&quot;right&quot;:&quot;&quot;,&quot;bottom&quot;:&quot;&quot;,&quot;left&quot;:&quot;&quot;,&quot;isLinked&quot;:true},&quot;element_pack_global_tooltip_border_radius_mobile&quot;:{&quot;unit&quot;:&quot;px&quot;,&quot;top&quot;:&quot;&quot;,&quot;right&quot;:&quot;&quot;,&quot;bottom&quot;:&quot;&quot;,&quot;left&quot;:&quot;&quot;,&quot;isLinked&quot;:true}}\">\n\t\t\t\t\t\t<section class=\"elementor-section elementor-top-section elementor-element elementor-element-1226b06 elementor-section-boxed elementor-section-height-default elementor-section-height-default\" data-id=\"1226b06\" data-element_type=\"section\" data-e-type=\"section\" data-settings=\"{&quot;_ha_eqh_enable&quot;:false}\">\n\t\t\t\t\t\t<div class=\"elementor-container elementor-column-gap-default\">\n\t\t\t\t\t<div class=\"elementor-column elementor-col-50 elementor-top-column elementor-element elementor-element-c667c70\" data-id=\"c667c70\" data-element_type=\"column\" data-e-type=\"column\">\n\t\t\t<div class=\"elementor-widget-wrap elementor-element-populated\">\n\t\t\t\t\t\t<div class=\"elementor-element elementor-element-8aad9e2 elementor-widget elementor-widget-heading\" data-id=\"8aad9e2\" data-element_type=\"widget\" data-e-type=\"widget\" data-widget_type=\"heading.default\">\n\t\t\t\t\t<h6 class=\"elementor-heading-title elementor-size-default\">BREF<\/h6>\t\t\t\t<\/div>\n\t\t\t\t<div class=\"elementor-element elementor-element-d1c8cc1 elementor-widget elementor-widget-heading\" data-id=\"d1c8cc1\" data-element_type=\"widget\" data-e-type=\"widget\" data-widget_type=\"heading.default\">\n\t\t\t\t\t<h4 class=\"elementor-heading-title elementor-size-default\">Description du projet :<\/h4>\t\t\t\t<\/div>\n\t\t\t\t<div class=\"elementor-element elementor-element-84c2f97 elementor-widget elementor-widget-text-editor\" data-id=\"84c2f97\" data-element_type=\"widget\" data-e-type=\"widget\" data-widget_type=\"text-editor.default\">\n\t\t\t\t\t\t\t\t\t<p>Le Comit\u00e9 de d\u00e9veloppement des routes a\u00e9riennes de Barcelone (BARDC &#8211; CDRA) a \u00e9t\u00e9 cr\u00e9\u00e9 en 2005 dans le but de promouvoir et de coordonner le d\u00e9veloppement de nouvelles routes intercontinentales \u00e0 partir de l&rsquo;a\u00e9roport de Barcelone. Promu par le gouvernement de Catalogne, le conseil municipal de Barcelone, la chambre de commerce de Barcelone et AENA, le comit\u00e9 a \u00e9t\u00e9 cr\u00e9\u00e9 pour aligner les efforts institutionnels en faveur de la connectivit\u00e9 a\u00e9rienne internationale de Barcelone. <\/p><p>Sa mission est de positionner l&rsquo;a\u00e9roport de Barcelone comme un hub europ\u00e9en de r\u00e9f\u00e9rence, d&rsquo;attirer de nouvelles liaisons long-courriers, de r\u00e9cup\u00e9rer des connexions strat\u00e9giques et de s&rsquo;assurer que le d\u00e9veloppement de l&rsquo;aviation contribue aux objectifs \u00e9conomiques, commerciaux et touristiques de la Catalogne.<\/p>\t\t\t\t\t\t\t\t<\/div>\n\t\t\t\t\t<\/div>\n\t\t<\/div>\n\t\t\t\t<div class=\"elementor-column elementor-col-50 elementor-top-column elementor-element elementor-element-a34c3be\" data-id=\"a34c3be\" data-element_type=\"column\" data-e-type=\"column\">\n\t\t\t<div class=\"elementor-widget-wrap elementor-element-populated\">\n\t\t\t\t\t\t<div class=\"elementor-element elementor-element-5d35718 elementor-widget elementor-widget-heading\" data-id=\"5d35718\" data-element_type=\"widget\" data-e-type=\"widget\" data-widget_type=\"heading.default\">\n\t\t\t\t\t<h6 class=\"elementor-heading-title elementor-size-default\">PROJET<\/h6>\t\t\t\t<\/div>\n\t\t\t\t<div class=\"elementor-element elementor-element-3c64510 elementor-widget elementor-widget-heading\" data-id=\"3c64510\" data-element_type=\"widget\" data-e-type=\"widget\" data-widget_type=\"heading.default\">\n\t\t\t\t\t<h4 class=\"elementor-heading-title elementor-size-default\">Stimuler la connectivit\u00e9 intercontinentale de Barcelone gr\u00e2ce \u00e0 une strat\u00e9gie ax\u00e9e sur les donn\u00e9es<\/h4>\t\t\t\t<\/div>\n\t\t\t\t<section class=\"elementor-section elementor-inner-section elementor-element elementor-element-6edb5ca elementor-section-boxed elementor-section-height-default elementor-section-height-default\" data-id=\"6edb5ca\" data-element_type=\"section\" data-e-type=\"section\" data-settings=\"{&quot;_ha_eqh_enable&quot;:false}\">\n\t\t\t\t\t\t<div class=\"elementor-container elementor-column-gap-default\">\n\t\t\t\t\t<div class=\"elementor-column elementor-col-33 elementor-inner-column elementor-element elementor-element-dc47c0b\" data-id=\"dc47c0b\" data-element_type=\"column\" data-e-type=\"column\">\n\t\t\t<div class=\"elementor-widget-wrap elementor-element-populated\">\n\t\t\t\t\t\t<div class=\"elementor-element elementor-element-270cb18 elementor-widget elementor-widget-heading\" data-id=\"270cb18\" data-element_type=\"widget\" data-e-type=\"widget\" data-widget_type=\"heading.default\">\n\t\t\t\t\t<h5 class=\"elementor-heading-title elementor-size-default\">Titre<\/h5>\t\t\t\t<\/div>\n\t\t\t\t<div class=\"elementor-element elementor-element-27b23eb elementor-widget elementor-widget-text-editor\" data-id=\"27b23eb\" data-element_type=\"widget\" data-e-type=\"widget\" data-widget_type=\"text-editor.default\">\n\t\t\t\t\t\t\t\t\t<p>Secr\u00e9taire technique du Comit\u00e9 de d\u00e9veloppement des routes a\u00e9riennes de Barcelone (CDRA)<\/p>\t\t\t\t\t\t\t\t<\/div>\n\t\t\t\t\t<\/div>\n\t\t<\/div>\n\t\t\t\t<div class=\"elementor-column elementor-col-33 elementor-inner-column elementor-element elementor-element-fff48e0\" data-id=\"fff48e0\" data-element_type=\"column\" data-e-type=\"column\">\n\t\t\t<div class=\"elementor-widget-wrap elementor-element-populated\">\n\t\t\t\t\t\t<div class=\"elementor-element elementor-element-80e4e8a elementor-widget elementor-widget-heading\" data-id=\"80e4e8a\" data-element_type=\"widget\" data-e-type=\"widget\" data-widget_type=\"heading.default\">\n\t\t\t\t\t<h5 class=\"elementor-heading-title elementor-size-default\">Client<\/h5>\t\t\t\t<\/div>\n\t\t\t\t<div class=\"elementor-element elementor-element-90cefbd elementor-widget elementor-widget-text-editor\" data-id=\"90cefbd\" data-element_type=\"widget\" data-e-type=\"widget\" data-widget_type=\"text-editor.default\">\n\t\t\t\t\t\t\t\t\t<p>Comit\u00e9 de d\u00e9veloppement des routes a\u00e9riennes de Barcelone (CDRA)<\/p>\t\t\t\t\t\t\t\t<\/div>\n\t\t\t\t\t<\/div>\n\t\t<\/div>\n\t\t\t\t<div class=\"elementor-column elementor-col-33 elementor-inner-column elementor-element elementor-element-4a8f918\" data-id=\"4a8f918\" data-element_type=\"column\" data-e-type=\"column\">\n\t\t\t<div class=\"elementor-widget-wrap elementor-element-populated\">\n\t\t\t\t\t\t<div class=\"elementor-element elementor-element-dadcb1c elementor-widget elementor-widget-heading\" data-id=\"dadcb1c\" data-element_type=\"widget\" data-e-type=\"widget\" data-widget_type=\"heading.default\">\n\t\t\t\t\t<h5 class=\"elementor-heading-title elementor-size-default\">M\u00e9t\u00e9o<\/h5>\t\t\t\t<\/div>\n\t\t\t\t<div class=\"elementor-element elementor-element-6688e3b elementor-widget elementor-widget-text-editor\" data-id=\"6688e3b\" data-element_type=\"widget\" data-e-type=\"widget\" data-widget_type=\"text-editor.default\">\n\t\t\t\t\t\t\t\t\t<p>2009 &#8211; aujourd&rsquo;hui<\/p>\t\t\t\t\t\t\t\t<\/div>\n\t\t\t\t\t<\/div>\n\t\t<\/div>\n\t\t\t\t\t<\/div>\n\t\t<\/section>\n\t\t\t\t\t<\/div>\n\t\t<\/div>\n\t\t\t\t\t<\/div>\n\t\t<\/section>\n\t\t\t\t<section class=\"elementor-section elementor-top-section elementor-element elementor-element-12b9f67 elementor-section-boxed elementor-section-height-default elementor-section-height-default\" data-id=\"12b9f67\" data-element_type=\"section\" data-e-type=\"section\" data-settings=\"{&quot;_ha_eqh_enable&quot;:false}\">\n\t\t\t\t\t\t<div class=\"elementor-container elementor-column-gap-default\">\n\t\t\t\t\t<div class=\"elementor-column elementor-col-50 elementor-top-column elementor-element elementor-element-f4aab8c\" data-id=\"f4aab8c\" data-element_type=\"column\" data-e-type=\"column\">\n\t\t\t<div class=\"elementor-widget-wrap elementor-element-populated\">\n\t\t\t\t\t\t<div class=\"elementor-element elementor-element-c71cb44 elementor-widget elementor-widget-image\" data-id=\"c71cb44\" data-element_type=\"widget\" data-e-type=\"widget\" data-widget_type=\"image.default\">\n\t\t\t\t\t\t\t\t\t\t\t\t\t\t\t<img fetchpriority=\"high\" decoding=\"async\" width=\"728\" height=\"545\" src=\"https:\/\/www.gpa.aero\/wp-content\/uploads\/2020\/03\/Rectangulo-2@1.5x.png\" class=\"attachment-large size-large wp-image-3106\" alt=\"\" srcset=\"https:\/\/www.gpa.aero\/wp-content\/uploads\/2020\/03\/Rectangulo-2@1.5x.png 728w, https:\/\/www.gpa.aero\/wp-content\/uploads\/2020\/03\/Rectangulo-2@1.5x-300x225.png 300w, https:\/\/www.gpa.aero\/wp-content\/uploads\/2020\/03\/Rectangulo-2@1.5x-650x487.png 650w\" sizes=\"(max-width: 728px) 100vw, 728px\" \/>\t\t\t\t\t\t\t\t\t\t\t\t\t\t\t<\/div>\n\t\t\t\t\t<\/div>\n\t\t<\/div>\n\t\t\t\t<div class=\"elementor-column elementor-col-50 elementor-top-column elementor-element elementor-element-47846b0\" data-id=\"47846b0\" data-element_type=\"column\" data-e-type=\"column\">\n\t\t\t<div class=\"elementor-widget-wrap elementor-element-populated\">\n\t\t\t\t\t\t<div class=\"elementor-element elementor-element-a963268 elementor-widget elementor-widget-heading\" data-id=\"a963268\" data-element_type=\"widget\" data-e-type=\"widget\" data-widget_type=\"heading.default\">\n\t\t\t\t\t<h4 class=\"elementor-heading-title elementor-size-default\">M\u00e9thodologie GPA appliqu\u00e9e :<\/h4>\t\t\t\t<\/div>\n\t\t\t\t<div class=\"elementor-element elementor-element-d822f86 elementor-widget elementor-widget-text-editor\" data-id=\"d822f86\" data-element_type=\"widget\" data-e-type=\"widget\" data-widget_type=\"text-editor.default\">\n\t\t\t\t\t\t\t\t\t<p>Depuis sa cr\u00e9ation, GPA fait office de secr\u00e9tariat technique de la CDRA et lui apporte un soutien strat\u00e9gique, analytique et op\u00e9rationnel permanent. GPA pr\u00e9pare des \u00e9tudes techniques et des analyses de rentabilit\u00e9 pour les nouvelles routes, en \u00e9valuant leur viabilit\u00e9 financi\u00e8re, op\u00e9rationnelle et commerciale, et entretient des relations directes et permanentes avec les compagnies a\u00e9riennes et les a\u00e9roports du monde entier.   <\/p><p>Il coordonne \u00e9galement les agendas strat\u00e9giques et commerciaux, organise des missions institutionnelles et des \u00e9v\u00e9nements sectoriels, et dirige l&rsquo;\u00e9laboration du plan strat\u00e9gique du CDRA, qui est mis \u00e0 jour tous les quatre ans. Ce plan identifie les routes prioritaires de passagers et de fret \u00e0 r\u00e9cup\u00e9rer ou \u00e0 d\u00e9velopper, et d\u00e9finit les actions n\u00e9cessaires pour y parvenir. GPA a \u00e9galement d\u00e9velopp\u00e9 des outils de veille strat\u00e9gique avanc\u00e9s, tels qu&rsquo;un tableau de bord Power BI avec des indicateurs cl\u00e9s de performance pour soutenir la prise de d\u00e9cision bas\u00e9e sur les donn\u00e9es.  <\/p>\t\t\t\t\t\t\t\t<\/div>\n\t\t\t\t\t<\/div>\n\t\t<\/div>\n\t\t\t\t\t<\/div>\n\t\t<\/section>\n\t\t<div class=\"elementor-element elementor-element-e784b3a e-flex e-con-boxed e-con e-parent\" data-id=\"e784b3a\" data-element_type=\"container\" data-e-type=\"container\" data-settings=\"{&quot;_ha_eqh_enable&quot;:false}\">\n\t\t\t\t\t<div class=\"e-con-inner\">\n\t\t\t\t<div class=\"elementor-element elementor-element-51331ab elementor-widget elementor-widget-image\" data-id=\"51331ab\" data-element_type=\"widget\" data-e-type=\"widget\" data-widget_type=\"image.default\">\n\t\t\t\t\t\t\t\t\t\t\t\t\t\t\t<img decoding=\"async\" width=\"1000\" height=\"462\" src=\"https:\/\/www.gpa.aero\/wp-content\/uploads\/2020\/03\/Rectangulo-1024x473.png\" class=\"attachment-large size-large wp-image-3107\" alt=\"\" srcset=\"https:\/\/www.gpa.aero\/wp-content\/uploads\/2020\/03\/Rectangulo-1024x473.png 1024w, https:\/\/www.gpa.aero\/wp-content\/uploads\/2020\/03\/Rectangulo-300x139.png 300w, https:\/\/www.gpa.aero\/wp-content\/uploads\/2020\/03\/Rectangulo-768x355.png 768w, https:\/\/www.gpa.aero\/wp-content\/uploads\/2020\/03\/Rectangulo-650x300.png 650w, https:\/\/www.gpa.aero\/wp-content\/uploads\/2020\/03\/Rectangulo.png 1150w\" sizes=\"(max-width: 1000px) 100vw, 1000px\" \/>\t\t\t\t\t\t\t\t\t\t\t\t\t\t\t<\/div>\n\t\t\t\t\t<\/div>\n\t\t\t\t<\/div>\n\t\t\t\t<section class=\"elementor-section elementor-top-section elementor-element elementor-element-c0dcb95 elementor-section-boxed elementor-section-height-default elementor-section-height-default\" data-id=\"c0dcb95\" data-element_type=\"section\" data-e-type=\"section\" data-settings=\"{&quot;_ha_eqh_enable&quot;:false}\">\n\t\t\t\t\t\t<div class=\"elementor-container elementor-column-gap-default\">\n\t\t\t\t\t<div class=\"elementor-column elementor-col-66 elementor-top-column elementor-element elementor-element-7d4dbef\" data-id=\"7d4dbef\" data-element_type=\"column\" data-e-type=\"column\">\n\t\t\t<div class=\"elementor-widget-wrap elementor-element-populated\">\n\t\t\t\t\t\t<div class=\"elementor-element elementor-element-ea65a9b elementor-widget elementor-widget-heading\" data-id=\"ea65a9b\" data-element_type=\"widget\" data-e-type=\"widget\" data-widget_type=\"heading.default\">\n\t\t\t\t\t<h4 class=\"elementor-heading-title elementor-size-default\">R\u00e9sultats du projet <br>:<\/h4>\t\t\t\t<\/div>\n\t\t\t\t\t<\/div>\n\t\t<\/div>\n\t\t\t\t<div class=\"elementor-column elementor-col-33 elementor-top-column elementor-element elementor-element-1d1401a\" data-id=\"1d1401a\" data-element_type=\"column\" data-e-type=\"column\">\n\t\t\t<div class=\"elementor-widget-wrap elementor-element-populated\">\n\t\t\t\t\t\t<div class=\"elementor-element elementor-element-fb773c8 elementor-widget__width-initial elementor-widget elementor-widget-text-editor\" data-id=\"fb773c8\" data-element_type=\"widget\" data-e-type=\"widget\" data-widget_type=\"text-editor.default\">\n\t\t\t\t\t\t\t\t\t<p>Le CDRA s&rsquo;est impos\u00e9 comme un mod\u00e8le de r\u00e9f\u00e9rence pour la coop\u00e9ration institutionnelle en Espagne et en Europe. Gr\u00e2ce au soutien technique \u00e0 long terme de GPA, le Comit\u00e9 a contribu\u00e9 \u00e0 multiplier par cinq le trafic intercontinental de passagers \u00e0 l&rsquo;a\u00e9roport de Barcelone, attirant de nouvelles compagnies a\u00e9riennes et de nouveaux itin\u00e9raires long-courriers, et renfor\u00e7ant la visibilit\u00e9 mondiale de Barcelone comme l&rsquo;un des a\u00e9roports les plus dynamiques d&rsquo;Europe en termes de connectivit\u00e9 internationale et de d\u00e9veloppement \u00e9conomique. <\/p>\t\t\t\t\t\t\t\t<\/div>\n\t\t\t\t\t<\/div>\n\t\t<\/div>\n\t\t\t\t\t<\/div>\n\t\t<\/section>\n\t\t<div class=\"elementor-element elementor-element-c06b158 e-flex e-con-boxed e-con e-parent\" data-id=\"c06b158\" data-element_type=\"container\" data-e-type=\"container\" data-settings=\"{&quot;_ha_eqh_enable&quot;:false}\">\n\t\t\t\t\t<div class=\"e-con-inner\">\n\t\t\t\t<div class=\"elementor-element elementor-element-4cbaaf6 elementor-widget elementor-widget-heading\" data-id=\"4cbaaf6\" data-element_type=\"widget\" data-e-type=\"widget\" data-widget_type=\"heading.default\">\n\t\t\t\t\t<h2 class=\"elementor-heading-title elementor-size-default\">Une port\u00e9e mondiale, qui connecte le monde :<\/h2>\t\t\t\t<\/div>\n\t\t\t\t<div data-ha-element-link=\"{&quot;url&quot;:&quot;https:\\\/\\\/www.gpa.aero\\\/clientes\\\/&quot;,&quot;is_external&quot;:&quot;&quot;,&quot;nofollow&quot;:&quot;&quot;}\" style=\"cursor: pointer\" class=\"elementor-element elementor-element-3b02719 elementor-widget elementor-widget-image\" data-id=\"3b02719\" data-element_type=\"widget\" data-e-type=\"widget\" data-widget_type=\"image.default\">\n\t\t\t\t\t\t\t\t\t\t\t\t\t\t\t<img decoding=\"async\" width=\"5617\" height=\"2464\" src=\"https:\/\/www.gpa.aero\/wp-content\/uploads\/2026\/03\/GPA-mapa-ok.svg\" class=\"attachment-large size-large wp-image-2657\" alt=\"carte du monde\" \/>\t\t\t\t\t\t\t\t\t\t\t\t\t\t\t<\/div>\n\t\t\t\t\t<\/div>\n\t\t\t\t<\/div>\n\t\t\t\t<\/div>\n\t\t","protected":false},"excerpt":{"rendered":"<p>BREF Description du projet : Le Comit\u00e9 de d\u00e9veloppement des routes a\u00e9riennes de Barcelone (BARDC &#8211; CDRA) a \u00e9t\u00e9 cr\u00e9\u00e9 en 2005 [&hellip;]<\/p>\n","protected":false},"author":1,"featured_media":2939,"parent":3763,"menu_order":0,"comment_status":"closed","ping_status":"closed","template":"","meta":{"footnotes":""},"class_list":["post-3668","page","type-page","status-publish","has-post-thumbnail","hentry"],"yoast_head":"<!-- This site is optimized with the Yoast SEO plugin v27.1.1 - https:\/\/yoast.com\/product\/yoast-seo-wordpress\/ -->\n<title>D\u00e9veloppement de liaisons a\u00e9riennes intercontinentales \u00e0 Barcelone<\/title>\n<meta name=\"description\" content=\"Strat\u00e9gie visant \u00e0 promouvoir les liaisons intercontinentales au d\u00e9part de Barcelone et \u00e0 renforcer sa position en tant que plaque tournante a\u00e9rienne internationale.\" \/>\n<meta name=\"robots\" content=\"index, follow, max-snippet:-1, max-image-preview:large, max-video-preview:-1\" \/>\n<link rel=\"canonical\" href=\"https:\/\/www.gpa.aero\/fr\/histoires-de-reussite\/developpement-de-liaisons-aeriennes-intercontinentales-a-barcelone\/\" \/>\n<meta property=\"og:locale\" content=\"fr_FR\" \/>\n<meta property=\"og:type\" content=\"article\" \/>\n<meta property=\"og:title\" content=\"D\u00e9veloppement de liaisons a\u00e9riennes intercontinentales \u00e0 Barcelone\" \/>\n<meta property=\"og:description\" content=\"Strat\u00e9gie visant \u00e0 promouvoir les liaisons intercontinentales au d\u00e9part de Barcelone et \u00e0 renforcer sa position en tant que plaque tournante a\u00e9rienne internationale.\" \/>\n<meta property=\"og:url\" content=\"https:\/\/www.gpa.aero\/fr\/histoires-de-reussite\/developpement-de-liaisons-aeriennes-intercontinentales-a-barcelone\/\" \/>\n<meta property=\"og:site_name\" content=\"GPA\" \/>\n<meta property=\"article:modified_time\" content=\"2026-03-13T11:29:58+00:00\" \/>\n<meta property=\"og:image\" content=\"https:\/\/www.gpa.aero\/wp-content\/uploads\/2026\/02\/ss-desarrollo-rutas-aereas-intercontinentales-barcelona.png\" \/>\n\t<meta property=\"og:image:width\" content=\"740\" \/>\n\t<meta property=\"og:image:height\" content=\"782\" \/>\n\t<meta property=\"og:image:type\" content=\"image\/png\" \/>\n<meta name=\"twitter:card\" content=\"summary_large_image\" \/>\n<meta name=\"twitter:label1\" content=\"Dur\u00e9e de lecture estim\u00e9e\" \/>\n\t<meta name=\"twitter:data1\" content=\"3 minutes\" \/>\n<script type=\"application\/ld+json\" class=\"yoast-schema-graph\">{\"@context\":\"https:\/\/schema.org\",\"@graph\":[{\"@type\":\"WebPage\",\"@id\":\"https:\/\/www.gpa.aero\/fr\/histoires-de-reussite\/developpement-de-liaisons-aeriennes-intercontinentales-a-barcelone\/\",\"url\":\"https:\/\/www.gpa.aero\/fr\/histoires-de-reussite\/developpement-de-liaisons-aeriennes-intercontinentales-a-barcelone\/\",\"name\":\"D\u00e9veloppement de liaisons a\u00e9riennes intercontinentales \u00e0 Barcelone\",\"isPartOf\":{\"@id\":\"https:\/\/www.gpa.aero\/fr\/#website\"},\"primaryImageOfPage\":{\"@id\":\"https:\/\/www.gpa.aero\/fr\/histoires-de-reussite\/developpement-de-liaisons-aeriennes-intercontinentales-a-barcelone\/#primaryimage\"},\"image\":{\"@id\":\"https:\/\/www.gpa.aero\/fr\/histoires-de-reussite\/developpement-de-liaisons-aeriennes-intercontinentales-a-barcelone\/#primaryimage\"},\"thumbnailUrl\":\"https:\/\/www.gpa.aero\/wp-content\/uploads\/2026\/02\/ss-desarrollo-rutas-aereas-intercontinentales-barcelona.png\",\"datePublished\":\"2026-03-13T06:14:30+00:00\",\"dateModified\":\"2026-03-13T11:29:58+00:00\",\"description\":\"Strat\u00e9gie visant \u00e0 promouvoir les liaisons intercontinentales au d\u00e9part de Barcelone et \u00e0 renforcer sa position en tant que plaque tournante a\u00e9rienne internationale.\",\"breadcrumb\":{\"@id\":\"https:\/\/www.gpa.aero\/fr\/histoires-de-reussite\/developpement-de-liaisons-aeriennes-intercontinentales-a-barcelone\/#breadcrumb\"},\"inLanguage\":\"fr-FR\",\"potentialAction\":[{\"@type\":\"ReadAction\",\"target\":[\"https:\/\/www.gpa.aero\/fr\/histoires-de-reussite\/developpement-de-liaisons-aeriennes-intercontinentales-a-barcelone\/\"]}]},{\"@type\":\"ImageObject\",\"inLanguage\":\"fr-FR\",\"@id\":\"https:\/\/www.gpa.aero\/fr\/histoires-de-reussite\/developpement-de-liaisons-aeriennes-intercontinentales-a-barcelone\/#primaryimage\",\"url\":\"https:\/\/www.gpa.aero\/wp-content\/uploads\/2026\/02\/ss-desarrollo-rutas-aereas-intercontinentales-barcelona.png\",\"contentUrl\":\"https:\/\/www.gpa.aero\/wp-content\/uploads\/2026\/02\/ss-desarrollo-rutas-aereas-intercontinentales-barcelona.png\",\"width\":740,\"height\":782},{\"@type\":\"BreadcrumbList\",\"@id\":\"https:\/\/www.gpa.aero\/fr\/histoires-de-reussite\/developpement-de-liaisons-aeriennes-intercontinentales-a-barcelone\/#breadcrumb\",\"itemListElement\":[{\"@type\":\"ListItem\",\"position\":1,\"name\":\"Home\",\"item\":\"https:\/\/www.gpa.aero\/fr\/\"},{\"@type\":\"ListItem\",\"position\":2,\"name\":\"Histoires de r\u00e9ussite\",\"item\":\"https:\/\/www.gpa.aero\/fr\/histoires-de-reussite\/\"},{\"@type\":\"ListItem\",\"position\":3,\"name\":\"D\u00e9veloppement de liaisons a\u00e9riennes intercontinentales \u00e0 Barcelone\"}]},{\"@type\":\"WebSite\",\"@id\":\"https:\/\/www.gpa.aero\/fr\/#website\",\"url\":\"https:\/\/www.gpa.aero\/fr\/\",\"name\":\"GPA\",\"description\":\"\",\"potentialAction\":[{\"@type\":\"SearchAction\",\"target\":{\"@type\":\"EntryPoint\",\"urlTemplate\":\"https:\/\/www.gpa.aero\/fr\/?s={search_term_string}\"},\"query-input\":{\"@type\":\"PropertyValueSpecification\",\"valueRequired\":true,\"valueName\":\"search_term_string\"}}],\"inLanguage\":\"fr-FR\"}]}<\/script>\n<!-- \/ Yoast SEO plugin. -->","yoast_head_json":{"title":"D\u00e9veloppement de liaisons a\u00e9riennes intercontinentales \u00e0 Barcelone","description":"Strat\u00e9gie visant \u00e0 promouvoir les liaisons intercontinentales au d\u00e9part de Barcelone et \u00e0 renforcer sa position en tant que plaque tournante a\u00e9rienne internationale.","robots":{"index":"index","follow":"follow","max-snippet":"max-snippet:-1","max-image-preview":"max-image-preview:large","max-video-preview":"max-video-preview:-1"},"canonical":"https:\/\/www.gpa.aero\/fr\/histoires-de-reussite\/developpement-de-liaisons-aeriennes-intercontinentales-a-barcelone\/","og_locale":"fr_FR","og_type":"article","og_title":"D\u00e9veloppement de liaisons a\u00e9riennes intercontinentales \u00e0 Barcelone","og_description":"Strat\u00e9gie visant \u00e0 promouvoir les liaisons intercontinentales au d\u00e9part de Barcelone et \u00e0 renforcer sa position en tant que plaque tournante a\u00e9rienne internationale.","og_url":"https:\/\/www.gpa.aero\/fr\/histoires-de-reussite\/developpement-de-liaisons-aeriennes-intercontinentales-a-barcelone\/","og_site_name":"GPA","article_modified_time":"2026-03-13T11:29:58+00:00","og_image":[{"width":740,"height":782,"url":"https:\/\/www.gpa.aero\/wp-content\/uploads\/2026\/02\/ss-desarrollo-rutas-aereas-intercontinentales-barcelona.png","type":"image\/png"}],"twitter_card":"summary_large_image","twitter_misc":{"Dur\u00e9e de lecture estim\u00e9e":"3 minutes"},"schema":{"@context":"https:\/\/schema.org","@graph":[{"@type":"WebPage","@id":"https:\/\/www.gpa.aero\/fr\/histoires-de-reussite\/developpement-de-liaisons-aeriennes-intercontinentales-a-barcelone\/","url":"https:\/\/www.gpa.aero\/fr\/histoires-de-reussite\/developpement-de-liaisons-aeriennes-intercontinentales-a-barcelone\/","name":"D\u00e9veloppement de liaisons a\u00e9riennes intercontinentales \u00e0 Barcelone","isPartOf":{"@id":"https:\/\/www.gpa.aero\/fr\/#website"},"primaryImageOfPage":{"@id":"https:\/\/www.gpa.aero\/fr\/histoires-de-reussite\/developpement-de-liaisons-aeriennes-intercontinentales-a-barcelone\/#primaryimage"},"image":{"@id":"https:\/\/www.gpa.aero\/fr\/histoires-de-reussite\/developpement-de-liaisons-aeriennes-intercontinentales-a-barcelone\/#primaryimage"},"thumbnailUrl":"https:\/\/www.gpa.aero\/wp-content\/uploads\/2026\/02\/ss-desarrollo-rutas-aereas-intercontinentales-barcelona.png","datePublished":"2026-03-13T06:14:30+00:00","dateModified":"2026-03-13T11:29:58+00:00","description":"Strat\u00e9gie visant \u00e0 promouvoir les liaisons intercontinentales au d\u00e9part de Barcelone et \u00e0 renforcer sa position en tant que plaque tournante a\u00e9rienne internationale.","breadcrumb":{"@id":"https:\/\/www.gpa.aero\/fr\/histoires-de-reussite\/developpement-de-liaisons-aeriennes-intercontinentales-a-barcelone\/#breadcrumb"},"inLanguage":"fr-FR","potentialAction":[{"@type":"ReadAction","target":["https:\/\/www.gpa.aero\/fr\/histoires-de-reussite\/developpement-de-liaisons-aeriennes-intercontinentales-a-barcelone\/"]}]},{"@type":"ImageObject","inLanguage":"fr-FR","@id":"https:\/\/www.gpa.aero\/fr\/histoires-de-reussite\/developpement-de-liaisons-aeriennes-intercontinentales-a-barcelone\/#primaryimage","url":"https:\/\/www.gpa.aero\/wp-content\/uploads\/2026\/02\/ss-desarrollo-rutas-aereas-intercontinentales-barcelona.png","contentUrl":"https:\/\/www.gpa.aero\/wp-content\/uploads\/2026\/02\/ss-desarrollo-rutas-aereas-intercontinentales-barcelona.png","width":740,"height":782},{"@type":"BreadcrumbList","@id":"https:\/\/www.gpa.aero\/fr\/histoires-de-reussite\/developpement-de-liaisons-aeriennes-intercontinentales-a-barcelone\/#breadcrumb","itemListElement":[{"@type":"ListItem","position":1,"name":"Home","item":"https:\/\/www.gpa.aero\/fr\/"},{"@type":"ListItem","position":2,"name":"Histoires de r\u00e9ussite","item":"https:\/\/www.gpa.aero\/fr\/histoires-de-reussite\/"},{"@type":"ListItem","position":3,"name":"D\u00e9veloppement de liaisons a\u00e9riennes intercontinentales \u00e0 Barcelone"}]},{"@type":"WebSite","@id":"https:\/\/www.gpa.aero\/fr\/#website","url":"https:\/\/www.gpa.aero\/fr\/","name":"GPA","description":"","potentialAction":[{"@type":"SearchAction","target":{"@type":"EntryPoint","urlTemplate":"https:\/\/www.gpa.aero\/fr\/?s={search_term_string}"},"query-input":{"@type":"PropertyValueSpecification","valueRequired":true,"valueName":"search_term_string"}}],"inLanguage":"fr-FR"}]}},"_links":{"self":[{"href":"https:\/\/www.gpa.aero\/fr\/wp-json\/wp\/v2\/pages\/3668","targetHints":{"allow":["GET"]}}],"collection":[{"href":"https:\/\/www.gpa.aero\/fr\/wp-json\/wp\/v2\/pages"}],"about":[{"href":"https:\/\/www.gpa.aero\/fr\/wp-json\/wp\/v2\/types\/page"}],"author":[{"embeddable":true,"href":"https:\/\/www.gpa.aero\/fr\/wp-json\/wp\/v2\/users\/1"}],"replies":[{"embeddable":true,"href":"https:\/\/www.gpa.aero\/fr\/wp-json\/wp\/v2\/comments?post=3668"}],"version-history":[{"count":7,"href":"https:\/\/www.gpa.aero\/fr\/wp-json\/wp\/v2\/pages\/3668\/revisions"}],"predecessor-version":[{"id":3681,"href":"https:\/\/www.gpa.aero\/fr\/wp-json\/wp\/v2\/pages\/3668\/revisions\/3681"}],"up":[{"embeddable":true,"href":"https:\/\/www.gpa.aero\/fr\/wp-json\/wp\/v2\/pages\/3763"}],"wp:featuredmedia":[{"embeddable":true,"href":"https:\/\/www.gpa.aero\/fr\/wp-json\/wp\/v2\/media\/2939"}],"wp:attachment":[{"href":"https:\/\/www.gpa.aero\/fr\/wp-json\/wp\/v2\/media?parent=3668"}],"curies":[{"name":"wp","href":"https:\/\/api.w.org\/{rel}","templated":true}]}}