{"id":3650,"date":"2026-03-13T06:12:32","date_gmt":"2026-03-13T06:12:32","guid":{"rendered":"https:\/\/www.gpa.aero\/analyse-de-la-concurrence-dans-le-transport-aerien-en-amerique-centrale\/"},"modified":"2026-03-13T11:27:54","modified_gmt":"2026-03-13T11:27:54","slug":"analyse-de-la-concurrence-dans-le-transport-aerien-en-amerique-centrale","status":"publish","type":"page","link":"https:\/\/www.gpa.aero\/fr\/histoires-de-reussite\/analyse-de-la-concurrence-dans-le-transport-aerien-en-amerique-centrale\/","title":{"rendered":"Analyse de la concurrence dans le transport a\u00e9rien en Am\u00e9rique centrale"},"content":{"rendered":"\t\t<div data-elementor-type=\"wp-page\" data-elementor-id=\"3650\" class=\"elementor elementor-3650 elementor-3585\" data-elementor-settings=\"{&quot;ha_cmc_init_switcher&quot;:&quot;no&quot;,&quot;element_pack_global_tooltip_width&quot;:{&quot;unit&quot;:&quot;px&quot;,&quot;size&quot;:&quot;&quot;,&quot;sizes&quot;:[]},&quot;element_pack_global_tooltip_width_tablet&quot;:{&quot;unit&quot;:&quot;px&quot;,&quot;size&quot;:&quot;&quot;,&quot;sizes&quot;:[]},&quot;element_pack_global_tooltip_width_mobile&quot;:{&quot;unit&quot;:&quot;px&quot;,&quot;size&quot;:&quot;&quot;,&quot;sizes&quot;:[]},&quot;element_pack_global_tooltip_padding&quot;:{&quot;unit&quot;:&quot;px&quot;,&quot;top&quot;:&quot;&quot;,&quot;right&quot;:&quot;&quot;,&quot;bottom&quot;:&quot;&quot;,&quot;left&quot;:&quot;&quot;,&quot;isLinked&quot;:true},&quot;element_pack_global_tooltip_padding_tablet&quot;:{&quot;unit&quot;:&quot;px&quot;,&quot;top&quot;:&quot;&quot;,&quot;right&quot;:&quot;&quot;,&quot;bottom&quot;:&quot;&quot;,&quot;left&quot;:&quot;&quot;,&quot;isLinked&quot;:true},&quot;element_pack_global_tooltip_padding_mobile&quot;:{&quot;unit&quot;:&quot;px&quot;,&quot;top&quot;:&quot;&quot;,&quot;right&quot;:&quot;&quot;,&quot;bottom&quot;:&quot;&quot;,&quot;left&quot;:&quot;&quot;,&quot;isLinked&quot;:true},&quot;element_pack_global_tooltip_border_radius&quot;:{&quot;unit&quot;:&quot;px&quot;,&quot;top&quot;:&quot;&quot;,&quot;right&quot;:&quot;&quot;,&quot;bottom&quot;:&quot;&quot;,&quot;left&quot;:&quot;&quot;,&quot;isLinked&quot;:true},&quot;element_pack_global_tooltip_border_radius_tablet&quot;:{&quot;unit&quot;:&quot;px&quot;,&quot;top&quot;:&quot;&quot;,&quot;right&quot;:&quot;&quot;,&quot;bottom&quot;:&quot;&quot;,&quot;left&quot;:&quot;&quot;,&quot;isLinked&quot;:true},&quot;element_pack_global_tooltip_border_radius_mobile&quot;:{&quot;unit&quot;:&quot;px&quot;,&quot;top&quot;:&quot;&quot;,&quot;right&quot;:&quot;&quot;,&quot;bottom&quot;:&quot;&quot;,&quot;left&quot;:&quot;&quot;,&quot;isLinked&quot;:true}}\">\n\t\t\t\t\t\t<section class=\"elementor-section elementor-top-section elementor-element elementor-element-82abcea elementor-section-boxed elementor-section-height-default elementor-section-height-default\" data-id=\"82abcea\" data-element_type=\"section\" data-e-type=\"section\" data-settings=\"{&quot;_ha_eqh_enable&quot;:false}\">\n\t\t\t\t\t\t<div class=\"elementor-container elementor-column-gap-default\">\n\t\t\t\t\t<div class=\"elementor-column elementor-col-50 elementor-top-column elementor-element elementor-element-4cb5603\" data-id=\"4cb5603\" data-element_type=\"column\" data-e-type=\"column\">\n\t\t\t<div class=\"elementor-widget-wrap elementor-element-populated\">\n\t\t\t\t\t\t<div class=\"elementor-element elementor-element-a13e912 elementor-widget elementor-widget-heading\" data-id=\"a13e912\" data-element_type=\"widget\" data-e-type=\"widget\" data-widget_type=\"heading.default\">\n\t\t\t\t\t<h6 class=\"elementor-heading-title elementor-size-default\">BREF<\/h6>\t\t\t\t<\/div>\n\t\t\t\t<div class=\"elementor-element elementor-element-c979bc9 elementor-widget elementor-widget-heading\" data-id=\"c979bc9\" data-element_type=\"widget\" data-e-type=\"widget\" data-widget_type=\"heading.default\">\n\t\t\t\t\t<h4 class=\"elementor-heading-title elementor-size-default\">Description du projet :<\/h4>\t\t\t\t<\/div>\n\t\t\t\t<div class=\"elementor-element elementor-element-d104729 elementor-widget elementor-widget-text-editor\" data-id=\"d104729\" data-element_type=\"widget\" data-e-type=\"widget\" data-widget_type=\"text-editor.default\">\n\t\t\t\t\t\t\t\t\t<p>RECAC, avec le financement de la Banque interam\u00e9ricaine de d\u00e9veloppement (BID), a demand\u00e9 un diagnostic complet des conditions de concurrence dans le transport a\u00e9rien de passagers en Am\u00e9rique centrale et en R\u00e9publique dominicaine. L&rsquo;objectif \u00e9tait d&rsquo;identifier les barri\u00e8res structurelles, r\u00e9glementaires et commerciales affectant la concurrence, la connectivit\u00e9 et l&rsquo;efficacit\u00e9, et de d\u00e9finir un cadre de politique publique applicable au niveau national avec une coh\u00e9rence r\u00e9gionale. <\/p>\t\t\t\t\t\t\t\t<\/div>\n\t\t\t\t\t<\/div>\n\t\t<\/div>\n\t\t\t\t<div class=\"elementor-column elementor-col-50 elementor-top-column elementor-element elementor-element-2540558\" data-id=\"2540558\" data-element_type=\"column\" data-e-type=\"column\">\n\t\t\t<div class=\"elementor-widget-wrap elementor-element-populated\">\n\t\t\t\t\t\t<div class=\"elementor-element elementor-element-7516a34 elementor-widget elementor-widget-heading\" data-id=\"7516a34\" data-element_type=\"widget\" data-e-type=\"widget\" data-widget_type=\"heading.default\">\n\t\t\t\t\t<h6 class=\"elementor-heading-title elementor-size-default\">PROJET<\/h6>\t\t\t\t<\/div>\n\t\t\t\t<div class=\"elementor-element elementor-element-0928949 elementor-widget elementor-widget-heading\" data-id=\"0928949\" data-element_type=\"widget\" data-e-type=\"widget\" data-widget_type=\"heading.default\">\n\t\t\t\t\t<h4 class=\"elementor-heading-title elementor-size-default\">Une analyse rigoureuse pour une concurrence a\u00e9rienne plus \u00e9quitable et plus efficace en Am\u00e9rique centrale.\n<\/h4>\t\t\t\t<\/div>\n\t\t\t\t<section class=\"elementor-section elementor-inner-section elementor-element elementor-element-c38b4a6 elementor-section-boxed elementor-section-height-default elementor-section-height-default\" data-id=\"c38b4a6\" data-element_type=\"section\" data-e-type=\"section\" data-settings=\"{&quot;_ha_eqh_enable&quot;:false}\">\n\t\t\t\t\t\t<div class=\"elementor-container elementor-column-gap-default\">\n\t\t\t\t\t<div class=\"elementor-column elementor-col-33 elementor-inner-column elementor-element elementor-element-0499c89\" data-id=\"0499c89\" data-element_type=\"column\" data-e-type=\"column\">\n\t\t\t<div class=\"elementor-widget-wrap elementor-element-populated\">\n\t\t\t\t\t\t<div class=\"elementor-element elementor-element-152987a elementor-widget elementor-widget-heading\" data-id=\"152987a\" data-element_type=\"widget\" data-e-type=\"widget\" data-widget_type=\"heading.default\">\n\t\t\t\t\t<h5 class=\"elementor-heading-title elementor-size-default\">Titre<\/h5>\t\t\t\t<\/div>\n\t\t\t\t<div class=\"elementor-element elementor-element-ab049b3 elementor-widget elementor-widget-text-editor\" data-id=\"ab049b3\" data-element_type=\"widget\" data-e-type=\"widget\" data-widget_type=\"text-editor.default\">\n\t\t\t\t\t\t\t\t\t<p><span style=\"font-weight: 400;\">Diagnostic des conditions de concurrence dans le transport a\u00e9rien de passagers dans la r\u00e9gion d&rsquo;Am\u00e9rique centrale et proposition d&rsquo;une politique publique nationale d\u00e9riv\u00e9e du diagnostic.<\/span><\/p>\t\t\t\t\t\t\t\t<\/div>\n\t\t\t\t\t<\/div>\n\t\t<\/div>\n\t\t\t\t<div class=\"elementor-column elementor-col-33 elementor-inner-column elementor-element elementor-element-588a6d7\" data-id=\"588a6d7\" data-element_type=\"column\" data-e-type=\"column\">\n\t\t\t<div class=\"elementor-widget-wrap elementor-element-populated\">\n\t\t\t\t\t\t<div class=\"elementor-element elementor-element-1551455 elementor-widget elementor-widget-heading\" data-id=\"1551455\" data-element_type=\"widget\" data-e-type=\"widget\" data-widget_type=\"heading.default\">\n\t\t\t\t\t<h5 class=\"elementor-heading-title elementor-size-default\">Client<\/h5>\t\t\t\t<\/div>\n\t\t\t\t<div class=\"elementor-element elementor-element-4d7ca92 elementor-widget elementor-widget-text-editor\" data-id=\"4d7ca92\" data-element_type=\"widget\" data-e-type=\"widget\" data-widget_type=\"text-editor.default\">\n\t\t\t\t\t\t\t\t\t<p>R\u00e9seau centram\u00e9ricain des autorit\u00e9s nationales de la concurrence (RECAC).<\/p>\t\t\t\t\t\t\t\t<\/div>\n\t\t\t\t\t<\/div>\n\t\t<\/div>\n\t\t\t\t<div class=\"elementor-column elementor-col-33 elementor-inner-column elementor-element elementor-element-27b0115\" data-id=\"27b0115\" data-element_type=\"column\" data-e-type=\"column\">\n\t\t\t<div class=\"elementor-widget-wrap elementor-element-populated\">\n\t\t\t\t\t\t<div class=\"elementor-element elementor-element-66b77cf elementor-widget elementor-widget-heading\" data-id=\"66b77cf\" data-element_type=\"widget\" data-e-type=\"widget\" data-widget_type=\"heading.default\">\n\t\t\t\t\t<h5 class=\"elementor-heading-title elementor-size-default\">M\u00e9t\u00e9o<\/h5>\t\t\t\t<\/div>\n\t\t\t\t<div class=\"elementor-element elementor-element-595f865 elementor-widget elementor-widget-text-editor\" data-id=\"595f865\" data-element_type=\"widget\" data-e-type=\"widget\" data-widget_type=\"text-editor.default\">\n\t\t\t\t\t\t\t\t\t<p>2020 &#8211; 2022<\/p>\t\t\t\t\t\t\t\t<\/div>\n\t\t\t\t\t<\/div>\n\t\t<\/div>\n\t\t\t\t\t<\/div>\n\t\t<\/section>\n\t\t\t\t\t<\/div>\n\t\t<\/div>\n\t\t\t\t\t<\/div>\n\t\t<\/section>\n\t\t\t\t<section class=\"elementor-section elementor-top-section elementor-element elementor-element-7c05ba3 elementor-section-boxed elementor-section-height-default elementor-section-height-default\" data-id=\"7c05ba3\" data-element_type=\"section\" data-e-type=\"section\" data-settings=\"{&quot;_ha_eqh_enable&quot;:false}\">\n\t\t\t\t\t\t<div class=\"elementor-container elementor-column-gap-default\">\n\t\t\t\t\t<div class=\"elementor-column elementor-col-50 elementor-top-column elementor-element elementor-element-815938d\" data-id=\"815938d\" data-element_type=\"column\" data-e-type=\"column\">\n\t\t\t<div class=\"elementor-widget-wrap elementor-element-populated\">\n\t\t\t\t\t\t<div class=\"elementor-element elementor-element-77d8051 elementor-widget elementor-widget-image\" data-id=\"77d8051\" data-element_type=\"widget\" data-e-type=\"widget\" data-widget_type=\"image.default\">\n\t\t\t\t\t\t\t\t\t\t\t\t\t\t\t<img fetchpriority=\"high\" decoding=\"async\" width=\"510\" height=\"341\" src=\"https:\/\/www.gpa.aero\/wp-content\/uploads\/2026\/02\/LOGO_RECAC.gif\" class=\"attachment-large size-large wp-image-3091\" alt=\"recac\" \/>\t\t\t\t\t\t\t\t\t\t\t\t\t\t\t<\/div>\n\t\t\t\t\t<\/div>\n\t\t<\/div>\n\t\t\t\t<div class=\"elementor-column elementor-col-50 elementor-top-column elementor-element elementor-element-f42b4e2\" data-id=\"f42b4e2\" data-element_type=\"column\" data-e-type=\"column\">\n\t\t\t<div class=\"elementor-widget-wrap elementor-element-populated\">\n\t\t\t\t\t\t<div class=\"elementor-element elementor-element-8a4f321 elementor-widget elementor-widget-heading\" data-id=\"8a4f321\" data-element_type=\"widget\" data-e-type=\"widget\" data-widget_type=\"heading.default\">\n\t\t\t\t\t<h4 class=\"elementor-heading-title elementor-size-default\">M\u00e9thodologie GPA appliqu\u00e9e :<\/h4>\t\t\t\t<\/div>\n\t\t\t\t<div class=\"elementor-element elementor-element-a8b017d elementor-widget elementor-widget-text-editor\" data-id=\"a8b017d\" data-element_type=\"widget\" data-e-type=\"widget\" data-widget_type=\"text-editor.default\">\n\t\t\t\t\t\t\t\t\t<p>GPA a men\u00e9 une analyse \u00e9conomique et r\u00e9glementaire structur\u00e9e au Costa Rica, au Salvador, au Honduras, au Nicaragua, au Panama et en R\u00e9publique dominicaine. Le diagnostic comprenait une analyse des cadres r\u00e9glementaires, des accords de services a\u00e9riens et du droit de la concurrence, ainsi que des \u00e9tudes d\u00e9taill\u00e9es de l&rsquo;offre, de la demande, de la structure du march\u00e9, de la concentration des routes, des alliances et des strat\u00e9gies de tarification. <\/p>\n<p>Sur la base de cette analyse, GPA a \u00e9valu\u00e9 la dynamique du pouvoir de march\u00e9 et son impact sur les tarifs et le bien-\u00eatre des consommateurs, et a \u00e9labor\u00e9 des recommandations strat\u00e9giques et un cadre politique harmonis\u00e9 avec des feuilles de route adaptables \u00e0 chaque autorit\u00e9 nationale.<\/p>\t\t\t\t\t\t\t\t<\/div>\n\t\t\t\t\t<\/div>\n\t\t<\/div>\n\t\t\t\t\t<\/div>\n\t\t<\/section>\n\t\t<div class=\"elementor-element elementor-element-afc428a e-flex e-con-boxed e-con e-parent\" data-id=\"afc428a\" data-element_type=\"container\" data-e-type=\"container\" data-settings=\"{&quot;_ha_eqh_enable&quot;:false}\">\n\t\t\t\t\t<div class=\"e-con-inner\">\n\t\t\t\t<div class=\"elementor-element elementor-element-e9b5d02 elementor-widget elementor-widget-image\" data-id=\"e9b5d02\" data-element_type=\"widget\" data-e-type=\"widget\" data-widget_type=\"image.default\">\n\t\t\t\t\t\t\t\t\t\t\t\t\t\t\t<img decoding=\"async\" width=\"830\" height=\"467\" src=\"https:\/\/www.gpa.aero\/wp-content\/uploads\/2026\/02\/Captura-1.png\" class=\"attachment-large size-large wp-image-3092\" alt=\"r\u00e9glementation des a\u00e9roports\" srcset=\"https:\/\/www.gpa.aero\/wp-content\/uploads\/2026\/02\/Captura-1.png 830w, https:\/\/www.gpa.aero\/wp-content\/uploads\/2026\/02\/Captura-1-300x169.png 300w, https:\/\/www.gpa.aero\/wp-content\/uploads\/2026\/02\/Captura-1-768x432.png 768w, https:\/\/www.gpa.aero\/wp-content\/uploads\/2026\/02\/Captura-1-650x366.png 650w\" sizes=\"(max-width: 830px) 100vw, 830px\" \/>\t\t\t\t\t\t\t\t\t\t\t\t\t\t\t<\/div>\n\t\t\t\t\t<\/div>\n\t\t\t\t<\/div>\n\t\t\t\t<section class=\"elementor-section elementor-top-section elementor-element elementor-element-adcd2f2 elementor-section-boxed elementor-section-height-default elementor-section-height-default\" data-id=\"adcd2f2\" data-element_type=\"section\" data-e-type=\"section\" data-settings=\"{&quot;_ha_eqh_enable&quot;:false}\">\n\t\t\t\t\t\t<div class=\"elementor-container elementor-column-gap-default\">\n\t\t\t\t\t<div class=\"elementor-column elementor-col-66 elementor-top-column elementor-element elementor-element-687a0fa\" data-id=\"687a0fa\" data-element_type=\"column\" data-e-type=\"column\">\n\t\t\t<div class=\"elementor-widget-wrap elementor-element-populated\">\n\t\t\t\t\t\t<div class=\"elementor-element elementor-element-1d668cb elementor-widget elementor-widget-heading\" data-id=\"1d668cb\" data-element_type=\"widget\" data-e-type=\"widget\" data-widget_type=\"heading.default\">\n\t\t\t\t\t<h4 class=\"elementor-heading-title elementor-size-default\">R\u00e9sultats du projet <br>:<\/h4>\t\t\t\t<\/div>\n\t\t\t\t\t<\/div>\n\t\t<\/div>\n\t\t\t\t<div class=\"elementor-column elementor-col-33 elementor-top-column elementor-element elementor-element-02fd4a6\" data-id=\"02fd4a6\" data-element_type=\"column\" data-e-type=\"column\">\n\t\t\t<div class=\"elementor-widget-wrap elementor-element-populated\">\n\t\t\t\t\t\t<div class=\"elementor-element elementor-element-043bebc elementor-widget__width-initial elementor-widget elementor-widget-text-editor\" data-id=\"043bebc\" data-element_type=\"widget\" data-e-type=\"widget\" data-widget_type=\"text-editor.default\">\n\t\t\t\t\t\t\t\t\t<p>Le projet a fourni une base analytique solide pour la politique de concurrence dans le transport a\u00e9rien de passagers, en renfor\u00e7ant la capacit\u00e9 r\u00e9glementaire et la coordination r\u00e9gionale. Le RECAC et les autorit\u00e9s nationales disposent d\u00e9sormais d&rsquo;une proposition de politique publique claire et fond\u00e9e sur des donn\u00e9es probantes pour favoriser une concurrence loyale, am\u00e9liorer l&rsquo;efficacit\u00e9 du march\u00e9 et soutenir une connectivit\u00e9 a\u00e9rienne durable. <\/p>\t\t\t\t\t\t\t\t<\/div>\n\t\t\t\t\t<\/div>\n\t\t<\/div>\n\t\t\t\t\t<\/div>\n\t\t<\/section>\n\t\t<div class=\"elementor-element elementor-element-e2565a2 e-flex e-con-boxed e-con e-parent\" data-id=\"e2565a2\" data-element_type=\"container\" data-e-type=\"container\" data-settings=\"{&quot;_ha_eqh_enable&quot;:false}\">\n\t\t\t\t\t<div class=\"e-con-inner\">\n\t\t\t\t<div class=\"elementor-element elementor-element-dd46115 elementor-widget elementor-widget-heading\" data-id=\"dd46115\" data-element_type=\"widget\" data-e-type=\"widget\" data-widget_type=\"heading.default\">\n\t\t\t\t\t<h2 class=\"elementor-heading-title elementor-size-default\">Une port\u00e9e mondiale, qui connecte le monde :<\/h2>\t\t\t\t<\/div>\n\t\t\t\t<div data-ha-element-link=\"{&quot;url&quot;:&quot;https:\\\/\\\/www.gpa.aero\\\/casos-de-exito\\\/&quot;,&quot;is_external&quot;:&quot;&quot;,&quot;nofollow&quot;:&quot;&quot;}\" style=\"cursor: pointer\" class=\"elementor-element elementor-element-0179480 elementor-widget elementor-widget-image\" data-id=\"0179480\" data-element_type=\"widget\" data-e-type=\"widget\" data-widget_type=\"image.default\">\n\t\t\t\t\t\t\t\t\t\t\t\t\t\t\t<img decoding=\"async\" width=\"5617\" height=\"2464\" src=\"https:\/\/www.gpa.aero\/wp-content\/uploads\/2026\/03\/GPA-mapa-ok.svg\" class=\"attachment-large size-large wp-image-2657\" alt=\"carte du monde\" \/>\t\t\t\t\t\t\t\t\t\t\t\t\t\t\t<\/div>\n\t\t\t\t\t<\/div>\n\t\t\t\t<\/div>\n\t\t\t\t<\/div>\n\t\t","protected":false},"excerpt":{"rendered":"<p>BREF Description du projet : RECAC, avec le financement de la Banque interam\u00e9ricaine de d\u00e9veloppement (BID), a demand\u00e9 un diagnostic complet des [&hellip;]<\/p>\n","protected":false},"author":1,"featured_media":2880,"parent":3763,"menu_order":0,"comment_status":"closed","ping_status":"closed","template":"","meta":{"footnotes":""},"class_list":["post-3650","page","type-page","status-publish","has-post-thumbnail","hentry"],"yoast_head":"<!-- This site is optimized with the Yoast SEO plugin v27.1.1 - https:\/\/yoast.com\/product\/yoast-seo-wordpress\/ -->\n<title>Concurrence dans le transport a\u00e9rien en Am\u00e9rique centrale- GPA<\/title>\n<meta name=\"description\" content=\"Concurrence dans le transport a\u00e9rien en Am\u00e9rique centrale afin d&#039;am\u00e9liorer la r\u00e9glementation, l&#039;efficacit\u00e9 du march\u00e9 et la connectivit\u00e9 r\u00e9gionale.\" \/>\n<meta name=\"robots\" content=\"index, follow, max-snippet:-1, max-image-preview:large, max-video-preview:-1\" \/>\n<link rel=\"canonical\" href=\"https:\/\/www.gpa.aero\/fr\/histoires-de-reussite\/analyse-de-la-concurrence-dans-le-transport-aerien-en-amerique-centrale\/\" \/>\n<meta property=\"og:locale\" content=\"fr_FR\" \/>\n<meta property=\"og:type\" content=\"article\" \/>\n<meta property=\"og:title\" content=\"Concurrence dans le transport a\u00e9rien en Am\u00e9rique centrale- GPA\" \/>\n<meta property=\"og:description\" content=\"Concurrence dans le transport a\u00e9rien en Am\u00e9rique centrale afin d&#039;am\u00e9liorer la r\u00e9glementation, l&#039;efficacit\u00e9 du march\u00e9 et la connectivit\u00e9 r\u00e9gionale.\" \/>\n<meta property=\"og:url\" content=\"https:\/\/www.gpa.aero\/fr\/histoires-de-reussite\/analyse-de-la-concurrence-dans-le-transport-aerien-en-amerique-centrale\/\" \/>\n<meta property=\"og:site_name\" content=\"GPA\" \/>\n<meta property=\"article:modified_time\" content=\"2026-03-13T11:27:54+00:00\" \/>\n<meta property=\"og:image\" content=\"https:\/\/www.gpa.aero\/wp-content\/uploads\/2026\/02\/ss-analisis-competencia-transporte-aereo-centroamericano.png\" \/>\n\t<meta property=\"og:image:width\" content=\"740\" \/>\n\t<meta property=\"og:image:height\" content=\"782\" \/>\n\t<meta property=\"og:image:type\" content=\"image\/png\" \/>\n<meta name=\"twitter:card\" content=\"summary_large_image\" \/>\n<meta name=\"twitter:label1\" content=\"Dur\u00e9e de lecture estim\u00e9e\" \/>\n\t<meta name=\"twitter:data1\" content=\"3 minutes\" \/>\n<script type=\"application\/ld+json\" class=\"yoast-schema-graph\">{\"@context\":\"https:\/\/schema.org\",\"@graph\":[{\"@type\":\"WebPage\",\"@id\":\"https:\/\/www.gpa.aero\/fr\/histoires-de-reussite\/analyse-de-la-concurrence-dans-le-transport-aerien-en-amerique-centrale\/\",\"url\":\"https:\/\/www.gpa.aero\/fr\/histoires-de-reussite\/analyse-de-la-concurrence-dans-le-transport-aerien-en-amerique-centrale\/\",\"name\":\"Concurrence dans le transport a\u00e9rien en Am\u00e9rique centrale- GPA\",\"isPartOf\":{\"@id\":\"https:\/\/www.gpa.aero\/fr\/#website\"},\"primaryImageOfPage\":{\"@id\":\"https:\/\/www.gpa.aero\/fr\/histoires-de-reussite\/analyse-de-la-concurrence-dans-le-transport-aerien-en-amerique-centrale\/#primaryimage\"},\"image\":{\"@id\":\"https:\/\/www.gpa.aero\/fr\/histoires-de-reussite\/analyse-de-la-concurrence-dans-le-transport-aerien-en-amerique-centrale\/#primaryimage\"},\"thumbnailUrl\":\"https:\/\/www.gpa.aero\/wp-content\/uploads\/2026\/02\/ss-analisis-competencia-transporte-aereo-centroamericano.png\",\"datePublished\":\"2026-03-13T06:12:32+00:00\",\"dateModified\":\"2026-03-13T11:27:54+00:00\",\"description\":\"Concurrence dans le transport a\u00e9rien en Am\u00e9rique centrale afin d'am\u00e9liorer la r\u00e9glementation, l'efficacit\u00e9 du march\u00e9 et la connectivit\u00e9 r\u00e9gionale.\",\"breadcrumb\":{\"@id\":\"https:\/\/www.gpa.aero\/fr\/histoires-de-reussite\/analyse-de-la-concurrence-dans-le-transport-aerien-en-amerique-centrale\/#breadcrumb\"},\"inLanguage\":\"fr-FR\",\"potentialAction\":[{\"@type\":\"ReadAction\",\"target\":[\"https:\/\/www.gpa.aero\/fr\/histoires-de-reussite\/analyse-de-la-concurrence-dans-le-transport-aerien-en-amerique-centrale\/\"]}]},{\"@type\":\"ImageObject\",\"inLanguage\":\"fr-FR\",\"@id\":\"https:\/\/www.gpa.aero\/fr\/histoires-de-reussite\/analyse-de-la-concurrence-dans-le-transport-aerien-en-amerique-centrale\/#primaryimage\",\"url\":\"https:\/\/www.gpa.aero\/wp-content\/uploads\/2026\/02\/ss-analisis-competencia-transporte-aereo-centroamericano.png\",\"contentUrl\":\"https:\/\/www.gpa.aero\/wp-content\/uploads\/2026\/02\/ss-analisis-competencia-transporte-aereo-centroamericano.png\",\"width\":740,\"height\":782},{\"@type\":\"BreadcrumbList\",\"@id\":\"https:\/\/www.gpa.aero\/fr\/histoires-de-reussite\/analyse-de-la-concurrence-dans-le-transport-aerien-en-amerique-centrale\/#breadcrumb\",\"itemListElement\":[{\"@type\":\"ListItem\",\"position\":1,\"name\":\"Home\",\"item\":\"https:\/\/www.gpa.aero\/fr\/\"},{\"@type\":\"ListItem\",\"position\":2,\"name\":\"Histoires de r\u00e9ussite\",\"item\":\"https:\/\/www.gpa.aero\/fr\/histoires-de-reussite\/\"},{\"@type\":\"ListItem\",\"position\":3,\"name\":\"Analyse de la concurrence dans le transport a\u00e9rien en Am\u00e9rique centrale\"}]},{\"@type\":\"WebSite\",\"@id\":\"https:\/\/www.gpa.aero\/fr\/#website\",\"url\":\"https:\/\/www.gpa.aero\/fr\/\",\"name\":\"GPA\",\"description\":\"\",\"potentialAction\":[{\"@type\":\"SearchAction\",\"target\":{\"@type\":\"EntryPoint\",\"urlTemplate\":\"https:\/\/www.gpa.aero\/fr\/?s={search_term_string}\"},\"query-input\":{\"@type\":\"PropertyValueSpecification\",\"valueRequired\":true,\"valueName\":\"search_term_string\"}}],\"inLanguage\":\"fr-FR\"}]}<\/script>\n<!-- \/ Yoast SEO plugin. -->","yoast_head_json":{"title":"Concurrence dans le transport a\u00e9rien en Am\u00e9rique centrale- GPA","description":"Concurrence dans le transport a\u00e9rien en Am\u00e9rique centrale afin d'am\u00e9liorer la r\u00e9glementation, l'efficacit\u00e9 du march\u00e9 et la connectivit\u00e9 r\u00e9gionale.","robots":{"index":"index","follow":"follow","max-snippet":"max-snippet:-1","max-image-preview":"max-image-preview:large","max-video-preview":"max-video-preview:-1"},"canonical":"https:\/\/www.gpa.aero\/fr\/histoires-de-reussite\/analyse-de-la-concurrence-dans-le-transport-aerien-en-amerique-centrale\/","og_locale":"fr_FR","og_type":"article","og_title":"Concurrence dans le transport a\u00e9rien en Am\u00e9rique centrale- GPA","og_description":"Concurrence dans le transport a\u00e9rien en Am\u00e9rique centrale afin d'am\u00e9liorer la r\u00e9glementation, l'efficacit\u00e9 du march\u00e9 et la connectivit\u00e9 r\u00e9gionale.","og_url":"https:\/\/www.gpa.aero\/fr\/histoires-de-reussite\/analyse-de-la-concurrence-dans-le-transport-aerien-en-amerique-centrale\/","og_site_name":"GPA","article_modified_time":"2026-03-13T11:27:54+00:00","og_image":[{"width":740,"height":782,"url":"https:\/\/www.gpa.aero\/wp-content\/uploads\/2026\/02\/ss-analisis-competencia-transporte-aereo-centroamericano.png","type":"image\/png"}],"twitter_card":"summary_large_image","twitter_misc":{"Dur\u00e9e de lecture estim\u00e9e":"3 minutes"},"schema":{"@context":"https:\/\/schema.org","@graph":[{"@type":"WebPage","@id":"https:\/\/www.gpa.aero\/fr\/histoires-de-reussite\/analyse-de-la-concurrence-dans-le-transport-aerien-en-amerique-centrale\/","url":"https:\/\/www.gpa.aero\/fr\/histoires-de-reussite\/analyse-de-la-concurrence-dans-le-transport-aerien-en-amerique-centrale\/","name":"Concurrence dans le transport a\u00e9rien en Am\u00e9rique centrale- GPA","isPartOf":{"@id":"https:\/\/www.gpa.aero\/fr\/#website"},"primaryImageOfPage":{"@id":"https:\/\/www.gpa.aero\/fr\/histoires-de-reussite\/analyse-de-la-concurrence-dans-le-transport-aerien-en-amerique-centrale\/#primaryimage"},"image":{"@id":"https:\/\/www.gpa.aero\/fr\/histoires-de-reussite\/analyse-de-la-concurrence-dans-le-transport-aerien-en-amerique-centrale\/#primaryimage"},"thumbnailUrl":"https:\/\/www.gpa.aero\/wp-content\/uploads\/2026\/02\/ss-analisis-competencia-transporte-aereo-centroamericano.png","datePublished":"2026-03-13T06:12:32+00:00","dateModified":"2026-03-13T11:27:54+00:00","description":"Concurrence dans le transport a\u00e9rien en Am\u00e9rique centrale afin d'am\u00e9liorer la r\u00e9glementation, l'efficacit\u00e9 du march\u00e9 et la connectivit\u00e9 r\u00e9gionale.","breadcrumb":{"@id":"https:\/\/www.gpa.aero\/fr\/histoires-de-reussite\/analyse-de-la-concurrence-dans-le-transport-aerien-en-amerique-centrale\/#breadcrumb"},"inLanguage":"fr-FR","potentialAction":[{"@type":"ReadAction","target":["https:\/\/www.gpa.aero\/fr\/histoires-de-reussite\/analyse-de-la-concurrence-dans-le-transport-aerien-en-amerique-centrale\/"]}]},{"@type":"ImageObject","inLanguage":"fr-FR","@id":"https:\/\/www.gpa.aero\/fr\/histoires-de-reussite\/analyse-de-la-concurrence-dans-le-transport-aerien-en-amerique-centrale\/#primaryimage","url":"https:\/\/www.gpa.aero\/wp-content\/uploads\/2026\/02\/ss-analisis-competencia-transporte-aereo-centroamericano.png","contentUrl":"https:\/\/www.gpa.aero\/wp-content\/uploads\/2026\/02\/ss-analisis-competencia-transporte-aereo-centroamericano.png","width":740,"height":782},{"@type":"BreadcrumbList","@id":"https:\/\/www.gpa.aero\/fr\/histoires-de-reussite\/analyse-de-la-concurrence-dans-le-transport-aerien-en-amerique-centrale\/#breadcrumb","itemListElement":[{"@type":"ListItem","position":1,"name":"Home","item":"https:\/\/www.gpa.aero\/fr\/"},{"@type":"ListItem","position":2,"name":"Histoires de r\u00e9ussite","item":"https:\/\/www.gpa.aero\/fr\/histoires-de-reussite\/"},{"@type":"ListItem","position":3,"name":"Analyse de la concurrence dans le transport a\u00e9rien en Am\u00e9rique centrale"}]},{"@type":"WebSite","@id":"https:\/\/www.gpa.aero\/fr\/#website","url":"https:\/\/www.gpa.aero\/fr\/","name":"GPA","description":"","potentialAction":[{"@type":"SearchAction","target":{"@type":"EntryPoint","urlTemplate":"https:\/\/www.gpa.aero\/fr\/?s={search_term_string}"},"query-input":{"@type":"PropertyValueSpecification","valueRequired":true,"valueName":"search_term_string"}}],"inLanguage":"fr-FR"}]}},"_links":{"self":[{"href":"https:\/\/www.gpa.aero\/fr\/wp-json\/wp\/v2\/pages\/3650","targetHints":{"allow":["GET"]}}],"collection":[{"href":"https:\/\/www.gpa.aero\/fr\/wp-json\/wp\/v2\/pages"}],"about":[{"href":"https:\/\/www.gpa.aero\/fr\/wp-json\/wp\/v2\/types\/page"}],"author":[{"embeddable":true,"href":"https:\/\/www.gpa.aero\/fr\/wp-json\/wp\/v2\/users\/1"}],"replies":[{"embeddable":true,"href":"https:\/\/www.gpa.aero\/fr\/wp-json\/wp\/v2\/comments?post=3650"}],"version-history":[{"count":3,"href":"https:\/\/www.gpa.aero\/fr\/wp-json\/wp\/v2\/pages\/3650\/revisions"}],"predecessor-version":[{"id":3653,"href":"https:\/\/www.gpa.aero\/fr\/wp-json\/wp\/v2\/pages\/3650\/revisions\/3653"}],"up":[{"embeddable":true,"href":"https:\/\/www.gpa.aero\/fr\/wp-json\/wp\/v2\/pages\/3763"}],"wp:featuredmedia":[{"embeddable":true,"href":"https:\/\/www.gpa.aero\/fr\/wp-json\/wp\/v2\/media\/2880"}],"wp:attachment":[{"href":"https:\/\/www.gpa.aero\/fr\/wp-json\/wp\/v2\/media?parent=3650"}],"curies":[{"name":"wp","href":"https:\/\/api.w.org\/{rel}","templated":true}]}}