{"id":2726,"date":"2026-01-29T16:55:33","date_gmt":"2026-01-29T16:55:33","guid":{"rendered":"https:\/\/www.gpa.aero\/avis-juridique\/"},"modified":"2026-03-09T10:15:37","modified_gmt":"2026-03-09T10:15:37","slug":"avis-juridique","status":"publish","type":"page","link":"https:\/\/www.gpa.aero\/fr\/avis-juridique\/","title":{"rendered":"Avis juridique"},"content":{"rendered":"\t\t<div data-elementor-type=\"wp-page\" data-elementor-id=\"2726\" class=\"elementor elementor-2726 elementor-3\" data-elementor-settings=\"{&quot;ha_cmc_init_switcher&quot;:&quot;no&quot;,&quot;element_pack_global_tooltip_width&quot;:{&quot;unit&quot;:&quot;px&quot;,&quot;size&quot;:&quot;&quot;,&quot;sizes&quot;:[]},&quot;element_pack_global_tooltip_width_tablet&quot;:{&quot;unit&quot;:&quot;px&quot;,&quot;size&quot;:&quot;&quot;,&quot;sizes&quot;:[]},&quot;element_pack_global_tooltip_width_mobile&quot;:{&quot;unit&quot;:&quot;px&quot;,&quot;size&quot;:&quot;&quot;,&quot;sizes&quot;:[]},&quot;element_pack_global_tooltip_padding&quot;:{&quot;unit&quot;:&quot;px&quot;,&quot;top&quot;:&quot;&quot;,&quot;right&quot;:&quot;&quot;,&quot;bottom&quot;:&quot;&quot;,&quot;left&quot;:&quot;&quot;,&quot;isLinked&quot;:true},&quot;element_pack_global_tooltip_padding_tablet&quot;:{&quot;unit&quot;:&quot;px&quot;,&quot;top&quot;:&quot;&quot;,&quot;right&quot;:&quot;&quot;,&quot;bottom&quot;:&quot;&quot;,&quot;left&quot;:&quot;&quot;,&quot;isLinked&quot;:true},&quot;element_pack_global_tooltip_padding_mobile&quot;:{&quot;unit&quot;:&quot;px&quot;,&quot;top&quot;:&quot;&quot;,&quot;right&quot;:&quot;&quot;,&quot;bottom&quot;:&quot;&quot;,&quot;left&quot;:&quot;&quot;,&quot;isLinked&quot;:true},&quot;element_pack_global_tooltip_border_radius&quot;:{&quot;unit&quot;:&quot;px&quot;,&quot;top&quot;:&quot;&quot;,&quot;right&quot;:&quot;&quot;,&quot;bottom&quot;:&quot;&quot;,&quot;left&quot;:&quot;&quot;,&quot;isLinked&quot;:true},&quot;element_pack_global_tooltip_border_radius_tablet&quot;:{&quot;unit&quot;:&quot;px&quot;,&quot;top&quot;:&quot;&quot;,&quot;right&quot;:&quot;&quot;,&quot;bottom&quot;:&quot;&quot;,&quot;left&quot;:&quot;&quot;,&quot;isLinked&quot;:true},&quot;element_pack_global_tooltip_border_radius_mobile&quot;:{&quot;unit&quot;:&quot;px&quot;,&quot;top&quot;:&quot;&quot;,&quot;right&quot;:&quot;&quot;,&quot;bottom&quot;:&quot;&quot;,&quot;left&quot;:&quot;&quot;,&quot;isLinked&quot;:true}}\">\n\t\t\t\t\t\t<div class=\"elementor-section elementor-top-section elementor-element elementor-element-df8c4cb elementor-section-boxed elementor-section-height-default elementor-section-height-default\" data-id=\"df8c4cb\" data-element_type=\"section\" data-e-type=\"section\" data-settings=\"{&quot;background_background&quot;:&quot;classic&quot;,&quot;_ha_eqh_enable&quot;:false}\">\n\t\t\t\t\t\t<div class=\"elementor-container elementor-column-gap-default\">\n\t\t\t\t\t<div class=\"elementor-column elementor-col-100 elementor-top-column elementor-element elementor-element-0fd5572\" data-id=\"0fd5572\" data-element_type=\"column\" data-e-type=\"column\">\n\t\t\t<div class=\"elementor-widget-wrap elementor-element-populated\">\n\t\t\t\t\t\t<div class=\"elementor-element elementor-element-8075eba elementor-widget__width-initial elementor-widget-tablet__width-initial elementor-widget-mobile__width-inherit elementor-widget elementor-widget-heading\" data-id=\"8075eba\" data-element_type=\"widget\" data-e-type=\"widget\" data-widget_type=\"heading.default\">\n\t\t\t\t\t<h1 class=\"elementor-heading-title elementor-size-default\">Avis juridique<\/h1>\t\t\t\t<\/div>\n\t\t\t\t<div class=\"elementor-element elementor-element-e8b1009 elementor-widget elementor-widget-heading\" data-id=\"e8b1009\" data-element_type=\"widget\" data-e-type=\"widget\" data-widget_type=\"heading.default\">\n\t\t\t\t\t<h5 class=\"elementor-heading-title elementor-size-default\">Renforcer la connectivit\u00e9 a\u00e9rienne gr\u00e2ce \u00e0 des d\u00e9cisions fond\u00e9es sur les donn\u00e9es<\/h5>\t\t\t\t<\/div>\n\t\t\t\t\t<\/div>\n\t\t<\/div>\n\t\t\t\t\t<\/div>\n\t\t<\/div>\n\t\t<div class=\"elementor-element elementor-element-58f32d2a legal-style e-flex e-con-boxed e-con e-parent\" data-id=\"58f32d2a\" data-element_type=\"container\" data-e-type=\"container\" data-settings=\"{&quot;_ha_eqh_enable&quot;:false}\">\n\t\t\t\t\t<div class=\"e-con-inner\">\n\t\t\t\t<div class=\"elementor-element elementor-element-54c4a15a elementor-widget elementor-widget-text-editor\" data-id=\"54c4a15a\" data-element_type=\"widget\" data-e-type=\"widget\" data-widget_type=\"text-editor.default\">\n\t\t\t\t\t\t\t\t\t<h3>L&rsquo;IDENTIT\u00c9 DU PROPRI\u00c9TAIRE DU SITE WEB<\/h3><p>GESTI\u00d3 I PROMOCI\u00d3 AEROPORTU\u00c0RIA S.A.U.<\/p><p>Avda. Diagonal 452 &#8211; 08006 Barcelona<br>Tel : (34) 93 416 95 90<br>Fax : (34) 93 416 95 90<br>Num\u00e9ro de TVA : A61932471 <\/p><h3>LA PROPRI\u00c9T\u00c9 INTELLECTUELLE<\/h3><p data-pm-slice=\"1 1 [\"orderedList\",{\"start\":1,\"type\":null},\"listItem\",{}]\">GESTI\u00d3 I PROMOCI\u00d3 AEROPORTU\u00c0RIA S.A.U. est propri\u00e9taire du contenu de ce site web (http:\/\/www.gpa.aero\/), y compris les textes, les images, la conception graphique, le code source, les logos et les marques, et il est donc express\u00e9ment interdit de<\/p><p>Utiliser les contenus et les services \u00e0 des fins illicites ou \u00e0 des fins interdites par les pr\u00e9sentes mentions l\u00e9gales, pr\u00e9judiciables aux droits et aux int\u00e9r\u00eats des tiers, ou susceptibles d&rsquo;endommager, de rendre inutilisable, de surcharger, de d\u00e9t\u00e9riorer ou d&#8217;emp\u00eacher l&rsquo;utilisation normale des services, des \u00e9quipements informatiques ou des documents, des fichiers et des contenus de toute nature stock\u00e9s sur tout \u00e9quipement informatique appartenant aux personnes suivantes<\/p><p data-pm-slice=\"1 1 [\"orderedList\",{\"start\":1,\"type\":null},\"listItem\",{}]\">GESTI\u00d3 I PROMOCI\u00d3 AEROPORTU\u00c0RIA S.A.U.<\/p><p>Utiliser des contenus et des services prot\u00e9g\u00e9s par des droits de propri\u00e9t\u00e9 intellectuelle ou industrielle appartenant \u00e0 l&rsquo;entit\u00e9 ou \u00e0 des tiers, sans que l&rsquo;utilisateur n&rsquo;ait obtenu au pr\u00e9alable l&rsquo;autorisation n\u00e9cessaire de leurs propri\u00e9taires pour r\u00e9aliser l&rsquo;utilisation qu&rsquo;il en fait ou qu&rsquo;il a l&rsquo;intention d&rsquo;en faire.<\/p><p>Reproduire, copier, distribuer, communiquer, transformer ou modifier les contenus, sauf autorisation du titulaire des droits correspondants ou autorisation l\u00e9gale.<\/p><p>Incorporer des virus ou d&rsquo;autres \u00e9l\u00e9ments physiques ou \u00e9lectroniques susceptibles d&rsquo;endommager ou d&rsquo;entraver le fonctionnement normal du r\u00e9seau, du syst\u00e8me ou de l&rsquo;\u00e9quipement informatique (mat\u00e9riel et logiciel) de GESTI\u00d3 I PROMOCI\u00d3 AEROPORTU\u00c0RIA S.A.U. ou de tiers, ou d&rsquo;endommager les documents \u00e9lectroniques et les fichiers stock\u00e9s dans ledit \u00e9quipement informatique.<\/p><p>Obtenir ou m\u00eame tenter d&rsquo;obtenir les contenus en utilisant des moyens ou des proc\u00e9dures autres que ceux qui, le cas \u00e9ch\u00e9ant, ont \u00e9t\u00e9 mis \u00e0 disposition \u00e0 cette fin en g\u00e9n\u00e9ral, ou ceux qui sont normalement utilis\u00e9s sur Internet \u00e0 cette fin, \u00e0 condition qu&rsquo;ils n&rsquo;entra\u00eenent pas un risque de dommage ou de d\u00e9sactivation du site Web, des services et\/ou des contenus.<\/p><p>Enlever, supprimer, alt\u00e9rer, manipuler ou modifier de quelque mani\u00e8re que ce soit : a) les notes, l\u00e9gendes, indications ou symboles que GESTI\u00d3 I PROMOCI\u00d3 AEROPORTU\u00c0RIA S.A.U. ou les titulaires l\u00e9gitimes des droits incorpor\u00e9s \u00e0 leurs propri\u00e9t\u00e9s en mati\u00e8re de propri\u00e9t\u00e9 intellectuelle ou industrielle (tels que copyright, \u00a9, \u00ae et \u2122, etc.) ; b) les dispositifs techniques de protection ou d&rsquo;identification que les Contenus peuvent contenir (tels que les filigranes, les empreintes digitales, etc.)  <\/p><p data-pm-slice=\"1 1 [\"orderedList\",{\"start\":1,\"type\":null},\"listItem\",{}]\">GESTI\u00d3 I PROMOCI\u00d3 AEROPORTU\u00c0RIA S.A.U. se r\u00e9serve le droit de prendre les mesures l\u00e9gales appropri\u00e9es \u00e0 l&rsquo;encontre de quiconque enfreint les interdictions susmentionn\u00e9es.<\/p><h3>LIMITATION DE LA RESPONSABILIT\u00c9<\/h3><p>GESTI\u00d3 I PROMOCI\u00d3 AEROPORTU\u00c0RIA S.A.U. se r\u00e9serve le droit de mettre \u00e0 jour, de modifier ou de supprimer les informations contenues dans son site Web, ainsi que sa configuration, ses caract\u00e9ristiques ou ses conditions g\u00e9n\u00e9rales, \u00e0 tout moment et sans pr\u00e9avis.<\/p><p>GESTI\u00d3 I PROMOCI\u00d3 AEROPORTU\u00c0RIA S.A.U. ne garantit pas qu&rsquo;il n&rsquo;y aura pas d&rsquo;interruptions ou d&rsquo;erreurs dans l&rsquo;acc\u00e8s au site, et n&rsquo;assume aucune responsabilit\u00e9 pour les probl\u00e8mes techniques ou les d\u00e9faillances qui peuvent survenir lors de la connexion \u00e0 Internet.<\/p><p>Elle ne garantit pas non plus l&rsquo;absence de virus ou d&rsquo;autres \u00e9l\u00e9ments susceptibles de provoquer des alt\u00e9rations dans votre syst\u00e8me informatique (logiciel et mat\u00e9riel) ou dans les documents \u00e9lectroniques et les fichiers stock\u00e9s dans votre syst\u00e8me informatique, et exclut par cons\u00e9quent toute responsabilit\u00e9 pour les dommages pouvant survenir dans le syst\u00e8me informatique, les documents \u00e9lectroniques ou les fichiers de l&rsquo;utilisateur. N\u00e9anmoins, elle utilisera tous les moyens \u00e0 sa disposition pour les \u00e9liminer et maintenir ses syst\u00e8mes de s\u00e9curit\u00e9 \u00e0 jour, afin d&rsquo;\u00e9viter d&rsquo;\u00e9ventuels dommages aux utilisateurs. <\/p><p>GESTI\u00d3 I PROMOCI\u00d3 AEROPORTU\u00c0RIA S.A.U. exclut, dans toute la mesure permise par la loi, toute responsabilit\u00e9 pour les dommages de toute nature pouvant r\u00e9sulter de la transmission, de la diffusion, du stockage, de la disponibilit\u00e9, de la r\u00e9ception, de l&rsquo;obtention ou de l&rsquo;acc\u00e8s aux contenus, et en particulier, mais pas exclusivement, pour les dommages qui pourraient \u00eatre caus\u00e9s.<\/p><h3>FORMULAIRES<\/h3><p>Nous vous rappelons que vos donn\u00e9es ont \u00e9t\u00e9 incorpor\u00e9es au syst\u00e8me de traitement GPA et que, sous r\u00e9serve du respect des exigences de la r\u00e9glementation, vous pouvez exercer vos droits d&rsquo;acc\u00e8s, de rectification, de limitation du traitement, d&rsquo;effacement (\u00ab\u00a0droit \u00e0 l&rsquo;oubli\u00a0\u00bb), de portabilit\u00e9, d&rsquo;opposition et de r\u00e9vocation, dans les termes \u00e9tablis dans la r\u00e9glementation en vigueur et applicable en mati\u00e8re de protection des donn\u00e9es, en envoyant votre demande \u00e0 l&rsquo;adresse postale AVDA DIAGONAL,452, 08006, BARCELONE ou par courrier \u00e9lectronique \u00e0 l&rsquo;adresse RGPD@gpa.aero. Si vous n&rsquo;\u00eates pas le destinataire pr\u00e9vu ou si vous avez re\u00e7u la communication par erreur, veuillez noter que toute divulgation, distribution ou reproduction de cette communication est strictement interdite et peut \u00eatre ill\u00e9gale, et veuillez nous en informer imm\u00e9diatement et renvoyer le message original \u00e0 l&rsquo;adresse susmentionn\u00e9e. Nous vous en informons imm\u00e9diatement et vous renvoyons l&rsquo;original du message \u00e0 l&rsquo;adresse ci-dessus.  <\/p>\t\t\t\t\t\t\t\t<\/div>\n\t\t\t\t\t<\/div>\n\t\t\t\t<\/div>\n\t\t\t\t<\/div>\n\t\t","protected":false},"excerpt":{"rendered":"<p>Avis juridique Renforcer la connectivit\u00e9 a\u00e9rienne gr\u00e2ce \u00e0 des d\u00e9cisions fond\u00e9es sur les donn\u00e9es L&rsquo;IDENTIT\u00c9 DU PROPRI\u00c9TAIRE DU SITE WEB GESTI\u00d3 I [&hellip;]<\/p>\n","protected":false},"author":1,"featured_media":0,"parent":0,"menu_order":0,"comment_status":"closed","ping_status":"open","template":"","meta":{"footnotes":""},"class_list":["post-2726","page","type-page","status-publish","hentry"],"yoast_head":"<!-- This site is optimized with the Yoast SEO plugin v27.1.1 - https:\/\/yoast.com\/product\/yoast-seo-wordpress\/ -->\n<title>Avis juridique - GPA<\/title>\n<meta name=\"robots\" content=\"index, follow, max-snippet:-1, max-image-preview:large, max-video-preview:-1\" \/>\n<link rel=\"canonical\" href=\"https:\/\/www.gpa.aero\/fr\/avis-juridique\/\" \/>\n<meta property=\"og:locale\" content=\"fr_FR\" \/>\n<meta property=\"og:type\" content=\"article\" \/>\n<meta property=\"og:title\" content=\"Avis juridique - GPA\" \/>\n<meta property=\"og:description\" content=\"Avis juridique Renforcer la connectivit\u00e9 a\u00e9rienne gr\u00e2ce \u00e0 des d\u00e9cisions fond\u00e9es sur les donn\u00e9es L&rsquo;IDENTIT\u00c9 DU PROPRI\u00c9TAIRE DU SITE WEB GESTI\u00d3 I [&hellip;]\" \/>\n<meta property=\"og:url\" content=\"https:\/\/www.gpa.aero\/fr\/avis-juridique\/\" \/>\n<meta property=\"og:site_name\" content=\"GPA\" \/>\n<meta property=\"article:modified_time\" content=\"2026-03-09T10:15:37+00:00\" \/>\n<meta name=\"twitter:card\" content=\"summary_large_image\" \/>\n<meta name=\"twitter:label1\" content=\"Dur\u00e9e de lecture estim\u00e9e\" \/>\n\t<meta name=\"twitter:data1\" content=\"4 minutes\" \/>\n<script type=\"application\/ld+json\" class=\"yoast-schema-graph\">{\"@context\":\"https:\/\/schema.org\",\"@graph\":[{\"@type\":\"WebPage\",\"@id\":\"https:\/\/www.gpa.aero\/fr\/avis-juridique\/\",\"url\":\"https:\/\/www.gpa.aero\/fr\/avis-juridique\/\",\"name\":\"Avis juridique - GPA\",\"isPartOf\":{\"@id\":\"https:\/\/www.gpa.aero\/fr\/#website\"},\"datePublished\":\"2026-01-29T16:55:33+00:00\",\"dateModified\":\"2026-03-09T10:15:37+00:00\",\"breadcrumb\":{\"@id\":\"https:\/\/www.gpa.aero\/fr\/avis-juridique\/#breadcrumb\"},\"inLanguage\":\"fr-FR\",\"potentialAction\":[{\"@type\":\"ReadAction\",\"target\":[\"https:\/\/www.gpa.aero\/fr\/avis-juridique\/\"]}]},{\"@type\":\"BreadcrumbList\",\"@id\":\"https:\/\/www.gpa.aero\/fr\/avis-juridique\/#breadcrumb\",\"itemListElement\":[{\"@type\":\"ListItem\",\"position\":1,\"name\":\"Home\",\"item\":\"https:\/\/www.gpa.aero\/fr\/\"},{\"@type\":\"ListItem\",\"position\":2,\"name\":\"Avis juridique\"}]},{\"@type\":\"WebSite\",\"@id\":\"https:\/\/www.gpa.aero\/fr\/#website\",\"url\":\"https:\/\/www.gpa.aero\/fr\/\",\"name\":\"GPA\",\"description\":\"\",\"potentialAction\":[{\"@type\":\"SearchAction\",\"target\":{\"@type\":\"EntryPoint\",\"urlTemplate\":\"https:\/\/www.gpa.aero\/fr\/?s={search_term_string}\"},\"query-input\":{\"@type\":\"PropertyValueSpecification\",\"valueRequired\":true,\"valueName\":\"search_term_string\"}}],\"inLanguage\":\"fr-FR\"}]}<\/script>\n<!-- \/ Yoast SEO plugin. -->","yoast_head_json":{"title":"Avis juridique - GPA","robots":{"index":"index","follow":"follow","max-snippet":"max-snippet:-1","max-image-preview":"max-image-preview:large","max-video-preview":"max-video-preview:-1"},"canonical":"https:\/\/www.gpa.aero\/fr\/avis-juridique\/","og_locale":"fr_FR","og_type":"article","og_title":"Avis juridique - GPA","og_description":"Avis juridique Renforcer la connectivit\u00e9 a\u00e9rienne gr\u00e2ce \u00e0 des d\u00e9cisions fond\u00e9es sur les donn\u00e9es L&rsquo;IDENTIT\u00c9 DU PROPRI\u00c9TAIRE DU SITE WEB GESTI\u00d3 I [&hellip;]","og_url":"https:\/\/www.gpa.aero\/fr\/avis-juridique\/","og_site_name":"GPA","article_modified_time":"2026-03-09T10:15:37+00:00","twitter_card":"summary_large_image","twitter_misc":{"Dur\u00e9e de lecture estim\u00e9e":"4 minutes"},"schema":{"@context":"https:\/\/schema.org","@graph":[{"@type":"WebPage","@id":"https:\/\/www.gpa.aero\/fr\/avis-juridique\/","url":"https:\/\/www.gpa.aero\/fr\/avis-juridique\/","name":"Avis juridique - GPA","isPartOf":{"@id":"https:\/\/www.gpa.aero\/fr\/#website"},"datePublished":"2026-01-29T16:55:33+00:00","dateModified":"2026-03-09T10:15:37+00:00","breadcrumb":{"@id":"https:\/\/www.gpa.aero\/fr\/avis-juridique\/#breadcrumb"},"inLanguage":"fr-FR","potentialAction":[{"@type":"ReadAction","target":["https:\/\/www.gpa.aero\/fr\/avis-juridique\/"]}]},{"@type":"BreadcrumbList","@id":"https:\/\/www.gpa.aero\/fr\/avis-juridique\/#breadcrumb","itemListElement":[{"@type":"ListItem","position":1,"name":"Home","item":"https:\/\/www.gpa.aero\/fr\/"},{"@type":"ListItem","position":2,"name":"Avis juridique"}]},{"@type":"WebSite","@id":"https:\/\/www.gpa.aero\/fr\/#website","url":"https:\/\/www.gpa.aero\/fr\/","name":"GPA","description":"","potentialAction":[{"@type":"SearchAction","target":{"@type":"EntryPoint","urlTemplate":"https:\/\/www.gpa.aero\/fr\/?s={search_term_string}"},"query-input":{"@type":"PropertyValueSpecification","valueRequired":true,"valueName":"search_term_string"}}],"inLanguage":"fr-FR"}]}},"_links":{"self":[{"href":"https:\/\/www.gpa.aero\/fr\/wp-json\/wp\/v2\/pages\/2726","targetHints":{"allow":["GET"]}}],"collection":[{"href":"https:\/\/www.gpa.aero\/fr\/wp-json\/wp\/v2\/pages"}],"about":[{"href":"https:\/\/www.gpa.aero\/fr\/wp-json\/wp\/v2\/types\/page"}],"author":[{"embeddable":true,"href":"https:\/\/www.gpa.aero\/fr\/wp-json\/wp\/v2\/users\/1"}],"replies":[{"embeddable":true,"href":"https:\/\/www.gpa.aero\/fr\/wp-json\/wp\/v2\/comments?post=2726"}],"version-history":[{"count":1,"href":"https:\/\/www.gpa.aero\/fr\/wp-json\/wp\/v2\/pages\/2726\/revisions"}],"predecessor-version":[{"id":2728,"href":"https:\/\/www.gpa.aero\/fr\/wp-json\/wp\/v2\/pages\/2726\/revisions\/2728"}],"wp:attachment":[{"href":"https:\/\/www.gpa.aero\/fr\/wp-json\/wp\/v2\/media?parent=2726"}],"curies":[{"name":"wp","href":"https:\/\/api.w.org\/{rel}","templated":true}]}}