{"id":3754,"date":"2026-03-13T05:23:27","date_gmt":"2026-03-13T05:23:27","guid":{"rendered":"https:\/\/www.gpa.aero\/casos-dexit-2\/"},"modified":"2026-03-18T03:24:35","modified_gmt":"2026-03-18T03:24:35","slug":"casos-dexit","status":"publish","type":"page","link":"https:\/\/www.gpa.aero\/ca\/casos-dexit\/","title":{"rendered":"Casos d&#8217;\u00e8xit"},"content":{"rendered":"\t\t<div data-elementor-type=\"wp-page\" data-elementor-id=\"3754\" class=\"elementor elementor-3754 elementor-3549\" data-elementor-settings=\"{&quot;ha_cmc_init_switcher&quot;:&quot;no&quot;,&quot;element_pack_global_tooltip_width&quot;:{&quot;unit&quot;:&quot;px&quot;,&quot;size&quot;:&quot;&quot;,&quot;sizes&quot;:[]},&quot;element_pack_global_tooltip_width_tablet&quot;:{&quot;unit&quot;:&quot;px&quot;,&quot;size&quot;:&quot;&quot;,&quot;sizes&quot;:[]},&quot;element_pack_global_tooltip_width_mobile&quot;:{&quot;unit&quot;:&quot;px&quot;,&quot;size&quot;:&quot;&quot;,&quot;sizes&quot;:[]},&quot;element_pack_global_tooltip_padding&quot;:{&quot;unit&quot;:&quot;px&quot;,&quot;top&quot;:&quot;&quot;,&quot;right&quot;:&quot;&quot;,&quot;bottom&quot;:&quot;&quot;,&quot;left&quot;:&quot;&quot;,&quot;isLinked&quot;:true},&quot;element_pack_global_tooltip_padding_tablet&quot;:{&quot;unit&quot;:&quot;px&quot;,&quot;top&quot;:&quot;&quot;,&quot;right&quot;:&quot;&quot;,&quot;bottom&quot;:&quot;&quot;,&quot;left&quot;:&quot;&quot;,&quot;isLinked&quot;:true},&quot;element_pack_global_tooltip_padding_mobile&quot;:{&quot;unit&quot;:&quot;px&quot;,&quot;top&quot;:&quot;&quot;,&quot;right&quot;:&quot;&quot;,&quot;bottom&quot;:&quot;&quot;,&quot;left&quot;:&quot;&quot;,&quot;isLinked&quot;:true},&quot;element_pack_global_tooltip_border_radius&quot;:{&quot;unit&quot;:&quot;px&quot;,&quot;top&quot;:&quot;&quot;,&quot;right&quot;:&quot;&quot;,&quot;bottom&quot;:&quot;&quot;,&quot;left&quot;:&quot;&quot;,&quot;isLinked&quot;:true},&quot;element_pack_global_tooltip_border_radius_tablet&quot;:{&quot;unit&quot;:&quot;px&quot;,&quot;top&quot;:&quot;&quot;,&quot;right&quot;:&quot;&quot;,&quot;bottom&quot;:&quot;&quot;,&quot;left&quot;:&quot;&quot;,&quot;isLinked&quot;:true},&quot;element_pack_global_tooltip_border_radius_mobile&quot;:{&quot;unit&quot;:&quot;px&quot;,&quot;top&quot;:&quot;&quot;,&quot;right&quot;:&quot;&quot;,&quot;bottom&quot;:&quot;&quot;,&quot;left&quot;:&quot;&quot;,&quot;isLinked&quot;:true}}\">\n\t\t\t\t<div class=\"elementor-element elementor-element-cd9b045 e-flex e-con-boxed e-con e-parent\" data-id=\"cd9b045\" data-element_type=\"container\" data-e-type=\"container\" data-settings=\"{&quot;_ha_eqh_enable&quot;:false}\">\n\t\t\t\t\t<div class=\"e-con-inner\">\n\t\t\t\t<div class=\"elementor-element elementor-element-7d4feaa elementor-widget elementor-widget-bdt-post-grid\" data-id=\"7d4feaa\" data-element_type=\"widget\" data-e-type=\"widget\" data-settings=\"{&quot;columns&quot;:&quot;3&quot;,&quot;columns_tablet&quot;:&quot;2&quot;,&quot;columns_mobile&quot;:&quot;1&quot;}\" data-widget_type=\"bdt-post-grid.bdt-carmie\">\n\t\t\t\t\t \n\t\t<div id=\"bdt-post-grid-7d4feaa\" class=\"bdt-post-grid bdt-post-grid-skin-carmie\">\n\t  \t\t<div class=\"bdt-grid bdt-grid-medium\" data-bdt-grid>\n\n\t\t\t\t\t\t\t\t\t\n\t\t            <div class=\"bdt-width-1-1 bdt-width-1-2@s bdt-width-1-3@m\">\n\t\t\t\t\t\t<div class=\"bdt-post-grid-item bdt-transition-toggle bdt-position-relative\">\n\t\t\t\t\t\t\t\t\n\t\t\t\t\t\t\t<div class=\"bdt-post-grid-img-wrap bdt-overflow-hidden\">\n\t\t\t\t<a href=\"https:\/\/www.gpa.aero\/ca\/casos-dexit\/desenvolupament-de-rutes-aeries-intercontinentals-a-barcelona\/\" class=\"bdt-transition-scale-up bdt-background-cover bdt-transition-opaque bdt-flex\" title=\"Desenvolupament de rutes a\u00e8ries intercontinentals a Barcelona\" style=\"background-image: url(https:\/\/www.gpa.aero\/wp-content\/uploads\/2026\/02\/ss-desarrollo-rutas-aereas-intercontinentales-barcelona.png)\">\n  \t\t\t\t<\/a>\n\t\t\t<\/div>\n\t\t\t\t\t\t\t<div class=\"bdt-custom-overlay bdt-position-cover\"><\/div>\n\t\t\t\t\t  \t\t\n\t\t\t\t\t  \t\t<div class=\"bdt-post-grid-desc bdt-position-bottom-left\">\n\t\t\t\t\t\t  \t\t<div class=\"bdt-position-medium \">\n\t\t\t\t\t            \t\n\t\t\t\t\t\t\t\t\t<h2 class=\"bdt-post-grid-title\">\n\t\t\t\t<a href=\"https:\/\/www.gpa.aero\/ca\/casos-dexit\/desenvolupament-de-rutes-aeries-intercontinentals-a-barcelona\/\" class=\"bdt-post-grid-link\" title=\"Desenvolupament de rutes a\u00e8ries intercontinentals a Barcelona\">\n\t\t\t\t\tDesenvolupament de rutes a\u00e8ries intercontinentals a Barcelona\n\t\t\t\t<\/a>\n\t\t\t<\/h2>\n\t\t\t\t\t\t\t  \t\t<div class=\"bdt-transition-slide-bottom\">\n\t\t\t\t\t\t\t\t\t\t\t\t\t\t\t\t\t\t\t<\/div>\n\t\t\t\t\t\t\t\t<\/div>\n\t\t\t\t\t\t\t<\/div>\n\n\t\t\t\t\t\t\t\n\t\t\t\t\t\t<\/div>\n\t\t            <\/div>\n\n\t\t\t\t\t\t\t\t\t\n\t\t            <div class=\"bdt-width-1-1 bdt-width-1-2@s bdt-width-1-3@m\">\n\t\t\t\t\t\t<div class=\"bdt-post-grid-item bdt-transition-toggle bdt-position-relative\">\n\t\t\t\t\t\t\t\t\n\t\t\t\t\t\t\t<div class=\"bdt-post-grid-img-wrap bdt-overflow-hidden\">\n\t\t\t\t<a href=\"https:\/\/www.gpa.aero\/ca\/casos-dexit\/analisi-de-competencia-en-el-transport-aeri-centreamerica\/\" class=\"bdt-transition-scale-up bdt-background-cover bdt-transition-opaque bdt-flex\" title=\"An\u00e0lisi de compet\u00e8ncia en el transport aeri centreameric\u00e0\" style=\"background-image: url(https:\/\/www.gpa.aero\/wp-content\/uploads\/2026\/02\/ss-analisis-competencia-transporte-aereo-centroamericano.png)\">\n  \t\t\t\t<\/a>\n\t\t\t<\/div>\n\t\t\t\t\t\t\t<div class=\"bdt-custom-overlay bdt-position-cover\"><\/div>\n\t\t\t\t\t  \t\t\n\t\t\t\t\t  \t\t<div class=\"bdt-post-grid-desc bdt-position-bottom-left\">\n\t\t\t\t\t\t  \t\t<div class=\"bdt-position-medium \">\n\t\t\t\t\t            \t\n\t\t\t\t\t\t\t\t\t<h2 class=\"bdt-post-grid-title\">\n\t\t\t\t<a href=\"https:\/\/www.gpa.aero\/ca\/casos-dexit\/analisi-de-competencia-en-el-transport-aeri-centreamerica\/\" class=\"bdt-post-grid-link\" title=\"An\u00e0lisi de compet\u00e8ncia en el transport aeri centreameric\u00e0\">\n\t\t\t\t\tAn\u00e0lisi de compet\u00e8ncia en el transport aeri centreameric\u00e0\n\t\t\t\t<\/a>\n\t\t\t<\/h2>\n\t\t\t\t\t\t\t  \t\t<div class=\"bdt-transition-slide-bottom\">\n\t\t\t\t\t\t\t\t\t\t\t\t\t\t\t\t\t\t\t<\/div>\n\t\t\t\t\t\t\t\t<\/div>\n\t\t\t\t\t\t\t<\/div>\n\n\t\t\t\t\t\t\t\n\t\t\t\t\t\t<\/div>\n\t\t            <\/div>\n\n\t\t\t\t\t\t\t\t\t\n\t\t            <div class=\"bdt-width-1-1 bdt-width-1-2@s bdt-width-1-3@m\">\n\t\t\t\t\t\t<div class=\"bdt-post-grid-item bdt-transition-toggle bdt-position-relative\">\n\t\t\t\t\t\t\t\t\n\t\t\t\t\t\t\t<div class=\"bdt-post-grid-img-wrap bdt-overflow-hidden\">\n\t\t\t\t<a href=\"https:\/\/www.gpa.aero\/ca\/casos-dexit\/estrategia-nacional-de-desenvolupament-de-carrega-aeria-a-espanya\/\" class=\"bdt-transition-scale-up bdt-background-cover bdt-transition-opaque bdt-flex\" title=\"Estrat\u00e8gia nacional de desenvolupament de c\u00e0rrega a\u00e8ria a Espanya\" style=\"background-image: url(https:\/\/www.gpa.aero\/wp-content\/uploads\/2026\/02\/ss-estrategia-nacional-desarrollo-carga-aerea-espana.png)\">\n  \t\t\t\t<\/a>\n\t\t\t<\/div>\n\t\t\t\t\t\t\t<div class=\"bdt-custom-overlay bdt-position-cover\"><\/div>\n\t\t\t\t\t  \t\t\n\t\t\t\t\t  \t\t<div class=\"bdt-post-grid-desc bdt-position-bottom-left\">\n\t\t\t\t\t\t  \t\t<div class=\"bdt-position-medium \">\n\t\t\t\t\t            \t\n\t\t\t\t\t\t\t\t\t<h2 class=\"bdt-post-grid-title\">\n\t\t\t\t<a href=\"https:\/\/www.gpa.aero\/ca\/casos-dexit\/estrategia-nacional-de-desenvolupament-de-carrega-aeria-a-espanya\/\" class=\"bdt-post-grid-link\" title=\"Estrat\u00e8gia nacional de desenvolupament de c\u00e0rrega a\u00e8ria a Espanya\">\n\t\t\t\t\tEstrat\u00e8gia nacional de desenvolupament de c\u00e0rrega a\u00e8ria a Espanya\n\t\t\t\t<\/a>\n\t\t\t<\/h2>\n\t\t\t\t\t\t\t  \t\t<div class=\"bdt-transition-slide-bottom\">\n\t\t\t\t\t\t\t\t\t\t\t\t\t\t\t\t\t\t\t<\/div>\n\t\t\t\t\t\t\t\t<\/div>\n\t\t\t\t\t\t\t<\/div>\n\n\t\t\t\t\t\t\t\n\t\t\t\t\t\t<\/div>\n\t\t            <\/div>\n\n\t\t\t\t\t\t\t\t\t\n\t\t            <div class=\"bdt-width-1-1 bdt-width-1-2@s bdt-width-1-3@m\">\n\t\t\t\t\t\t<div class=\"bdt-post-grid-item bdt-transition-toggle bdt-position-relative\">\n\t\t\t\t\t\t\t\t\n\t\t\t\t\t\t\t<div class=\"bdt-post-grid-img-wrap bdt-overflow-hidden\">\n\t\t\t\t<a href=\"https:\/\/www.gpa.aero\/ca\/casos-dexit\/sistema-dintelligencia-aeria-per-al-turisme-de-sevilla\/\" class=\"bdt-transition-scale-up bdt-background-cover bdt-transition-opaque bdt-flex\" title=\"Sistema d&#8217;intel\u00b7lig\u00e8ncia a\u00e8ria per al turisme de Sevilla\" style=\"background-image: url(https:\/\/www.gpa.aero\/wp-content\/uploads\/2026\/02\/ss-sistema-inteligencia-aerea-turismo-sevilla.png)\">\n  \t\t\t\t<\/a>\n\t\t\t<\/div>\n\t\t\t\t\t\t\t<div class=\"bdt-custom-overlay bdt-position-cover\"><\/div>\n\t\t\t\t\t  \t\t\n\t\t\t\t\t  \t\t<div class=\"bdt-post-grid-desc bdt-position-bottom-left\">\n\t\t\t\t\t\t  \t\t<div class=\"bdt-position-medium \">\n\t\t\t\t\t            \t\n\t\t\t\t\t\t\t\t\t<h2 class=\"bdt-post-grid-title\">\n\t\t\t\t<a href=\"https:\/\/www.gpa.aero\/ca\/casos-dexit\/sistema-dintelligencia-aeria-per-al-turisme-de-sevilla\/\" class=\"bdt-post-grid-link\" title=\"Sistema d&#8217;intel\u00b7lig\u00e8ncia a\u00e8ria per al turisme de Sevilla\">\n\t\t\t\t\tSistema d&#8217;intel\u00b7lig\u00e8ncia a\u00e8ria per al turisme de Sevilla\n\t\t\t\t<\/a>\n\t\t\t<\/h2>\n\t\t\t\t\t\t\t  \t\t<div class=\"bdt-transition-slide-bottom\">\n\t\t\t\t\t\t\t\t\t\t\t\t\t\t\t\t\t\t\t<\/div>\n\t\t\t\t\t\t\t\t<\/div>\n\t\t\t\t\t\t\t<\/div>\n\n\t\t\t\t\t\t\t\n\t\t\t\t\t\t<\/div>\n\t\t            <\/div>\n\n\t\t\t\t\t\t\t\t\t\n\t\t            <div class=\"bdt-width-1-1 bdt-width-1-2@s bdt-width-1-3@m\">\n\t\t\t\t\t\t<div class=\"bdt-post-grid-item bdt-transition-toggle bdt-position-relative\">\n\t\t\t\t\t\t\t\t\n\t\t\t\t\t\t\t<div class=\"bdt-post-grid-img-wrap bdt-overflow-hidden\">\n\t\t\t\t<a href=\"https:\/\/www.gpa.aero\/ca\/casos-dexit\/formacio-en-gestio-demergencies-per-a-aerolinies\/\" class=\"bdt-transition-scale-up bdt-background-cover bdt-transition-opaque bdt-flex\" title=\"Formaci\u00f3 en gesti\u00f3 d&#8217;emerg\u00e8ncies per a aerol\u00ednies\" style=\"background-image: url(https:\/\/www.gpa.aero\/wp-content\/uploads\/2026\/02\/ss-formacion-gestion-emergencias-aerolineas.png)\">\n  \t\t\t\t<\/a>\n\t\t\t<\/div>\n\t\t\t\t\t\t\t<div class=\"bdt-custom-overlay bdt-position-cover\"><\/div>\n\t\t\t\t\t  \t\t\n\t\t\t\t\t  \t\t<div class=\"bdt-post-grid-desc bdt-position-bottom-left\">\n\t\t\t\t\t\t  \t\t<div class=\"bdt-position-medium \">\n\t\t\t\t\t            \t\n\t\t\t\t\t\t\t\t\t<h2 class=\"bdt-post-grid-title\">\n\t\t\t\t<a href=\"https:\/\/www.gpa.aero\/ca\/casos-dexit\/formacio-en-gestio-demergencies-per-a-aerolinies\/\" class=\"bdt-post-grid-link\" title=\"Formaci\u00f3 en gesti\u00f3 d&#8217;emerg\u00e8ncies per a aerol\u00ednies\">\n\t\t\t\t\tFormaci\u00f3 en gesti\u00f3 d&#8217;emerg\u00e8ncies per a aerol\u00ednies\n\t\t\t\t<\/a>\n\t\t\t<\/h2>\n\t\t\t\t\t\t\t  \t\t<div class=\"bdt-transition-slide-bottom\">\n\t\t\t\t\t\t\t\t\t\t\t\t\t\t\t\t\t\t\t<\/div>\n\t\t\t\t\t\t\t\t<\/div>\n\t\t\t\t\t\t\t<\/div>\n\n\t\t\t\t\t\t\t\n\t\t\t\t\t\t<\/div>\n\t\t            <\/div>\n\n\t\t\t\t\t\t\t\t\t\n\t\t            <div class=\"bdt-width-1-1 bdt-width-1-2@s bdt-width-1-3@m\">\n\t\t\t\t\t\t<div class=\"bdt-post-grid-item bdt-transition-toggle bdt-position-relative\">\n\t\t\t\t\t\t\t\t\n\t\t\t\t\t\t\t<div class=\"bdt-post-grid-img-wrap bdt-overflow-hidden\">\n\t\t\t\t<a href=\"https:\/\/www.gpa.aero\/ca\/casos-dexit\/pla-director-per-a-la-xarxa-aeroportuaria-de-la-uemoa\/\" class=\"bdt-transition-scale-up bdt-background-cover bdt-transition-opaque bdt-flex\" title=\"Pla director per a la xarxa aeroportu\u00e0ria de la UEMOA\" style=\"background-image: url(https:\/\/www.gpa.aero\/wp-content\/uploads\/2026\/02\/ss-plan-director-red-aeroportuaria-uemoa-africa-occidental.png)\">\n  \t\t\t\t<\/a>\n\t\t\t<\/div>\n\t\t\t\t\t\t\t<div class=\"bdt-custom-overlay bdt-position-cover\"><\/div>\n\t\t\t\t\t  \t\t\n\t\t\t\t\t  \t\t<div class=\"bdt-post-grid-desc bdt-position-bottom-left\">\n\t\t\t\t\t\t  \t\t<div class=\"bdt-position-medium \">\n\t\t\t\t\t            \t\n\t\t\t\t\t\t\t\t\t<h2 class=\"bdt-post-grid-title\">\n\t\t\t\t<a href=\"https:\/\/www.gpa.aero\/ca\/casos-dexit\/pla-director-per-a-la-xarxa-aeroportuaria-de-la-uemoa\/\" class=\"bdt-post-grid-link\" title=\"Pla director per a la xarxa aeroportu\u00e0ria de la UEMOA\">\n\t\t\t\t\tPla director per a la xarxa aeroportu\u00e0ria de la UEMOA\n\t\t\t\t<\/a>\n\t\t\t<\/h2>\n\t\t\t\t\t\t\t  \t\t<div class=\"bdt-transition-slide-bottom\">\n\t\t\t\t\t\t\t\t\t\t\t\t\t\t\t\t\t\t\t<\/div>\n\t\t\t\t\t\t\t\t<\/div>\n\t\t\t\t\t\t\t<\/div>\n\n\t\t\t\t\t\t\t\n\t\t\t\t\t\t<\/div>\n\t\t            <\/div>\n\n\t\t\t\t\t\t\t\t\t\n\t\t            <div class=\"bdt-width-1-1 bdt-width-1-2@s bdt-width-1-3@m\">\n\t\t\t\t\t\t<div class=\"bdt-post-grid-item bdt-transition-toggle bdt-position-relative\">\n\t\t\t\t\t\t\t\t\n\t\t\t\t\t\t\t<div class=\"bdt-post-grid-img-wrap bdt-overflow-hidden\">\n\t\t\t\t<a href=\"https:\/\/www.gpa.aero\/ca\/casos-dexit\/estrategia-de-connectivitat-aeria-per-a-andalusia\/\" class=\"bdt-transition-scale-up bdt-background-cover bdt-transition-opaque bdt-flex\" title=\"Estrat\u00e8gia de connectivitat a\u00e8ria per a Andalusia\" style=\"background-image: url(https:\/\/www.gpa.aero\/wp-content\/uploads\/2026\/02\/ss-estrategia-conectividad-aerea-andalucia.png)\">\n  \t\t\t\t<\/a>\n\t\t\t<\/div>\n\t\t\t\t\t\t\t<div class=\"bdt-custom-overlay bdt-position-cover\"><\/div>\n\t\t\t\t\t  \t\t\n\t\t\t\t\t  \t\t<div class=\"bdt-post-grid-desc bdt-position-bottom-left\">\n\t\t\t\t\t\t  \t\t<div class=\"bdt-position-medium \">\n\t\t\t\t\t            \t\n\t\t\t\t\t\t\t\t\t<h2 class=\"bdt-post-grid-title\">\n\t\t\t\t<a href=\"https:\/\/www.gpa.aero\/ca\/casos-dexit\/estrategia-de-connectivitat-aeria-per-a-andalusia\/\" class=\"bdt-post-grid-link\" title=\"Estrat\u00e8gia de connectivitat a\u00e8ria per a Andalusia\">\n\t\t\t\t\tEstrat\u00e8gia de connectivitat a\u00e8ria per a Andalusia\n\t\t\t\t<\/a>\n\t\t\t<\/h2>\n\t\t\t\t\t\t\t  \t\t<div class=\"bdt-transition-slide-bottom\">\n\t\t\t\t\t\t\t\t\t\t\t\t\t\t\t\t\t\t\t<\/div>\n\t\t\t\t\t\t\t\t<\/div>\n\t\t\t\t\t\t\t<\/div>\n\n\t\t\t\t\t\t\t\n\t\t\t\t\t\t<\/div>\n\t\t            <\/div>\n\n\t\t\t\t\t\t\t\t\t\n\t\t            <div class=\"bdt-width-1-1 bdt-width-1-2@s bdt-width-1-3@m\">\n\t\t\t\t\t\t<div class=\"bdt-post-grid-item bdt-transition-toggle bdt-position-relative\">\n\t\t\t\t\t\t\t\t\n\t\t\t\t\t\t\t<div class=\"bdt-post-grid-img-wrap bdt-overflow-hidden\">\n\t\t\t\t<a href=\"https:\/\/www.gpa.aero\/ca\/casos-dexit\/estrategia-de-connectivitat-aeria-per-a-tenerife\/\" class=\"bdt-transition-scale-up bdt-background-cover bdt-transition-opaque bdt-flex\" title=\"Estrat\u00e8gia de connectivitat a\u00e8ria per a Tenerife\" style=\"background-image: url(https:\/\/www.gpa.aero\/wp-content\/uploads\/2026\/02\/ss-estrategia-conectividad-aerea-tenerife.png)\">\n  \t\t\t\t<\/a>\n\t\t\t<\/div>\n\t\t\t\t\t\t\t<div class=\"bdt-custom-overlay bdt-position-cover\"><\/div>\n\t\t\t\t\t  \t\t\n\t\t\t\t\t  \t\t<div class=\"bdt-post-grid-desc bdt-position-bottom-left\">\n\t\t\t\t\t\t  \t\t<div class=\"bdt-position-medium \">\n\t\t\t\t\t            \t\n\t\t\t\t\t\t\t\t\t<h2 class=\"bdt-post-grid-title\">\n\t\t\t\t<a href=\"https:\/\/www.gpa.aero\/ca\/casos-dexit\/estrategia-de-connectivitat-aeria-per-a-tenerife\/\" class=\"bdt-post-grid-link\" title=\"Estrat\u00e8gia de connectivitat a\u00e8ria per a Tenerife\">\n\t\t\t\t\tEstrat\u00e8gia de connectivitat a\u00e8ria per a Tenerife\n\t\t\t\t<\/a>\n\t\t\t<\/h2>\n\t\t\t\t\t\t\t  \t\t<div class=\"bdt-transition-slide-bottom\">\n\t\t\t\t\t\t\t\t\t\t\t\t\t\t\t\t\t\t\t<\/div>\n\t\t\t\t\t\t\t\t<\/div>\n\t\t\t\t\t\t\t<\/div>\n\n\t\t\t\t\t\t\t\n\t\t\t\t\t\t<\/div>\n\t\t            <\/div>\n\n\t\t\t\t\t\t\t\t\t\n\t\t            <div class=\"bdt-width-1-1 bdt-width-1-2@s bdt-width-1-3@m\">\n\t\t\t\t\t\t<div class=\"bdt-post-grid-item bdt-transition-toggle bdt-position-relative\">\n\t\t\t\t\t\t\t\t\n\t\t\t\t\t\t\t<div class=\"bdt-post-grid-img-wrap bdt-overflow-hidden\">\n\t\t\t\t<a href=\"https:\/\/www.gpa.aero\/ca\/casos-dexit\/impuls-estrategic-de-la-carrega-aeria-a-barcelona\/\" class=\"bdt-transition-scale-up bdt-background-cover bdt-transition-opaque bdt-flex\" title=\"Impuls estrat\u00e8gic de la c\u00e0rrega a\u00e8ria a Barcelona\" style=\"background-image: url(https:\/\/www.gpa.aero\/wp-content\/uploads\/2026\/02\/ss-impulso-estrategico-carga-aerea-barcelona.png)\">\n  \t\t\t\t<\/a>\n\t\t\t<\/div>\n\t\t\t\t\t\t\t<div class=\"bdt-custom-overlay bdt-position-cover\"><\/div>\n\t\t\t\t\t  \t\t\n\t\t\t\t\t  \t\t<div class=\"bdt-post-grid-desc bdt-position-bottom-left\">\n\t\t\t\t\t\t  \t\t<div class=\"bdt-position-medium \">\n\t\t\t\t\t            \t\n\t\t\t\t\t\t\t\t\t<h2 class=\"bdt-post-grid-title\">\n\t\t\t\t<a href=\"https:\/\/www.gpa.aero\/ca\/casos-dexit\/impuls-estrategic-de-la-carrega-aeria-a-barcelona\/\" class=\"bdt-post-grid-link\" title=\"Impuls estrat\u00e8gic de la c\u00e0rrega a\u00e8ria a Barcelona\">\n\t\t\t\t\tImpuls estrat\u00e8gic de la c\u00e0rrega a\u00e8ria a Barcelona\n\t\t\t\t<\/a>\n\t\t\t<\/h2>\n\t\t\t\t\t\t\t  \t\t<div class=\"bdt-transition-slide-bottom\">\n\t\t\t\t\t\t\t\t\t\t\t\t\t\t\t\t\t\t\t<\/div>\n\t\t\t\t\t\t\t\t<\/div>\n\t\t\t\t\t\t\t<\/div>\n\n\t\t\t\t\t\t\t\n\t\t\t\t\t\t<\/div>\n\t\t            <\/div>\n\n\t\t\t\t\t\t\t<\/div>\n\t\t<\/div>\n\t\n \t\t\t\t\t\t<\/div>\n\t\t\t\t\t<\/div>\n\t\t\t\t<\/div>\n\t\t\t\t<\/div>\n\t\t","protected":false},"excerpt":{"rendered":"<p>Desarrollo de rutas a\u00e9reas intercontinentales en Barcelona An\u00e1lisis de competencia en el transporte a\u00e9reo centroamericano Estrategia nacional de desarrollo de carga a\u00e9rea [&hellip;]<\/p>\n","protected":false},"author":1,"featured_media":0,"parent":0,"menu_order":0,"comment_status":"closed","ping_status":"closed","template":"","meta":{"footnotes":""},"class_list":["post-3754","page","type-page","status-publish","hentry"],"yoast_head":"<!-- This site is optimized with the Yoast SEO plugin v27.1.1 - https:\/\/yoast.com\/product\/yoast-seo-wordpress\/ -->\n<title>Casos d&#039;\u00e8xit - GPA<\/title>\n<meta name=\"robots\" content=\"index, follow, max-snippet:-1, max-image-preview:large, max-video-preview:-1\" \/>\n<link rel=\"canonical\" href=\"https:\/\/www.gpa.aero\/ca\/casos-dexit\/\" \/>\n<meta property=\"og:locale\" content=\"ca_ES\" \/>\n<meta property=\"og:type\" content=\"article\" \/>\n<meta property=\"og:title\" content=\"Casos d&#039;\u00e8xit - GPA\" \/>\n<meta property=\"og:description\" content=\"Desarrollo de rutas a\u00e9reas intercontinentales en Barcelona An\u00e1lisis de competencia en el transporte a\u00e9reo centroamericano Estrategia nacional de desarrollo de carga a\u00e9rea [&hellip;]\" \/>\n<meta property=\"og:url\" content=\"https:\/\/www.gpa.aero\/ca\/casos-dexit\/\" \/>\n<meta property=\"og:site_name\" content=\"GPA\" \/>\n<meta property=\"article:modified_time\" content=\"2026-03-18T03:24:35+00:00\" \/>\n<meta name=\"twitter:card\" content=\"summary_large_image\" \/>\n<script type=\"application\/ld+json\" class=\"yoast-schema-graph\">{\"@context\":\"https:\/\/schema.org\",\"@graph\":[{\"@type\":\"WebPage\",\"@id\":\"https:\/\/www.gpa.aero\/ca\/casos-dexit\/\",\"url\":\"https:\/\/www.gpa.aero\/ca\/casos-dexit\/\",\"name\":\"Casos d'\u00e8xit - GPA\",\"isPartOf\":{\"@id\":\"https:\/\/www.gpa.aero\/ca\/#website\"},\"datePublished\":\"2026-03-13T05:23:27+00:00\",\"dateModified\":\"2026-03-18T03:24:35+00:00\",\"breadcrumb\":{\"@id\":\"https:\/\/www.gpa.aero\/ca\/casos-dexit\/#breadcrumb\"},\"inLanguage\":\"ca\",\"potentialAction\":[{\"@type\":\"ReadAction\",\"target\":[\"https:\/\/www.gpa.aero\/ca\/casos-dexit\/\"]}]},{\"@type\":\"BreadcrumbList\",\"@id\":\"https:\/\/www.gpa.aero\/ca\/casos-dexit\/#breadcrumb\",\"itemListElement\":[{\"@type\":\"ListItem\",\"position\":1,\"name\":\"Home\",\"item\":\"https:\/\/www.gpa.aero\/ca\/\"},{\"@type\":\"ListItem\",\"position\":2,\"name\":\"Casos d&#8217;\u00e8xit\"}]},{\"@type\":\"WebSite\",\"@id\":\"https:\/\/www.gpa.aero\/ca\/#website\",\"url\":\"https:\/\/www.gpa.aero\/ca\/\",\"name\":\"GPA\",\"description\":\"\",\"potentialAction\":[{\"@type\":\"SearchAction\",\"target\":{\"@type\":\"EntryPoint\",\"urlTemplate\":\"https:\/\/www.gpa.aero\/ca\/?s={search_term_string}\"},\"query-input\":{\"@type\":\"PropertyValueSpecification\",\"valueRequired\":true,\"valueName\":\"search_term_string\"}}],\"inLanguage\":\"ca\"}]}<\/script>\n<!-- \/ Yoast SEO plugin. -->","yoast_head_json":{"title":"Casos d'\u00e8xit - GPA","robots":{"index":"index","follow":"follow","max-snippet":"max-snippet:-1","max-image-preview":"max-image-preview:large","max-video-preview":"max-video-preview:-1"},"canonical":"https:\/\/www.gpa.aero\/ca\/casos-dexit\/","og_locale":"ca_ES","og_type":"article","og_title":"Casos d'\u00e8xit - GPA","og_description":"Desarrollo de rutas a\u00e9reas intercontinentales en Barcelona An\u00e1lisis de competencia en el transporte a\u00e9reo centroamericano Estrategia nacional de desarrollo de carga a\u00e9rea [&hellip;]","og_url":"https:\/\/www.gpa.aero\/ca\/casos-dexit\/","og_site_name":"GPA","article_modified_time":"2026-03-18T03:24:35+00:00","twitter_card":"summary_large_image","schema":{"@context":"https:\/\/schema.org","@graph":[{"@type":"WebPage","@id":"https:\/\/www.gpa.aero\/ca\/casos-dexit\/","url":"https:\/\/www.gpa.aero\/ca\/casos-dexit\/","name":"Casos d'\u00e8xit - GPA","isPartOf":{"@id":"https:\/\/www.gpa.aero\/ca\/#website"},"datePublished":"2026-03-13T05:23:27+00:00","dateModified":"2026-03-18T03:24:35+00:00","breadcrumb":{"@id":"https:\/\/www.gpa.aero\/ca\/casos-dexit\/#breadcrumb"},"inLanguage":"ca","potentialAction":[{"@type":"ReadAction","target":["https:\/\/www.gpa.aero\/ca\/casos-dexit\/"]}]},{"@type":"BreadcrumbList","@id":"https:\/\/www.gpa.aero\/ca\/casos-dexit\/#breadcrumb","itemListElement":[{"@type":"ListItem","position":1,"name":"Home","item":"https:\/\/www.gpa.aero\/ca\/"},{"@type":"ListItem","position":2,"name":"Casos d&#8217;\u00e8xit"}]},{"@type":"WebSite","@id":"https:\/\/www.gpa.aero\/ca\/#website","url":"https:\/\/www.gpa.aero\/ca\/","name":"GPA","description":"","potentialAction":[{"@type":"SearchAction","target":{"@type":"EntryPoint","urlTemplate":"https:\/\/www.gpa.aero\/ca\/?s={search_term_string}"},"query-input":{"@type":"PropertyValueSpecification","valueRequired":true,"valueName":"search_term_string"}}],"inLanguage":"ca"}]}},"_links":{"self":[{"href":"https:\/\/www.gpa.aero\/ca\/wp-json\/wp\/v2\/pages\/3754","targetHints":{"allow":["GET"]}}],"collection":[{"href":"https:\/\/www.gpa.aero\/ca\/wp-json\/wp\/v2\/pages"}],"about":[{"href":"https:\/\/www.gpa.aero\/ca\/wp-json\/wp\/v2\/types\/page"}],"author":[{"embeddable":true,"href":"https:\/\/www.gpa.aero\/ca\/wp-json\/wp\/v2\/users\/1"}],"replies":[{"embeddable":true,"href":"https:\/\/www.gpa.aero\/ca\/wp-json\/wp\/v2\/comments?post=3754"}],"version-history":[{"count":4,"href":"https:\/\/www.gpa.aero\/ca\/wp-json\/wp\/v2\/pages\/3754\/revisions"}],"predecessor-version":[{"id":3823,"href":"https:\/\/www.gpa.aero\/ca\/wp-json\/wp\/v2\/pages\/3754\/revisions\/3823"}],"wp:attachment":[{"href":"https:\/\/www.gpa.aero\/ca\/wp-json\/wp\/v2\/media?parent=3754"}],"curies":[{"name":"wp","href":"https:\/\/api.w.org\/{rel}","templated":true}]}}