{"id":3742,"date":"2026-03-13T06:07:04","date_gmt":"2026-03-13T06:07:04","guid":{"rendered":"https:\/\/www.gpa.aero\/formacio-en-gestio-demergencies-per-a-aerolinies\/"},"modified":"2026-03-13T10:49:07","modified_gmt":"2026-03-13T10:49:07","slug":"formacio-en-gestio-demergencies-per-a-aerolinies","status":"publish","type":"page","link":"https:\/\/www.gpa.aero\/ca\/casos-dexit\/formacio-en-gestio-demergencies-per-a-aerolinies\/","title":{"rendered":"Formaci\u00f3 en gesti\u00f3 d&#8217;emerg\u00e8ncies per a aerol\u00ednies"},"content":{"rendered":"\t\t<div data-elementor-type=\"wp-page\" data-elementor-id=\"3742\" class=\"elementor elementor-3742 elementor-3579\" data-elementor-settings=\"{&quot;ha_cmc_init_switcher&quot;:&quot;no&quot;,&quot;element_pack_global_tooltip_width&quot;:{&quot;unit&quot;:&quot;px&quot;,&quot;size&quot;:&quot;&quot;,&quot;sizes&quot;:[]},&quot;element_pack_global_tooltip_width_tablet&quot;:{&quot;unit&quot;:&quot;px&quot;,&quot;size&quot;:&quot;&quot;,&quot;sizes&quot;:[]},&quot;element_pack_global_tooltip_width_mobile&quot;:{&quot;unit&quot;:&quot;px&quot;,&quot;size&quot;:&quot;&quot;,&quot;sizes&quot;:[]},&quot;element_pack_global_tooltip_padding&quot;:{&quot;unit&quot;:&quot;px&quot;,&quot;top&quot;:&quot;&quot;,&quot;right&quot;:&quot;&quot;,&quot;bottom&quot;:&quot;&quot;,&quot;left&quot;:&quot;&quot;,&quot;isLinked&quot;:true},&quot;element_pack_global_tooltip_padding_tablet&quot;:{&quot;unit&quot;:&quot;px&quot;,&quot;top&quot;:&quot;&quot;,&quot;right&quot;:&quot;&quot;,&quot;bottom&quot;:&quot;&quot;,&quot;left&quot;:&quot;&quot;,&quot;isLinked&quot;:true},&quot;element_pack_global_tooltip_padding_mobile&quot;:{&quot;unit&quot;:&quot;px&quot;,&quot;top&quot;:&quot;&quot;,&quot;right&quot;:&quot;&quot;,&quot;bottom&quot;:&quot;&quot;,&quot;left&quot;:&quot;&quot;,&quot;isLinked&quot;:true},&quot;element_pack_global_tooltip_border_radius&quot;:{&quot;unit&quot;:&quot;px&quot;,&quot;top&quot;:&quot;&quot;,&quot;right&quot;:&quot;&quot;,&quot;bottom&quot;:&quot;&quot;,&quot;left&quot;:&quot;&quot;,&quot;isLinked&quot;:true},&quot;element_pack_global_tooltip_border_radius_tablet&quot;:{&quot;unit&quot;:&quot;px&quot;,&quot;top&quot;:&quot;&quot;,&quot;right&quot;:&quot;&quot;,&quot;bottom&quot;:&quot;&quot;,&quot;left&quot;:&quot;&quot;,&quot;isLinked&quot;:true},&quot;element_pack_global_tooltip_border_radius_mobile&quot;:{&quot;unit&quot;:&quot;px&quot;,&quot;top&quot;:&quot;&quot;,&quot;right&quot;:&quot;&quot;,&quot;bottom&quot;:&quot;&quot;,&quot;left&quot;:&quot;&quot;,&quot;isLinked&quot;:true}}\">\n\t\t\t\t\t\t<section class=\"elementor-section elementor-top-section elementor-element elementor-element-acaa4f6 elementor-section-boxed elementor-section-height-default elementor-section-height-default\" data-id=\"acaa4f6\" data-element_type=\"section\" data-e-type=\"section\" data-settings=\"{&quot;_ha_eqh_enable&quot;:false}\">\n\t\t\t\t\t\t<div class=\"elementor-container elementor-column-gap-default\">\n\t\t\t\t\t<div class=\"elementor-column elementor-col-50 elementor-top-column elementor-element elementor-element-3efe72c\" data-id=\"3efe72c\" data-element_type=\"column\" data-e-type=\"column\">\n\t\t\t<div class=\"elementor-widget-wrap elementor-element-populated\">\n\t\t\t\t\t\t<div class=\"elementor-element elementor-element-f8e52c3 elementor-widget elementor-widget-heading\" data-id=\"f8e52c3\" data-element_type=\"widget\" data-e-type=\"widget\" data-widget_type=\"heading.default\">\n\t\t\t\t\t<h6 class=\"elementor-heading-title elementor-size-default\">BRIEF<\/h6>\t\t\t\t<\/div>\n\t\t\t\t<div class=\"elementor-element elementor-element-d75539b elementor-widget elementor-widget-heading\" data-id=\"d75539b\" data-element_type=\"widget\" data-e-type=\"widget\" data-widget_type=\"heading.default\">\n\t\t\t\t\t<h4 class=\"elementor-heading-title elementor-size-default\">Descripci\u00f3 del projecte:<\/h4>\t\t\t\t<\/div>\n\t\t\t\t<div class=\"elementor-element elementor-element-e7cbfdc elementor-widget elementor-widget-text-editor\" data-id=\"e7cbfdc\" data-element_type=\"widget\" data-e-type=\"widget\" data-widget_type=\"text-editor.default\">\n\t\t\t\t\t\t\t\t\t<p>Iberojet requeria un programa de formaci\u00f3 presencial especialitzat per refor\u00e7ar les capacitats de gesti\u00f3 d&#8217;emerg\u00e8ncies i garantir la preparaci\u00f3 davant d&#8217;accidents o incidents greus, alineant els seus procediments amb els requisits d&#8217;OACI i EASA.<\/p>\t\t\t\t\t\t\t\t<\/div>\n\t\t\t\t\t<\/div>\n\t\t<\/div>\n\t\t\t\t<div class=\"elementor-column elementor-col-50 elementor-top-column elementor-element elementor-element-5e6ac68\" data-id=\"5e6ac68\" data-element_type=\"column\" data-e-type=\"column\">\n\t\t\t<div class=\"elementor-widget-wrap elementor-element-populated\">\n\t\t\t\t\t\t<div class=\"elementor-element elementor-element-9f1e961 elementor-widget elementor-widget-heading\" data-id=\"9f1e961\" data-element_type=\"widget\" data-e-type=\"widget\" data-widget_type=\"heading.default\">\n\t\t\t\t\t<h6 class=\"elementor-heading-title elementor-size-default\">PROJECTE<\/h6>\t\t\t\t<\/div>\n\t\t\t\t<div class=\"elementor-element elementor-element-2532e0c elementor-widget elementor-widget-heading\" data-id=\"2532e0c\" data-element_type=\"widget\" data-e-type=\"widget\" data-widget_type=\"heading.default\">\n\t\t\t\t\t<h4 class=\"elementor-heading-title elementor-size-default\">Preparaci\u00f3, coordinaci\u00f3 i resili\u00e8ncia davant de situacions cr\u00edtiques en aviaci\u00f3.<\/h4>\t\t\t\t<\/div>\n\t\t\t\t<section class=\"elementor-section elementor-inner-section elementor-element elementor-element-a7ee863 elementor-section-boxed elementor-section-height-default elementor-section-height-default\" data-id=\"a7ee863\" data-element_type=\"section\" data-e-type=\"section\" data-settings=\"{&quot;_ha_eqh_enable&quot;:false}\">\n\t\t\t\t\t\t<div class=\"elementor-container elementor-column-gap-default\">\n\t\t\t\t\t<div class=\"elementor-column elementor-col-33 elementor-inner-column elementor-element elementor-element-467c507\" data-id=\"467c507\" data-element_type=\"column\" data-e-type=\"column\">\n\t\t\t<div class=\"elementor-widget-wrap elementor-element-populated\">\n\t\t\t\t\t\t<div class=\"elementor-element elementor-element-ffa4b23 elementor-widget elementor-widget-heading\" data-id=\"ffa4b23\" data-element_type=\"widget\" data-e-type=\"widget\" data-widget_type=\"heading.default\">\n\t\t\t\t\t<h5 class=\"elementor-heading-title elementor-size-default\">T\u00edtol<\/h5>\t\t\t\t<\/div>\n\t\t\t\t<div class=\"elementor-element elementor-element-f82edb7 elementor-widget elementor-widget-text-editor\" data-id=\"f82edb7\" data-element_type=\"widget\" data-e-type=\"widget\" data-widget_type=\"text-editor.default\">\n\t\t\t\t\t\t\t\t\t<p><span style=\"font-weight: 400;\">Serveis de Gesti\u00f3 de Resposta davant d&#8217;Emerg\u00e8ncies<\/span><\/p>\t\t\t\t\t\t\t\t<\/div>\n\t\t\t\t\t<\/div>\n\t\t<\/div>\n\t\t\t\t<div class=\"elementor-column elementor-col-33 elementor-inner-column elementor-element elementor-element-3e2e179\" data-id=\"3e2e179\" data-element_type=\"column\" data-e-type=\"column\">\n\t\t\t<div class=\"elementor-widget-wrap elementor-element-populated\">\n\t\t\t\t\t\t<div class=\"elementor-element elementor-element-28bccf4 elementor-widget elementor-widget-heading\" data-id=\"28bccf4\" data-element_type=\"widget\" data-e-type=\"widget\" data-widget_type=\"heading.default\">\n\t\t\t\t\t<h5 class=\"elementor-heading-title elementor-size-default\">Client<\/h5>\t\t\t\t<\/div>\n\t\t\t\t<div class=\"elementor-element elementor-element-d960d22 elementor-widget elementor-widget-text-editor\" data-id=\"d960d22\" data-element_type=\"widget\" data-e-type=\"widget\" data-widget_type=\"text-editor.default\">\n\t\t\t\t\t\t\t\t\t<p><span style=\"font-weight: 400;\">Iberojet<\/span><\/p>\t\t\t\t\t\t\t\t<\/div>\n\t\t\t\t\t<\/div>\n\t\t<\/div>\n\t\t\t\t<div class=\"elementor-column elementor-col-33 elementor-inner-column elementor-element elementor-element-e8fabe6\" data-id=\"e8fabe6\" data-element_type=\"column\" data-e-type=\"column\">\n\t\t\t<div class=\"elementor-widget-wrap elementor-element-populated\">\n\t\t\t\t\t\t<div class=\"elementor-element elementor-element-f632dbb elementor-widget elementor-widget-heading\" data-id=\"f632dbb\" data-element_type=\"widget\" data-e-type=\"widget\" data-widget_type=\"heading.default\">\n\t\t\t\t\t<h5 class=\"elementor-heading-title elementor-size-default\">Temps<\/h5>\t\t\t\t<\/div>\n\t\t\t\t<div class=\"elementor-element elementor-element-c8d5117 elementor-widget elementor-widget-text-editor\" data-id=\"c8d5117\" data-element_type=\"widget\" data-e-type=\"widget\" data-widget_type=\"text-editor.default\">\n\t\t\t\t\t\t\t\t\t<p><span style=\"font-weight: 400;\">2013 \u2013 en curs<\/span><\/p>\t\t\t\t\t\t\t\t<\/div>\n\t\t\t\t\t<\/div>\n\t\t<\/div>\n\t\t\t\t\t<\/div>\n\t\t<\/section>\n\t\t\t\t\t<\/div>\n\t\t<\/div>\n\t\t\t\t\t<\/div>\n\t\t<\/section>\n\t\t\t\t<section class=\"elementor-section elementor-top-section elementor-element elementor-element-2f9a72f elementor-section-boxed elementor-section-height-default elementor-section-height-default\" data-id=\"2f9a72f\" data-element_type=\"section\" data-e-type=\"section\" data-settings=\"{&quot;_ha_eqh_enable&quot;:false}\">\n\t\t\t\t\t\t<div class=\"elementor-container elementor-column-gap-default\">\n\t\t\t\t\t<div class=\"elementor-column elementor-col-50 elementor-top-column elementor-element elementor-element-631e892\" data-id=\"631e892\" data-element_type=\"column\" data-e-type=\"column\">\n\t\t\t<div class=\"elementor-widget-wrap elementor-element-populated\">\n\t\t\t\t\t\t<div class=\"elementor-element elementor-element-6d67457 elementor-widget elementor-widget-image\" data-id=\"6d67457\" data-element_type=\"widget\" data-e-type=\"widget\" data-widget_type=\"image.default\">\n\t\t\t\t\t\t\t\t\t\t\t\t\t\t\t<img fetchpriority=\"high\" decoding=\"async\" width=\"1000\" height=\"402\" src=\"https:\/\/www.gpa.aero\/wp-content\/uploads\/2026\/02\/4a694623-3eeb-4717-8c0b-8a07ea357a36_output-onlinepngtools-1024x412.png\" class=\"attachment-large size-large wp-image-3033\" alt=\"iberojet\" srcset=\"https:\/\/www.gpa.aero\/wp-content\/uploads\/2026\/02\/4a694623-3eeb-4717-8c0b-8a07ea357a36_output-onlinepngtools-1024x412.png 1024w, https:\/\/www.gpa.aero\/wp-content\/uploads\/2026\/02\/4a694623-3eeb-4717-8c0b-8a07ea357a36_output-onlinepngtools-300x121.png 300w, https:\/\/www.gpa.aero\/wp-content\/uploads\/2026\/02\/4a694623-3eeb-4717-8c0b-8a07ea357a36_output-onlinepngtools-768x309.png 768w, https:\/\/www.gpa.aero\/wp-content\/uploads\/2026\/02\/4a694623-3eeb-4717-8c0b-8a07ea357a36_output-onlinepngtools-650x262.png 650w, https:\/\/www.gpa.aero\/wp-content\/uploads\/2026\/02\/4a694623-3eeb-4717-8c0b-8a07ea357a36_output-onlinepngtools.png 1500w\" sizes=\"(max-width: 1000px) 100vw, 1000px\" \/>\t\t\t\t\t\t\t\t\t\t\t\t\t\t\t<\/div>\n\t\t\t\t\t<\/div>\n\t\t<\/div>\n\t\t\t\t<div class=\"elementor-column elementor-col-50 elementor-top-column elementor-element elementor-element-c094c4c\" data-id=\"c094c4c\" data-element_type=\"column\" data-e-type=\"column\">\n\t\t\t<div class=\"elementor-widget-wrap elementor-element-populated\">\n\t\t\t\t\t\t<div class=\"elementor-element elementor-element-20cfca5 elementor-widget elementor-widget-heading\" data-id=\"20cfca5\" data-element_type=\"widget\" data-e-type=\"widget\" data-widget_type=\"heading.default\">\n\t\t\t\t\t<h4 class=\"elementor-heading-title elementor-size-default\">Metodologia GPA aplicada:<\/h4>\t\t\t\t<\/div>\n\t\t\t\t<div class=\"elementor-element elementor-element-a7f7848 elementor-widget elementor-widget-text-editor\" data-id=\"a7f7848\" data-element_type=\"widget\" data-e-type=\"widget\" data-widget_type=\"text-editor.default\">\n\t\t\t\t\t\t\t\t\t<p>GPA va dissenyar i impartir un programa de formaci\u00f3 a mida en Gesti\u00f3 de Resposta davant d&#8217;Emerg\u00e8ncies, combinant sessions te\u00f2riques i exercicis pr\u00e0ctics basats en escenaris reals.<\/p><p>La formaci\u00f3 va incloure organitzaci\u00f3 d&#8217;emerg\u00e8ncies, comunicaci\u00f3 de crisi, coordinaci\u00f3 amb aeroports i serveis externs i gesti\u00f3 d&#8217;assist\u00e8ncia a familiars.<\/p>\t\t\t\t\t\t\t\t<\/div>\n\t\t\t\t\t<\/div>\n\t\t<\/div>\n\t\t\t\t\t<\/div>\n\t\t<\/section>\n\t\t<div class=\"elementor-element elementor-element-bce7f76 e-flex e-con-boxed e-con e-parent\" data-id=\"bce7f76\" data-element_type=\"container\" data-e-type=\"container\" data-settings=\"{&quot;_ha_eqh_enable&quot;:false}\">\n\t\t\t\t\t<div class=\"e-con-inner\">\n\t\t\t\t<div class=\"elementor-element elementor-element-5ee318b elementor-widget elementor-widget-image\" data-id=\"5ee318b\" data-element_type=\"widget\" data-e-type=\"widget\" data-widget_type=\"image.default\">\n\t\t\t\t\t\t\t\t\t\t\t\t\t\t\t<img decoding=\"async\" width=\"1000\" height=\"646\" src=\"https:\/\/www.gpa.aero\/wp-content\/uploads\/2026\/02\/WhatsApp-Image-2026-02-25-at-10.48.05-scaled-e1772196924273-1024x662.jpeg\" class=\"attachment-large size-large wp-image-3034\" alt=\"\" srcset=\"https:\/\/www.gpa.aero\/wp-content\/uploads\/2026\/02\/WhatsApp-Image-2026-02-25-at-10.48.05-scaled-e1772196924273-1024x662.jpeg 1024w, https:\/\/www.gpa.aero\/wp-content\/uploads\/2026\/02\/WhatsApp-Image-2026-02-25-at-10.48.05-scaled-e1772196924273-300x194.jpeg 300w, https:\/\/www.gpa.aero\/wp-content\/uploads\/2026\/02\/WhatsApp-Image-2026-02-25-at-10.48.05-scaled-e1772196924273-768x497.jpeg 768w, https:\/\/www.gpa.aero\/wp-content\/uploads\/2026\/02\/WhatsApp-Image-2026-02-25-at-10.48.05-scaled-e1772196924273-1536x994.jpeg 1536w, https:\/\/www.gpa.aero\/wp-content\/uploads\/2026\/02\/WhatsApp-Image-2026-02-25-at-10.48.05-scaled-e1772196924273-650x420.jpeg 650w, https:\/\/www.gpa.aero\/wp-content\/uploads\/2026\/02\/WhatsApp-Image-2026-02-25-at-10.48.05-scaled-e1772196924273.jpeg 1920w\" sizes=\"(max-width: 1000px) 100vw, 1000px\" \/>\t\t\t\t\t\t\t\t\t\t\t\t\t\t\t<\/div>\n\t\t\t\t\t<\/div>\n\t\t\t\t<\/div>\n\t\t\t\t<section class=\"elementor-section elementor-top-section elementor-element elementor-element-85e2d33 elementor-section-boxed elementor-section-height-default elementor-section-height-default\" data-id=\"85e2d33\" data-element_type=\"section\" data-e-type=\"section\" data-settings=\"{&quot;_ha_eqh_enable&quot;:false}\">\n\t\t\t\t\t\t<div class=\"elementor-container elementor-column-gap-default\">\n\t\t\t\t\t<div class=\"elementor-column elementor-col-66 elementor-top-column elementor-element elementor-element-4d0e9af\" data-id=\"4d0e9af\" data-element_type=\"column\" data-e-type=\"column\">\n\t\t\t<div class=\"elementor-widget-wrap elementor-element-populated\">\n\t\t\t\t\t\t<div class=\"elementor-element elementor-element-339660d elementor-widget elementor-widget-heading\" data-id=\"339660d\" data-element_type=\"widget\" data-e-type=\"widget\" data-widget_type=\"heading.default\">\n\t\t\t\t\t<h4 class=\"elementor-heading-title elementor-size-default\">Resultats del<br> projecte:<\/h4>\t\t\t\t<\/div>\n\t\t\t\t\t<\/div>\n\t\t<\/div>\n\t\t\t\t<div class=\"elementor-column elementor-col-33 elementor-top-column elementor-element elementor-element-ce81974\" data-id=\"ce81974\" data-element_type=\"column\" data-e-type=\"column\">\n\t\t\t<div class=\"elementor-widget-wrap elementor-element-populated\">\n\t\t\t\t\t\t<div class=\"elementor-element elementor-element-1c5380f elementor-widget__width-initial elementor-widget elementor-widget-text-editor\" data-id=\"1c5380f\" data-element_type=\"widget\" data-e-type=\"widget\" data-widget_type=\"text-editor.default\">\n\t\t\t\t\t\t\t\t\t<p><span style=\"font-weight: 400;\">El programa va millorar significativament el nivell de preparaci\u00f3 d&#8217;Iberojet, va refor\u00e7ar la coordinaci\u00f3 interna i va dotar els equips d&#8217;eines pr\u00e0ctiques per gestionar situacions cr\u00edtiques amb efic\u00e0cia i resili\u00e8ncia operativa.<\/span><\/p>\t\t\t\t\t\t\t\t<\/div>\n\t\t\t\t\t<\/div>\n\t\t<\/div>\n\t\t\t\t\t<\/div>\n\t\t<\/section>\n\t\t<div class=\"elementor-element elementor-element-c423489 e-flex e-con-boxed e-con e-parent\" data-id=\"c423489\" data-element_type=\"container\" data-e-type=\"container\" data-settings=\"{&quot;_ha_eqh_enable&quot;:false}\">\n\t\t\t\t\t<div class=\"e-con-inner\">\n\t\t\t\t<div class=\"elementor-element elementor-element-a3768b8 elementor-widget elementor-widget-heading\" data-id=\"a3768b8\" data-element_type=\"widget\" data-e-type=\"widget\" data-widget_type=\"heading.default\">\n\t\t\t\t\t<h2 class=\"elementor-heading-title elementor-size-default\">Abast global, connectant el m\u00f3n:<\/h2>\t\t\t\t<\/div>\n\t\t\t\t<div data-ha-element-link=\"{&quot;url&quot;:&quot;https:\\\/\\\/www.gpa.aero\\\/casos-de-exito\\\/&quot;,&quot;is_external&quot;:&quot;&quot;,&quot;nofollow&quot;:&quot;&quot;}\" style=\"cursor: pointer\" class=\"elementor-element elementor-element-b99e723 elementor-widget elementor-widget-image\" data-id=\"b99e723\" data-element_type=\"widget\" data-e-type=\"widget\" data-widget_type=\"image.default\">\n\t\t\t\t\t\t\t\t\t\t\t\t\t\t\t<img decoding=\"async\" width=\"5617\" height=\"2464\" src=\"https:\/\/www.gpa.aero\/wp-content\/uploads\/2026\/03\/GPA-mapa-ok.svg\" class=\"attachment-large size-large wp-image-2701\" alt=\"mapa mundi\" \/>\t\t\t\t\t\t\t\t\t\t\t\t\t\t\t<\/div>\n\t\t\t\t\t<\/div>\n\t\t\t\t<\/div>\n\t\t\t\t<\/div>\n\t\t","protected":false},"excerpt":{"rendered":"<p>BRIEF Descripci\u00f3 del projecte: Iberojet requeria un programa de formaci\u00f3 presencial especialitzat per refor\u00e7ar les capacitats de gesti\u00f3 d&#8217;emerg\u00e8ncies i garantir la [&hellip;]<\/p>\n","protected":false},"author":1,"featured_media":2678,"parent":3754,"menu_order":0,"comment_status":"closed","ping_status":"closed","template":"","meta":{"footnotes":""},"class_list":["post-3742","page","type-page","status-publish","has-post-thumbnail","hentry"],"yoast_head":"<!-- This site is optimized with the Yoast SEO plugin v27.1.1 - https:\/\/yoast.com\/product\/yoast-seo-wordpress\/ -->\n<title>Formaci\u00f3 en gesti\u00f3 d&#039;emerg\u00e8ncies per a aerol\u00ednies - GPA<\/title>\n<meta name=\"robots\" content=\"index, follow, max-snippet:-1, max-image-preview:large, max-video-preview:-1\" \/>\n<link rel=\"canonical\" href=\"https:\/\/www.gpa.aero\/ca\/casos-dexit\/formacio-en-gestio-demergencies-per-a-aerolinies\/\" \/>\n<meta property=\"og:locale\" content=\"ca_ES\" \/>\n<meta property=\"og:type\" content=\"article\" \/>\n<meta property=\"og:title\" content=\"Formaci\u00f3 en gesti\u00f3 d&#039;emerg\u00e8ncies per a aerol\u00ednies - GPA\" \/>\n<meta property=\"og:description\" content=\"BRIEF Descripci\u00f3 del projecte: Iberojet requeria un programa de formaci\u00f3 presencial especialitzat per refor\u00e7ar les capacitats de gesti\u00f3 d&#8217;emerg\u00e8ncies i garantir la [&hellip;]\" \/>\n<meta property=\"og:url\" content=\"https:\/\/www.gpa.aero\/ca\/casos-dexit\/formacio-en-gestio-demergencies-per-a-aerolinies\/\" \/>\n<meta property=\"og:site_name\" content=\"GPA\" \/>\n<meta property=\"article:modified_time\" content=\"2026-03-13T10:49:07+00:00\" \/>\n<meta property=\"og:image\" content=\"https:\/\/www.gpa.aero\/wp-content\/uploads\/2026\/02\/ss-formacion-gestion-emergencias-aerolineas.png\" \/>\n\t<meta property=\"og:image:width\" content=\"740\" \/>\n\t<meta property=\"og:image:height\" content=\"782\" \/>\n\t<meta property=\"og:image:type\" content=\"image\/png\" \/>\n<meta name=\"twitter:card\" content=\"summary_large_image\" \/>\n<meta name=\"twitter:label1\" content=\"Temps estimat de lectura\" \/>\n\t<meta name=\"twitter:data1\" content=\"2 minuts\" \/>\n<script type=\"application\/ld+json\" class=\"yoast-schema-graph\">{\"@context\":\"https:\/\/schema.org\",\"@graph\":[{\"@type\":\"WebPage\",\"@id\":\"https:\/\/www.gpa.aero\/ca\/casos-dexit\/formacio-en-gestio-demergencies-per-a-aerolinies\/\",\"url\":\"https:\/\/www.gpa.aero\/ca\/casos-dexit\/formacio-en-gestio-demergencies-per-a-aerolinies\/\",\"name\":\"Formaci\u00f3 en gesti\u00f3 d'emerg\u00e8ncies per a aerol\u00ednies - GPA\",\"isPartOf\":{\"@id\":\"https:\/\/www.gpa.aero\/ca\/#website\"},\"primaryImageOfPage\":{\"@id\":\"https:\/\/www.gpa.aero\/ca\/casos-dexit\/formacio-en-gestio-demergencies-per-a-aerolinies\/#primaryimage\"},\"image\":{\"@id\":\"https:\/\/www.gpa.aero\/ca\/casos-dexit\/formacio-en-gestio-demergencies-per-a-aerolinies\/#primaryimage\"},\"thumbnailUrl\":\"https:\/\/www.gpa.aero\/wp-content\/uploads\/2026\/02\/ss-formacion-gestion-emergencias-aerolineas.png\",\"datePublished\":\"2026-03-13T06:07:04+00:00\",\"dateModified\":\"2026-03-13T10:49:07+00:00\",\"breadcrumb\":{\"@id\":\"https:\/\/www.gpa.aero\/ca\/casos-dexit\/formacio-en-gestio-demergencies-per-a-aerolinies\/#breadcrumb\"},\"inLanguage\":\"ca\",\"potentialAction\":[{\"@type\":\"ReadAction\",\"target\":[\"https:\/\/www.gpa.aero\/ca\/casos-dexit\/formacio-en-gestio-demergencies-per-a-aerolinies\/\"]}]},{\"@type\":\"ImageObject\",\"inLanguage\":\"ca\",\"@id\":\"https:\/\/www.gpa.aero\/ca\/casos-dexit\/formacio-en-gestio-demergencies-per-a-aerolinies\/#primaryimage\",\"url\":\"https:\/\/www.gpa.aero\/wp-content\/uploads\/2026\/02\/ss-formacion-gestion-emergencias-aerolineas.png\",\"contentUrl\":\"https:\/\/www.gpa.aero\/wp-content\/uploads\/2026\/02\/ss-formacion-gestion-emergencias-aerolineas.png\",\"width\":740,\"height\":782},{\"@type\":\"BreadcrumbList\",\"@id\":\"https:\/\/www.gpa.aero\/ca\/casos-dexit\/formacio-en-gestio-demergencies-per-a-aerolinies\/#breadcrumb\",\"itemListElement\":[{\"@type\":\"ListItem\",\"position\":1,\"name\":\"Home\",\"item\":\"https:\/\/www.gpa.aero\/ca\/\"},{\"@type\":\"ListItem\",\"position\":2,\"name\":\"Casos d&#8217;\u00e8xit\",\"item\":\"https:\/\/www.gpa.aero\/ca\/casos-dexit\/\"},{\"@type\":\"ListItem\",\"position\":3,\"name\":\"Formaci\u00f3 en gesti\u00f3 d&#8217;emerg\u00e8ncies per a aerol\u00ednies\"}]},{\"@type\":\"WebSite\",\"@id\":\"https:\/\/www.gpa.aero\/ca\/#website\",\"url\":\"https:\/\/www.gpa.aero\/ca\/\",\"name\":\"GPA\",\"description\":\"\",\"potentialAction\":[{\"@type\":\"SearchAction\",\"target\":{\"@type\":\"EntryPoint\",\"urlTemplate\":\"https:\/\/www.gpa.aero\/ca\/?s={search_term_string}\"},\"query-input\":{\"@type\":\"PropertyValueSpecification\",\"valueRequired\":true,\"valueName\":\"search_term_string\"}}],\"inLanguage\":\"ca\"}]}<\/script>\n<!-- \/ Yoast SEO plugin. -->","yoast_head_json":{"title":"Formaci\u00f3 en gesti\u00f3 d'emerg\u00e8ncies per a aerol\u00ednies - GPA","robots":{"index":"index","follow":"follow","max-snippet":"max-snippet:-1","max-image-preview":"max-image-preview:large","max-video-preview":"max-video-preview:-1"},"canonical":"https:\/\/www.gpa.aero\/ca\/casos-dexit\/formacio-en-gestio-demergencies-per-a-aerolinies\/","og_locale":"ca_ES","og_type":"article","og_title":"Formaci\u00f3 en gesti\u00f3 d'emerg\u00e8ncies per a aerol\u00ednies - GPA","og_description":"BRIEF Descripci\u00f3 del projecte: Iberojet requeria un programa de formaci\u00f3 presencial especialitzat per refor\u00e7ar les capacitats de gesti\u00f3 d&#8217;emerg\u00e8ncies i garantir la [&hellip;]","og_url":"https:\/\/www.gpa.aero\/ca\/casos-dexit\/formacio-en-gestio-demergencies-per-a-aerolinies\/","og_site_name":"GPA","article_modified_time":"2026-03-13T10:49:07+00:00","og_image":[{"width":740,"height":782,"url":"https:\/\/www.gpa.aero\/wp-content\/uploads\/2026\/02\/ss-formacion-gestion-emergencias-aerolineas.png","type":"image\/png"}],"twitter_card":"summary_large_image","twitter_misc":{"Temps estimat de lectura":"2 minuts"},"schema":{"@context":"https:\/\/schema.org","@graph":[{"@type":"WebPage","@id":"https:\/\/www.gpa.aero\/ca\/casos-dexit\/formacio-en-gestio-demergencies-per-a-aerolinies\/","url":"https:\/\/www.gpa.aero\/ca\/casos-dexit\/formacio-en-gestio-demergencies-per-a-aerolinies\/","name":"Formaci\u00f3 en gesti\u00f3 d'emerg\u00e8ncies per a aerol\u00ednies - GPA","isPartOf":{"@id":"https:\/\/www.gpa.aero\/ca\/#website"},"primaryImageOfPage":{"@id":"https:\/\/www.gpa.aero\/ca\/casos-dexit\/formacio-en-gestio-demergencies-per-a-aerolinies\/#primaryimage"},"image":{"@id":"https:\/\/www.gpa.aero\/ca\/casos-dexit\/formacio-en-gestio-demergencies-per-a-aerolinies\/#primaryimage"},"thumbnailUrl":"https:\/\/www.gpa.aero\/wp-content\/uploads\/2026\/02\/ss-formacion-gestion-emergencias-aerolineas.png","datePublished":"2026-03-13T06:07:04+00:00","dateModified":"2026-03-13T10:49:07+00:00","breadcrumb":{"@id":"https:\/\/www.gpa.aero\/ca\/casos-dexit\/formacio-en-gestio-demergencies-per-a-aerolinies\/#breadcrumb"},"inLanguage":"ca","potentialAction":[{"@type":"ReadAction","target":["https:\/\/www.gpa.aero\/ca\/casos-dexit\/formacio-en-gestio-demergencies-per-a-aerolinies\/"]}]},{"@type":"ImageObject","inLanguage":"ca","@id":"https:\/\/www.gpa.aero\/ca\/casos-dexit\/formacio-en-gestio-demergencies-per-a-aerolinies\/#primaryimage","url":"https:\/\/www.gpa.aero\/wp-content\/uploads\/2026\/02\/ss-formacion-gestion-emergencias-aerolineas.png","contentUrl":"https:\/\/www.gpa.aero\/wp-content\/uploads\/2026\/02\/ss-formacion-gestion-emergencias-aerolineas.png","width":740,"height":782},{"@type":"BreadcrumbList","@id":"https:\/\/www.gpa.aero\/ca\/casos-dexit\/formacio-en-gestio-demergencies-per-a-aerolinies\/#breadcrumb","itemListElement":[{"@type":"ListItem","position":1,"name":"Home","item":"https:\/\/www.gpa.aero\/ca\/"},{"@type":"ListItem","position":2,"name":"Casos d&#8217;\u00e8xit","item":"https:\/\/www.gpa.aero\/ca\/casos-dexit\/"},{"@type":"ListItem","position":3,"name":"Formaci\u00f3 en gesti\u00f3 d&#8217;emerg\u00e8ncies per a aerol\u00ednies"}]},{"@type":"WebSite","@id":"https:\/\/www.gpa.aero\/ca\/#website","url":"https:\/\/www.gpa.aero\/ca\/","name":"GPA","description":"","potentialAction":[{"@type":"SearchAction","target":{"@type":"EntryPoint","urlTemplate":"https:\/\/www.gpa.aero\/ca\/?s={search_term_string}"},"query-input":{"@type":"PropertyValueSpecification","valueRequired":true,"valueName":"search_term_string"}}],"inLanguage":"ca"}]}},"_links":{"self":[{"href":"https:\/\/www.gpa.aero\/ca\/wp-json\/wp\/v2\/pages\/3742","targetHints":{"allow":["GET"]}}],"collection":[{"href":"https:\/\/www.gpa.aero\/ca\/wp-json\/wp\/v2\/pages"}],"about":[{"href":"https:\/\/www.gpa.aero\/ca\/wp-json\/wp\/v2\/types\/page"}],"author":[{"embeddable":true,"href":"https:\/\/www.gpa.aero\/ca\/wp-json\/wp\/v2\/users\/1"}],"replies":[{"embeddable":true,"href":"https:\/\/www.gpa.aero\/ca\/wp-json\/wp\/v2\/comments?post=3742"}],"version-history":[{"count":3,"href":"https:\/\/www.gpa.aero\/ca\/wp-json\/wp\/v2\/pages\/3742\/revisions"}],"predecessor-version":[{"id":3745,"href":"https:\/\/www.gpa.aero\/ca\/wp-json\/wp\/v2\/pages\/3742\/revisions\/3745"}],"up":[{"embeddable":true,"href":"https:\/\/www.gpa.aero\/ca\/wp-json\/wp\/v2\/pages\/3754"}],"wp:featuredmedia":[{"embeddable":true,"href":"https:\/\/www.gpa.aero\/ca\/wp-json\/wp\/v2\/media\/2678"}],"wp:attachment":[{"href":"https:\/\/www.gpa.aero\/ca\/wp-json\/wp\/v2\/media?parent=3742"}],"curies":[{"name":"wp","href":"https:\/\/api.w.org\/{rel}","templated":true}]}}