{"id":3720,"date":"2026-03-13T06:11:14","date_gmt":"2026-03-13T06:11:14","guid":{"rendered":"https:\/\/www.gpa.aero\/estrategia-nacional-de-desenvolupament-de-carrega-aeria-a-espanya\/"},"modified":"2026-03-13T10:47:44","modified_gmt":"2026-03-13T10:47:44","slug":"estrategia-nacional-de-desenvolupament-de-carrega-aeria-a-espanya","status":"publish","type":"page","link":"https:\/\/www.gpa.aero\/ca\/casos-dexit\/estrategia-nacional-de-desenvolupament-de-carrega-aeria-a-espanya\/","title":{"rendered":"Estrat\u00e8gia nacional de desenvolupament de c\u00e0rrega a\u00e8ria a Espanya"},"content":{"rendered":"\t\t<div data-elementor-type=\"wp-page\" data-elementor-id=\"3720\" class=\"elementor elementor-3720 elementor-3583\" data-elementor-settings=\"{&quot;ha_cmc_init_switcher&quot;:&quot;no&quot;,&quot;element_pack_global_tooltip_width&quot;:{&quot;unit&quot;:&quot;px&quot;,&quot;size&quot;:&quot;&quot;,&quot;sizes&quot;:[]},&quot;element_pack_global_tooltip_width_tablet&quot;:{&quot;unit&quot;:&quot;px&quot;,&quot;size&quot;:&quot;&quot;,&quot;sizes&quot;:[]},&quot;element_pack_global_tooltip_width_mobile&quot;:{&quot;unit&quot;:&quot;px&quot;,&quot;size&quot;:&quot;&quot;,&quot;sizes&quot;:[]},&quot;element_pack_global_tooltip_padding&quot;:{&quot;unit&quot;:&quot;px&quot;,&quot;top&quot;:&quot;&quot;,&quot;right&quot;:&quot;&quot;,&quot;bottom&quot;:&quot;&quot;,&quot;left&quot;:&quot;&quot;,&quot;isLinked&quot;:true},&quot;element_pack_global_tooltip_padding_tablet&quot;:{&quot;unit&quot;:&quot;px&quot;,&quot;top&quot;:&quot;&quot;,&quot;right&quot;:&quot;&quot;,&quot;bottom&quot;:&quot;&quot;,&quot;left&quot;:&quot;&quot;,&quot;isLinked&quot;:true},&quot;element_pack_global_tooltip_padding_mobile&quot;:{&quot;unit&quot;:&quot;px&quot;,&quot;top&quot;:&quot;&quot;,&quot;right&quot;:&quot;&quot;,&quot;bottom&quot;:&quot;&quot;,&quot;left&quot;:&quot;&quot;,&quot;isLinked&quot;:true},&quot;element_pack_global_tooltip_border_radius&quot;:{&quot;unit&quot;:&quot;px&quot;,&quot;top&quot;:&quot;&quot;,&quot;right&quot;:&quot;&quot;,&quot;bottom&quot;:&quot;&quot;,&quot;left&quot;:&quot;&quot;,&quot;isLinked&quot;:true},&quot;element_pack_global_tooltip_border_radius_tablet&quot;:{&quot;unit&quot;:&quot;px&quot;,&quot;top&quot;:&quot;&quot;,&quot;right&quot;:&quot;&quot;,&quot;bottom&quot;:&quot;&quot;,&quot;left&quot;:&quot;&quot;,&quot;isLinked&quot;:true},&quot;element_pack_global_tooltip_border_radius_mobile&quot;:{&quot;unit&quot;:&quot;px&quot;,&quot;top&quot;:&quot;&quot;,&quot;right&quot;:&quot;&quot;,&quot;bottom&quot;:&quot;&quot;,&quot;left&quot;:&quot;&quot;,&quot;isLinked&quot;:true}}\">\n\t\t\t\t\t\t<section class=\"elementor-section elementor-top-section elementor-element elementor-element-68d6c9a elementor-section-boxed elementor-section-height-default elementor-section-height-default\" data-id=\"68d6c9a\" data-element_type=\"section\" data-e-type=\"section\" data-settings=\"{&quot;_ha_eqh_enable&quot;:false}\">\n\t\t\t\t\t\t<div class=\"elementor-container elementor-column-gap-default\">\n\t\t\t\t\t<div class=\"elementor-column elementor-col-50 elementor-top-column elementor-element elementor-element-6365d7e\" data-id=\"6365d7e\" data-element_type=\"column\" data-e-type=\"column\">\n\t\t\t<div class=\"elementor-widget-wrap elementor-element-populated\">\n\t\t\t\t\t\t<div class=\"elementor-element elementor-element-eb4b002 elementor-widget elementor-widget-heading\" data-id=\"eb4b002\" data-element_type=\"widget\" data-e-type=\"widget\" data-widget_type=\"heading.default\">\n\t\t\t\t\t<h6 class=\"elementor-heading-title elementor-size-default\">BRIEF<\/h6>\t\t\t\t<\/div>\n\t\t\t\t<div class=\"elementor-element elementor-element-27ed004 elementor-widget elementor-widget-heading\" data-id=\"27ed004\" data-element_type=\"widget\" data-e-type=\"widget\" data-widget_type=\"heading.default\">\n\t\t\t\t\t<h4 class=\"elementor-heading-title elementor-size-default\">Descripci\u00f3 del projecte:<\/h4>\t\t\t\t<\/div>\n\t\t\t\t<div class=\"elementor-element elementor-element-169c836 elementor-widget elementor-widget-text-editor\" data-id=\"169c836\" data-element_type=\"widget\" data-e-type=\"widget\" data-widget_type=\"text-editor.default\">\n\t\t\t\t\t\t\t\t\t<p><span style=\"font-weight: 400;\">AENA requeria un marc estrat\u00e8gic integral per refor\u00e7ar i optimitzar el desenvolupament de la c\u00e0rrega a\u00e8ria a tota la seva xarxa aeroportu\u00e0ria.  <\/span><\/p>\n<p><span style=\"font-weight: 400;\">En un context de canvis en les cadenes globals de subministrament, creixement de l&#8217;e-commerce i m\u00e9s compet\u00e8ncia entre hubs europeus, l&#8217;objectiu era millorar la competitivitat, l&#8217;efici\u00e8ncia i el posicionament del negoci de c\u00e0rrega a\u00e8ria.<\/span><\/p>\t\t\t\t\t\t\t\t<\/div>\n\t\t\t\t\t<\/div>\n\t\t<\/div>\n\t\t\t\t<div class=\"elementor-column elementor-col-50 elementor-top-column elementor-element elementor-element-8575c49\" data-id=\"8575c49\" data-element_type=\"column\" data-e-type=\"column\">\n\t\t\t<div class=\"elementor-widget-wrap elementor-element-populated\">\n\t\t\t\t\t\t<div class=\"elementor-element elementor-element-4f76662 elementor-widget elementor-widget-heading\" data-id=\"4f76662\" data-element_type=\"widget\" data-e-type=\"widget\" data-widget_type=\"heading.default\">\n\t\t\t\t\t<h6 class=\"elementor-heading-title elementor-size-default\">PROJECTE<\/h6>\t\t\t\t<\/div>\n\t\t\t\t<div class=\"elementor-element elementor-element-61ed3d1 elementor-widget elementor-widget-heading\" data-id=\"61ed3d1\" data-element_type=\"widget\" data-e-type=\"widget\" data-widget_type=\"heading.default\">\n\t\t\t\t\t<h4 class=\"elementor-heading-title elementor-size-default\">Un full de ruta nacional per enfortir la c\u00e0rrega a\u00e8ria a la xarxa aeroportu\u00e0ria espanyola.\n<\/h4>\t\t\t\t<\/div>\n\t\t\t\t<section class=\"elementor-section elementor-inner-section elementor-element elementor-element-a94f026 elementor-section-boxed elementor-section-height-default elementor-section-height-default\" data-id=\"a94f026\" data-element_type=\"section\" data-e-type=\"section\" data-settings=\"{&quot;_ha_eqh_enable&quot;:false}\">\n\t\t\t\t\t\t<div class=\"elementor-container elementor-column-gap-default\">\n\t\t\t\t\t<div class=\"elementor-column elementor-col-33 elementor-inner-column elementor-element elementor-element-23c2bbc\" data-id=\"23c2bbc\" data-element_type=\"column\" data-e-type=\"column\">\n\t\t\t<div class=\"elementor-widget-wrap elementor-element-populated\">\n\t\t\t\t\t\t<div class=\"elementor-element elementor-element-0dbe1cc elementor-widget elementor-widget-heading\" data-id=\"0dbe1cc\" data-element_type=\"widget\" data-e-type=\"widget\" data-widget_type=\"heading.default\">\n\t\t\t\t\t<h5 class=\"elementor-heading-title elementor-size-default\">T\u00edtol<\/h5>\t\t\t\t<\/div>\n\t\t\t\t<div class=\"elementor-element elementor-element-ae14707 elementor-widget elementor-widget-text-editor\" data-id=\"ae14707\" data-element_type=\"widget\" data-e-type=\"widget\" data-widget_type=\"text-editor.default\">\n\t\t\t\t\t\t\t\t\tPla Estrat\u00e8gic de Desenvolupament del Negoci de C\u00e0rrega A\u00e8ria per als Aeroports d&#8217;AENA.\t\t\t\t\t\t\t\t<\/div>\n\t\t\t\t\t<\/div>\n\t\t<\/div>\n\t\t\t\t<div class=\"elementor-column elementor-col-33 elementor-inner-column elementor-element elementor-element-06b556f\" data-id=\"06b556f\" data-element_type=\"column\" data-e-type=\"column\">\n\t\t\t<div class=\"elementor-widget-wrap elementor-element-populated\">\n\t\t\t\t\t\t<div class=\"elementor-element elementor-element-f2606cc elementor-widget elementor-widget-heading\" data-id=\"f2606cc\" data-element_type=\"widget\" data-e-type=\"widget\" data-widget_type=\"heading.default\">\n\t\t\t\t\t<h5 class=\"elementor-heading-title elementor-size-default\">Client<\/h5>\t\t\t\t<\/div>\n\t\t\t\t<div class=\"elementor-element elementor-element-92f09a8 elementor-widget elementor-widget-text-editor\" data-id=\"92f09a8\" data-element_type=\"widget\" data-e-type=\"widget\" data-widget_type=\"text-editor.default\">\n\t\t\t\t\t\t\t\t\t<p><span style=\"font-weight: 400;\">AENA<\/span><\/p>\t\t\t\t\t\t\t\t<\/div>\n\t\t\t\t\t<\/div>\n\t\t<\/div>\n\t\t\t\t<div class=\"elementor-column elementor-col-33 elementor-inner-column elementor-element elementor-element-512f1a1\" data-id=\"512f1a1\" data-element_type=\"column\" data-e-type=\"column\">\n\t\t\t<div class=\"elementor-widget-wrap elementor-element-populated\">\n\t\t\t\t\t\t<div class=\"elementor-element elementor-element-8a52012 elementor-widget elementor-widget-heading\" data-id=\"8a52012\" data-element_type=\"widget\" data-e-type=\"widget\" data-widget_type=\"heading.default\">\n\t\t\t\t\t<h5 class=\"elementor-heading-title elementor-size-default\">Temps<\/h5>\t\t\t\t<\/div>\n\t\t\t\t<div class=\"elementor-element elementor-element-69c58fa elementor-widget elementor-widget-text-editor\" data-id=\"69c58fa\" data-element_type=\"widget\" data-e-type=\"widget\" data-widget_type=\"text-editor.default\">\n\t\t\t\t\t\t\t\t\t<p><span style=\"font-weight: 400;\">2022 \u2013 2023<\/span><\/p>\t\t\t\t\t\t\t\t<\/div>\n\t\t\t\t\t<\/div>\n\t\t<\/div>\n\t\t\t\t\t<\/div>\n\t\t<\/section>\n\t\t\t\t\t<\/div>\n\t\t<\/div>\n\t\t\t\t\t<\/div>\n\t\t<\/section>\n\t\t\t\t<section class=\"elementor-section elementor-top-section elementor-element elementor-element-1f08da1 elementor-section-boxed elementor-section-height-default elementor-section-height-default\" data-id=\"1f08da1\" data-element_type=\"section\" data-e-type=\"section\" data-settings=\"{&quot;_ha_eqh_enable&quot;:false}\">\n\t\t\t\t\t\t<div class=\"elementor-container elementor-column-gap-default\">\n\t\t\t\t\t<div class=\"elementor-column elementor-col-50 elementor-top-column elementor-element elementor-element-08001dc\" data-id=\"08001dc\" data-element_type=\"column\" data-e-type=\"column\">\n\t\t\t<div class=\"elementor-widget-wrap elementor-element-populated\">\n\t\t\t\t\t\t<div class=\"elementor-element elementor-element-e98c0ff elementor-widget elementor-widget-image\" data-id=\"e98c0ff\" data-element_type=\"widget\" data-e-type=\"widget\" data-widget_type=\"image.default\">\n\t\t\t\t\t\t\t\t\t\t\t\t\t\t\t<img decoding=\"async\" width=\"300\" height=\"148\" src=\"https:\/\/www.gpa.aero\/wp-content\/uploads\/2026\/02\/aena_logo_new-1.png\" class=\"attachment-large size-large wp-image-3066\" alt=\"\" \/>\t\t\t\t\t\t\t\t\t\t\t\t\t\t\t<\/div>\n\t\t\t\t\t<\/div>\n\t\t<\/div>\n\t\t\t\t<div class=\"elementor-column elementor-col-50 elementor-top-column elementor-element elementor-element-f7b2c1e\" data-id=\"f7b2c1e\" data-element_type=\"column\" data-e-type=\"column\">\n\t\t\t<div class=\"elementor-widget-wrap elementor-element-populated\">\n\t\t\t\t\t\t<div class=\"elementor-element elementor-element-b357dc3 elementor-widget elementor-widget-heading\" data-id=\"b357dc3\" data-element_type=\"widget\" data-e-type=\"widget\" data-widget_type=\"heading.default\">\n\t\t\t\t\t<h4 class=\"elementor-heading-title elementor-size-default\">Metodologia GPA aplicada:<\/h4>\t\t\t\t<\/div>\n\t\t\t\t<div class=\"elementor-element elementor-element-94aa379 elementor-widget elementor-widget-text-editor\" data-id=\"94aa379\" data-element_type=\"widget\" data-e-type=\"widget\" data-widget_type=\"text-editor.default\">\n\t\t\t\t\t\t\t\t\t<p>GPA va desenvolupar una Estrat\u00e8gia de Desenvolupament de C\u00e0rrega A\u00e8ria per a tota la xarxa d&#8217;AENA, combinant intel\u00b7lig\u00e8ncia de mercat i planificaci\u00f3 estrat\u00e8gica.<\/p>\n<p>El projecte es va estructurar en sis l\u00ednies de treball, incloent-hi l&#8217;an\u00e0lisi de tend\u00e8ncies del mercat, l&#8217;avaluaci\u00f3 d&#8217;infraestructures i operacions als principals aeroports de c\u00e0rrega (Madrid, Saragossa, Barcelona i Vit\u00f2ria) i el benchmarking amb aeroports europeus l\u00edders.<br> Es van definir accions estrat\u00e8giques per optimitzar operacions, capacitat i posicionament comercial, un pla de promoci\u00f3 de la c\u00e0rrega a\u00e8ria a nivell nacional i aeroportuari, i el potencial de desenvolupament de c\u00e0rrega a aeroports mitjans.<\/p>\t\t\t\t\t\t\t\t<\/div>\n\t\t\t\t\t<\/div>\n\t\t<\/div>\n\t\t\t\t\t<\/div>\n\t\t<\/section>\n\t\t<div class=\"elementor-element elementor-element-44d04a5 e-flex e-con-boxed e-con e-parent\" data-id=\"44d04a5\" data-element_type=\"container\" data-e-type=\"container\" data-settings=\"{&quot;_ha_eqh_enable&quot;:false}\">\n\t\t\t\t\t<div class=\"e-con-inner\">\n\t\t\t\t<div class=\"elementor-element elementor-element-f16fbe5 elementor-widget elementor-widget-image\" data-id=\"f16fbe5\" data-element_type=\"widget\" data-e-type=\"widget\" data-widget_type=\"image.default\">\n\t\t\t\t\t\t\t\t\t\t\t\t\t\t\t<img fetchpriority=\"high\" decoding=\"async\" width=\"1000\" height=\"563\" src=\"https:\/\/www.gpa.aero\/wp-content\/uploads\/2026\/02\/Captura-2-1024x576.png\" class=\"attachment-large size-large wp-image-3067\" alt=\"aena\" srcset=\"https:\/\/www.gpa.aero\/wp-content\/uploads\/2026\/02\/Captura-2-1024x576.png 1024w, https:\/\/www.gpa.aero\/wp-content\/uploads\/2026\/02\/Captura-2-300x169.png 300w, https:\/\/www.gpa.aero\/wp-content\/uploads\/2026\/02\/Captura-2-768x432.png 768w, https:\/\/www.gpa.aero\/wp-content\/uploads\/2026\/02\/Captura-2-650x365.png 650w, https:\/\/www.gpa.aero\/wp-content\/uploads\/2026\/02\/Captura-2.png 1496w\" sizes=\"(max-width: 1000px) 100vw, 1000px\" \/>\t\t\t\t\t\t\t\t\t\t\t\t\t\t\t<\/div>\n\t\t\t\t\t<\/div>\n\t\t\t\t<\/div>\n\t\t\t\t<section class=\"elementor-section elementor-top-section elementor-element elementor-element-fcf6909 elementor-section-boxed elementor-section-height-default elementor-section-height-default\" data-id=\"fcf6909\" data-element_type=\"section\" data-e-type=\"section\" data-settings=\"{&quot;_ha_eqh_enable&quot;:false}\">\n\t\t\t\t\t\t<div class=\"elementor-container elementor-column-gap-default\">\n\t\t\t\t\t<div class=\"elementor-column elementor-col-66 elementor-top-column elementor-element elementor-element-ed484b6\" data-id=\"ed484b6\" data-element_type=\"column\" data-e-type=\"column\">\n\t\t\t<div class=\"elementor-widget-wrap elementor-element-populated\">\n\t\t\t\t\t\t<div class=\"elementor-element elementor-element-3f01d39 elementor-widget elementor-widget-heading\" data-id=\"3f01d39\" data-element_type=\"widget\" data-e-type=\"widget\" data-widget_type=\"heading.default\">\n\t\t\t\t\t<h4 class=\"elementor-heading-title elementor-size-default\">Resultats del<br> projecte:<\/h4>\t\t\t\t<\/div>\n\t\t\t\t\t<\/div>\n\t\t<\/div>\n\t\t\t\t<div class=\"elementor-column elementor-col-33 elementor-top-column elementor-element elementor-element-55b783e\" data-id=\"55b783e\" data-element_type=\"column\" data-e-type=\"column\">\n\t\t\t<div class=\"elementor-widget-wrap elementor-element-populated\">\n\t\t\t\t\t\t<div class=\"elementor-element elementor-element-651ab41 elementor-widget__width-initial elementor-widget elementor-widget-text-editor\" data-id=\"651ab41\" data-element_type=\"widget\" data-e-type=\"widget\" data-widget_type=\"text-editor.default\">\n\t\t\t\t\t\t\t\t\t<p>El Pla Estrat\u00e8gic va proporcionar a AENA un full de ruta coherent i basat en dades per refor\u00e7ar el desenvolupament de la c\u00e0rrega a\u00e8ria a Espanya, prioritzar inversions, millorar la competitivitat dels aeroports clau i generar noves oportunitats de creixement a tota la xarxa.<\/p>\t\t\t\t\t\t\t\t<\/div>\n\t\t\t\t\t<\/div>\n\t\t<\/div>\n\t\t\t\t\t<\/div>\n\t\t<\/section>\n\t\t<div class=\"elementor-element elementor-element-f4aa53f e-flex e-con-boxed e-con e-parent\" data-id=\"f4aa53f\" data-element_type=\"container\" data-e-type=\"container\" data-settings=\"{&quot;_ha_eqh_enable&quot;:false}\">\n\t\t\t\t\t<div class=\"e-con-inner\">\n\t\t\t\t<div class=\"elementor-element elementor-element-dd663d3 elementor-widget elementor-widget-heading\" data-id=\"dd663d3\" data-element_type=\"widget\" data-e-type=\"widget\" data-widget_type=\"heading.default\">\n\t\t\t\t\t<h2 class=\"elementor-heading-title elementor-size-default\">Abast global, connectant el m\u00f3n:<\/h2>\t\t\t\t<\/div>\n\t\t\t\t<div data-ha-element-link=\"{&quot;url&quot;:&quot;https:\\\/\\\/www.gpa.aero\\\/casos-de-exito\\\/&quot;,&quot;is_external&quot;:&quot;&quot;,&quot;nofollow&quot;:&quot;&quot;}\" style=\"cursor: pointer\" class=\"elementor-element elementor-element-8b0c973 elementor-widget elementor-widget-image\" data-id=\"8b0c973\" data-element_type=\"widget\" data-e-type=\"widget\" data-widget_type=\"image.default\">\n\t\t\t\t\t\t\t\t\t\t\t\t\t\t\t<img decoding=\"async\" width=\"5617\" height=\"2464\" src=\"https:\/\/www.gpa.aero\/wp-content\/uploads\/2026\/03\/GPA-mapa-ok.svg\" class=\"attachment-large size-large wp-image-2701\" alt=\"mapa mundi\" \/>\t\t\t\t\t\t\t\t\t\t\t\t\t\t\t<\/div>\n\t\t\t\t\t<\/div>\n\t\t\t\t<\/div>\n\t\t\t\t<\/div>\n\t\t","protected":false},"excerpt":{"rendered":"<p>BRIEF Descripci\u00f3 del projecte: AENA requeria un marc estrat\u00e8gic integral per refor\u00e7ar i optimitzar el desenvolupament de la c\u00e0rrega a\u00e8ria a tota [&hellip;]<\/p>\n","protected":false},"author":1,"featured_media":2832,"parent":3754,"menu_order":0,"comment_status":"closed","ping_status":"closed","template":"","meta":{"footnotes":""},"class_list":["post-3720","page","type-page","status-publish","has-post-thumbnail","hentry"],"yoast_head":"<!-- This site is optimized with the Yoast SEO plugin v27.1.1 - https:\/\/yoast.com\/product\/yoast-seo-wordpress\/ -->\n<title>Estrat\u00e8gia nacional de desenvolupament de c\u00e0rrega a\u00e8ria a Espanya - GPA<\/title>\n<meta name=\"robots\" content=\"index, follow, max-snippet:-1, max-image-preview:large, max-video-preview:-1\" \/>\n<link rel=\"canonical\" href=\"https:\/\/www.gpa.aero\/ca\/casos-dexit\/estrategia-nacional-de-desenvolupament-de-carrega-aeria-a-espanya\/\" \/>\n<meta property=\"og:locale\" content=\"ca_ES\" \/>\n<meta property=\"og:type\" content=\"article\" \/>\n<meta property=\"og:title\" content=\"Estrat\u00e8gia nacional de desenvolupament de c\u00e0rrega a\u00e8ria a Espanya - GPA\" \/>\n<meta property=\"og:description\" content=\"BRIEF Descripci\u00f3 del projecte: AENA requeria un marc estrat\u00e8gic integral per refor\u00e7ar i optimitzar el desenvolupament de la c\u00e0rrega a\u00e8ria a tota [&hellip;]\" \/>\n<meta property=\"og:url\" content=\"https:\/\/www.gpa.aero\/ca\/casos-dexit\/estrategia-nacional-de-desenvolupament-de-carrega-aeria-a-espanya\/\" \/>\n<meta property=\"og:site_name\" content=\"GPA\" \/>\n<meta property=\"article:modified_time\" content=\"2026-03-13T10:47:44+00:00\" \/>\n<meta property=\"og:image\" content=\"https:\/\/www.gpa.aero\/wp-content\/uploads\/2026\/02\/ss-estrategia-nacional-desarrollo-carga-aerea-espana.png\" \/>\n\t<meta property=\"og:image:width\" content=\"740\" \/>\n\t<meta property=\"og:image:height\" content=\"782\" \/>\n\t<meta property=\"og:image:type\" content=\"image\/png\" \/>\n<meta name=\"twitter:card\" content=\"summary_large_image\" \/>\n<meta name=\"twitter:label1\" content=\"Temps estimat de lectura\" \/>\n\t<meta name=\"twitter:data1\" content=\"2 minuts\" \/>\n<script type=\"application\/ld+json\" class=\"yoast-schema-graph\">{\"@context\":\"https:\/\/schema.org\",\"@graph\":[{\"@type\":\"WebPage\",\"@id\":\"https:\/\/www.gpa.aero\/ca\/casos-dexit\/estrategia-nacional-de-desenvolupament-de-carrega-aeria-a-espanya\/\",\"url\":\"https:\/\/www.gpa.aero\/ca\/casos-dexit\/estrategia-nacional-de-desenvolupament-de-carrega-aeria-a-espanya\/\",\"name\":\"Estrat\u00e8gia nacional de desenvolupament de c\u00e0rrega a\u00e8ria a Espanya - GPA\",\"isPartOf\":{\"@id\":\"https:\/\/www.gpa.aero\/ca\/#website\"},\"primaryImageOfPage\":{\"@id\":\"https:\/\/www.gpa.aero\/ca\/casos-dexit\/estrategia-nacional-de-desenvolupament-de-carrega-aeria-a-espanya\/#primaryimage\"},\"image\":{\"@id\":\"https:\/\/www.gpa.aero\/ca\/casos-dexit\/estrategia-nacional-de-desenvolupament-de-carrega-aeria-a-espanya\/#primaryimage\"},\"thumbnailUrl\":\"https:\/\/www.gpa.aero\/wp-content\/uploads\/2026\/02\/ss-estrategia-nacional-desarrollo-carga-aerea-espana.png\",\"datePublished\":\"2026-03-13T06:11:14+00:00\",\"dateModified\":\"2026-03-13T10:47:44+00:00\",\"breadcrumb\":{\"@id\":\"https:\/\/www.gpa.aero\/ca\/casos-dexit\/estrategia-nacional-de-desenvolupament-de-carrega-aeria-a-espanya\/#breadcrumb\"},\"inLanguage\":\"ca\",\"potentialAction\":[{\"@type\":\"ReadAction\",\"target\":[\"https:\/\/www.gpa.aero\/ca\/casos-dexit\/estrategia-nacional-de-desenvolupament-de-carrega-aeria-a-espanya\/\"]}]},{\"@type\":\"ImageObject\",\"inLanguage\":\"ca\",\"@id\":\"https:\/\/www.gpa.aero\/ca\/casos-dexit\/estrategia-nacional-de-desenvolupament-de-carrega-aeria-a-espanya\/#primaryimage\",\"url\":\"https:\/\/www.gpa.aero\/wp-content\/uploads\/2026\/02\/ss-estrategia-nacional-desarrollo-carga-aerea-espana.png\",\"contentUrl\":\"https:\/\/www.gpa.aero\/wp-content\/uploads\/2026\/02\/ss-estrategia-nacional-desarrollo-carga-aerea-espana.png\",\"width\":740,\"height\":782},{\"@type\":\"BreadcrumbList\",\"@id\":\"https:\/\/www.gpa.aero\/ca\/casos-dexit\/estrategia-nacional-de-desenvolupament-de-carrega-aeria-a-espanya\/#breadcrumb\",\"itemListElement\":[{\"@type\":\"ListItem\",\"position\":1,\"name\":\"Home\",\"item\":\"https:\/\/www.gpa.aero\/ca\/\"},{\"@type\":\"ListItem\",\"position\":2,\"name\":\"Casos d&#8217;\u00e8xit\",\"item\":\"https:\/\/www.gpa.aero\/ca\/casos-dexit\/\"},{\"@type\":\"ListItem\",\"position\":3,\"name\":\"Estrat\u00e8gia nacional de desenvolupament de c\u00e0rrega a\u00e8ria a Espanya\"}]},{\"@type\":\"WebSite\",\"@id\":\"https:\/\/www.gpa.aero\/ca\/#website\",\"url\":\"https:\/\/www.gpa.aero\/ca\/\",\"name\":\"GPA\",\"description\":\"\",\"potentialAction\":[{\"@type\":\"SearchAction\",\"target\":{\"@type\":\"EntryPoint\",\"urlTemplate\":\"https:\/\/www.gpa.aero\/ca\/?s={search_term_string}\"},\"query-input\":{\"@type\":\"PropertyValueSpecification\",\"valueRequired\":true,\"valueName\":\"search_term_string\"}}],\"inLanguage\":\"ca\"}]}<\/script>\n<!-- \/ Yoast SEO plugin. -->","yoast_head_json":{"title":"Estrat\u00e8gia nacional de desenvolupament de c\u00e0rrega a\u00e8ria a Espanya - GPA","robots":{"index":"index","follow":"follow","max-snippet":"max-snippet:-1","max-image-preview":"max-image-preview:large","max-video-preview":"max-video-preview:-1"},"canonical":"https:\/\/www.gpa.aero\/ca\/casos-dexit\/estrategia-nacional-de-desenvolupament-de-carrega-aeria-a-espanya\/","og_locale":"ca_ES","og_type":"article","og_title":"Estrat\u00e8gia nacional de desenvolupament de c\u00e0rrega a\u00e8ria a Espanya - GPA","og_description":"BRIEF Descripci\u00f3 del projecte: AENA requeria un marc estrat\u00e8gic integral per refor\u00e7ar i optimitzar el desenvolupament de la c\u00e0rrega a\u00e8ria a tota [&hellip;]","og_url":"https:\/\/www.gpa.aero\/ca\/casos-dexit\/estrategia-nacional-de-desenvolupament-de-carrega-aeria-a-espanya\/","og_site_name":"GPA","article_modified_time":"2026-03-13T10:47:44+00:00","og_image":[{"width":740,"height":782,"url":"https:\/\/www.gpa.aero\/wp-content\/uploads\/2026\/02\/ss-estrategia-nacional-desarrollo-carga-aerea-espana.png","type":"image\/png"}],"twitter_card":"summary_large_image","twitter_misc":{"Temps estimat de lectura":"2 minuts"},"schema":{"@context":"https:\/\/schema.org","@graph":[{"@type":"WebPage","@id":"https:\/\/www.gpa.aero\/ca\/casos-dexit\/estrategia-nacional-de-desenvolupament-de-carrega-aeria-a-espanya\/","url":"https:\/\/www.gpa.aero\/ca\/casos-dexit\/estrategia-nacional-de-desenvolupament-de-carrega-aeria-a-espanya\/","name":"Estrat\u00e8gia nacional de desenvolupament de c\u00e0rrega a\u00e8ria a Espanya - GPA","isPartOf":{"@id":"https:\/\/www.gpa.aero\/ca\/#website"},"primaryImageOfPage":{"@id":"https:\/\/www.gpa.aero\/ca\/casos-dexit\/estrategia-nacional-de-desenvolupament-de-carrega-aeria-a-espanya\/#primaryimage"},"image":{"@id":"https:\/\/www.gpa.aero\/ca\/casos-dexit\/estrategia-nacional-de-desenvolupament-de-carrega-aeria-a-espanya\/#primaryimage"},"thumbnailUrl":"https:\/\/www.gpa.aero\/wp-content\/uploads\/2026\/02\/ss-estrategia-nacional-desarrollo-carga-aerea-espana.png","datePublished":"2026-03-13T06:11:14+00:00","dateModified":"2026-03-13T10:47:44+00:00","breadcrumb":{"@id":"https:\/\/www.gpa.aero\/ca\/casos-dexit\/estrategia-nacional-de-desenvolupament-de-carrega-aeria-a-espanya\/#breadcrumb"},"inLanguage":"ca","potentialAction":[{"@type":"ReadAction","target":["https:\/\/www.gpa.aero\/ca\/casos-dexit\/estrategia-nacional-de-desenvolupament-de-carrega-aeria-a-espanya\/"]}]},{"@type":"ImageObject","inLanguage":"ca","@id":"https:\/\/www.gpa.aero\/ca\/casos-dexit\/estrategia-nacional-de-desenvolupament-de-carrega-aeria-a-espanya\/#primaryimage","url":"https:\/\/www.gpa.aero\/wp-content\/uploads\/2026\/02\/ss-estrategia-nacional-desarrollo-carga-aerea-espana.png","contentUrl":"https:\/\/www.gpa.aero\/wp-content\/uploads\/2026\/02\/ss-estrategia-nacional-desarrollo-carga-aerea-espana.png","width":740,"height":782},{"@type":"BreadcrumbList","@id":"https:\/\/www.gpa.aero\/ca\/casos-dexit\/estrategia-nacional-de-desenvolupament-de-carrega-aeria-a-espanya\/#breadcrumb","itemListElement":[{"@type":"ListItem","position":1,"name":"Home","item":"https:\/\/www.gpa.aero\/ca\/"},{"@type":"ListItem","position":2,"name":"Casos d&#8217;\u00e8xit","item":"https:\/\/www.gpa.aero\/ca\/casos-dexit\/"},{"@type":"ListItem","position":3,"name":"Estrat\u00e8gia nacional de desenvolupament de c\u00e0rrega a\u00e8ria a Espanya"}]},{"@type":"WebSite","@id":"https:\/\/www.gpa.aero\/ca\/#website","url":"https:\/\/www.gpa.aero\/ca\/","name":"GPA","description":"","potentialAction":[{"@type":"SearchAction","target":{"@type":"EntryPoint","urlTemplate":"https:\/\/www.gpa.aero\/ca\/?s={search_term_string}"},"query-input":{"@type":"PropertyValueSpecification","valueRequired":true,"valueName":"search_term_string"}}],"inLanguage":"ca"}]}},"_links":{"self":[{"href":"https:\/\/www.gpa.aero\/ca\/wp-json\/wp\/v2\/pages\/3720","targetHints":{"allow":["GET"]}}],"collection":[{"href":"https:\/\/www.gpa.aero\/ca\/wp-json\/wp\/v2\/pages"}],"about":[{"href":"https:\/\/www.gpa.aero\/ca\/wp-json\/wp\/v2\/types\/page"}],"author":[{"embeddable":true,"href":"https:\/\/www.gpa.aero\/ca\/wp-json\/wp\/v2\/users\/1"}],"replies":[{"embeddable":true,"href":"https:\/\/www.gpa.aero\/ca\/wp-json\/wp\/v2\/comments?post=3720"}],"version-history":[{"count":4,"href":"https:\/\/www.gpa.aero\/ca\/wp-json\/wp\/v2\/pages\/3720\/revisions"}],"predecessor-version":[{"id":3724,"href":"https:\/\/www.gpa.aero\/ca\/wp-json\/wp\/v2\/pages\/3720\/revisions\/3724"}],"up":[{"embeddable":true,"href":"https:\/\/www.gpa.aero\/ca\/wp-json\/wp\/v2\/pages\/3754"}],"wp:featuredmedia":[{"embeddable":true,"href":"https:\/\/www.gpa.aero\/ca\/wp-json\/wp\/v2\/media\/2832"}],"wp:attachment":[{"href":"https:\/\/www.gpa.aero\/ca\/wp-json\/wp\/v2\/media?parent=3720"}],"curies":[{"name":"wp","href":"https:\/\/api.w.org\/{rel}","templated":true}]}}