{"id":3697,"date":"2026-03-13T05:50:00","date_gmt":"2026-03-13T05:50:00","guid":{"rendered":"https:\/\/www.gpa.aero\/estrategia-de-connectivitat-aeria-per-a-tenerife\/"},"modified":"2026-03-13T10:45:53","modified_gmt":"2026-03-13T10:45:53","slug":"estrategia-de-connectivitat-aeria-per-a-tenerife","status":"publish","type":"page","link":"https:\/\/www.gpa.aero\/ca\/casos-dexit\/estrategia-de-connectivitat-aeria-per-a-tenerife\/","title":{"rendered":"Estrat\u00e8gia de connectivitat a\u00e8ria per a Tenerife"},"content":{"rendered":"\t\t<div data-elementor-type=\"wp-page\" data-elementor-id=\"3697\" class=\"elementor elementor-3697 elementor-3566\" data-elementor-settings=\"{&quot;ha_cmc_init_switcher&quot;:&quot;no&quot;,&quot;element_pack_global_tooltip_width&quot;:{&quot;unit&quot;:&quot;px&quot;,&quot;size&quot;:&quot;&quot;,&quot;sizes&quot;:[]},&quot;element_pack_global_tooltip_width_tablet&quot;:{&quot;unit&quot;:&quot;px&quot;,&quot;size&quot;:&quot;&quot;,&quot;sizes&quot;:[]},&quot;element_pack_global_tooltip_width_mobile&quot;:{&quot;unit&quot;:&quot;px&quot;,&quot;size&quot;:&quot;&quot;,&quot;sizes&quot;:[]},&quot;element_pack_global_tooltip_padding&quot;:{&quot;unit&quot;:&quot;px&quot;,&quot;top&quot;:&quot;&quot;,&quot;right&quot;:&quot;&quot;,&quot;bottom&quot;:&quot;&quot;,&quot;left&quot;:&quot;&quot;,&quot;isLinked&quot;:true},&quot;element_pack_global_tooltip_padding_tablet&quot;:{&quot;unit&quot;:&quot;px&quot;,&quot;top&quot;:&quot;&quot;,&quot;right&quot;:&quot;&quot;,&quot;bottom&quot;:&quot;&quot;,&quot;left&quot;:&quot;&quot;,&quot;isLinked&quot;:true},&quot;element_pack_global_tooltip_padding_mobile&quot;:{&quot;unit&quot;:&quot;px&quot;,&quot;top&quot;:&quot;&quot;,&quot;right&quot;:&quot;&quot;,&quot;bottom&quot;:&quot;&quot;,&quot;left&quot;:&quot;&quot;,&quot;isLinked&quot;:true},&quot;element_pack_global_tooltip_border_radius&quot;:{&quot;unit&quot;:&quot;px&quot;,&quot;top&quot;:&quot;&quot;,&quot;right&quot;:&quot;&quot;,&quot;bottom&quot;:&quot;&quot;,&quot;left&quot;:&quot;&quot;,&quot;isLinked&quot;:true},&quot;element_pack_global_tooltip_border_radius_tablet&quot;:{&quot;unit&quot;:&quot;px&quot;,&quot;top&quot;:&quot;&quot;,&quot;right&quot;:&quot;&quot;,&quot;bottom&quot;:&quot;&quot;,&quot;left&quot;:&quot;&quot;,&quot;isLinked&quot;:true},&quot;element_pack_global_tooltip_border_radius_mobile&quot;:{&quot;unit&quot;:&quot;px&quot;,&quot;top&quot;:&quot;&quot;,&quot;right&quot;:&quot;&quot;,&quot;bottom&quot;:&quot;&quot;,&quot;left&quot;:&quot;&quot;,&quot;isLinked&quot;:true}}\">\n\t\t\t\t\t\t<section class=\"elementor-section elementor-top-section elementor-element elementor-element-2d59ad9 elementor-section-boxed elementor-section-height-default elementor-section-height-default\" data-id=\"2d59ad9\" data-element_type=\"section\" data-e-type=\"section\" data-settings=\"{&quot;_ha_eqh_enable&quot;:false}\">\n\t\t\t\t\t\t<div class=\"elementor-container elementor-column-gap-default\">\n\t\t\t\t\t<div class=\"elementor-column elementor-col-50 elementor-top-column elementor-element elementor-element-7dfb127\" data-id=\"7dfb127\" data-element_type=\"column\" data-e-type=\"column\">\n\t\t\t<div class=\"elementor-widget-wrap elementor-element-populated\">\n\t\t\t\t\t\t<div class=\"elementor-element elementor-element-e77c872 elementor-widget elementor-widget-heading\" data-id=\"e77c872\" data-element_type=\"widget\" data-e-type=\"widget\" data-widget_type=\"heading.default\">\n\t\t\t\t\t<h6 class=\"elementor-heading-title elementor-size-default\">BRIEF<\/h6>\t\t\t\t<\/div>\n\t\t\t\t<div class=\"elementor-element elementor-element-0339215 elementor-widget elementor-widget-heading\" data-id=\"0339215\" data-element_type=\"widget\" data-e-type=\"widget\" data-widget_type=\"heading.default\">\n\t\t\t\t\t<h4 class=\"elementor-heading-title elementor-size-default\">Descripci\u00f3 del projecte:<\/h4>\t\t\t\t<\/div>\n\t\t\t\t<div class=\"elementor-element elementor-element-0da1d82 elementor-widget elementor-widget-text-editor\" data-id=\"0da1d82\" data-element_type=\"widget\" data-e-type=\"widget\" data-widget_type=\"text-editor.default\">\n\t\t\t\t\t\t\t\t\t<p>Turisme de Tenerife i el Cabildo de Tenerife necessitaven una Estrat\u00e8gia integral de Connectivitat A\u00e8ria per refor\u00e7ar i diversificar la xarxa a\u00e8ria de l&#8217;illa. Com a destinaci\u00f3 altament dependent del transport aeri, Tenerife s&#8217;enfrontava al repte de consolidar la seva posici\u00f3 com a centre tur\u00edstic l\u00edder durant tot l&#8217;any, alhora que ampliava la connectivitat cap a nous mercats de llarga dist\u00e0ncia i intercontinentals. <\/p><p>L&#8217;objectiu era impulsar el creixement sostenible, atraure noves aerol\u00ednies i rutes i millorar la coordinaci\u00f3 entre institucions p\u00fabliques i privades per millorar la competitivitat de l&#8217;illa al panorama de l&#8217;aviaci\u00f3 mundial.<\/p>\t\t\t\t\t\t\t\t<\/div>\n\t\t\t\t\t<\/div>\n\t\t<\/div>\n\t\t\t\t<div class=\"elementor-column elementor-col-50 elementor-top-column elementor-element elementor-element-92e1533\" data-id=\"92e1533\" data-element_type=\"column\" data-e-type=\"column\">\n\t\t\t<div class=\"elementor-widget-wrap elementor-element-populated\">\n\t\t\t\t\t\t<div class=\"elementor-element elementor-element-663ff1c elementor-widget elementor-widget-heading\" data-id=\"663ff1c\" data-element_type=\"widget\" data-e-type=\"widget\" data-widget_type=\"heading.default\">\n\t\t\t\t\t<h6 class=\"elementor-heading-title elementor-size-default\">PROJECTE<\/h6>\t\t\t\t<\/div>\n\t\t\t\t<div class=\"elementor-element elementor-element-d2c101f elementor-widget elementor-widget-heading\" data-id=\"d2c101f\" data-element_type=\"widget\" data-e-type=\"widget\" data-widget_type=\"heading.default\">\n\t\t\t\t\t<h4 class=\"elementor-heading-title elementor-size-default\">Diversificar i enfortir la connectivitat a\u00e8ria d'una destinaci\u00f3 global.<\/h4>\t\t\t\t<\/div>\n\t\t\t\t<section class=\"elementor-section elementor-inner-section elementor-element elementor-element-af64c0a elementor-section-boxed elementor-section-height-default elementor-section-height-default\" data-id=\"af64c0a\" data-element_type=\"section\" data-e-type=\"section\" data-settings=\"{&quot;_ha_eqh_enable&quot;:false}\">\n\t\t\t\t\t\t<div class=\"elementor-container elementor-column-gap-default\">\n\t\t\t\t\t<div class=\"elementor-column elementor-col-33 elementor-inner-column elementor-element elementor-element-506806d\" data-id=\"506806d\" data-element_type=\"column\" data-e-type=\"column\">\n\t\t\t<div class=\"elementor-widget-wrap elementor-element-populated\">\n\t\t\t\t\t\t<div class=\"elementor-element elementor-element-773f138 elementor-widget elementor-widget-heading\" data-id=\"773f138\" data-element_type=\"widget\" data-e-type=\"widget\" data-widget_type=\"heading.default\">\n\t\t\t\t\t<h5 class=\"elementor-heading-title elementor-size-default\">T\u00edtol<\/h5>\t\t\t\t<\/div>\n\t\t\t\t<div class=\"elementor-element elementor-element-5d9c216 elementor-widget elementor-widget-text-editor\" data-id=\"5d9c216\" data-element_type=\"widget\" data-e-type=\"widget\" data-widget_type=\"text-editor.default\">\n\t\t\t\t\t\t\t\t\t<p>Estrat\u00e8gia de Turisme i Connectivitat A\u00e8ria per a Turisme de Tenerife.<\/p>\t\t\t\t\t\t\t\t<\/div>\n\t\t\t\t\t<\/div>\n\t\t<\/div>\n\t\t\t\t<div class=\"elementor-column elementor-col-33 elementor-inner-column elementor-element elementor-element-3290c16\" data-id=\"3290c16\" data-element_type=\"column\" data-e-type=\"column\">\n\t\t\t<div class=\"elementor-widget-wrap elementor-element-populated\">\n\t\t\t\t\t\t<div class=\"elementor-element elementor-element-d13d8bf elementor-widget elementor-widget-heading\" data-id=\"d13d8bf\" data-element_type=\"widget\" data-e-type=\"widget\" data-widget_type=\"heading.default\">\n\t\t\t\t\t<h5 class=\"elementor-heading-title elementor-size-default\">Client<\/h5>\t\t\t\t<\/div>\n\t\t\t\t<div class=\"elementor-element elementor-element-59f6f78 elementor-widget elementor-widget-text-editor\" data-id=\"59f6f78\" data-element_type=\"widget\" data-e-type=\"widget\" data-widget_type=\"text-editor.default\">\n\t\t\t\t\t\t\t\t\t<p>Turisme de Tenerife.<\/p>\t\t\t\t\t\t\t\t<\/div>\n\t\t\t\t\t<\/div>\n\t\t<\/div>\n\t\t\t\t<div class=\"elementor-column elementor-col-33 elementor-inner-column elementor-element elementor-element-f905a51\" data-id=\"f905a51\" data-element_type=\"column\" data-e-type=\"column\">\n\t\t\t<div class=\"elementor-widget-wrap elementor-element-populated\">\n\t\t\t\t\t\t<div class=\"elementor-element elementor-element-3fa8a0c elementor-widget elementor-widget-heading\" data-id=\"3fa8a0c\" data-element_type=\"widget\" data-e-type=\"widget\" data-widget_type=\"heading.default\">\n\t\t\t\t\t<h5 class=\"elementor-heading-title elementor-size-default\">Temps<\/h5>\t\t\t\t<\/div>\n\t\t\t\t<div class=\"elementor-element elementor-element-69d0dbb elementor-widget elementor-widget-text-editor\" data-id=\"69d0dbb\" data-element_type=\"widget\" data-e-type=\"widget\" data-widget_type=\"text-editor.default\">\n\t\t\t\t\t\t\t\t\t<p>2025 \u2013 2029<\/p>\t\t\t\t\t\t\t\t<\/div>\n\t\t\t\t\t<\/div>\n\t\t<\/div>\n\t\t\t\t\t<\/div>\n\t\t<\/section>\n\t\t\t\t\t<\/div>\n\t\t<\/div>\n\t\t\t\t\t<\/div>\n\t\t<\/section>\n\t\t\t\t<section class=\"elementor-section elementor-top-section elementor-element elementor-element-e7aeb4e elementor-section-boxed elementor-section-height-default elementor-section-height-default\" data-id=\"e7aeb4e\" data-element_type=\"section\" data-e-type=\"section\" data-settings=\"{&quot;_ha_eqh_enable&quot;:false}\">\n\t\t\t\t\t\t<div class=\"elementor-container elementor-column-gap-default\">\n\t\t\t\t\t<div class=\"elementor-column elementor-col-50 elementor-top-column elementor-element elementor-element-75b83a0\" data-id=\"75b83a0\" data-element_type=\"column\" data-e-type=\"column\">\n\t\t\t<div class=\"elementor-widget-wrap elementor-element-populated\">\n\t\t\t\t\t\t<div class=\"elementor-element elementor-element-2105f52 elementor-widget elementor-widget-image\" data-id=\"2105f52\" data-element_type=\"widget\" data-e-type=\"widget\" data-widget_type=\"image.default\">\n\t\t\t\t\t\t\t\t\t\t\t\t\t\t\t<img fetchpriority=\"high\" decoding=\"async\" width=\"1000\" height=\"402\" src=\"https:\/\/www.gpa.aero\/wp-content\/uploads\/2026\/02\/Tenerife_Logo_Corporativo-1024x412.png\" class=\"attachment-large size-large wp-image-2976\" alt=\"tenerife turisme\" srcset=\"https:\/\/www.gpa.aero\/wp-content\/uploads\/2026\/02\/Tenerife_Logo_Corporativo-1024x412.png 1024w, https:\/\/www.gpa.aero\/wp-content\/uploads\/2026\/02\/Tenerife_Logo_Corporativo-300x121.png 300w, https:\/\/www.gpa.aero\/wp-content\/uploads\/2026\/02\/Tenerife_Logo_Corporativo-768x309.png 768w, https:\/\/www.gpa.aero\/wp-content\/uploads\/2026\/02\/Tenerife_Logo_Corporativo-1536x618.png 1536w, https:\/\/www.gpa.aero\/wp-content\/uploads\/2026\/02\/Tenerife_Logo_Corporativo-650x262.png 650w, https:\/\/www.gpa.aero\/wp-content\/uploads\/2026\/02\/Tenerife_Logo_Corporativo.png 1817w\" sizes=\"(max-width: 1000px) 100vw, 1000px\" \/>\t\t\t\t\t\t\t\t\t\t\t\t\t\t\t<\/div>\n\t\t\t\t\t<\/div>\n\t\t<\/div>\n\t\t\t\t<div class=\"elementor-column elementor-col-50 elementor-top-column elementor-element elementor-element-4576d14\" data-id=\"4576d14\" data-element_type=\"column\" data-e-type=\"column\">\n\t\t\t<div class=\"elementor-widget-wrap elementor-element-populated\">\n\t\t\t\t\t\t<div class=\"elementor-element elementor-element-5e14807 elementor-widget elementor-widget-heading\" data-id=\"5e14807\" data-element_type=\"widget\" data-e-type=\"widget\" data-widget_type=\"heading.default\">\n\t\t\t\t\t<h4 class=\"elementor-heading-title elementor-size-default\">Metodologia GPA aplicada:<\/h4>\t\t\t\t<\/div>\n\t\t\t\t<div class=\"elementor-element elementor-element-b543014 elementor-widget elementor-widget-text-editor\" data-id=\"b543014\" data-element_type=\"widget\" data-e-type=\"widget\" data-widget_type=\"text-editor.default\">\n\t\t\t\t\t\t\t\t\t<p>GPA va dissenyar i implementar una metodologia estructurada i basada en dades que combinava diagn\u00f2stics aeroportuaris, an\u00e0lisi de tr\u00e0nsit, benchmarking amb destinacions tur\u00edstiques comparables i informaci\u00f3 de mercat. La consultoria va avaluar els serveis aeris, el rendiment i la infraestructura als aeroports de Tenerife Nord i Sud, va desenvolupar pron\u00f2stics de demanda i va dissenyar models de negoci a mida per a les aerol\u00ednies en rutes priorit\u00e0ries, va identificar aerol\u00ednies objectiu i va proposar mecanismes d&#8217;incentius i cooperaci\u00f3. GPA tamb\u00e9 va donar suport a la promoci\u00f3 institucional i comercial mitjan\u00e7ant la coordinaci\u00f3 amb les parts interessades i la participaci\u00f3 en f\u00f2rums clau de l&#8217;aviaci\u00f3 com ara FITUR, Routes Europe i Routes World. Resultat del projecte:<br> Actualment es troba en execuci\u00f3, l&#8217;Estrat\u00e8gia proporciona a Tenerife un marc coherent per al desenvolupament de rutes i el posicionament estrat\u00e8gic. Enforteix la participaci\u00f3 de les aerol\u00ednies, defineix mercats objectius clars i rutes priorit\u00e0ries, i estableix les bases per a un model de connectivitat a\u00e8ria m\u00e9s diversificat, resilient i sostenible, posicionant Tenerife com un referent entre les destinacions insulars europees.    <\/p>\t\t\t\t\t\t\t\t<\/div>\n\t\t\t\t\t<\/div>\n\t\t<\/div>\n\t\t\t\t\t<\/div>\n\t\t<\/section>\n\t\t<div class=\"elementor-element elementor-element-2f0007a e-flex e-con-boxed e-con e-parent\" data-id=\"2f0007a\" data-element_type=\"container\" data-e-type=\"container\" data-settings=\"{&quot;_ha_eqh_enable&quot;:false}\">\n\t\t\t\t\t<div class=\"e-con-inner\">\n\t\t\t\t<div class=\"elementor-element elementor-element-b8da427 elementor-widget elementor-widget-heading\" data-id=\"b8da427\" data-element_type=\"widget\" data-e-type=\"widget\" data-widget_type=\"heading.default\">\n\t\t\t\t\t<h2 class=\"elementor-heading-title elementor-size-default\">Abast global, connectant el m\u00f3n:<\/h2>\t\t\t\t<\/div>\n\t\t\t\t<div data-ha-element-link=\"{&quot;url&quot;:&quot;https:\\\/\\\/www.gpa.aero\\\/casos-de-exito\\\/&quot;,&quot;is_external&quot;:&quot;&quot;,&quot;nofollow&quot;:&quot;&quot;}\" style=\"cursor: pointer\" class=\"elementor-element elementor-element-f0d750c elementor-widget elementor-widget-image\" data-id=\"f0d750c\" data-element_type=\"widget\" data-e-type=\"widget\" data-widget_type=\"image.default\">\n\t\t\t\t\t\t\t\t\t\t\t\t\t\t\t<img decoding=\"async\" width=\"5617\" height=\"2464\" src=\"https:\/\/www.gpa.aero\/wp-content\/uploads\/2026\/03\/GPA-mapa-ok.svg\" class=\"attachment-large size-large wp-image-2701\" alt=\"mapa mundi\" \/>\t\t\t\t\t\t\t\t\t\t\t\t\t\t\t<\/div>\n\t\t\t\t\t<\/div>\n\t\t\t\t<\/div>\n\t\t\t\t<\/div>\n\t\t","protected":false},"excerpt":{"rendered":"<p>BRIEF Descripci\u00f3 del projecte: Turisme de Tenerife i el Cabildo de Tenerife necessitaven una Estrat\u00e8gia integral de Connectivitat A\u00e8ria per refor\u00e7ar i [&hellip;]<\/p>\n","protected":false},"author":1,"featured_media":2742,"parent":3754,"menu_order":0,"comment_status":"closed","ping_status":"closed","template":"","meta":{"footnotes":""},"class_list":["post-3697","page","type-page","status-publish","has-post-thumbnail","hentry"],"yoast_head":"<!-- This site is optimized with the Yoast SEO plugin v27.1.1 - https:\/\/yoast.com\/product\/yoast-seo-wordpress\/ -->\n<title>Estrat\u00e8gia de connectivitat a\u00e8ria per a Tenerife - GPA<\/title>\n<meta name=\"robots\" content=\"index, follow, max-snippet:-1, max-image-preview:large, max-video-preview:-1\" \/>\n<link rel=\"canonical\" href=\"https:\/\/www.gpa.aero\/ca\/casos-dexit\/estrategia-de-connectivitat-aeria-per-a-tenerife\/\" \/>\n<meta property=\"og:locale\" content=\"ca_ES\" \/>\n<meta property=\"og:type\" content=\"article\" \/>\n<meta property=\"og:title\" content=\"Estrat\u00e8gia de connectivitat a\u00e8ria per a Tenerife - GPA\" \/>\n<meta property=\"og:description\" content=\"BRIEF Descripci\u00f3 del projecte: Turisme de Tenerife i el Cabildo de Tenerife necessitaven una Estrat\u00e8gia integral de Connectivitat A\u00e8ria per refor\u00e7ar i [&hellip;]\" \/>\n<meta property=\"og:url\" content=\"https:\/\/www.gpa.aero\/ca\/casos-dexit\/estrategia-de-connectivitat-aeria-per-a-tenerife\/\" \/>\n<meta property=\"og:site_name\" content=\"GPA\" \/>\n<meta property=\"article:modified_time\" content=\"2026-03-13T10:45:53+00:00\" \/>\n<meta property=\"og:image\" content=\"https:\/\/www.gpa.aero\/wp-content\/uploads\/2026\/02\/ss-estrategia-conectividad-aerea-tenerife.png\" \/>\n\t<meta property=\"og:image:width\" content=\"740\" \/>\n\t<meta property=\"og:image:height\" content=\"782\" \/>\n\t<meta property=\"og:image:type\" content=\"image\/png\" \/>\n<meta name=\"twitter:card\" content=\"summary_large_image\" \/>\n<meta name=\"twitter:label1\" content=\"Temps estimat de lectura\" \/>\n\t<meta name=\"twitter:data1\" content=\"3 minuts\" \/>\n<script type=\"application\/ld+json\" class=\"yoast-schema-graph\">{\"@context\":\"https:\/\/schema.org\",\"@graph\":[{\"@type\":\"WebPage\",\"@id\":\"https:\/\/www.gpa.aero\/ca\/casos-dexit\/estrategia-de-connectivitat-aeria-per-a-tenerife\/\",\"url\":\"https:\/\/www.gpa.aero\/ca\/casos-dexit\/estrategia-de-connectivitat-aeria-per-a-tenerife\/\",\"name\":\"Estrat\u00e8gia de connectivitat a\u00e8ria per a Tenerife - GPA\",\"isPartOf\":{\"@id\":\"https:\/\/www.gpa.aero\/ca\/#website\"},\"primaryImageOfPage\":{\"@id\":\"https:\/\/www.gpa.aero\/ca\/casos-dexit\/estrategia-de-connectivitat-aeria-per-a-tenerife\/#primaryimage\"},\"image\":{\"@id\":\"https:\/\/www.gpa.aero\/ca\/casos-dexit\/estrategia-de-connectivitat-aeria-per-a-tenerife\/#primaryimage\"},\"thumbnailUrl\":\"https:\/\/www.gpa.aero\/wp-content\/uploads\/2026\/02\/ss-estrategia-conectividad-aerea-tenerife.png\",\"datePublished\":\"2026-03-13T05:50:00+00:00\",\"dateModified\":\"2026-03-13T10:45:53+00:00\",\"breadcrumb\":{\"@id\":\"https:\/\/www.gpa.aero\/ca\/casos-dexit\/estrategia-de-connectivitat-aeria-per-a-tenerife\/#breadcrumb\"},\"inLanguage\":\"ca\",\"potentialAction\":[{\"@type\":\"ReadAction\",\"target\":[\"https:\/\/www.gpa.aero\/ca\/casos-dexit\/estrategia-de-connectivitat-aeria-per-a-tenerife\/\"]}]},{\"@type\":\"ImageObject\",\"inLanguage\":\"ca\",\"@id\":\"https:\/\/www.gpa.aero\/ca\/casos-dexit\/estrategia-de-connectivitat-aeria-per-a-tenerife\/#primaryimage\",\"url\":\"https:\/\/www.gpa.aero\/wp-content\/uploads\/2026\/02\/ss-estrategia-conectividad-aerea-tenerife.png\",\"contentUrl\":\"https:\/\/www.gpa.aero\/wp-content\/uploads\/2026\/02\/ss-estrategia-conectividad-aerea-tenerife.png\",\"width\":740,\"height\":782},{\"@type\":\"BreadcrumbList\",\"@id\":\"https:\/\/www.gpa.aero\/ca\/casos-dexit\/estrategia-de-connectivitat-aeria-per-a-tenerife\/#breadcrumb\",\"itemListElement\":[{\"@type\":\"ListItem\",\"position\":1,\"name\":\"Home\",\"item\":\"https:\/\/www.gpa.aero\/ca\/\"},{\"@type\":\"ListItem\",\"position\":2,\"name\":\"Casos d&#8217;\u00e8xit\",\"item\":\"https:\/\/www.gpa.aero\/ca\/casos-dexit\/\"},{\"@type\":\"ListItem\",\"position\":3,\"name\":\"Estrat\u00e8gia de connectivitat a\u00e8ria per a Tenerife\"}]},{\"@type\":\"WebSite\",\"@id\":\"https:\/\/www.gpa.aero\/ca\/#website\",\"url\":\"https:\/\/www.gpa.aero\/ca\/\",\"name\":\"GPA\",\"description\":\"\",\"potentialAction\":[{\"@type\":\"SearchAction\",\"target\":{\"@type\":\"EntryPoint\",\"urlTemplate\":\"https:\/\/www.gpa.aero\/ca\/?s={search_term_string}\"},\"query-input\":{\"@type\":\"PropertyValueSpecification\",\"valueRequired\":true,\"valueName\":\"search_term_string\"}}],\"inLanguage\":\"ca\"}]}<\/script>\n<!-- \/ Yoast SEO plugin. -->","yoast_head_json":{"title":"Estrat\u00e8gia de connectivitat a\u00e8ria per a Tenerife - GPA","robots":{"index":"index","follow":"follow","max-snippet":"max-snippet:-1","max-image-preview":"max-image-preview:large","max-video-preview":"max-video-preview:-1"},"canonical":"https:\/\/www.gpa.aero\/ca\/casos-dexit\/estrategia-de-connectivitat-aeria-per-a-tenerife\/","og_locale":"ca_ES","og_type":"article","og_title":"Estrat\u00e8gia de connectivitat a\u00e8ria per a Tenerife - GPA","og_description":"BRIEF Descripci\u00f3 del projecte: Turisme de Tenerife i el Cabildo de Tenerife necessitaven una Estrat\u00e8gia integral de Connectivitat A\u00e8ria per refor\u00e7ar i [&hellip;]","og_url":"https:\/\/www.gpa.aero\/ca\/casos-dexit\/estrategia-de-connectivitat-aeria-per-a-tenerife\/","og_site_name":"GPA","article_modified_time":"2026-03-13T10:45:53+00:00","og_image":[{"width":740,"height":782,"url":"https:\/\/www.gpa.aero\/wp-content\/uploads\/2026\/02\/ss-estrategia-conectividad-aerea-tenerife.png","type":"image\/png"}],"twitter_card":"summary_large_image","twitter_misc":{"Temps estimat de lectura":"3 minuts"},"schema":{"@context":"https:\/\/schema.org","@graph":[{"@type":"WebPage","@id":"https:\/\/www.gpa.aero\/ca\/casos-dexit\/estrategia-de-connectivitat-aeria-per-a-tenerife\/","url":"https:\/\/www.gpa.aero\/ca\/casos-dexit\/estrategia-de-connectivitat-aeria-per-a-tenerife\/","name":"Estrat\u00e8gia de connectivitat a\u00e8ria per a Tenerife - GPA","isPartOf":{"@id":"https:\/\/www.gpa.aero\/ca\/#website"},"primaryImageOfPage":{"@id":"https:\/\/www.gpa.aero\/ca\/casos-dexit\/estrategia-de-connectivitat-aeria-per-a-tenerife\/#primaryimage"},"image":{"@id":"https:\/\/www.gpa.aero\/ca\/casos-dexit\/estrategia-de-connectivitat-aeria-per-a-tenerife\/#primaryimage"},"thumbnailUrl":"https:\/\/www.gpa.aero\/wp-content\/uploads\/2026\/02\/ss-estrategia-conectividad-aerea-tenerife.png","datePublished":"2026-03-13T05:50:00+00:00","dateModified":"2026-03-13T10:45:53+00:00","breadcrumb":{"@id":"https:\/\/www.gpa.aero\/ca\/casos-dexit\/estrategia-de-connectivitat-aeria-per-a-tenerife\/#breadcrumb"},"inLanguage":"ca","potentialAction":[{"@type":"ReadAction","target":["https:\/\/www.gpa.aero\/ca\/casos-dexit\/estrategia-de-connectivitat-aeria-per-a-tenerife\/"]}]},{"@type":"ImageObject","inLanguage":"ca","@id":"https:\/\/www.gpa.aero\/ca\/casos-dexit\/estrategia-de-connectivitat-aeria-per-a-tenerife\/#primaryimage","url":"https:\/\/www.gpa.aero\/wp-content\/uploads\/2026\/02\/ss-estrategia-conectividad-aerea-tenerife.png","contentUrl":"https:\/\/www.gpa.aero\/wp-content\/uploads\/2026\/02\/ss-estrategia-conectividad-aerea-tenerife.png","width":740,"height":782},{"@type":"BreadcrumbList","@id":"https:\/\/www.gpa.aero\/ca\/casos-dexit\/estrategia-de-connectivitat-aeria-per-a-tenerife\/#breadcrumb","itemListElement":[{"@type":"ListItem","position":1,"name":"Home","item":"https:\/\/www.gpa.aero\/ca\/"},{"@type":"ListItem","position":2,"name":"Casos d&#8217;\u00e8xit","item":"https:\/\/www.gpa.aero\/ca\/casos-dexit\/"},{"@type":"ListItem","position":3,"name":"Estrat\u00e8gia de connectivitat a\u00e8ria per a Tenerife"}]},{"@type":"WebSite","@id":"https:\/\/www.gpa.aero\/ca\/#website","url":"https:\/\/www.gpa.aero\/ca\/","name":"GPA","description":"","potentialAction":[{"@type":"SearchAction","target":{"@type":"EntryPoint","urlTemplate":"https:\/\/www.gpa.aero\/ca\/?s={search_term_string}"},"query-input":{"@type":"PropertyValueSpecification","valueRequired":true,"valueName":"search_term_string"}}],"inLanguage":"ca"}]}},"_links":{"self":[{"href":"https:\/\/www.gpa.aero\/ca\/wp-json\/wp\/v2\/pages\/3697","targetHints":{"allow":["GET"]}}],"collection":[{"href":"https:\/\/www.gpa.aero\/ca\/wp-json\/wp\/v2\/pages"}],"about":[{"href":"https:\/\/www.gpa.aero\/ca\/wp-json\/wp\/v2\/types\/page"}],"author":[{"embeddable":true,"href":"https:\/\/www.gpa.aero\/ca\/wp-json\/wp\/v2\/users\/1"}],"replies":[{"embeddable":true,"href":"https:\/\/www.gpa.aero\/ca\/wp-json\/wp\/v2\/comments?post=3697"}],"version-history":[{"count":3,"href":"https:\/\/www.gpa.aero\/ca\/wp-json\/wp\/v2\/pages\/3697\/revisions"}],"predecessor-version":[{"id":3703,"href":"https:\/\/www.gpa.aero\/ca\/wp-json\/wp\/v2\/pages\/3697\/revisions\/3703"}],"up":[{"embeddable":true,"href":"https:\/\/www.gpa.aero\/ca\/wp-json\/wp\/v2\/pages\/3754"}],"wp:featuredmedia":[{"embeddable":true,"href":"https:\/\/www.gpa.aero\/ca\/wp-json\/wp\/v2\/media\/2742"}],"wp:attachment":[{"href":"https:\/\/www.gpa.aero\/ca\/wp-json\/wp\/v2\/media?parent=3697"}],"curies":[{"name":"wp","href":"https:\/\/api.w.org\/{rel}","templated":true}]}}