{"id":3675,"date":"2026-03-13T06:00:23","date_gmt":"2026-03-13T06:00:23","guid":{"rendered":"https:\/\/www.gpa.aero\/estrategia-de-connectivitat-aeria-per-a-andalusia\/"},"modified":"2026-03-13T10:44:59","modified_gmt":"2026-03-13T10:44:59","slug":"estrategia-de-connectivitat-aeria-per-a-andalusia","status":"publish","type":"page","link":"https:\/\/www.gpa.aero\/ca\/casos-dexit\/estrategia-de-connectivitat-aeria-per-a-andalusia\/","title":{"rendered":"Estrat\u00e8gia de connectivitat a\u00e8ria per a Andalusia"},"content":{"rendered":"\t\t<div data-elementor-type=\"wp-page\" data-elementor-id=\"3675\" class=\"elementor elementor-3675 elementor-3572\" data-elementor-settings=\"{&quot;ha_cmc_init_switcher&quot;:&quot;no&quot;,&quot;element_pack_global_tooltip_width&quot;:{&quot;unit&quot;:&quot;px&quot;,&quot;size&quot;:&quot;&quot;,&quot;sizes&quot;:[]},&quot;element_pack_global_tooltip_width_tablet&quot;:{&quot;unit&quot;:&quot;px&quot;,&quot;size&quot;:&quot;&quot;,&quot;sizes&quot;:[]},&quot;element_pack_global_tooltip_width_mobile&quot;:{&quot;unit&quot;:&quot;px&quot;,&quot;size&quot;:&quot;&quot;,&quot;sizes&quot;:[]},&quot;element_pack_global_tooltip_padding&quot;:{&quot;unit&quot;:&quot;px&quot;,&quot;top&quot;:&quot;&quot;,&quot;right&quot;:&quot;&quot;,&quot;bottom&quot;:&quot;&quot;,&quot;left&quot;:&quot;&quot;,&quot;isLinked&quot;:true},&quot;element_pack_global_tooltip_padding_tablet&quot;:{&quot;unit&quot;:&quot;px&quot;,&quot;top&quot;:&quot;&quot;,&quot;right&quot;:&quot;&quot;,&quot;bottom&quot;:&quot;&quot;,&quot;left&quot;:&quot;&quot;,&quot;isLinked&quot;:true},&quot;element_pack_global_tooltip_padding_mobile&quot;:{&quot;unit&quot;:&quot;px&quot;,&quot;top&quot;:&quot;&quot;,&quot;right&quot;:&quot;&quot;,&quot;bottom&quot;:&quot;&quot;,&quot;left&quot;:&quot;&quot;,&quot;isLinked&quot;:true},&quot;element_pack_global_tooltip_border_radius&quot;:{&quot;unit&quot;:&quot;px&quot;,&quot;top&quot;:&quot;&quot;,&quot;right&quot;:&quot;&quot;,&quot;bottom&quot;:&quot;&quot;,&quot;left&quot;:&quot;&quot;,&quot;isLinked&quot;:true},&quot;element_pack_global_tooltip_border_radius_tablet&quot;:{&quot;unit&quot;:&quot;px&quot;,&quot;top&quot;:&quot;&quot;,&quot;right&quot;:&quot;&quot;,&quot;bottom&quot;:&quot;&quot;,&quot;left&quot;:&quot;&quot;,&quot;isLinked&quot;:true},&quot;element_pack_global_tooltip_border_radius_mobile&quot;:{&quot;unit&quot;:&quot;px&quot;,&quot;top&quot;:&quot;&quot;,&quot;right&quot;:&quot;&quot;,&quot;bottom&quot;:&quot;&quot;,&quot;left&quot;:&quot;&quot;,&quot;isLinked&quot;:true}}\">\n\t\t\t\t\t\t<section class=\"elementor-section elementor-top-section elementor-element elementor-element-d4df58f elementor-section-boxed elementor-section-height-default elementor-section-height-default\" data-id=\"d4df58f\" data-element_type=\"section\" data-e-type=\"section\" data-settings=\"{&quot;_ha_eqh_enable&quot;:false}\">\n\t\t\t\t\t\t<div class=\"elementor-container elementor-column-gap-default\">\n\t\t\t\t\t<div class=\"elementor-column elementor-col-50 elementor-top-column elementor-element elementor-element-8855857\" data-id=\"8855857\" data-element_type=\"column\" data-e-type=\"column\">\n\t\t\t<div class=\"elementor-widget-wrap elementor-element-populated\">\n\t\t\t\t\t\t<div class=\"elementor-element elementor-element-ab803c3 elementor-widget elementor-widget-heading\" data-id=\"ab803c3\" data-element_type=\"widget\" data-e-type=\"widget\" data-widget_type=\"heading.default\">\n\t\t\t\t\t<h6 class=\"elementor-heading-title elementor-size-default\">BRIEF<\/h6>\t\t\t\t<\/div>\n\t\t\t\t<div class=\"elementor-element elementor-element-537cfd1 elementor-widget elementor-widget-heading\" data-id=\"537cfd1\" data-element_type=\"widget\" data-e-type=\"widget\" data-widget_type=\"heading.default\">\n\t\t\t\t\t<h4 class=\"elementor-heading-title elementor-size-default\">Descripci\u00f3 del projecte:<\/h4>\t\t\t\t<\/div>\n\t\t\t\t<div class=\"elementor-element elementor-element-87658f3 elementor-widget elementor-widget-text-editor\" data-id=\"87658f3\" data-element_type=\"widget\" data-e-type=\"widget\" data-widget_type=\"text-editor.default\">\n\t\t\t\t\t\t\t\t\t<p>La Junta d&#8217;Andalusia necessitava refor\u00e7ar la connectivitat a\u00e8ria dels seus sis aeroports per millorar l&#8217;accessibilitat, la competitivitat i el creixement tur\u00edstic de la regi\u00f3.<\/p>\t\t\t\t\t\t\t\t<\/div>\n\t\t\t\t\t<\/div>\n\t\t<\/div>\n\t\t\t\t<div class=\"elementor-column elementor-col-50 elementor-top-column elementor-element elementor-element-c3426b2\" data-id=\"c3426b2\" data-element_type=\"column\" data-e-type=\"column\">\n\t\t\t<div class=\"elementor-widget-wrap elementor-element-populated\">\n\t\t\t\t\t\t<div class=\"elementor-element elementor-element-d188912 elementor-widget elementor-widget-heading\" data-id=\"d188912\" data-element_type=\"widget\" data-e-type=\"widget\" data-widget_type=\"heading.default\">\n\t\t\t\t\t<h6 class=\"elementor-heading-title elementor-size-default\">PROJECTE<\/h6>\t\t\t\t<\/div>\n\t\t\t\t<div class=\"elementor-element elementor-element-c508939 elementor-widget elementor-widget-heading\" data-id=\"c508939\" data-element_type=\"widget\" data-e-type=\"widget\" data-widget_type=\"heading.default\">\n\t\t\t\t\t<h4 class=\"elementor-heading-title elementor-size-default\">Connectivitat a\u00e8ria com a motor de competitivitat i equilibri territorial.<\/h4>\t\t\t\t<\/div>\n\t\t\t\t<section class=\"elementor-section elementor-inner-section elementor-element elementor-element-971ca1a elementor-section-boxed elementor-section-height-default elementor-section-height-default\" data-id=\"971ca1a\" data-element_type=\"section\" data-e-type=\"section\" data-settings=\"{&quot;_ha_eqh_enable&quot;:false}\">\n\t\t\t\t\t\t<div class=\"elementor-container elementor-column-gap-default\">\n\t\t\t\t\t<div class=\"elementor-column elementor-col-50 elementor-inner-column elementor-element elementor-element-d33f560\" data-id=\"d33f560\" data-element_type=\"column\" data-e-type=\"column\">\n\t\t\t<div class=\"elementor-widget-wrap elementor-element-populated\">\n\t\t\t\t\t\t<div class=\"elementor-element elementor-element-c622665 elementor-widget elementor-widget-heading\" data-id=\"c622665\" data-element_type=\"widget\" data-e-type=\"widget\" data-widget_type=\"heading.default\">\n\t\t\t\t\t<h5 class=\"elementor-heading-title elementor-size-default\">T\u00edtol<\/h5>\t\t\t\t<\/div>\n\t\t\t\t<div class=\"elementor-element elementor-element-a522867 elementor-widget elementor-widget-text-editor\" data-id=\"a522867\" data-element_type=\"widget\" data-e-type=\"widget\" data-widget_type=\"text-editor.default\">\n\t\t\t\t\t\t\t\t\t<p>Estrat\u00e8gia de Connectivitat A\u00e8ria d&#8217;Andalusia (2023\u20132025)<\/p>\t\t\t\t\t\t\t\t<\/div>\n\t\t\t\t\t<\/div>\n\t\t<\/div>\n\t\t\t\t<div class=\"elementor-column elementor-col-50 elementor-inner-column elementor-element elementor-element-7e420fb\" data-id=\"7e420fb\" data-element_type=\"column\" data-e-type=\"column\">\n\t\t\t<div class=\"elementor-widget-wrap elementor-element-populated\">\n\t\t\t\t\t\t<div class=\"elementor-element elementor-element-badeb03 elementor-widget elementor-widget-heading\" data-id=\"badeb03\" data-element_type=\"widget\" data-e-type=\"widget\" data-widget_type=\"heading.default\">\n\t\t\t\t\t<h5 class=\"elementor-heading-title elementor-size-default\">Temps<\/h5>\t\t\t\t<\/div>\n\t\t\t\t<div class=\"elementor-element elementor-element-ed81d56 elementor-widget elementor-widget-text-editor\" data-id=\"ed81d56\" data-element_type=\"widget\" data-e-type=\"widget\" data-widget_type=\"text-editor.default\">\n\t\t\t\t\t\t\t\t\t<p>  2023 \u2013 2025<\/p>\t\t\t\t\t\t\t\t<\/div>\n\t\t\t\t\t<\/div>\n\t\t<\/div>\n\t\t\t\t\t<\/div>\n\t\t<\/section>\n\t\t\t\t\t<\/div>\n\t\t<\/div>\n\t\t\t\t\t<\/div>\n\t\t<\/section>\n\t\t\t\t<section class=\"elementor-section elementor-top-section elementor-element elementor-element-3e3b7f2 elementor-section-boxed elementor-section-height-default elementor-section-height-default\" data-id=\"3e3b7f2\" data-element_type=\"section\" data-e-type=\"section\" data-settings=\"{&quot;_ha_eqh_enable&quot;:false}\">\n\t\t\t\t\t\t<div class=\"elementor-container elementor-column-gap-default\">\n\t\t\t\t\t<div class=\"elementor-column elementor-col-50 elementor-top-column elementor-element elementor-element-04568bd\" data-id=\"04568bd\" data-element_type=\"column\" data-e-type=\"column\">\n\t\t\t<div class=\"elementor-widget-wrap elementor-element-populated\">\n\t\t\t\t\t\t<div class=\"elementor-element elementor-element-26c84f3 elementor-widget elementor-widget-image\" data-id=\"26c84f3\" data-element_type=\"widget\" data-e-type=\"widget\" data-widget_type=\"image.default\">\n\t\t\t\t\t\t\t\t\t\t\t\t\t\t\t<img fetchpriority=\"high\" decoding=\"async\" width=\"1000\" height=\"753\" src=\"https:\/\/www.gpa.aero\/wp-content\/uploads\/2026\/02\/Logo_de_la_Consejer\u00a1a_de_Turismo_Cultura_y_Deporte_de_la_Junta_de_Andaluc\u00a1a-1024x771.png\" class=\"attachment-large size-large wp-image-3012\" alt=\"\" srcset=\"https:\/\/www.gpa.aero\/wp-content\/uploads\/2026\/02\/Logo_de_la_Consejer\u00a1a_de_Turismo_Cultura_y_Deporte_de_la_Junta_de_Andaluc\u00a1a-1024x771.png 1024w, https:\/\/www.gpa.aero\/wp-content\/uploads\/2026\/02\/Logo_de_la_Consejer\u00a1a_de_Turismo_Cultura_y_Deporte_de_la_Junta_de_Andaluc\u00a1a-300x226.png 300w, https:\/\/www.gpa.aero\/wp-content\/uploads\/2026\/02\/Logo_de_la_Consejer\u00a1a_de_Turismo_Cultura_y_Deporte_de_la_Junta_de_Andaluc\u00a1a-768x579.png 768w, https:\/\/www.gpa.aero\/wp-content\/uploads\/2026\/02\/Logo_de_la_Consejer\u00a1a_de_Turismo_Cultura_y_Deporte_de_la_Junta_de_Andaluc\u00a1a-650x490.png 650w, https:\/\/www.gpa.aero\/wp-content\/uploads\/2026\/02\/Logo_de_la_Consejer\u00a1a_de_Turismo_Cultura_y_Deporte_de_la_Junta_de_Andaluc\u00a1a.png 1192w\" sizes=\"(max-width: 1000px) 100vw, 1000px\" \/>\t\t\t\t\t\t\t\t\t\t\t\t\t\t\t<\/div>\n\t\t\t\t\t<\/div>\n\t\t<\/div>\n\t\t\t\t<div class=\"elementor-column elementor-col-50 elementor-top-column elementor-element elementor-element-d2c5602\" data-id=\"d2c5602\" data-element_type=\"column\" data-e-type=\"column\">\n\t\t\t<div class=\"elementor-widget-wrap elementor-element-populated\">\n\t\t\t\t\t\t<div class=\"elementor-element elementor-element-d63a547 elementor-widget elementor-widget-heading\" data-id=\"d63a547\" data-element_type=\"widget\" data-e-type=\"widget\" data-widget_type=\"heading.default\">\n\t\t\t\t\t<h4 class=\"elementor-heading-title elementor-size-default\">Metodologia GPA aplicada:<\/h4>\t\t\t\t<\/div>\n\t\t\t\t<div class=\"elementor-element elementor-element-7f668bb elementor-widget elementor-widget-text-editor\" data-id=\"7f668bb\" data-element_type=\"widget\" data-e-type=\"widget\" data-widget_type=\"text-editor.default\">\n\t\t\t\t\t\t\t\t\t<p>GPA va desenvolupar una metodologia basada en dades que va incloure diagn\u00f2stics aeroportuaris, an\u00e0lisi de demanda, benchmarking i definici\u00f3 de business cases, juntament amb un pla d&#8217;acci\u00f3 coordinat i assist\u00e8ncia t\u00e8cnica durant l&#8217;execuci\u00f3.<\/p>\t\t\t\t\t\t\t\t<\/div>\n\t\t\t\t\t<\/div>\n\t\t<\/div>\n\t\t\t\t\t<\/div>\n\t\t<\/section>\n\t\t<div class=\"elementor-element elementor-element-baf1a5e e-flex e-con-boxed e-con e-parent\" data-id=\"baf1a5e\" data-element_type=\"container\" data-e-type=\"container\" data-settings=\"{&quot;_ha_eqh_enable&quot;:false}\">\n\t\t\t\t\t<div class=\"e-con-inner\">\n\t\t\t\t<div class=\"elementor-element elementor-element-0107263 elementor-widget elementor-widget-image\" data-id=\"0107263\" data-element_type=\"widget\" data-e-type=\"widget\" data-widget_type=\"image.default\">\n\t\t\t\t\t\t\t\t\t\t\t\t\t\t\t<img decoding=\"async\" width=\"880\" height=\"495\" src=\"https:\/\/www.gpa.aero\/wp-content\/uploads\/2026\/02\/b711802c-8e1f-4bd4-b6b6-9d1693f2b174_16-9-aspect-ratio_default_0.jpg\" class=\"attachment-large size-large wp-image-3013\" alt=\"projecte junta andalucia\" srcset=\"https:\/\/www.gpa.aero\/wp-content\/uploads\/2026\/02\/b711802c-8e1f-4bd4-b6b6-9d1693f2b174_16-9-aspect-ratio_default_0.jpg 880w, https:\/\/www.gpa.aero\/wp-content\/uploads\/2026\/02\/b711802c-8e1f-4bd4-b6b6-9d1693f2b174_16-9-aspect-ratio_default_0-300x169.jpg 300w, https:\/\/www.gpa.aero\/wp-content\/uploads\/2026\/02\/b711802c-8e1f-4bd4-b6b6-9d1693f2b174_16-9-aspect-ratio_default_0-768x432.jpg 768w, https:\/\/www.gpa.aero\/wp-content\/uploads\/2026\/02\/b711802c-8e1f-4bd4-b6b6-9d1693f2b174_16-9-aspect-ratio_default_0-650x366.jpg 650w\" sizes=\"(max-width: 880px) 100vw, 880px\" \/>\t\t\t\t\t\t\t\t\t\t\t\t\t\t\t<\/div>\n\t\t\t\t\t<\/div>\n\t\t\t\t<\/div>\n\t\t\t\t<section class=\"elementor-section elementor-top-section elementor-element elementor-element-c596ee2 elementor-section-boxed elementor-section-height-default elementor-section-height-default\" data-id=\"c596ee2\" data-element_type=\"section\" data-e-type=\"section\" data-settings=\"{&quot;_ha_eqh_enable&quot;:false}\">\n\t\t\t\t\t\t<div class=\"elementor-container elementor-column-gap-default\">\n\t\t\t\t\t<div class=\"elementor-column elementor-col-66 elementor-top-column elementor-element elementor-element-e3ebecd\" data-id=\"e3ebecd\" data-element_type=\"column\" data-e-type=\"column\">\n\t\t\t<div class=\"elementor-widget-wrap elementor-element-populated\">\n\t\t\t\t\t\t<div class=\"elementor-element elementor-element-4606cbb elementor-widget elementor-widget-heading\" data-id=\"4606cbb\" data-element_type=\"widget\" data-e-type=\"widget\" data-widget_type=\"heading.default\">\n\t\t\t\t\t<h4 class=\"elementor-heading-title elementor-size-default\">Resultats del<br> projecte:<\/h4>\t\t\t\t<\/div>\n\t\t\t\t\t<\/div>\n\t\t<\/div>\n\t\t\t\t<div class=\"elementor-column elementor-col-33 elementor-top-column elementor-element elementor-element-fb12753\" data-id=\"fb12753\" data-element_type=\"column\" data-e-type=\"column\">\n\t\t\t<div class=\"elementor-widget-wrap elementor-element-populated\">\n\t\t\t\t\t\t<div class=\"elementor-element elementor-element-1bce3b3 elementor-widget__width-initial elementor-widget elementor-widget-text-editor\" data-id=\"1bce3b3\" data-element_type=\"widget\" data-e-type=\"widget\" data-widget_type=\"text-editor.default\">\n\t\t\t\t\t\t\t\t\t<p>L&#8217;Estrat\u00e8gia proporciona un marc integrat per al desenvolupament de rutes i promoci\u00f3 tur\u00edstica, enfortint la col\u00b7laboraci\u00f3 publicoprivada i la connectivitat equilibrada del territori andal\u00fas.<\/p>\t\t\t\t\t\t\t\t<\/div>\n\t\t\t\t\t<\/div>\n\t\t<\/div>\n\t\t\t\t\t<\/div>\n\t\t<\/section>\n\t\t<div class=\"elementor-element elementor-element-e3e73f5 e-flex e-con-boxed e-con e-parent\" data-id=\"e3e73f5\" data-element_type=\"container\" data-e-type=\"container\" data-settings=\"{&quot;_ha_eqh_enable&quot;:false}\">\n\t\t\t\t\t<div class=\"e-con-inner\">\n\t\t\t\t<div class=\"elementor-element elementor-element-7e54cef elementor-widget elementor-widget-heading\" data-id=\"7e54cef\" data-element_type=\"widget\" data-e-type=\"widget\" data-widget_type=\"heading.default\">\n\t\t\t\t\t<h2 class=\"elementor-heading-title elementor-size-default\">Abast global, connectant el m\u00f3n:<\/h2>\t\t\t\t<\/div>\n\t\t\t\t<div data-ha-element-link=\"{&quot;url&quot;:&quot;https:\\\/\\\/www.gpa.aero\\\/casos-de-exito\\\/&quot;,&quot;is_external&quot;:&quot;&quot;,&quot;nofollow&quot;:&quot;&quot;}\" style=\"cursor: pointer\" class=\"elementor-element elementor-element-21e6a6e elementor-widget elementor-widget-image\" data-id=\"21e6a6e\" data-element_type=\"widget\" data-e-type=\"widget\" data-widget_type=\"image.default\">\n\t\t\t\t\t\t\t\t\t\t\t\t\t\t\t<img decoding=\"async\" width=\"5617\" height=\"2464\" src=\"https:\/\/www.gpa.aero\/wp-content\/uploads\/2026\/03\/GPA-mapa-ok.svg\" class=\"attachment-large size-large wp-image-2701\" alt=\"mapa mundi\" \/>\t\t\t\t\t\t\t\t\t\t\t\t\t\t\t<\/div>\n\t\t\t\t\t<\/div>\n\t\t\t\t<\/div>\n\t\t\t\t<\/div>\n\t\t","protected":false},"excerpt":{"rendered":"<p>BRIEF Descripci\u00f3 del projecte: La Junta d&#8217;Andalusia necessitava refor\u00e7ar la connectivitat a\u00e8ria dels seus sis aeroports per millorar l&#8217;accessibilitat, la competitivitat i [&hellip;]<\/p>\n","protected":false},"author":1,"featured_media":2743,"parent":3754,"menu_order":0,"comment_status":"closed","ping_status":"closed","template":"","meta":{"footnotes":""},"class_list":["post-3675","page","type-page","status-publish","has-post-thumbnail","hentry"],"yoast_head":"<!-- This site is optimized with the Yoast SEO plugin v27.1.1 - https:\/\/yoast.com\/product\/yoast-seo-wordpress\/ -->\n<title>Estrat\u00e8gia de connectivitat a\u00e8ria per a Andalusia - GPA<\/title>\n<meta name=\"robots\" content=\"index, follow, max-snippet:-1, max-image-preview:large, max-video-preview:-1\" \/>\n<link rel=\"canonical\" href=\"https:\/\/www.gpa.aero\/ca\/casos-dexit\/estrategia-de-connectivitat-aeria-per-a-andalusia\/\" \/>\n<meta property=\"og:locale\" content=\"ca_ES\" \/>\n<meta property=\"og:type\" content=\"article\" \/>\n<meta property=\"og:title\" content=\"Estrat\u00e8gia de connectivitat a\u00e8ria per a Andalusia - GPA\" \/>\n<meta property=\"og:description\" content=\"BRIEF Descripci\u00f3 del projecte: La Junta d&#8217;Andalusia necessitava refor\u00e7ar la connectivitat a\u00e8ria dels seus sis aeroports per millorar l&#8217;accessibilitat, la competitivitat i [&hellip;]\" \/>\n<meta property=\"og:url\" content=\"https:\/\/www.gpa.aero\/ca\/casos-dexit\/estrategia-de-connectivitat-aeria-per-a-andalusia\/\" \/>\n<meta property=\"og:site_name\" content=\"GPA\" \/>\n<meta property=\"article:modified_time\" content=\"2026-03-13T10:44:59+00:00\" \/>\n<meta property=\"og:image\" content=\"https:\/\/www.gpa.aero\/wp-content\/uploads\/2026\/02\/ss-estrategia-conectividad-aerea-andalucia.png\" \/>\n\t<meta property=\"og:image:width\" content=\"740\" \/>\n\t<meta property=\"og:image:height\" content=\"782\" \/>\n\t<meta property=\"og:image:type\" content=\"image\/png\" \/>\n<meta name=\"twitter:card\" content=\"summary_large_image\" \/>\n<meta name=\"twitter:label1\" content=\"Temps estimat de lectura\" \/>\n\t<meta name=\"twitter:data1\" content=\"2 minuts\" \/>\n<script type=\"application\/ld+json\" class=\"yoast-schema-graph\">{\"@context\":\"https:\/\/schema.org\",\"@graph\":[{\"@type\":\"WebPage\",\"@id\":\"https:\/\/www.gpa.aero\/ca\/casos-dexit\/estrategia-de-connectivitat-aeria-per-a-andalusia\/\",\"url\":\"https:\/\/www.gpa.aero\/ca\/casos-dexit\/estrategia-de-connectivitat-aeria-per-a-andalusia\/\",\"name\":\"Estrat\u00e8gia de connectivitat a\u00e8ria per a Andalusia - GPA\",\"isPartOf\":{\"@id\":\"https:\/\/www.gpa.aero\/ca\/#website\"},\"primaryImageOfPage\":{\"@id\":\"https:\/\/www.gpa.aero\/ca\/casos-dexit\/estrategia-de-connectivitat-aeria-per-a-andalusia\/#primaryimage\"},\"image\":{\"@id\":\"https:\/\/www.gpa.aero\/ca\/casos-dexit\/estrategia-de-connectivitat-aeria-per-a-andalusia\/#primaryimage\"},\"thumbnailUrl\":\"https:\/\/www.gpa.aero\/wp-content\/uploads\/2026\/02\/ss-estrategia-conectividad-aerea-andalucia.png\",\"datePublished\":\"2026-03-13T06:00:23+00:00\",\"dateModified\":\"2026-03-13T10:44:59+00:00\",\"breadcrumb\":{\"@id\":\"https:\/\/www.gpa.aero\/ca\/casos-dexit\/estrategia-de-connectivitat-aeria-per-a-andalusia\/#breadcrumb\"},\"inLanguage\":\"ca\",\"potentialAction\":[{\"@type\":\"ReadAction\",\"target\":[\"https:\/\/www.gpa.aero\/ca\/casos-dexit\/estrategia-de-connectivitat-aeria-per-a-andalusia\/\"]}]},{\"@type\":\"ImageObject\",\"inLanguage\":\"ca\",\"@id\":\"https:\/\/www.gpa.aero\/ca\/casos-dexit\/estrategia-de-connectivitat-aeria-per-a-andalusia\/#primaryimage\",\"url\":\"https:\/\/www.gpa.aero\/wp-content\/uploads\/2026\/02\/ss-estrategia-conectividad-aerea-andalucia.png\",\"contentUrl\":\"https:\/\/www.gpa.aero\/wp-content\/uploads\/2026\/02\/ss-estrategia-conectividad-aerea-andalucia.png\",\"width\":740,\"height\":782},{\"@type\":\"BreadcrumbList\",\"@id\":\"https:\/\/www.gpa.aero\/ca\/casos-dexit\/estrategia-de-connectivitat-aeria-per-a-andalusia\/#breadcrumb\",\"itemListElement\":[{\"@type\":\"ListItem\",\"position\":1,\"name\":\"Home\",\"item\":\"https:\/\/www.gpa.aero\/ca\/\"},{\"@type\":\"ListItem\",\"position\":2,\"name\":\"Casos d&#8217;\u00e8xit\",\"item\":\"https:\/\/www.gpa.aero\/ca\/casos-dexit\/\"},{\"@type\":\"ListItem\",\"position\":3,\"name\":\"Estrat\u00e8gia de connectivitat a\u00e8ria per a Andalusia\"}]},{\"@type\":\"WebSite\",\"@id\":\"https:\/\/www.gpa.aero\/ca\/#website\",\"url\":\"https:\/\/www.gpa.aero\/ca\/\",\"name\":\"GPA\",\"description\":\"\",\"potentialAction\":[{\"@type\":\"SearchAction\",\"target\":{\"@type\":\"EntryPoint\",\"urlTemplate\":\"https:\/\/www.gpa.aero\/ca\/?s={search_term_string}\"},\"query-input\":{\"@type\":\"PropertyValueSpecification\",\"valueRequired\":true,\"valueName\":\"search_term_string\"}}],\"inLanguage\":\"ca\"}]}<\/script>\n<!-- \/ Yoast SEO plugin. -->","yoast_head_json":{"title":"Estrat\u00e8gia de connectivitat a\u00e8ria per a Andalusia - GPA","robots":{"index":"index","follow":"follow","max-snippet":"max-snippet:-1","max-image-preview":"max-image-preview:large","max-video-preview":"max-video-preview:-1"},"canonical":"https:\/\/www.gpa.aero\/ca\/casos-dexit\/estrategia-de-connectivitat-aeria-per-a-andalusia\/","og_locale":"ca_ES","og_type":"article","og_title":"Estrat\u00e8gia de connectivitat a\u00e8ria per a Andalusia - GPA","og_description":"BRIEF Descripci\u00f3 del projecte: La Junta d&#8217;Andalusia necessitava refor\u00e7ar la connectivitat a\u00e8ria dels seus sis aeroports per millorar l&#8217;accessibilitat, la competitivitat i [&hellip;]","og_url":"https:\/\/www.gpa.aero\/ca\/casos-dexit\/estrategia-de-connectivitat-aeria-per-a-andalusia\/","og_site_name":"GPA","article_modified_time":"2026-03-13T10:44:59+00:00","og_image":[{"width":740,"height":782,"url":"https:\/\/www.gpa.aero\/wp-content\/uploads\/2026\/02\/ss-estrategia-conectividad-aerea-andalucia.png","type":"image\/png"}],"twitter_card":"summary_large_image","twitter_misc":{"Temps estimat de lectura":"2 minuts"},"schema":{"@context":"https:\/\/schema.org","@graph":[{"@type":"WebPage","@id":"https:\/\/www.gpa.aero\/ca\/casos-dexit\/estrategia-de-connectivitat-aeria-per-a-andalusia\/","url":"https:\/\/www.gpa.aero\/ca\/casos-dexit\/estrategia-de-connectivitat-aeria-per-a-andalusia\/","name":"Estrat\u00e8gia de connectivitat a\u00e8ria per a Andalusia - GPA","isPartOf":{"@id":"https:\/\/www.gpa.aero\/ca\/#website"},"primaryImageOfPage":{"@id":"https:\/\/www.gpa.aero\/ca\/casos-dexit\/estrategia-de-connectivitat-aeria-per-a-andalusia\/#primaryimage"},"image":{"@id":"https:\/\/www.gpa.aero\/ca\/casos-dexit\/estrategia-de-connectivitat-aeria-per-a-andalusia\/#primaryimage"},"thumbnailUrl":"https:\/\/www.gpa.aero\/wp-content\/uploads\/2026\/02\/ss-estrategia-conectividad-aerea-andalucia.png","datePublished":"2026-03-13T06:00:23+00:00","dateModified":"2026-03-13T10:44:59+00:00","breadcrumb":{"@id":"https:\/\/www.gpa.aero\/ca\/casos-dexit\/estrategia-de-connectivitat-aeria-per-a-andalusia\/#breadcrumb"},"inLanguage":"ca","potentialAction":[{"@type":"ReadAction","target":["https:\/\/www.gpa.aero\/ca\/casos-dexit\/estrategia-de-connectivitat-aeria-per-a-andalusia\/"]}]},{"@type":"ImageObject","inLanguage":"ca","@id":"https:\/\/www.gpa.aero\/ca\/casos-dexit\/estrategia-de-connectivitat-aeria-per-a-andalusia\/#primaryimage","url":"https:\/\/www.gpa.aero\/wp-content\/uploads\/2026\/02\/ss-estrategia-conectividad-aerea-andalucia.png","contentUrl":"https:\/\/www.gpa.aero\/wp-content\/uploads\/2026\/02\/ss-estrategia-conectividad-aerea-andalucia.png","width":740,"height":782},{"@type":"BreadcrumbList","@id":"https:\/\/www.gpa.aero\/ca\/casos-dexit\/estrategia-de-connectivitat-aeria-per-a-andalusia\/#breadcrumb","itemListElement":[{"@type":"ListItem","position":1,"name":"Home","item":"https:\/\/www.gpa.aero\/ca\/"},{"@type":"ListItem","position":2,"name":"Casos d&#8217;\u00e8xit","item":"https:\/\/www.gpa.aero\/ca\/casos-dexit\/"},{"@type":"ListItem","position":3,"name":"Estrat\u00e8gia de connectivitat a\u00e8ria per a Andalusia"}]},{"@type":"WebSite","@id":"https:\/\/www.gpa.aero\/ca\/#website","url":"https:\/\/www.gpa.aero\/ca\/","name":"GPA","description":"","potentialAction":[{"@type":"SearchAction","target":{"@type":"EntryPoint","urlTemplate":"https:\/\/www.gpa.aero\/ca\/?s={search_term_string}"},"query-input":{"@type":"PropertyValueSpecification","valueRequired":true,"valueName":"search_term_string"}}],"inLanguage":"ca"}]}},"_links":{"self":[{"href":"https:\/\/www.gpa.aero\/ca\/wp-json\/wp\/v2\/pages\/3675","targetHints":{"allow":["GET"]}}],"collection":[{"href":"https:\/\/www.gpa.aero\/ca\/wp-json\/wp\/v2\/pages"}],"about":[{"href":"https:\/\/www.gpa.aero\/ca\/wp-json\/wp\/v2\/types\/page"}],"author":[{"embeddable":true,"href":"https:\/\/www.gpa.aero\/ca\/wp-json\/wp\/v2\/users\/1"}],"replies":[{"embeddable":true,"href":"https:\/\/www.gpa.aero\/ca\/wp-json\/wp\/v2\/comments?post=3675"}],"version-history":[{"count":3,"href":"https:\/\/www.gpa.aero\/ca\/wp-json\/wp\/v2\/pages\/3675\/revisions"}],"predecessor-version":[{"id":3683,"href":"https:\/\/www.gpa.aero\/ca\/wp-json\/wp\/v2\/pages\/3675\/revisions\/3683"}],"up":[{"embeddable":true,"href":"https:\/\/www.gpa.aero\/ca\/wp-json\/wp\/v2\/pages\/3754"}],"wp:featuredmedia":[{"embeddable":true,"href":"https:\/\/www.gpa.aero\/ca\/wp-json\/wp\/v2\/media\/2743"}],"wp:attachment":[{"href":"https:\/\/www.gpa.aero\/ca\/wp-json\/wp\/v2\/media?parent=3675"}],"curies":[{"name":"wp","href":"https:\/\/api.w.org\/{rel}","templated":true}]}}