{"id":3638,"date":"2026-03-13T06:12:32","date_gmt":"2026-03-13T06:12:32","guid":{"rendered":"https:\/\/www.gpa.aero\/analisi-de-competencia-en-el-transport-aeri-centreamerica\/"},"modified":"2026-03-13T10:43:10","modified_gmt":"2026-03-13T10:43:10","slug":"analisi-de-competencia-en-el-transport-aeri-centreamerica","status":"publish","type":"page","link":"https:\/\/www.gpa.aero\/ca\/casos-dexit\/analisi-de-competencia-en-el-transport-aeri-centreamerica\/","title":{"rendered":"An\u00e0lisi de compet\u00e8ncia en el transport aeri centreameric\u00e0"},"content":{"rendered":"\t\t<div data-elementor-type=\"wp-page\" data-elementor-id=\"3638\" class=\"elementor elementor-3638 elementor-3585\" data-elementor-settings=\"{&quot;ha_cmc_init_switcher&quot;:&quot;no&quot;,&quot;element_pack_global_tooltip_width&quot;:{&quot;unit&quot;:&quot;px&quot;,&quot;size&quot;:&quot;&quot;,&quot;sizes&quot;:[]},&quot;element_pack_global_tooltip_width_tablet&quot;:{&quot;unit&quot;:&quot;px&quot;,&quot;size&quot;:&quot;&quot;,&quot;sizes&quot;:[]},&quot;element_pack_global_tooltip_width_mobile&quot;:{&quot;unit&quot;:&quot;px&quot;,&quot;size&quot;:&quot;&quot;,&quot;sizes&quot;:[]},&quot;element_pack_global_tooltip_padding&quot;:{&quot;unit&quot;:&quot;px&quot;,&quot;top&quot;:&quot;&quot;,&quot;right&quot;:&quot;&quot;,&quot;bottom&quot;:&quot;&quot;,&quot;left&quot;:&quot;&quot;,&quot;isLinked&quot;:true},&quot;element_pack_global_tooltip_padding_tablet&quot;:{&quot;unit&quot;:&quot;px&quot;,&quot;top&quot;:&quot;&quot;,&quot;right&quot;:&quot;&quot;,&quot;bottom&quot;:&quot;&quot;,&quot;left&quot;:&quot;&quot;,&quot;isLinked&quot;:true},&quot;element_pack_global_tooltip_padding_mobile&quot;:{&quot;unit&quot;:&quot;px&quot;,&quot;top&quot;:&quot;&quot;,&quot;right&quot;:&quot;&quot;,&quot;bottom&quot;:&quot;&quot;,&quot;left&quot;:&quot;&quot;,&quot;isLinked&quot;:true},&quot;element_pack_global_tooltip_border_radius&quot;:{&quot;unit&quot;:&quot;px&quot;,&quot;top&quot;:&quot;&quot;,&quot;right&quot;:&quot;&quot;,&quot;bottom&quot;:&quot;&quot;,&quot;left&quot;:&quot;&quot;,&quot;isLinked&quot;:true},&quot;element_pack_global_tooltip_border_radius_tablet&quot;:{&quot;unit&quot;:&quot;px&quot;,&quot;top&quot;:&quot;&quot;,&quot;right&quot;:&quot;&quot;,&quot;bottom&quot;:&quot;&quot;,&quot;left&quot;:&quot;&quot;,&quot;isLinked&quot;:true},&quot;element_pack_global_tooltip_border_radius_mobile&quot;:{&quot;unit&quot;:&quot;px&quot;,&quot;top&quot;:&quot;&quot;,&quot;right&quot;:&quot;&quot;,&quot;bottom&quot;:&quot;&quot;,&quot;left&quot;:&quot;&quot;,&quot;isLinked&quot;:true}}\">\n\t\t\t\t\t\t<section class=\"elementor-section elementor-top-section elementor-element elementor-element-82abcea elementor-section-boxed elementor-section-height-default elementor-section-height-default\" data-id=\"82abcea\" data-element_type=\"section\" data-e-type=\"section\" data-settings=\"{&quot;_ha_eqh_enable&quot;:false}\">\n\t\t\t\t\t\t<div class=\"elementor-container elementor-column-gap-default\">\n\t\t\t\t\t<div class=\"elementor-column elementor-col-50 elementor-top-column elementor-element elementor-element-4cb5603\" data-id=\"4cb5603\" data-element_type=\"column\" data-e-type=\"column\">\n\t\t\t<div class=\"elementor-widget-wrap elementor-element-populated\">\n\t\t\t\t\t\t<div class=\"elementor-element elementor-element-a13e912 elementor-widget elementor-widget-heading\" data-id=\"a13e912\" data-element_type=\"widget\" data-e-type=\"widget\" data-widget_type=\"heading.default\">\n\t\t\t\t\t<h6 class=\"elementor-heading-title elementor-size-default\">BRIEF<\/h6>\t\t\t\t<\/div>\n\t\t\t\t<div class=\"elementor-element elementor-element-c979bc9 elementor-widget elementor-widget-heading\" data-id=\"c979bc9\" data-element_type=\"widget\" data-e-type=\"widget\" data-widget_type=\"heading.default\">\n\t\t\t\t\t<h4 class=\"elementor-heading-title elementor-size-default\">Descripci\u00f3 del projecte:<\/h4>\t\t\t\t<\/div>\n\t\t\t\t<div class=\"elementor-element elementor-element-d104729 elementor-widget elementor-widget-text-editor\" data-id=\"d104729\" data-element_type=\"widget\" data-e-type=\"widget\" data-widget_type=\"text-editor.default\">\n\t\t\t\t\t\t\t\t\t<p>La RECAC, amb finan\u00e7ament del Banc Interameric\u00e0 de Desenvolupament (BID), necessitava un diagn\u00f2stic integral de les condicions de compet\u00e8ncia en el transport aeri de passatgers a Centream\u00e8rica i Rep\u00fablica Dominicana. L&#8217;objectiu era identificar barreres estructurals, reguladores i de mercat que afectaven la compet\u00e8ncia, la connectivitat i l&#8217;efici\u00e8ncia, i definir un marc de pol\u00edtica p\u00fablica aplicable a nivell nacional amb coher\u00e8ncia regional. <\/p>\t\t\t\t\t\t\t\t<\/div>\n\t\t\t\t\t<\/div>\n\t\t<\/div>\n\t\t\t\t<div class=\"elementor-column elementor-col-50 elementor-top-column elementor-element elementor-element-2540558\" data-id=\"2540558\" data-element_type=\"column\" data-e-type=\"column\">\n\t\t\t<div class=\"elementor-widget-wrap elementor-element-populated\">\n\t\t\t\t\t\t<div class=\"elementor-element elementor-element-7516a34 elementor-widget elementor-widget-heading\" data-id=\"7516a34\" data-element_type=\"widget\" data-e-type=\"widget\" data-widget_type=\"heading.default\">\n\t\t\t\t\t<h6 class=\"elementor-heading-title elementor-size-default\">PROJECTE<\/h6>\t\t\t\t<\/div>\n\t\t\t\t<div class=\"elementor-element elementor-element-0928949 elementor-widget elementor-widget-heading\" data-id=\"0928949\" data-element_type=\"widget\" data-e-type=\"widget\" data-widget_type=\"heading.default\">\n\t\t\t\t\t<h4 class=\"elementor-heading-title elementor-size-default\">An\u00e0lisi rigorosa per a una compet\u00e8ncia a\u00e8ria m\u00e9s justa i eficient a Centream\u00e8rica.\n<\/h4>\t\t\t\t<\/div>\n\t\t\t\t<section class=\"elementor-section elementor-inner-section elementor-element elementor-element-c38b4a6 elementor-section-boxed elementor-section-height-default elementor-section-height-default\" data-id=\"c38b4a6\" data-element_type=\"section\" data-e-type=\"section\" data-settings=\"{&quot;_ha_eqh_enable&quot;:false}\">\n\t\t\t\t\t\t<div class=\"elementor-container elementor-column-gap-default\">\n\t\t\t\t\t<div class=\"elementor-column elementor-col-33 elementor-inner-column elementor-element elementor-element-0499c89\" data-id=\"0499c89\" data-element_type=\"column\" data-e-type=\"column\">\n\t\t\t<div class=\"elementor-widget-wrap elementor-element-populated\">\n\t\t\t\t\t\t<div class=\"elementor-element elementor-element-152987a elementor-widget elementor-widget-heading\" data-id=\"152987a\" data-element_type=\"widget\" data-e-type=\"widget\" data-widget_type=\"heading.default\">\n\t\t\t\t\t<h5 class=\"elementor-heading-title elementor-size-default\">T\u00edtol<\/h5>\t\t\t\t<\/div>\n\t\t\t\t<div class=\"elementor-element elementor-element-ab049b3 elementor-widget elementor-widget-text-editor\" data-id=\"ab049b3\" data-element_type=\"widget\" data-e-type=\"widget\" data-widget_type=\"text-editor.default\">\n\t\t\t\t\t\t\t\t\t<p><span style=\"font-weight: 400;\">Diagnosi de condicions competitives en transport transport a la Central americana region i proposal per a la national public policy derived from the diagnosis.<\/span><\/p>\t\t\t\t\t\t\t\t<\/div>\n\t\t\t\t\t<\/div>\n\t\t<\/div>\n\t\t\t\t<div class=\"elementor-column elementor-col-33 elementor-inner-column elementor-element elementor-element-588a6d7\" data-id=\"588a6d7\" data-element_type=\"column\" data-e-type=\"column\">\n\t\t\t<div class=\"elementor-widget-wrap elementor-element-populated\">\n\t\t\t\t\t\t<div class=\"elementor-element elementor-element-1551455 elementor-widget elementor-widget-heading\" data-id=\"1551455\" data-element_type=\"widget\" data-e-type=\"widget\" data-widget_type=\"heading.default\">\n\t\t\t\t\t<h5 class=\"elementor-heading-title elementor-size-default\">Client<\/h5>\t\t\t\t<\/div>\n\t\t\t\t<div class=\"elementor-element elementor-element-4d7ca92 elementor-widget elementor-widget-text-editor\" data-id=\"4d7ca92\" data-element_type=\"widget\" data-e-type=\"widget\" data-widget_type=\"text-editor.default\">\n\t\t\t\t\t\t\t\t\t<p>Xarxa Centroamericana d&#8217;Autoritats Nacionals de Compet\u00e8ncia (RECAC).<\/p>\t\t\t\t\t\t\t\t<\/div>\n\t\t\t\t\t<\/div>\n\t\t<\/div>\n\t\t\t\t<div class=\"elementor-column elementor-col-33 elementor-inner-column elementor-element elementor-element-27b0115\" data-id=\"27b0115\" data-element_type=\"column\" data-e-type=\"column\">\n\t\t\t<div class=\"elementor-widget-wrap elementor-element-populated\">\n\t\t\t\t\t\t<div class=\"elementor-element elementor-element-66b77cf elementor-widget elementor-widget-heading\" data-id=\"66b77cf\" data-element_type=\"widget\" data-e-type=\"widget\" data-widget_type=\"heading.default\">\n\t\t\t\t\t<h5 class=\"elementor-heading-title elementor-size-default\">Temps<\/h5>\t\t\t\t<\/div>\n\t\t\t\t<div class=\"elementor-element elementor-element-595f865 elementor-widget elementor-widget-text-editor\" data-id=\"595f865\" data-element_type=\"widget\" data-e-type=\"widget\" data-widget_type=\"text-editor.default\">\n\t\t\t\t\t\t\t\t\t<p>2020 \u2013 2022<\/p>\t\t\t\t\t\t\t\t<\/div>\n\t\t\t\t\t<\/div>\n\t\t<\/div>\n\t\t\t\t\t<\/div>\n\t\t<\/section>\n\t\t\t\t\t<\/div>\n\t\t<\/div>\n\t\t\t\t\t<\/div>\n\t\t<\/section>\n\t\t\t\t<section class=\"elementor-section elementor-top-section elementor-element elementor-element-7c05ba3 elementor-section-boxed elementor-section-height-default elementor-section-height-default\" data-id=\"7c05ba3\" data-element_type=\"section\" data-e-type=\"section\" data-settings=\"{&quot;_ha_eqh_enable&quot;:false}\">\n\t\t\t\t\t\t<div class=\"elementor-container elementor-column-gap-default\">\n\t\t\t\t\t<div class=\"elementor-column elementor-col-50 elementor-top-column elementor-element elementor-element-815938d\" data-id=\"815938d\" data-element_type=\"column\" data-e-type=\"column\">\n\t\t\t<div class=\"elementor-widget-wrap elementor-element-populated\">\n\t\t\t\t\t\t<div class=\"elementor-element elementor-element-77d8051 elementor-widget elementor-widget-image\" data-id=\"77d8051\" data-element_type=\"widget\" data-e-type=\"widget\" data-widget_type=\"image.default\">\n\t\t\t\t\t\t\t\t\t\t\t\t\t\t\t<img fetchpriority=\"high\" decoding=\"async\" width=\"510\" height=\"341\" src=\"https:\/\/www.gpa.aero\/wp-content\/uploads\/2026\/02\/LOGO_RECAC.gif\" class=\"attachment-large size-large wp-image-3081\" alt=\"recac\" \/>\t\t\t\t\t\t\t\t\t\t\t\t\t\t\t<\/div>\n\t\t\t\t\t<\/div>\n\t\t<\/div>\n\t\t\t\t<div class=\"elementor-column elementor-col-50 elementor-top-column elementor-element elementor-element-f42b4e2\" data-id=\"f42b4e2\" data-element_type=\"column\" data-e-type=\"column\">\n\t\t\t<div class=\"elementor-widget-wrap elementor-element-populated\">\n\t\t\t\t\t\t<div class=\"elementor-element elementor-element-8a4f321 elementor-widget elementor-widget-heading\" data-id=\"8a4f321\" data-element_type=\"widget\" data-e-type=\"widget\" data-widget_type=\"heading.default\">\n\t\t\t\t\t<h4 class=\"elementor-heading-title elementor-size-default\">Metodologia GPA aplicada:<\/h4>\t\t\t\t<\/div>\n\t\t\t\t<div class=\"elementor-element elementor-element-a8b017d elementor-widget elementor-widget-text-editor\" data-id=\"a8b017d\" data-element_type=\"widget\" data-e-type=\"widget\" data-widget_type=\"text-editor.default\">\n\t\t\t\t\t\t\t\t\t<p>GPA va dur a terme una an\u00e0lisi econ\u00f2mica i regulat\u00f2ria estructurada a Costa Rica, El Salvador, Hondures, Nicaragua, Panam\u00e0 i Rep\u00fablica Dominicana. El diagn\u00f2stic va incloure l&#8217;an\u00e0lisi de marcs reguladors, acords de serveis aeris i legislaci\u00f3 de compet\u00e8ncia, juntament amb estudis detallats d&#8217;oferta, demanda, estructura de mercat, concentraci\u00f3 de rutes, aliances i estrat\u00e8gies tarif\u00e0ries. <\/p>\n<p>A partir d&#8217;aquesta an\u00e0lisi, GPA va avaluar les din\u00e0miques de poder de mercat i el seu impacte a les tarifes i el benestar del consumidor, i va desenvolupar recomanacions estrat\u00e8giques i un marc de pol\u00edtica harmonitzat amb fulls de ruta adaptables a cada autoritat nacional.<\/p>\t\t\t\t\t\t\t\t<\/div>\n\t\t\t\t\t<\/div>\n\t\t<\/div>\n\t\t\t\t\t<\/div>\n\t\t<\/section>\n\t\t<div class=\"elementor-element elementor-element-afc428a e-flex e-con-boxed e-con e-parent\" data-id=\"afc428a\" data-element_type=\"container\" data-e-type=\"container\" data-settings=\"{&quot;_ha_eqh_enable&quot;:false}\">\n\t\t\t\t\t<div class=\"e-con-inner\">\n\t\t\t\t<div class=\"elementor-element elementor-element-e9b5d02 elementor-widget elementor-widget-image\" data-id=\"e9b5d02\" data-element_type=\"widget\" data-e-type=\"widget\" data-widget_type=\"image.default\">\n\t\t\t\t\t\t\t\t\t\t\t\t\t\t\t<img decoding=\"async\" width=\"830\" height=\"467\" src=\"https:\/\/www.gpa.aero\/wp-content\/uploads\/2026\/02\/Captura-1.png\" class=\"attachment-large size-large wp-image-3082\" alt=\"airport-regulation\" srcset=\"https:\/\/www.gpa.aero\/wp-content\/uploads\/2026\/02\/Captura-1.png 830w, https:\/\/www.gpa.aero\/wp-content\/uploads\/2026\/02\/Captura-1-300x169.png 300w, https:\/\/www.gpa.aero\/wp-content\/uploads\/2026\/02\/Captura-1-768x432.png 768w, https:\/\/www.gpa.aero\/wp-content\/uploads\/2026\/02\/Captura-1-650x366.png 650w\" sizes=\"(max-width: 830px) 100vw, 830px\" \/>\t\t\t\t\t\t\t\t\t\t\t\t\t\t\t<\/div>\n\t\t\t\t\t<\/div>\n\t\t\t\t<\/div>\n\t\t\t\t<section class=\"elementor-section elementor-top-section elementor-element elementor-element-adcd2f2 elementor-section-boxed elementor-section-height-default elementor-section-height-default\" data-id=\"adcd2f2\" data-element_type=\"section\" data-e-type=\"section\" data-settings=\"{&quot;_ha_eqh_enable&quot;:false}\">\n\t\t\t\t\t\t<div class=\"elementor-container elementor-column-gap-default\">\n\t\t\t\t\t<div class=\"elementor-column elementor-col-66 elementor-top-column elementor-element elementor-element-687a0fa\" data-id=\"687a0fa\" data-element_type=\"column\" data-e-type=\"column\">\n\t\t\t<div class=\"elementor-widget-wrap elementor-element-populated\">\n\t\t\t\t\t\t<div class=\"elementor-element elementor-element-1d668cb elementor-widget elementor-widget-heading\" data-id=\"1d668cb\" data-element_type=\"widget\" data-e-type=\"widget\" data-widget_type=\"heading.default\">\n\t\t\t\t\t<h4 class=\"elementor-heading-title elementor-size-default\">Resultats del<br> projecte:<\/h4>\t\t\t\t<\/div>\n\t\t\t\t\t<\/div>\n\t\t<\/div>\n\t\t\t\t<div class=\"elementor-column elementor-col-33 elementor-top-column elementor-element elementor-element-02fd4a6\" data-id=\"02fd4a6\" data-element_type=\"column\" data-e-type=\"column\">\n\t\t\t<div class=\"elementor-widget-wrap elementor-element-populated\">\n\t\t\t\t\t\t<div class=\"elementor-element elementor-element-043bebc elementor-widget__width-initial elementor-widget elementor-widget-text-editor\" data-id=\"043bebc\" data-element_type=\"widget\" data-e-type=\"widget\" data-widget_type=\"text-editor.default\">\n\t\t\t\t\t\t\t\t\t<p>El projecte va proporcionar una base anal\u00edtica s\u00f2lida per a la pol\u00edtica de compet\u00e8ncia en el transport aeri de passatgers, refor\u00e7ant la capacitat reguladora i la coordinaci\u00f3 regional. RECAC i les autoritats nacionals disposen ara d&#8217;una proposta de pol\u00edtica p\u00fablica clara i basada en evid\u00e8ncies per fomentar una compet\u00e8ncia justa, millorar l&#8217;efici\u00e8ncia del mercat i donar suport a una connectivitat a\u00e8ria sostenible. <\/p>\t\t\t\t\t\t\t\t<\/div>\n\t\t\t\t\t<\/div>\n\t\t<\/div>\n\t\t\t\t\t<\/div>\n\t\t<\/section>\n\t\t<div class=\"elementor-element elementor-element-e2565a2 e-flex e-con-boxed e-con e-parent\" data-id=\"e2565a2\" data-element_type=\"container\" data-e-type=\"container\" data-settings=\"{&quot;_ha_eqh_enable&quot;:false}\">\n\t\t\t\t\t<div class=\"e-con-inner\">\n\t\t\t\t<div class=\"elementor-element elementor-element-dd46115 elementor-widget elementor-widget-heading\" data-id=\"dd46115\" data-element_type=\"widget\" data-e-type=\"widget\" data-widget_type=\"heading.default\">\n\t\t\t\t\t<h2 class=\"elementor-heading-title elementor-size-default\">Abast global, connectant el m\u00f3n:<\/h2>\t\t\t\t<\/div>\n\t\t\t\t<div data-ha-element-link=\"{&quot;url&quot;:&quot;https:\\\/\\\/www.gpa.aero\\\/casos-de-exito\\\/&quot;,&quot;is_external&quot;:&quot;&quot;,&quot;nofollow&quot;:&quot;&quot;}\" style=\"cursor: pointer\" class=\"elementor-element elementor-element-0179480 elementor-widget elementor-widget-image\" data-id=\"0179480\" data-element_type=\"widget\" data-e-type=\"widget\" data-widget_type=\"image.default\">\n\t\t\t\t\t\t\t\t\t\t\t\t\t\t\t<img decoding=\"async\" width=\"5617\" height=\"2464\" src=\"https:\/\/www.gpa.aero\/wp-content\/uploads\/2026\/03\/GPA-mapa-ok.svg\" class=\"attachment-large size-large wp-image-2701\" alt=\"mapa mundi\" \/>\t\t\t\t\t\t\t\t\t\t\t\t\t\t\t<\/div>\n\t\t\t\t\t<\/div>\n\t\t\t\t<\/div>\n\t\t\t\t<\/div>\n\t\t","protected":false},"excerpt":{"rendered":"<p>BRIEF Descripci\u00f3 del projecte: La RECAC, amb finan\u00e7ament del Banc Interameric\u00e0 de Desenvolupament (BID), necessitava un diagn\u00f2stic integral de les condicions de [&hellip;]<\/p>\n","protected":false},"author":1,"featured_media":2862,"parent":3754,"menu_order":0,"comment_status":"closed","ping_status":"closed","template":"","meta":{"footnotes":""},"class_list":["post-3638","page","type-page","status-publish","has-post-thumbnail","hentry"],"yoast_head":"<!-- This site is optimized with the Yoast SEO plugin v27.1.1 - https:\/\/yoast.com\/product\/yoast-seo-wordpress\/ -->\n<title>An\u00e0lisi de compet\u00e8ncia en el transport aeri centreameric\u00e0 - GPA<\/title>\n<meta name=\"robots\" content=\"index, follow, max-snippet:-1, max-image-preview:large, max-video-preview:-1\" \/>\n<link rel=\"canonical\" href=\"https:\/\/www.gpa.aero\/ca\/casos-dexit\/analisi-de-competencia-en-el-transport-aeri-centreamerica\/\" \/>\n<meta property=\"og:locale\" content=\"ca_ES\" \/>\n<meta property=\"og:type\" content=\"article\" \/>\n<meta property=\"og:title\" content=\"An\u00e0lisi de compet\u00e8ncia en el transport aeri centreameric\u00e0 - GPA\" \/>\n<meta property=\"og:description\" content=\"BRIEF Descripci\u00f3 del projecte: La RECAC, amb finan\u00e7ament del Banc Interameric\u00e0 de Desenvolupament (BID), necessitava un diagn\u00f2stic integral de les condicions de [&hellip;]\" \/>\n<meta property=\"og:url\" content=\"https:\/\/www.gpa.aero\/ca\/casos-dexit\/analisi-de-competencia-en-el-transport-aeri-centreamerica\/\" \/>\n<meta property=\"og:site_name\" content=\"GPA\" \/>\n<meta property=\"article:modified_time\" content=\"2026-03-13T10:43:10+00:00\" \/>\n<meta property=\"og:image\" content=\"https:\/\/www.gpa.aero\/wp-content\/uploads\/2026\/02\/ss-analisis-competencia-transporte-aereo-centroamericano.png\" \/>\n\t<meta property=\"og:image:width\" content=\"740\" \/>\n\t<meta property=\"og:image:height\" content=\"782\" \/>\n\t<meta property=\"og:image:type\" content=\"image\/png\" \/>\n<meta name=\"twitter:card\" content=\"summary_large_image\" \/>\n<meta name=\"twitter:label1\" content=\"Temps estimat de lectura\" \/>\n\t<meta name=\"twitter:data1\" content=\"3 minuts\" \/>\n<script type=\"application\/ld+json\" class=\"yoast-schema-graph\">{\"@context\":\"https:\/\/schema.org\",\"@graph\":[{\"@type\":\"WebPage\",\"@id\":\"https:\/\/www.gpa.aero\/ca\/casos-dexit\/analisi-de-competencia-en-el-transport-aeri-centreamerica\/\",\"url\":\"https:\/\/www.gpa.aero\/ca\/casos-dexit\/analisi-de-competencia-en-el-transport-aeri-centreamerica\/\",\"name\":\"An\u00e0lisi de compet\u00e8ncia en el transport aeri centreameric\u00e0 - GPA\",\"isPartOf\":{\"@id\":\"https:\/\/www.gpa.aero\/ca\/#website\"},\"primaryImageOfPage\":{\"@id\":\"https:\/\/www.gpa.aero\/ca\/casos-dexit\/analisi-de-competencia-en-el-transport-aeri-centreamerica\/#primaryimage\"},\"image\":{\"@id\":\"https:\/\/www.gpa.aero\/ca\/casos-dexit\/analisi-de-competencia-en-el-transport-aeri-centreamerica\/#primaryimage\"},\"thumbnailUrl\":\"https:\/\/www.gpa.aero\/wp-content\/uploads\/2026\/02\/ss-analisis-competencia-transporte-aereo-centroamericano.png\",\"datePublished\":\"2026-03-13T06:12:32+00:00\",\"dateModified\":\"2026-03-13T10:43:10+00:00\",\"breadcrumb\":{\"@id\":\"https:\/\/www.gpa.aero\/ca\/casos-dexit\/analisi-de-competencia-en-el-transport-aeri-centreamerica\/#breadcrumb\"},\"inLanguage\":\"ca\",\"potentialAction\":[{\"@type\":\"ReadAction\",\"target\":[\"https:\/\/www.gpa.aero\/ca\/casos-dexit\/analisi-de-competencia-en-el-transport-aeri-centreamerica\/\"]}]},{\"@type\":\"ImageObject\",\"inLanguage\":\"ca\",\"@id\":\"https:\/\/www.gpa.aero\/ca\/casos-dexit\/analisi-de-competencia-en-el-transport-aeri-centreamerica\/#primaryimage\",\"url\":\"https:\/\/www.gpa.aero\/wp-content\/uploads\/2026\/02\/ss-analisis-competencia-transporte-aereo-centroamericano.png\",\"contentUrl\":\"https:\/\/www.gpa.aero\/wp-content\/uploads\/2026\/02\/ss-analisis-competencia-transporte-aereo-centroamericano.png\",\"width\":740,\"height\":782},{\"@type\":\"BreadcrumbList\",\"@id\":\"https:\/\/www.gpa.aero\/ca\/casos-dexit\/analisi-de-competencia-en-el-transport-aeri-centreamerica\/#breadcrumb\",\"itemListElement\":[{\"@type\":\"ListItem\",\"position\":1,\"name\":\"Home\",\"item\":\"https:\/\/www.gpa.aero\/ca\/\"},{\"@type\":\"ListItem\",\"position\":2,\"name\":\"Casos d&#8217;\u00e8xit\",\"item\":\"https:\/\/www.gpa.aero\/ca\/casos-dexit\/\"},{\"@type\":\"ListItem\",\"position\":3,\"name\":\"An\u00e0lisi de compet\u00e8ncia en el transport aeri centreameric\u00e0\"}]},{\"@type\":\"WebSite\",\"@id\":\"https:\/\/www.gpa.aero\/ca\/#website\",\"url\":\"https:\/\/www.gpa.aero\/ca\/\",\"name\":\"GPA\",\"description\":\"\",\"potentialAction\":[{\"@type\":\"SearchAction\",\"target\":{\"@type\":\"EntryPoint\",\"urlTemplate\":\"https:\/\/www.gpa.aero\/ca\/?s={search_term_string}\"},\"query-input\":{\"@type\":\"PropertyValueSpecification\",\"valueRequired\":true,\"valueName\":\"search_term_string\"}}],\"inLanguage\":\"ca\"}]}<\/script>\n<!-- \/ Yoast SEO plugin. -->","yoast_head_json":{"title":"An\u00e0lisi de compet\u00e8ncia en el transport aeri centreameric\u00e0 - GPA","robots":{"index":"index","follow":"follow","max-snippet":"max-snippet:-1","max-image-preview":"max-image-preview:large","max-video-preview":"max-video-preview:-1"},"canonical":"https:\/\/www.gpa.aero\/ca\/casos-dexit\/analisi-de-competencia-en-el-transport-aeri-centreamerica\/","og_locale":"ca_ES","og_type":"article","og_title":"An\u00e0lisi de compet\u00e8ncia en el transport aeri centreameric\u00e0 - GPA","og_description":"BRIEF Descripci\u00f3 del projecte: La RECAC, amb finan\u00e7ament del Banc Interameric\u00e0 de Desenvolupament (BID), necessitava un diagn\u00f2stic integral de les condicions de [&hellip;]","og_url":"https:\/\/www.gpa.aero\/ca\/casos-dexit\/analisi-de-competencia-en-el-transport-aeri-centreamerica\/","og_site_name":"GPA","article_modified_time":"2026-03-13T10:43:10+00:00","og_image":[{"width":740,"height":782,"url":"https:\/\/www.gpa.aero\/wp-content\/uploads\/2026\/02\/ss-analisis-competencia-transporte-aereo-centroamericano.png","type":"image\/png"}],"twitter_card":"summary_large_image","twitter_misc":{"Temps estimat de lectura":"3 minuts"},"schema":{"@context":"https:\/\/schema.org","@graph":[{"@type":"WebPage","@id":"https:\/\/www.gpa.aero\/ca\/casos-dexit\/analisi-de-competencia-en-el-transport-aeri-centreamerica\/","url":"https:\/\/www.gpa.aero\/ca\/casos-dexit\/analisi-de-competencia-en-el-transport-aeri-centreamerica\/","name":"An\u00e0lisi de compet\u00e8ncia en el transport aeri centreameric\u00e0 - GPA","isPartOf":{"@id":"https:\/\/www.gpa.aero\/ca\/#website"},"primaryImageOfPage":{"@id":"https:\/\/www.gpa.aero\/ca\/casos-dexit\/analisi-de-competencia-en-el-transport-aeri-centreamerica\/#primaryimage"},"image":{"@id":"https:\/\/www.gpa.aero\/ca\/casos-dexit\/analisi-de-competencia-en-el-transport-aeri-centreamerica\/#primaryimage"},"thumbnailUrl":"https:\/\/www.gpa.aero\/wp-content\/uploads\/2026\/02\/ss-analisis-competencia-transporte-aereo-centroamericano.png","datePublished":"2026-03-13T06:12:32+00:00","dateModified":"2026-03-13T10:43:10+00:00","breadcrumb":{"@id":"https:\/\/www.gpa.aero\/ca\/casos-dexit\/analisi-de-competencia-en-el-transport-aeri-centreamerica\/#breadcrumb"},"inLanguage":"ca","potentialAction":[{"@type":"ReadAction","target":["https:\/\/www.gpa.aero\/ca\/casos-dexit\/analisi-de-competencia-en-el-transport-aeri-centreamerica\/"]}]},{"@type":"ImageObject","inLanguage":"ca","@id":"https:\/\/www.gpa.aero\/ca\/casos-dexit\/analisi-de-competencia-en-el-transport-aeri-centreamerica\/#primaryimage","url":"https:\/\/www.gpa.aero\/wp-content\/uploads\/2026\/02\/ss-analisis-competencia-transporte-aereo-centroamericano.png","contentUrl":"https:\/\/www.gpa.aero\/wp-content\/uploads\/2026\/02\/ss-analisis-competencia-transporte-aereo-centroamericano.png","width":740,"height":782},{"@type":"BreadcrumbList","@id":"https:\/\/www.gpa.aero\/ca\/casos-dexit\/analisi-de-competencia-en-el-transport-aeri-centreamerica\/#breadcrumb","itemListElement":[{"@type":"ListItem","position":1,"name":"Home","item":"https:\/\/www.gpa.aero\/ca\/"},{"@type":"ListItem","position":2,"name":"Casos d&#8217;\u00e8xit","item":"https:\/\/www.gpa.aero\/ca\/casos-dexit\/"},{"@type":"ListItem","position":3,"name":"An\u00e0lisi de compet\u00e8ncia en el transport aeri centreameric\u00e0"}]},{"@type":"WebSite","@id":"https:\/\/www.gpa.aero\/ca\/#website","url":"https:\/\/www.gpa.aero\/ca\/","name":"GPA","description":"","potentialAction":[{"@type":"SearchAction","target":{"@type":"EntryPoint","urlTemplate":"https:\/\/www.gpa.aero\/ca\/?s={search_term_string}"},"query-input":{"@type":"PropertyValueSpecification","valueRequired":true,"valueName":"search_term_string"}}],"inLanguage":"ca"}]}},"_links":{"self":[{"href":"https:\/\/www.gpa.aero\/ca\/wp-json\/wp\/v2\/pages\/3638","targetHints":{"allow":["GET"]}}],"collection":[{"href":"https:\/\/www.gpa.aero\/ca\/wp-json\/wp\/v2\/pages"}],"about":[{"href":"https:\/\/www.gpa.aero\/ca\/wp-json\/wp\/v2\/types\/page"}],"author":[{"embeddable":true,"href":"https:\/\/www.gpa.aero\/ca\/wp-json\/wp\/v2\/users\/1"}],"replies":[{"embeddable":true,"href":"https:\/\/www.gpa.aero\/ca\/wp-json\/wp\/v2\/comments?post=3638"}],"version-history":[{"count":3,"href":"https:\/\/www.gpa.aero\/ca\/wp-json\/wp\/v2\/pages\/3638\/revisions"}],"predecessor-version":[{"id":3641,"href":"https:\/\/www.gpa.aero\/ca\/wp-json\/wp\/v2\/pages\/3638\/revisions\/3641"}],"up":[{"embeddable":true,"href":"https:\/\/www.gpa.aero\/ca\/wp-json\/wp\/v2\/pages\/3754"}],"wp:featuredmedia":[{"embeddable":true,"href":"https:\/\/www.gpa.aero\/ca\/wp-json\/wp\/v2\/media\/2862"}],"wp:attachment":[{"href":"https:\/\/www.gpa.aero\/ca\/wp-json\/wp\/v2\/media?parent=3638"}],"curies":[{"name":"wp","href":"https:\/\/api.w.org\/{rel}","templated":true}]}}