{"id":2679,"date":"2026-01-29T16:55:33","date_gmt":"2026-01-29T16:55:33","guid":{"rendered":"https:\/\/www.gpa.aero\/avis-legal\/"},"modified":"2026-03-09T10:14:34","modified_gmt":"2026-03-09T10:14:34","slug":"avis-legal","status":"publish","type":"page","link":"https:\/\/www.gpa.aero\/ca\/avis-legal\/","title":{"rendered":"Av\u00eds Legal"},"content":{"rendered":"\t\t<div data-elementor-type=\"wp-page\" data-elementor-id=\"2679\" class=\"elementor elementor-2679 elementor-3\" data-elementor-settings=\"{&quot;ha_cmc_init_switcher&quot;:&quot;no&quot;,&quot;element_pack_global_tooltip_width&quot;:{&quot;unit&quot;:&quot;px&quot;,&quot;size&quot;:&quot;&quot;,&quot;sizes&quot;:[]},&quot;element_pack_global_tooltip_width_tablet&quot;:{&quot;unit&quot;:&quot;px&quot;,&quot;size&quot;:&quot;&quot;,&quot;sizes&quot;:[]},&quot;element_pack_global_tooltip_width_mobile&quot;:{&quot;unit&quot;:&quot;px&quot;,&quot;size&quot;:&quot;&quot;,&quot;sizes&quot;:[]},&quot;element_pack_global_tooltip_padding&quot;:{&quot;unit&quot;:&quot;px&quot;,&quot;top&quot;:&quot;&quot;,&quot;right&quot;:&quot;&quot;,&quot;bottom&quot;:&quot;&quot;,&quot;left&quot;:&quot;&quot;,&quot;isLinked&quot;:true},&quot;element_pack_global_tooltip_padding_tablet&quot;:{&quot;unit&quot;:&quot;px&quot;,&quot;top&quot;:&quot;&quot;,&quot;right&quot;:&quot;&quot;,&quot;bottom&quot;:&quot;&quot;,&quot;left&quot;:&quot;&quot;,&quot;isLinked&quot;:true},&quot;element_pack_global_tooltip_padding_mobile&quot;:{&quot;unit&quot;:&quot;px&quot;,&quot;top&quot;:&quot;&quot;,&quot;right&quot;:&quot;&quot;,&quot;bottom&quot;:&quot;&quot;,&quot;left&quot;:&quot;&quot;,&quot;isLinked&quot;:true},&quot;element_pack_global_tooltip_border_radius&quot;:{&quot;unit&quot;:&quot;px&quot;,&quot;top&quot;:&quot;&quot;,&quot;right&quot;:&quot;&quot;,&quot;bottom&quot;:&quot;&quot;,&quot;left&quot;:&quot;&quot;,&quot;isLinked&quot;:true},&quot;element_pack_global_tooltip_border_radius_tablet&quot;:{&quot;unit&quot;:&quot;px&quot;,&quot;top&quot;:&quot;&quot;,&quot;right&quot;:&quot;&quot;,&quot;bottom&quot;:&quot;&quot;,&quot;left&quot;:&quot;&quot;,&quot;isLinked&quot;:true},&quot;element_pack_global_tooltip_border_radius_mobile&quot;:{&quot;unit&quot;:&quot;px&quot;,&quot;top&quot;:&quot;&quot;,&quot;right&quot;:&quot;&quot;,&quot;bottom&quot;:&quot;&quot;,&quot;left&quot;:&quot;&quot;,&quot;isLinked&quot;:true}}\">\n\t\t\t\t\t\t<div class=\"elementor-section elementor-top-section elementor-element elementor-element-df8c4cb elementor-section-boxed elementor-section-height-default elementor-section-height-default\" data-id=\"df8c4cb\" data-element_type=\"section\" data-e-type=\"section\" data-settings=\"{&quot;background_background&quot;:&quot;classic&quot;,&quot;_ha_eqh_enable&quot;:false}\">\n\t\t\t\t\t\t<div class=\"elementor-container elementor-column-gap-default\">\n\t\t\t\t\t<div class=\"elementor-column elementor-col-100 elementor-top-column elementor-element elementor-element-0fd5572\" data-id=\"0fd5572\" data-element_type=\"column\" data-e-type=\"column\">\n\t\t\t<div class=\"elementor-widget-wrap elementor-element-populated\">\n\t\t\t\t\t\t<div class=\"elementor-element elementor-element-8075eba elementor-widget__width-initial elementor-widget-tablet__width-initial elementor-widget-mobile__width-inherit elementor-widget elementor-widget-heading\" data-id=\"8075eba\" data-element_type=\"widget\" data-e-type=\"widget\" data-widget_type=\"heading.default\">\n\t\t\t\t\t<h1 class=\"elementor-heading-title elementor-size-default\">Av\u00eds Legal<\/h1>\t\t\t\t<\/div>\n\t\t\t\t<div class=\"elementor-element elementor-element-e8b1009 elementor-widget elementor-widget-heading\" data-id=\"e8b1009\" data-element_type=\"widget\" data-e-type=\"widget\" data-widget_type=\"heading.default\">\n\t\t\t\t\t<h5 class=\"elementor-heading-title elementor-size-default\">Impulsant la connectivitat a\u00e8ria amb decisions basades en dades<\/h5>\t\t\t\t<\/div>\n\t\t\t\t\t<\/div>\n\t\t<\/div>\n\t\t\t\t\t<\/div>\n\t\t<\/div>\n\t\t<div class=\"elementor-element elementor-element-58f32d2a legal-style e-flex e-con-boxed e-con e-parent\" data-id=\"58f32d2a\" data-element_type=\"container\" data-e-type=\"container\" data-settings=\"{&quot;_ha_eqh_enable&quot;:false}\">\n\t\t\t\t\t<div class=\"e-con-inner\">\n\t\t\t\t<div class=\"elementor-element elementor-element-54c4a15a elementor-widget elementor-widget-text-editor\" data-id=\"54c4a15a\" data-element_type=\"widget\" data-e-type=\"widget\" data-widget_type=\"text-editor.default\">\n\t\t\t\t\t\t\t\t\t<h3>IDENTITAT DEL TITULAR DEL LLOC WEB<\/h3><p>GESTI\u00d3 I PROMOCI\u00d3 AEROPORTU\u00c0RIA SAU<\/p><p>Avda. Diagonal 452 \u2013 08006 Barcelona<br> Tel: (34) 93 416 95 90<br> Fax: (34) 93 416 95 90<br> CIF: A61932471 <\/p><h3>PROPIETAT INTEL\u00b7LECTUAL<\/h3><p data-pm-slice=\"1 1 [\"orderedList\",{\"start\":1,\"type\":null},\"listItem\",{}]\">GESTI\u00d3 I PROMOCI\u00d3 AEROPORTU\u00c0RIA SAU \u00e9s propietari dels continguts d&#8217;aquest lloc web (http:\/\/www.gpa.aero\/), inclosos textos, imatges, disseny gr\u00e0fic, codi font, logos i marques, per la qual cosa queda expressament prohibit<\/p><p>Utilitzar qualsevol dels continguts i serveis amb fins o efectes il\u00b7l\u00edcits, prohibits en aquest Av\u00eds Legal, lesius dels drets i interessos de tercers, o que de qualsevol manera puguin danyar, inutilitzar, sobrecarregar, deteriorar o impedir la utilitzaci\u00f3 normal dels serveis, els equips inform\u00e0tics o els documents, arxius i tota mena de continguts emmagatzemats en qualsevol equip inform\u00e0tic de<\/p><p data-pm-slice=\"1 1 [\"orderedList\",{\"start\":1,\"type\":null},\"listItem\",{}]\">GESTI\u00d3 I PROMOCI\u00d3 AEROPORTU\u00c0RIA SAU<\/p><p>Utilitzar continguts i serveis que estiguin protegits per qualsevol dret de propietat intel\u00b7lectual o industrial pertanyents a l&#8217;entitat oa tercers, sense que l&#8217;Usuari hagi obtingut pr\u00e8viament dels seus titulars l&#8217;autoritzaci\u00f3 necess\u00e0ria per dur a terme l&#8217;\u00fas que efectua o pret\u00e9n efectuar.<\/p><p>Reproduir, copiar, distribuir, comunicar, transformar o modificar els continguts, llevat que es compti amb lautoritzaci\u00f3 del titular dels corresponents drets o aix\u00f2 resulti legalment perm\u00e8s.<\/p><p>Incorporar virus o altres elements f\u00edsics o electr\u00f2nics que puguin danyar o impedir el funcionament normal de la xarxa, del sistema o d&#8217;equips inform\u00e0tics (hardware i software) de GESTI\u00d3 I PROMOCI\u00d3 AEROPORTU\u00c0RIA SAU o de tercers o que puguin danyar els documents electr\u00f2nics i arxius emmagatzemats en aquests equips inform\u00e0tics.<\/p><p>L&#8217;obtenci\u00f3 o fins i tot l&#8217;intent d&#8217;obtenci\u00f3 dels continguts utilitzant mitjans o procediments diferents dels que, segons els casos, s&#8217;hagin posat a la seva disposici\u00f3 a aquest efecte en general, dels que s&#8217;utilitzin habitualment a Internet a aquest efecte sempre que no comportin un risc de dany o inutilitzaci\u00f3 de la web, dels serveis i\/o dels continguts.<\/p><p>Retirar, suprimir, alterar, manipular ni de cap manera modificar: a) aquelles notes, llegendes, indicacions o s\u00edmbols que b\u00e9 GESTI\u00d3 I PROMOCI\u00d3 AEROPORTU\u00c0RIA SAU o els leg\u00edtims titulars dels drets incorporin a les seves propietats en mat\u00e8ria de propietat intel\u00b7lectual o industrial (com per exemple, copyright, \u00a9). b) els dispositius t\u00e8cnics de protecci\u00f3 o identificaci\u00f3 que puguin contenir els continguts (com ara marques d&#8217;aigua, empremtes digitals, etc.).  <\/p><p data-pm-slice=\"1 1 [\"orderedList\",{\"start\":1,\"type\":null},\"listItem\",{}]\">GESTI\u00d3 I PROMOCI\u00d3 AEROPORTU\u00c0RIA SAU es reserva el dret d&#8217;emprendre les accions legals que corresponguin contra qui incompleixi les prohibicions anteriors.<\/p><h3>LIMITACI\u00d3 DE RESPONSABILITAT<\/h3><p>GESTI\u00d3 I PROMOCI\u00d3 AEROPORTU\u00c0RIA SAU es reserva el dret d&#8217;actualitzar, modificar o eliminar informaci\u00f3 continguda a la seva web, aix\u00ed com la configuraci\u00f3, les prestacions o les condicions generals, en qualsevol moment i sense necessitat de previ av\u00eds.<\/p><p>GESTI\u00d3 I PROMOCI\u00d3 AEROPORTU\u00c0RIA SAU no garanteix la inexist\u00e8ncia d&#8217;interrupcions o errors en l&#8217;acc\u00e9s al lloc web, ni assumir\u00e0 cap responsabilitat per problemes t\u00e8cnics o errors que es produeixin durant la connexi\u00f3 a Internet.<\/p><p>Tampoc garanteix l&#8217;abs\u00e8ncia de virus ni d&#8217;altres elements que puguin produir alteracions en el sistema inform\u00e0tic (programari i maquinari) o en els documents electr\u00f2nics i fitxers emmagatzemats al sistema inform\u00e0tic, per la qual cosa exclou qualsevol responsabilitat pels danys i perjudicis que puguin produir-se en el sistema inform\u00e0tic, documents electr\u00f2nics o fitxers dels usuaris. Aix\u00f2 no obstant, utilitzar\u00e0 tots els mitjans al seu abast per eliminar-los i tenir actualitzats els sistemes de seguretat, per evitar possibles perjudicis a usuaris. <\/p><p>GESTI\u00d3 I PROMOCI\u00d3 AEROPORTU\u00c0RIA SAU exclou, amb tota l&#8217;extensi\u00f3 permesa per l&#8217;ordenament jur\u00eddic, qualsevol responsabilitat pels danys i perjudicis de tota naturalesa que puguin ser deguts a la transmissi\u00f3, difusi\u00f3, emmagatzematge, posada a disposici\u00f3, recepci\u00f3, obtenci\u00f3 o acc\u00e9s als continguts, i en particular, encara que no de manera exclusiva, pels danys i.<\/p><h3>FORMULARIS<\/h3><p>Us recordem que les vostres dades han estat incorporades al sistema de tractament de GPA i que sempre que es compleixin els requisits exigits per la normativa, podreu exercir els vostres drets d&#8217;acc\u00e9s, rectificaci\u00f3, limitaci\u00f3 de tractament, supressi\u00f3 (\u201cdret a l&#8217;oblit\u201d), portabilitat, oposici\u00f3 i revocaci\u00f3, en els termes que estableix la normativa vigent i aplicable en mat\u00e8ria de protecci\u00f3 de dades, DIAGONAL, 452, 08006, BARCELONA o b\u00e9 a trav\u00e9s de correu electr\u00f2nic RGPD@gpa.aero. Si no sou el destinatari assenyalat o heu rebut la comunicaci\u00f3 per error, us informem que est\u00e0 totalment prohibida, i pot ser il\u00b7legal, qualsevol divulgaci\u00f3, distribuci\u00f3 o reproducci\u00f3 d&#8217;aquesta comunicaci\u00f3, i us preguem que ens ho notifiqueu immediatament i ens torneu el missatge original a l&#8217;adre\u00e7a abans esmentada. Gr\u00e0cies.  <\/p>\t\t\t\t\t\t\t\t<\/div>\n\t\t\t\t\t<\/div>\n\t\t\t\t<\/div>\n\t\t\t\t<\/div>\n\t\t","protected":false},"excerpt":{"rendered":"<p>Av\u00eds Legal Impulsant la connectivitat a\u00e8ria amb decisions basades en dades IDENTITAT DEL TITULAR DEL LLOC WEB GESTI\u00d3 I PROMOCI\u00d3 AEROPORTU\u00c0RIA SAU [&hellip;]<\/p>\n","protected":false},"author":1,"featured_media":0,"parent":0,"menu_order":0,"comment_status":"closed","ping_status":"open","template":"","meta":{"footnotes":""},"class_list":["post-2679","page","type-page","status-publish","hentry"],"yoast_head":"<!-- This site is optimized with the Yoast SEO plugin v27.1.1 - https:\/\/yoast.com\/product\/yoast-seo-wordpress\/ -->\n<title>Av\u00eds Legal - GPA<\/title>\n<meta name=\"robots\" content=\"index, follow, max-snippet:-1, max-image-preview:large, max-video-preview:-1\" \/>\n<link rel=\"canonical\" href=\"https:\/\/www.gpa.aero\/ca\/avis-legal\/\" \/>\n<meta property=\"og:locale\" content=\"ca_ES\" \/>\n<meta property=\"og:type\" content=\"article\" \/>\n<meta property=\"og:title\" content=\"Av\u00eds Legal - GPA\" \/>\n<meta property=\"og:description\" content=\"Av\u00eds Legal Impulsant la connectivitat a\u00e8ria amb decisions basades en dades IDENTITAT DEL TITULAR DEL LLOC WEB GESTI\u00d3 I PROMOCI\u00d3 AEROPORTU\u00c0RIA SAU [&hellip;]\" \/>\n<meta property=\"og:url\" content=\"https:\/\/www.gpa.aero\/ca\/avis-legal\/\" \/>\n<meta property=\"og:site_name\" content=\"GPA\" \/>\n<meta property=\"article:modified_time\" content=\"2026-03-09T10:14:34+00:00\" \/>\n<meta name=\"twitter:card\" content=\"summary_large_image\" \/>\n<meta name=\"twitter:label1\" content=\"Temps estimat de lectura\" \/>\n\t<meta name=\"twitter:data1\" content=\"4 minuts\" \/>\n<script type=\"application\/ld+json\" class=\"yoast-schema-graph\">{\"@context\":\"https:\/\/schema.org\",\"@graph\":[{\"@type\":\"WebPage\",\"@id\":\"https:\/\/www.gpa.aero\/ca\/avis-legal\/\",\"url\":\"https:\/\/www.gpa.aero\/ca\/avis-legal\/\",\"name\":\"Av\u00eds Legal - GPA\",\"isPartOf\":{\"@id\":\"https:\/\/www.gpa.aero\/ca\/#website\"},\"datePublished\":\"2026-01-29T16:55:33+00:00\",\"dateModified\":\"2026-03-09T10:14:34+00:00\",\"breadcrumb\":{\"@id\":\"https:\/\/www.gpa.aero\/ca\/avis-legal\/#breadcrumb\"},\"inLanguage\":\"ca\",\"potentialAction\":[{\"@type\":\"ReadAction\",\"target\":[\"https:\/\/www.gpa.aero\/ca\/avis-legal\/\"]}]},{\"@type\":\"BreadcrumbList\",\"@id\":\"https:\/\/www.gpa.aero\/ca\/avis-legal\/#breadcrumb\",\"itemListElement\":[{\"@type\":\"ListItem\",\"position\":1,\"name\":\"Home\",\"item\":\"https:\/\/www.gpa.aero\/ca\/\"},{\"@type\":\"ListItem\",\"position\":2,\"name\":\"Av\u00eds Legal\"}]},{\"@type\":\"WebSite\",\"@id\":\"https:\/\/www.gpa.aero\/ca\/#website\",\"url\":\"https:\/\/www.gpa.aero\/ca\/\",\"name\":\"GPA\",\"description\":\"\",\"potentialAction\":[{\"@type\":\"SearchAction\",\"target\":{\"@type\":\"EntryPoint\",\"urlTemplate\":\"https:\/\/www.gpa.aero\/ca\/?s={search_term_string}\"},\"query-input\":{\"@type\":\"PropertyValueSpecification\",\"valueRequired\":true,\"valueName\":\"search_term_string\"}}],\"inLanguage\":\"ca\"}]}<\/script>\n<!-- \/ Yoast SEO plugin. -->","yoast_head_json":{"title":"Av\u00eds Legal - GPA","robots":{"index":"index","follow":"follow","max-snippet":"max-snippet:-1","max-image-preview":"max-image-preview:large","max-video-preview":"max-video-preview:-1"},"canonical":"https:\/\/www.gpa.aero\/ca\/avis-legal\/","og_locale":"ca_ES","og_type":"article","og_title":"Av\u00eds Legal - GPA","og_description":"Av\u00eds Legal Impulsant la connectivitat a\u00e8ria amb decisions basades en dades IDENTITAT DEL TITULAR DEL LLOC WEB GESTI\u00d3 I PROMOCI\u00d3 AEROPORTU\u00c0RIA SAU [&hellip;]","og_url":"https:\/\/www.gpa.aero\/ca\/avis-legal\/","og_site_name":"GPA","article_modified_time":"2026-03-09T10:14:34+00:00","twitter_card":"summary_large_image","twitter_misc":{"Temps estimat de lectura":"4 minuts"},"schema":{"@context":"https:\/\/schema.org","@graph":[{"@type":"WebPage","@id":"https:\/\/www.gpa.aero\/ca\/avis-legal\/","url":"https:\/\/www.gpa.aero\/ca\/avis-legal\/","name":"Av\u00eds Legal - GPA","isPartOf":{"@id":"https:\/\/www.gpa.aero\/ca\/#website"},"datePublished":"2026-01-29T16:55:33+00:00","dateModified":"2026-03-09T10:14:34+00:00","breadcrumb":{"@id":"https:\/\/www.gpa.aero\/ca\/avis-legal\/#breadcrumb"},"inLanguage":"ca","potentialAction":[{"@type":"ReadAction","target":["https:\/\/www.gpa.aero\/ca\/avis-legal\/"]}]},{"@type":"BreadcrumbList","@id":"https:\/\/www.gpa.aero\/ca\/avis-legal\/#breadcrumb","itemListElement":[{"@type":"ListItem","position":1,"name":"Home","item":"https:\/\/www.gpa.aero\/ca\/"},{"@type":"ListItem","position":2,"name":"Av\u00eds Legal"}]},{"@type":"WebSite","@id":"https:\/\/www.gpa.aero\/ca\/#website","url":"https:\/\/www.gpa.aero\/ca\/","name":"GPA","description":"","potentialAction":[{"@type":"SearchAction","target":{"@type":"EntryPoint","urlTemplate":"https:\/\/www.gpa.aero\/ca\/?s={search_term_string}"},"query-input":{"@type":"PropertyValueSpecification","valueRequired":true,"valueName":"search_term_string"}}],"inLanguage":"ca"}]}},"_links":{"self":[{"href":"https:\/\/www.gpa.aero\/ca\/wp-json\/wp\/v2\/pages\/2679","targetHints":{"allow":["GET"]}}],"collection":[{"href":"https:\/\/www.gpa.aero\/ca\/wp-json\/wp\/v2\/pages"}],"about":[{"href":"https:\/\/www.gpa.aero\/ca\/wp-json\/wp\/v2\/types\/page"}],"author":[{"embeddable":true,"href":"https:\/\/www.gpa.aero\/ca\/wp-json\/wp\/v2\/users\/1"}],"replies":[{"embeddable":true,"href":"https:\/\/www.gpa.aero\/ca\/wp-json\/wp\/v2\/comments?post=2679"}],"version-history":[{"count":5,"href":"https:\/\/www.gpa.aero\/ca\/wp-json\/wp\/v2\/pages\/2679\/revisions"}],"predecessor-version":[{"id":2722,"href":"https:\/\/www.gpa.aero\/ca\/wp-json\/wp\/v2\/pages\/2679\/revisions\/2722"}],"wp:attachment":[{"href":"https:\/\/www.gpa.aero\/ca\/wp-json\/wp\/v2\/media?parent=2679"}],"curies":[{"name":"wp","href":"https:\/\/api.w.org\/{rel}","templated":true}]}}